{"id":8176,"date":"2025-05-28T16:09:23","date_gmt":"2025-05-28T19:09:23","guid":{"rendered":"https:\/\/sites.uel.br\/ser\/?page_id=8176"},"modified":"2025-07-11T09:50:32","modified_gmt":"2025-07-11T12:50:32","slug":"premio-boas-praticas-na-recepcao-aos-estudantes-ingressantes-premiados-2025-design-de-moda-e-design-grafico","status":"publish","type":"page","link":"https:\/\/sites.uel.br\/ser\/premio-boas-praticas-na-recepcao-aos-estudantes-ingressantes-premiados-2025-design-de-moda-e-design-grafico\/","title":{"rendered":"Pr\u00eamio Boas Pr\u00e1ticas Solid\u00e1rias na Recep\u00e7\u00e3o aos Estudantes Ingressantes"},"content":{"rendered":"\n<hr class=\"wp-block-separator has-alpha-channel-opacity is-style-wide\" \/>\n\n\n<div class=\"wp-block-image\">\n<figure class=\"aligncenter size-full\"><img loading=\"lazy\" decoding=\"async\" width=\"1279\" height=\"510\" src=\"https:\/\/sites.uel.br\/ser\/wp-content\/uploads\/2025\/03\/topo_ser_uel_2025.png\" alt=\"\" class=\"wp-image-7631\" srcset=\"https:\/\/sites.uel.br\/ser\/wp-content\/uploads\/2025\/03\/topo_ser_uel_2025.png 1279w, https:\/\/sites.uel.br\/ser\/wp-content\/uploads\/2025\/03\/topo_ser_uel_2025-300x120.png 300w, https:\/\/sites.uel.br\/ser\/wp-content\/uploads\/2025\/03\/topo_ser_uel_2025-1024x408.png 1024w, https:\/\/sites.uel.br\/ser\/wp-content\/uploads\/2025\/03\/topo_ser_uel_2025-768x306.png 768w\" sizes=\"auto, (max-width: 1279px) 100vw, 1279px\" \/><\/figure>\n<\/div>\n\n\n<h2 class=\"wp-block-heading\">Cursos Inscritos Premiados<\/h2>\n\n\n\n<h2 class=\"wp-block-heading\">2025<\/h2>\n\n\n\n<h2 class=\"wp-block-heading\">Design de Moda e Design Gr\u00e1fico<\/h2>\n\n\n\n<p><strong>Resumo da A\u00e7\u00e3o:<\/strong><\/p>\n\n\n\n<p>Os cursos de Design de Moda e Design Gr\u00e1fico realizaram a Oficina de Estamparia com a arte Antes de tudo#EuRespeito, parte da campanha de recep\u00e7\u00e3o da Universidade.<br><br>A oficina, realizada com apoio da PROGRAD, consistiu na prepara\u00e7\u00e3o de telas, aquisi\u00e7\u00e3o de materiais, recep\u00e7\u00e3o, estampagem e devolu\u00e7\u00e3o das camisetas na comunidade universit\u00e1ria.<br><br>Foram estampadas 63 camisetas e 02 ecobags.<br><br>Como parte das a\u00e7\u00f5es positivas de recep\u00e7\u00e3o, os estudantes veteranos confeccionaram estojos e buttons para os ingressantes, produzindo 80 estojos e 80 buttons.<\/p>\n\n\n\n<p><em>Obs: texto confeccionado pelos estudantes de Gradua\u00e7\u00e3o e\/ou Coordena\u00e7\u00e3o do curso.<\/em><\/p>\n\n\n\n<hr class=\"wp-block-separator has-text-color has-cinza-color has-css-opacity has-cinza-background-color has-background is-style-wide\" \/>\n\n\n\n<figure class=\"wp-block-embed is-type-video is-provider-youtube wp-block-embed-youtube wp-embed-aspect-16-9 wp-has-aspect-ratio\"><div class=\"wp-block-embed__wrapper\">\n<iframe loading=\"lazy\" title=\"Pr\u00eamio Boas Pr\u00e1ticas Solid\u00e1rias na Semana do Estudante Ingressante 2025 (Design de Moda \/ Gr\u00e1fico)\" width=\"500\" height=\"281\" src=\"https:\/\/www.youtube.com\/embed\/pLnCqcciqBU?feature=oembed\" frameborder=\"0\" allow=\"accelerometer; autoplay; clipboard-write; encrypted-media; gyroscope; picture-in-picture; web-share\" referrerpolicy=\"strict-origin-when-cross-origin\" allowfullscreen><\/iframe>\n<\/div><\/figure>\n\n\n<div class=\"wp-block-image\">\n<figure class=\"aligncenter size-large\"><img decoding=\"async\" src=\"https:\/\/sites.uel.br\/ser\/wp-content\/uploads\/imagens\/2025\/design_moda_design_grafico\/01.jpeg\" alt=\"\" \/><\/figure>\n<\/div>\n\n<div class=\"wp-block-image\">\n<figure class=\"aligncenter size-large\"><img decoding=\"async\" src=\"https:\/\/sites.uel.br\/ser\/wp-content\/uploads\/imagens\/2025\/design_moda_design_grafico\/02.jpeg\" alt=\"\" \/><\/figure>\n<\/div>\n\n<div class=\"wp-block-image\">\n<figure class=\"aligncenter size-large\"><img decoding=\"async\" src=\"https:\/\/sites.uel.br\/ser\/wp-content\/uploads\/imagens\/2025\/design_moda_design_grafico\/03.jpeg\" alt=\"\" \/><\/figure>\n<\/div>\n\n<div class=\"wp-block-image\">\n<figure class=\"aligncenter size-large\"><img decoding=\"async\" src=\"https:\/\/sites.uel.br\/ser\/wp-content\/uploads\/imagens\/2025\/design_moda_design_grafico\/04.jpeg\" alt=\"\" \/><\/figure>\n<\/div>\n\n<div class=\"wp-block-image\">\n<figure class=\"aligncenter size-large\"><img decoding=\"async\" src=\"https:\/\/sites.uel.br\/ser\/wp-content\/uploads\/imagens\/2025\/design_moda_design_grafico\/05.jpeg\" alt=\"\" \/><\/figure>\n<\/div>\n\n<div class=\"wp-block-image\">\n<figure class=\"aligncenter size-large\"><img decoding=\"async\" src=\"https:\/\/sites.uel.br\/ser\/wp-content\/uploads\/imagens\/2025\/design_moda_design_grafico\/06.jpeg\" alt=\"\" \/><\/figure>\n<\/div>\n\n\n<hr class=\"wp-block-separator has-text-color has-cinza-color has-css-opacity has-cinza-background-color has-background is-style-wide\" \/>\n\n\n\n<p><strong>ESTUDANTES PARTICIPANTES<\/strong><\/p>\n\n\n\n<p>ANA CLARA MOREIRA BIAZON<br>BEATRIZ NUNES MENEGON<br>CARLA SOUZA DUARTE<br>EDUARDA CORDEIRO<br>EDUARDO BUENO RODRIGUES<br>LAYZA BEATRIZ SANTOS SILVA<br>LUANA GANEO<br>LUCAS CASTRO<br>MARIA EDUARDA RAIFUR<br>MARIANA GONCALVES TAKAHASHI<br>NATHALIA CARNEVALE<\/p>\n\n\n\n<div style=\"height:20px\" aria-hidden=\"true\" class=\"wp-block-spacer\"><\/div>\n\n\n\n<p><strong>DOCENTES PARTICIPANTES<\/strong><\/p>\n\n\n\n<p>FRANCIELE MENEGUCCI<br>LIGIA PRETE ANDREO<br>LUCIANE DO PRADO CARNEIRO<br>MARIA ANTONIA ROM\u00c3O DA SILVA<br>MARLENE DE OLIVEIRA CARLOS<br>ROSANE FONSECA DE FREITAS MARTINS<br>SEILA CIBELE SITTA PRETO<\/p>\n","protected":false},"excerpt":{"rendered":"<p>Cursos Inscritos Premiados 2025 Design de Moda e Design Gr\u00e1fico Resumo da A\u00e7\u00e3o: Os cursos de Design de Moda e Design Gr\u00e1fico realizaram a Oficina de Estamparia com a arte Antes de tudo#EuRespeito, parte da campanha de recep\u00e7\u00e3o da Universidade. A oficina, realizada com apoio da PROGRAD, consistiu na prepara\u00e7\u00e3o de telas, aquisi\u00e7\u00e3o de materiais, [&hellip;]<\/p>\n","protected":false},"author":8,"featured_media":0,"parent":0,"menu_order":0,"comment_status":"closed","ping_status":"closed","template":"","meta":{"_acf_changed":false,"_themeisle_gutenberg_block_has_review":false,"footnotes":""},"class_list":["post-8176","page","type-page","status-publish","hentry"],"acf":[],"_links":{"self":[{"href":"https:\/\/sites.uel.br\/ser\/wp-json\/wp\/v2\/pages\/8176","targetHints":{"allow":["GET"]}}],"collection":[{"href":"https:\/\/sites.uel.br\/ser\/wp-json\/wp\/v2\/pages"}],"about":[{"href":"https:\/\/sites.uel.br\/ser\/wp-json\/wp\/v2\/types\/page"}],"author":[{"embeddable":true,"href":"https:\/\/sites.uel.br\/ser\/wp-json\/wp\/v2\/users\/8"}],"replies":[{"embeddable":true,"href":"https:\/\/sites.uel.br\/ser\/wp-json\/wp\/v2\/comments?post=8176"}],"version-history":[{"count":9,"href":"https:\/\/sites.uel.br\/ser\/wp-json\/wp\/v2\/pages\/8176\/revisions"}],"predecessor-version":[{"id":8636,"href":"https:\/\/sites.uel.br\/ser\/wp-json\/wp\/v2\/pages\/8176\/revisions\/8636"}],"wp:attachment":[{"href":"https:\/\/sites.uel.br\/ser\/wp-json\/wp\/v2\/media?parent=8176"}],"curies":[{"name":"wp","href":"https:\/\/api.w.org\/{rel}","templated":true}]}}