{"id":8160,"date":"2025-05-28T15:47:57","date_gmt":"2025-05-28T18:47:57","guid":{"rendered":"https:\/\/sites.uel.br\/ser\/?page_id=8160"},"modified":"2025-07-31T07:43:29","modified_gmt":"2025-07-31T10:43:29","slug":"premio-boas-praticas-na-recepcao-aos-estudantes-ingressantes-2025-cursos-inscritos-premiados","status":"publish","type":"page","link":"https:\/\/sites.uel.br\/ser\/premio-boas-praticas-na-recepcao-aos-estudantes-ingressantes-2025-cursos-inscritos-premiados\/","title":{"rendered":"Pr\u00eamio Boas Pr\u00e1ticas Solid\u00e1rias na Recep\u00e7\u00e3o aos Estudantes Ingressantes"},"content":{"rendered":"\n<hr class=\"wp-block-separator has-alpha-channel-opacity is-style-wide\" \/>\n\n\n<div class=\"wp-block-image\">\n<figure class=\"aligncenter size-full\"><img loading=\"lazy\" decoding=\"async\" width=\"1279\" height=\"510\" src=\"https:\/\/sites.uel.br\/ser\/wp-content\/uploads\/2025\/03\/topo_ser_uel_2025.png\" alt=\"\" class=\"wp-image-7631\" srcset=\"https:\/\/sites.uel.br\/ser\/wp-content\/uploads\/2025\/03\/topo_ser_uel_2025.png 1279w, https:\/\/sites.uel.br\/ser\/wp-content\/uploads\/2025\/03\/topo_ser_uel_2025-300x120.png 300w, https:\/\/sites.uel.br\/ser\/wp-content\/uploads\/2025\/03\/topo_ser_uel_2025-1024x408.png 1024w, https:\/\/sites.uel.br\/ser\/wp-content\/uploads\/2025\/03\/topo_ser_uel_2025-768x306.png 768w\" sizes=\"auto, (max-width: 1279px) 100vw, 1279px\" \/><\/figure>\n<\/div>\n\n\n<h2 class=\"wp-block-heading\">Cursos Inscritos Premiados<\/h2>\n\n\n\n<h2 class=\"wp-block-heading\">2025<br>(11\u00aa Edi\u00e7\u00e3o)<\/h2>\n\n\n\n<figure class=\"wp-block-embed is-type-video is-provider-youtube wp-block-embed-youtube wp-embed-aspect-16-9 wp-has-aspect-ratio\"><div class=\"wp-block-embed__wrapper\">\n<iframe loading=\"lazy\" title=\"Pr\u00eamio Boas Pr\u00e1ticas Solid\u00e1rias na Recep\u00e7\u00e3o aos Estudantes Ingressantes 2025\" width=\"500\" height=\"281\" src=\"https:\/\/www.youtube.com\/embed\/jHqtwiNPah4?feature=oembed\" frameborder=\"0\" allow=\"accelerometer; autoplay; clipboard-write; encrypted-media; gyroscope; picture-in-picture; web-share\" referrerpolicy=\"strict-origin-when-cross-origin\" allowfullscreen><\/iframe>\n<\/div><\/figure>\n\n\n\n<hr class=\"wp-block-separator has-text-color has-cinza-color has-css-opacity has-cinza-background-color has-background is-style-wide\" \/>\n\n\n\n<p class=\"has-text-align-center\">Os&nbsp;estudantes e cursos premiados receberam certificados de reconhecimento em cerim\u00f4nia oficial, realizada no dia&nbsp;<strong>29\/07\/2025 (ter\u00e7a-feira) \u00e0s 9h na Sala dos Conselhos<\/strong>, e suas a\u00e7\u00f5es est\u00e3o divulgadas no site&nbsp;<a href=\"https:\/\/ser.uel.br\/\">ser.uel.br<\/a>&nbsp;da PROGRAD, servindo de inspira\u00e7\u00e3o para futuras pr\u00e1ticas de acolhimento.<\/p>\n\n\n\n<p class=\"has-text-align-center\"><\/p>\n\n\n\n<hr class=\"wp-block-separator has-text-color has-cinza-color has-css-opacity has-cinza-background-color has-background is-style-wide\" \/>\n\n\n\n<p class=\"has-text-align-center\"><a href=\"https:\/\/sites.uel.br\/ser\/premio-boas-praticas-na-recepcao-aos-estudantes-ingressantes-premiados-2025-administracao\/\"><strong>Administra\u00e7\u00e3o<\/strong><\/a><\/p>\n\n\n\n<p class=\"has-text-align-center\"><a href=\"https:\/\/sites.uel.br\/ser\/premio-boas-praticas-na-recepcao-aos-estudantes-ingressantes-premiados-2025-administracao-ciencias-contabeis-ciencias-economicas-direito-secretariado-executivo-e-servico-social\/\"><strong>Administra\u00e7\u00e3o, Ci\u00eancias Cont\u00e1beis, Ci\u00eancias Econ\u00f4micas, Direito, Secretariado Executivo e Servi\u00e7o Social<\/strong> <\/a><br><em>(Cursos do CESA)<\/em><\/p>\n\n\n\n<p class=\"has-text-align-center\"><a href=\"https:\/\/sites.uel.br\/ser\/premio-boas-praticas-na-recepcao-aos-estudantes-ingressantes-premiados-2025-agronomia\/\"><strong>Agronomia<\/strong><\/a><\/p>\n\n\n\n<p class=\"has-text-align-center\"><a href=\"https:\/\/sites.uel.br\/ser\/premio-boas-praticas-na-recepcao-aos-estudantes-ingressantes-premiados-2025-arquivologia-biblioteconomia\/\"><strong>Arquivologia e Biblioteconomia<\/strong><\/a><\/p>\n\n\n\n<p class=\"has-text-align-center\"><a href=\"https:\/\/sites.uel.br\/ser\/premio-boas-praticas-na-recepcao-aos-estudantes-ingressantes-premiados-2025-artes-visuais\/\"><strong>Artes Visuais<\/strong><\/a><\/p>\n\n\n\n<p class=\"has-text-align-center\"><a href=\"https:\/\/sites.uel.br\/ser\/premio-boas-praticas-na-recepcao-aos-estudantes-ingressantes-premiados-2025-biomedicina\/\"><strong>Biomedicina<\/strong><\/a><\/p>\n\n\n\n<p class=\"has-text-align-center\"><a href=\"https:\/\/sites.uel.br\/ser\/premio-boas-praticas-na-recepcao-aos-estudantes-ingressantes-premiados-2025-biotecnologia\/\"><strong>Biotecnologia<\/strong><\/a><\/p>\n\n\n\n<p class=\"has-text-align-center\"><a href=\"https:\/\/sites.uel.br\/ser\/premio-boas-praticas-na-recepcao-aos-estudantes-ingressantes-premiados-2025-ciencias-biologicas\/\"><strong>Ci\u00eancias Biol\u00f3gicas<\/strong><\/a><\/p>\n\n\n\n<p class=\"has-text-align-center\"><a href=\"https:\/\/sites.uel.br\/ser\/premio-boas-praticas-na-recepcao-aos-estudantes-ingressantes-premiados-2025-ciencias-contabeis\/\"><strong>Ci\u00eancias Cont\u00e1beis<\/strong><\/a><\/p>\n\n\n\n<p class=\"has-text-align-center\"><a href=\"https:\/\/sites.uel.br\/ser\/premio-boas-praticas-na-recepcao-aos-estudantes-ingressantes-2025-ciencias-sociais-filosofia-historia-letras-espanhol-letras-frances-letras-ingles-letras-port\/\"><strong>Ci\u00eancias Sociais, Filosofia, Hist\u00f3ria, Letras \u2013 Espanhol, Letras \u2013 Franc\u00eas, Letras \u2013 Ingl\u00eas, Letras \u2013 Portugu\u00eas<\/strong><\/a><br><em>(Cursos do CLCH)<\/em><\/p>\n\n\n\n<p class=\"has-text-align-center\"><a href=\"https:\/\/sites.uel.br\/ser\/premio-boas-praticas-na-recepcao-aos-estudantes-ingressantes-premiados-2025-design-de-moda-e-design-grafico\/\"><strong>Design de Moda e Design Gr\u00e1fico<\/strong><\/a><\/p>\n\n\n\n<p class=\"has-text-align-center\"><a href=\"https:\/\/sites.uel.br\/ser\/premio-boas-praticas-na-recepcao-aos-estudantes-ingressantes-premiados-2025-enfermagem-farmacia\/\"><strong>Enfermagem e Farm\u00e1cia<\/strong><\/a><\/p>\n\n\n\n<p class=\"has-text-align-center\"><a href=\"https:\/\/sites.uel.br\/ser\/premio-boas-praticas-na-recepcao-aos-estudantes-ingressantes-premiados-2025-fisica\/\"><strong>F\u00edsica<\/strong><\/a><\/p>\n\n\n\n<p class=\"has-text-align-center\"><a href=\"https:\/\/sites.uel.br\/ser\/premio-boas-praticas-na-recepcao-aos-estudantes-ingressantes-premiados-2025-geografia\/\"><strong>Geografia<\/strong><\/a><\/p>\n\n\n\n<p class=\"has-text-align-center\"><a href=\"https:\/\/sites.uel.br\/ser\/premio-boas-praticas-na-recepcao-aos-estudantes-ingressantes-premiados-2025-matematica\/\"><strong>Matem\u00e1tica<\/strong><\/a><\/p>\n\n\n\n<p class=\"has-text-align-center\"><a href=\"https:\/\/sites.uel.br\/ser\/premio-boas-praticas-na-recepcao-aos-estudantes-ingressantes-premiados-2025-medicina-veterinaria\/\"><strong>Medicina Veterin\u00e1ria<\/strong><\/a><\/p>\n\n\n\n<p class=\"has-text-align-center\"><a href=\"https:\/\/sites.uel.br\/ser\/premio-boas-praticas-na-recepcao-aos-estudantes-ingressantes-premiados-2025-pedagogia\/\"><strong>Pedagogia<\/strong><\/a><\/p>\n\n\n\n<p class=\"has-text-align-center\"><a href=\"https:\/\/sites.uel.br\/ser\/premio-boas-praticas-na-recepcao-aos-estudantes-ingressantes-premiados-2025-psicologia\/\"><strong>Psicologia<\/strong><\/a><\/p>\n\n\n\n<p class=\"has-text-align-center\"><a href=\"https:\/\/sites.uel.br\/ser\/premio-boas-praticas-na-recepcao-aos-estudantes-ingressantes-premiados-2025-relacoes-publicas\/\"><strong>Rela\u00e7\u00f5es P\u00fablicas<\/strong><\/a><\/p>\n\n\n\n<p class=\"has-text-align-center\"><a href=\"https:\/\/sites.uel.br\/ser\/premio-boas-praticas-na-recepcao-aos-estudantes-ingressantes-premiados-2025-zootecnia\/\"><strong>Zootecnia<\/strong><\/a><\/p>\n\n\n\n<hr class=\"wp-block-separator has-text-color has-cinza-color has-css-opacity has-cinza-background-color has-background is-style-wide\" \/>\n\n\n\n<p><strong>Veja tamb\u00e9m:<\/strong><\/p>\n\n\n\n<p><a href=\"https:\/\/operobal.uel.br\/ultimas\/2025\/07\/29\/uel-entrega-certificados-em-reconhecimento-as-boas-praticas-solidarias-da-semana-de-recepcao-aos-ingressantes\/\" target=\"_blank\" rel=\"noreferrer noopener\">Comunidade Universit\u00e1ria reconhece boas pr\u00e1ticas solid\u00e1rias realizadas na Semana de Recep\u00e7\u00e3o aos Ingressantes<\/a><\/p>\n\n\n\n<p><a href=\"https:\/\/www.youtube.com\/watch?v=Df2nUJGV_1I\" target=\"_blank\" rel=\"noreferrer noopener\">UEL reconhece boas pr\u00e1ticas solid\u00e1rias realizadas na Semana de Recep\u00e7\u00e3o aos Ingressantes<\/a><\/p>\n\n\n\n<p><a href=\"https:\/\/drive.google.com\/drive\/folders\/1Rr0CUyk0VP7XPmuIXO175PUTpg15wur7?usp=drive_link\" target=\"_blank\" rel=\"noreferrer noopener\">Imagens da Premia\u00e7\u00e3o<\/a>&nbsp;(Cr\u00e9ditos: COM\/UEL)<\/p>\n","protected":false},"excerpt":{"rendered":"<p>Cursos Inscritos Premiados 2025(11\u00aa Edi\u00e7\u00e3o) Os&nbsp;estudantes e cursos premiados receberam certificados de reconhecimento em cerim\u00f4nia oficial, realizada no dia&nbsp;29\/07\/2025 (ter\u00e7a-feira) \u00e0s 9h na Sala dos Conselhos, e suas a\u00e7\u00f5es est\u00e3o divulgadas no site&nbsp;ser.uel.br&nbsp;da PROGRAD, servindo de inspira\u00e7\u00e3o para futuras pr\u00e1ticas de acolhimento. Administra\u00e7\u00e3o Administra\u00e7\u00e3o, Ci\u00eancias Cont\u00e1beis, Ci\u00eancias Econ\u00f4micas, Direito, Secretariado Executivo e Servi\u00e7o Social (Cursos [&hellip;]<\/p>\n","protected":false},"author":8,"featured_media":0,"parent":0,"menu_order":0,"comment_status":"closed","ping_status":"closed","template":"","meta":{"_acf_changed":false,"_themeisle_gutenberg_block_has_review":false,"footnotes":""},"class_list":["post-8160","page","type-page","status-publish","hentry"],"acf":[],"_links":{"self":[{"href":"https:\/\/sites.uel.br\/ser\/wp-json\/wp\/v2\/pages\/8160","targetHints":{"allow":["GET"]}}],"collection":[{"href":"https:\/\/sites.uel.br\/ser\/wp-json\/wp\/v2\/pages"}],"about":[{"href":"https:\/\/sites.uel.br\/ser\/wp-json\/wp\/v2\/types\/page"}],"author":[{"embeddable":true,"href":"https:\/\/sites.uel.br\/ser\/wp-json\/wp\/v2\/users\/8"}],"replies":[{"embeddable":true,"href":"https:\/\/sites.uel.br\/ser\/wp-json\/wp\/v2\/comments?post=8160"}],"version-history":[{"count":36,"href":"https:\/\/sites.uel.br\/ser\/wp-json\/wp\/v2\/pages\/8160\/revisions"}],"predecessor-version":[{"id":8684,"href":"https:\/\/sites.uel.br\/ser\/wp-json\/wp\/v2\/pages\/8160\/revisions\/8684"}],"wp:attachment":[{"href":"https:\/\/sites.uel.br\/ser\/wp-json\/wp\/v2\/media?parent=8160"}],"curies":[{"name":"wp","href":"https:\/\/api.w.org\/{rel}","templated":true}]}}