{"id":5733,"date":"2023-09-11T11:05:17","date_gmt":"2023-09-11T14:05:17","guid":{"rendered":"https:\/\/sites.uel.br\/ser\/?page_id=5733"},"modified":"2023-09-14T09:04:34","modified_gmt":"2023-09-14T12:04:34","slug":"premio-boas-praticas-na-recepcao-aos-estudantes-ingressantes-premiados-2023-arquitetura-e-urbanismo","status":"publish","type":"page","link":"https:\/\/sites.uel.br\/ser\/premio-boas-praticas-na-recepcao-aos-estudantes-ingressantes-premiados-2023-arquitetura-e-urbanismo\/","title":{"rendered":"Pr\u00eamio Boas Pr\u00e1ticas na Recep\u00e7\u00e3o aos Estudantes Ingressantes"},"content":{"rendered":"\n<hr class=\"wp-block-separator has-alpha-channel-opacity is-style-wide\" \/>\n\n\n\n<figure class=\"wp-block-image size-full\"><img loading=\"lazy\" decoding=\"async\" width=\"1280\" height=\"512\" src=\"https:\/\/sites.uel.br\/ser\/wp-content\/uploads\/2021\/07\/IMG-20210727-WA0028.jpg\" alt=\"\" class=\"wp-image-1021\" srcset=\"https:\/\/sites.uel.br\/ser\/wp-content\/uploads\/2021\/07\/IMG-20210727-WA0028.jpg 1280w, https:\/\/sites.uel.br\/ser\/wp-content\/uploads\/2021\/07\/IMG-20210727-WA0028-300x120.jpg 300w, https:\/\/sites.uel.br\/ser\/wp-content\/uploads\/2021\/07\/IMG-20210727-WA0028-1024x410.jpg 1024w, https:\/\/sites.uel.br\/ser\/wp-content\/uploads\/2021\/07\/IMG-20210727-WA0028-768x307.jpg 768w\" sizes=\"auto, (max-width: 1280px) 100vw, 1280px\" \/><\/figure>\n\n\n\n<h2 class=\"wp-block-heading\">Cursos Inscritos Premiados<\/h2>\n\n\n\n<h2 class=\"wp-block-heading\">2023<\/h2>\n\n\n\n<h2 class=\"wp-block-heading\">Arquitetura e Urbanismo<\/h2>\n\n\n\n<p><strong>Resumo da A\u00e7\u00e3o:<\/strong><\/p>\n\n\n\n<p>A A\u00e7\u00e3o Solid\u00e1ria realizada foi a reforma do jardim do CTU, a partir de um projeto paisag\u00edstico adaptado pela Profa. Dra. Eloisa Ramos Ribeiro Rodrigues, Diretora do CTU. A ideia do projeto era transformar esse espa\u00e7o de conv\u00edvio para que ficasse mais agrad\u00e1vel aos frequentadores, mas mantendo um or\u00e7amento m\u00ednimo. \u00c9 tamb\u00e9m uma forma dos estudantes devolverem um pouco \u00e0 Universidade que os acolhe, abriga e ensina. Al\u00e9m disso, \u00e9 uma maneira de apresentar a \u00e1rea de Paisagismo aos calouros.<\/p>\n\n\n\n<p>Desse modo, o projeto consistiu na limpeza do local, reestrutura\u00e7\u00e3o dos canteiros, no replantio de mudas j\u00e1 existentes no local e acr\u00e9scimo de esp\u00e9cies presentes no campus da UEL. Por serem plantas j\u00e1 adaptadas ao local, s\u00e3o de baixa manuten\u00e7\u00e3o, e consequentemente os gastos com o jardim ser\u00e3o reduzidos.<\/p>\n\n\n\n<p><em>Obs: texto confeccionado pelos estudantes de Gradua\u00e7\u00e3o e\/ou Coordena\u00e7\u00e3o do curso.<\/em><\/p>\n\n\n\n<hr class=\"wp-block-separator has-text-color has-cinza-color has-css-opacity has-cinza-background-color has-background is-style-wide\" \/>\n\n\n<div class=\"wp-block-image\">\n<figure class=\"aligncenter size-full\"><img loading=\"lazy\" decoding=\"async\" width=\"2000\" height=\"1333\" src=\"https:\/\/sites.uel.br\/ser\/wp-content\/uploads\/2023\/09\/premio_boas_praticas_2023_arquitetura_urbanismo_01.jpg\" alt=\"\" class=\"wp-image-5855\" srcset=\"https:\/\/sites.uel.br\/ser\/wp-content\/uploads\/2023\/09\/premio_boas_praticas_2023_arquitetura_urbanismo_01.jpg 2000w, https:\/\/sites.uel.br\/ser\/wp-content\/uploads\/2023\/09\/premio_boas_praticas_2023_arquitetura_urbanismo_01-300x200.jpg 300w, https:\/\/sites.uel.br\/ser\/wp-content\/uploads\/2023\/09\/premio_boas_praticas_2023_arquitetura_urbanismo_01-1024x682.jpg 1024w, https:\/\/sites.uel.br\/ser\/wp-content\/uploads\/2023\/09\/premio_boas_praticas_2023_arquitetura_urbanismo_01-768x512.jpg 768w, https:\/\/sites.uel.br\/ser\/wp-content\/uploads\/2023\/09\/premio_boas_praticas_2023_arquitetura_urbanismo_01-1536x1024.jpg 1536w\" sizes=\"auto, (max-width: 2000px) 100vw, 2000px\" \/><\/figure>\n<\/div>\n\n<div class=\"wp-block-image\">\n<figure class=\"aligncenter size-full\"><img loading=\"lazy\" decoding=\"async\" width=\"2000\" height=\"1333\" src=\"https:\/\/sites.uel.br\/ser\/wp-content\/uploads\/2023\/09\/premio_boas_praticas_2023_arquitetura_urbanismo_02.jpg\" alt=\"\" class=\"wp-image-5856\" srcset=\"https:\/\/sites.uel.br\/ser\/wp-content\/uploads\/2023\/09\/premio_boas_praticas_2023_arquitetura_urbanismo_02.jpg 2000w, https:\/\/sites.uel.br\/ser\/wp-content\/uploads\/2023\/09\/premio_boas_praticas_2023_arquitetura_urbanismo_02-300x200.jpg 300w, https:\/\/sites.uel.br\/ser\/wp-content\/uploads\/2023\/09\/premio_boas_praticas_2023_arquitetura_urbanismo_02-1024x682.jpg 1024w, https:\/\/sites.uel.br\/ser\/wp-content\/uploads\/2023\/09\/premio_boas_praticas_2023_arquitetura_urbanismo_02-768x512.jpg 768w, https:\/\/sites.uel.br\/ser\/wp-content\/uploads\/2023\/09\/premio_boas_praticas_2023_arquitetura_urbanismo_02-1536x1024.jpg 1536w\" sizes=\"auto, (max-width: 2000px) 100vw, 2000px\" \/><\/figure>\n<\/div>\n\n<div class=\"wp-block-image\">\n<figure class=\"aligncenter size-full\"><img loading=\"lazy\" decoding=\"async\" width=\"2000\" height=\"1333\" src=\"https:\/\/sites.uel.br\/ser\/wp-content\/uploads\/2023\/09\/premio_boas_praticas_2023_arquitetura_urbanismo_03.jpg\" alt=\"\" class=\"wp-image-5857\" srcset=\"https:\/\/sites.uel.br\/ser\/wp-content\/uploads\/2023\/09\/premio_boas_praticas_2023_arquitetura_urbanismo_03.jpg 2000w, https:\/\/sites.uel.br\/ser\/wp-content\/uploads\/2023\/09\/premio_boas_praticas_2023_arquitetura_urbanismo_03-300x200.jpg 300w, https:\/\/sites.uel.br\/ser\/wp-content\/uploads\/2023\/09\/premio_boas_praticas_2023_arquitetura_urbanismo_03-1024x682.jpg 1024w, https:\/\/sites.uel.br\/ser\/wp-content\/uploads\/2023\/09\/premio_boas_praticas_2023_arquitetura_urbanismo_03-768x512.jpg 768w, https:\/\/sites.uel.br\/ser\/wp-content\/uploads\/2023\/09\/premio_boas_praticas_2023_arquitetura_urbanismo_03-1536x1024.jpg 1536w\" sizes=\"auto, (max-width: 2000px) 100vw, 2000px\" \/><\/figure>\n<\/div>\n\n<div class=\"wp-block-image\">\n<figure class=\"aligncenter size-full\"><img loading=\"lazy\" decoding=\"async\" width=\"2000\" height=\"1333\" src=\"https:\/\/sites.uel.br\/ser\/wp-content\/uploads\/2023\/09\/premio_boas_praticas_2023_arquitetura_urbanismo_04.jpg\" alt=\"\" class=\"wp-image-5858\" srcset=\"https:\/\/sites.uel.br\/ser\/wp-content\/uploads\/2023\/09\/premio_boas_praticas_2023_arquitetura_urbanismo_04.jpg 2000w, https:\/\/sites.uel.br\/ser\/wp-content\/uploads\/2023\/09\/premio_boas_praticas_2023_arquitetura_urbanismo_04-300x200.jpg 300w, https:\/\/sites.uel.br\/ser\/wp-content\/uploads\/2023\/09\/premio_boas_praticas_2023_arquitetura_urbanismo_04-1024x682.jpg 1024w, https:\/\/sites.uel.br\/ser\/wp-content\/uploads\/2023\/09\/premio_boas_praticas_2023_arquitetura_urbanismo_04-768x512.jpg 768w, https:\/\/sites.uel.br\/ser\/wp-content\/uploads\/2023\/09\/premio_boas_praticas_2023_arquitetura_urbanismo_04-1536x1024.jpg 1536w\" sizes=\"auto, (max-width: 2000px) 100vw, 2000px\" \/><\/figure>\n<\/div>\n\n<div class=\"wp-block-image\">\n<figure class=\"aligncenter size-full\"><img loading=\"lazy\" decoding=\"async\" width=\"2000\" height=\"1333\" src=\"https:\/\/sites.uel.br\/ser\/wp-content\/uploads\/2023\/09\/premio_boas_praticas_2023_arquitetura_urbanismo_05.jpg\" alt=\"\" class=\"wp-image-5859\" srcset=\"https:\/\/sites.uel.br\/ser\/wp-content\/uploads\/2023\/09\/premio_boas_praticas_2023_arquitetura_urbanismo_05.jpg 2000w, https:\/\/sites.uel.br\/ser\/wp-content\/uploads\/2023\/09\/premio_boas_praticas_2023_arquitetura_urbanismo_05-300x200.jpg 300w, https:\/\/sites.uel.br\/ser\/wp-content\/uploads\/2023\/09\/premio_boas_praticas_2023_arquitetura_urbanismo_05-1024x682.jpg 1024w, https:\/\/sites.uel.br\/ser\/wp-content\/uploads\/2023\/09\/premio_boas_praticas_2023_arquitetura_urbanismo_05-768x512.jpg 768w, https:\/\/sites.uel.br\/ser\/wp-content\/uploads\/2023\/09\/premio_boas_praticas_2023_arquitetura_urbanismo_05-1536x1024.jpg 1536w\" sizes=\"auto, (max-width: 2000px) 100vw, 2000px\" \/><\/figure>\n<\/div>\n\n<div class=\"wp-block-image\">\n<figure class=\"aligncenter size-full\"><img loading=\"lazy\" decoding=\"async\" width=\"2000\" height=\"1333\" src=\"https:\/\/sites.uel.br\/ser\/wp-content\/uploads\/2023\/09\/premio_boas_praticas_2023_arquitetura_urbanismo_06.jpg\" alt=\"\" class=\"wp-image-5861\" srcset=\"https:\/\/sites.uel.br\/ser\/wp-content\/uploads\/2023\/09\/premio_boas_praticas_2023_arquitetura_urbanismo_06.jpg 2000w, https:\/\/sites.uel.br\/ser\/wp-content\/uploads\/2023\/09\/premio_boas_praticas_2023_arquitetura_urbanismo_06-300x200.jpg 300w, https:\/\/sites.uel.br\/ser\/wp-content\/uploads\/2023\/09\/premio_boas_praticas_2023_arquitetura_urbanismo_06-1024x682.jpg 1024w, https:\/\/sites.uel.br\/ser\/wp-content\/uploads\/2023\/09\/premio_boas_praticas_2023_arquitetura_urbanismo_06-768x512.jpg 768w, https:\/\/sites.uel.br\/ser\/wp-content\/uploads\/2023\/09\/premio_boas_praticas_2023_arquitetura_urbanismo_06-1536x1024.jpg 1536w\" sizes=\"auto, (max-width: 2000px) 100vw, 2000px\" \/><\/figure>\n<\/div>\n\n<div class=\"wp-block-image\">\n<figure class=\"aligncenter size-full\"><img loading=\"lazy\" decoding=\"async\" width=\"2000\" height=\"1333\" src=\"https:\/\/sites.uel.br\/ser\/wp-content\/uploads\/2023\/09\/premio_boas_praticas_2023_arquitetura_urbanismo_07.jpg\" alt=\"\" class=\"wp-image-5862\" srcset=\"https:\/\/sites.uel.br\/ser\/wp-content\/uploads\/2023\/09\/premio_boas_praticas_2023_arquitetura_urbanismo_07.jpg 2000w, https:\/\/sites.uel.br\/ser\/wp-content\/uploads\/2023\/09\/premio_boas_praticas_2023_arquitetura_urbanismo_07-300x200.jpg 300w, https:\/\/sites.uel.br\/ser\/wp-content\/uploads\/2023\/09\/premio_boas_praticas_2023_arquitetura_urbanismo_07-1024x682.jpg 1024w, https:\/\/sites.uel.br\/ser\/wp-content\/uploads\/2023\/09\/premio_boas_praticas_2023_arquitetura_urbanismo_07-768x512.jpg 768w, https:\/\/sites.uel.br\/ser\/wp-content\/uploads\/2023\/09\/premio_boas_praticas_2023_arquitetura_urbanismo_07-1536x1024.jpg 1536w\" sizes=\"auto, (max-width: 2000px) 100vw, 2000px\" \/><\/figure>\n<\/div>\n\n<div class=\"wp-block-image\">\n<figure class=\"aligncenter size-full\"><img loading=\"lazy\" decoding=\"async\" width=\"2000\" height=\"1333\" src=\"https:\/\/sites.uel.br\/ser\/wp-content\/uploads\/2023\/09\/premio_boas_praticas_2023_arquitetura_urbanismo_08.jpg\" alt=\"\" class=\"wp-image-5863\" srcset=\"https:\/\/sites.uel.br\/ser\/wp-content\/uploads\/2023\/09\/premio_boas_praticas_2023_arquitetura_urbanismo_08.jpg 2000w, https:\/\/sites.uel.br\/ser\/wp-content\/uploads\/2023\/09\/premio_boas_praticas_2023_arquitetura_urbanismo_08-300x200.jpg 300w, https:\/\/sites.uel.br\/ser\/wp-content\/uploads\/2023\/09\/premio_boas_praticas_2023_arquitetura_urbanismo_08-1024x682.jpg 1024w, https:\/\/sites.uel.br\/ser\/wp-content\/uploads\/2023\/09\/premio_boas_praticas_2023_arquitetura_urbanismo_08-768x512.jpg 768w, https:\/\/sites.uel.br\/ser\/wp-content\/uploads\/2023\/09\/premio_boas_praticas_2023_arquitetura_urbanismo_08-1536x1024.jpg 1536w\" sizes=\"auto, (max-width: 2000px) 100vw, 2000px\" \/><\/figure>\n<\/div>\n\n<div class=\"wp-block-image\">\n<figure class=\"aligncenter size-full\"><img loading=\"lazy\" decoding=\"async\" width=\"2000\" height=\"1333\" src=\"https:\/\/sites.uel.br\/ser\/wp-content\/uploads\/2023\/09\/premio_boas_praticas_2023_arquitetura_urbanismo_09.jpg\" alt=\"\" class=\"wp-image-5864\" srcset=\"https:\/\/sites.uel.br\/ser\/wp-content\/uploads\/2023\/09\/premio_boas_praticas_2023_arquitetura_urbanismo_09.jpg 2000w, https:\/\/sites.uel.br\/ser\/wp-content\/uploads\/2023\/09\/premio_boas_praticas_2023_arquitetura_urbanismo_09-300x200.jpg 300w, https:\/\/sites.uel.br\/ser\/wp-content\/uploads\/2023\/09\/premio_boas_praticas_2023_arquitetura_urbanismo_09-1024x682.jpg 1024w, https:\/\/sites.uel.br\/ser\/wp-content\/uploads\/2023\/09\/premio_boas_praticas_2023_arquitetura_urbanismo_09-768x512.jpg 768w, https:\/\/sites.uel.br\/ser\/wp-content\/uploads\/2023\/09\/premio_boas_praticas_2023_arquitetura_urbanismo_09-1536x1024.jpg 1536w\" sizes=\"auto, (max-width: 2000px) 100vw, 2000px\" \/><\/figure>\n<\/div>\n\n<div class=\"wp-block-image\">\n<figure class=\"aligncenter size-full\"><img loading=\"lazy\" decoding=\"async\" width=\"2000\" height=\"1333\" src=\"https:\/\/sites.uel.br\/ser\/wp-content\/uploads\/2023\/09\/premio_boas_praticas_2023_arquitetura_urbanismo_10.jpg\" alt=\"\" class=\"wp-image-5865\" srcset=\"https:\/\/sites.uel.br\/ser\/wp-content\/uploads\/2023\/09\/premio_boas_praticas_2023_arquitetura_urbanismo_10.jpg 2000w, https:\/\/sites.uel.br\/ser\/wp-content\/uploads\/2023\/09\/premio_boas_praticas_2023_arquitetura_urbanismo_10-300x200.jpg 300w, https:\/\/sites.uel.br\/ser\/wp-content\/uploads\/2023\/09\/premio_boas_praticas_2023_arquitetura_urbanismo_10-1024x682.jpg 1024w, https:\/\/sites.uel.br\/ser\/wp-content\/uploads\/2023\/09\/premio_boas_praticas_2023_arquitetura_urbanismo_10-768x512.jpg 768w, https:\/\/sites.uel.br\/ser\/wp-content\/uploads\/2023\/09\/premio_boas_praticas_2023_arquitetura_urbanismo_10-1536x1024.jpg 1536w\" sizes=\"auto, (max-width: 2000px) 100vw, 2000px\" \/><\/figure>\n<\/div>\n\n\n<hr class=\"wp-block-separator has-text-color has-cinza-color has-css-opacity has-cinza-background-color has-background is-style-wide\" \/>\n\n\n\n<p><strong>ESTUDANTES PARTICIPANTES<\/strong><\/p>\n\n\n\n<p>AISSA MARETI MA\u00c7AIRA FIGARO<br>ALISSA MANAMI NIDAIRA<br>ALISSON BRENO HILARIO DA SILVA<br>AMANDA CAROLINA PIRES DE ABREU<br>ANA CLARA GALEGO CANTERO<br>ANA J\u00daLIA BENEDITO VAN\u00c7AN<br>ANA LAURA PAI\u00c3O PEREIRA<br>ANA L\u00cdVIA PONA<br>ANA LUIZA AM\u00c9RICO<br>BEATRIZ MARCOLIN VALENTE<br>BEATRIZ MENDES BAZZO<br>BEATRIZ REGINA SOUZA<br>BEATRIZ ZAMBALDI DE CASTRO<br>BIANCA BARATIERI ALBRECHT<br>BIANCA PONTES DE CERQUEIRA<br>BRUNA PENHA SANCHES<br>BRUNA RINALDI LIMA DE OLIVEIRA<br>CAMILA FIGUEIREDO RODRIGUES DOS SANTOS<br>CAMILA MARQUES VIEIRA<br>CRISTINA DE OLIVEIRA<br>DAVI DOS SANTOS CORREIA LEMES<br>DIEGO RYUTA NICIO<br>EDUARDO CAMPOS ABREU FERNANDES<br>ELOISA BUENO DE PAULA<br>EMANUELI BARTHOLOMEU<br>EVANDRO MARTINS GOMES NERIS<br>FERNANDA SABRINA DE OLIVEIRA GOMES<br>GABRIEL HENRIQUE TRINDADE DON\u00c1<br>GABRIEL OSVALDO FERREIRA ANDRADE<br>GABRIEL VITORIO OLIVEIRA DA SILVA<br>GABRIELA DOS SANTOS AD\u00c3O<br>GABRIELA ROMANISIO PEREIRA<br>GUSTAVO EVARISTO DE CARVALHO<br>GUSTAVO HENRIQUE DOS SANTOS<br>GUSTAVO MASUDA GOMES<br>HAISSA MATSUBARA ALVES<br>HELO\u00cdSA DE OLIVEIRA QUINTO<br>HELOISA TABATINI DE VICENTE<br>ISABELLA TIEMI PEREIRA TANIMURA<br>JOSHUA YAGAMI DOS SANTOS<br>JULIA ANDRADE OLIVEIRA<br>JULIA GABRIELLY DOS SANTOS<br>LAURA KELLY DUARTE<br>LEONARDO GABRIEL RANIERI VIEIRA<br>LUANA MARIA SCHIAVON MORSKEI<br>LUCAS CASTILHO<br>LU\u00cdS HENRIQUE RAVIOLO<br>LUISA KAORI KANABATA<br>LUIZA ALENCAR VALOTTO<br>MARIA BEATRIZ VOLPINI MARTINS<br>MARIA EDUARDA BONIF\u00c1CIO<br>MARIANA KAORI ONO SPOLON<br>MARIANA RODRIGUES SIQUEIRA<br>MARINA BORGES KATAKURA<br>MARYA ANTHONNYA DOBRUCKI CHERBATY FREIRE<br>MATHEUS MARQUES VIEIRA ERGAS AGUILERA<br>MEL PONCE DE LEON<br>MIGUEL LOBO LEPRE<br>MILENA MAYUMI MORI MORITA<br>NICOLE CHRISTINE MANZONI<br>NICOLE FAVALI SILVA LIMA BRITO<br>PEDRO LOPES CEZAR<br>POLLYANNA MELQUIADES DA SILVA<br>RAFAELA SCARPIN DE MARCHI<br>RAQUEL GRACZYK AGUIAR<br>SOFIA BRASIL CENSI<br>SOFIA GORINI MONTEMOR<br>SOFIA LAURA CHANG<br>SOFIA MUNHOZ CORR\u00caA<br>VICTOR HUGO ALVES BALTAZAR<br>VICTORIA PIMENTEL MOLINA<br>VIN\u00cdCIUS DESSUNTI OLIVEIRA<br>VITOR HENRIQUE FERNANDES DE ALMEIDA<\/p>\n","protected":false},"excerpt":{"rendered":"<p>Cursos Inscritos Premiados 2023 Arquitetura e Urbanismo Resumo da A\u00e7\u00e3o: A A\u00e7\u00e3o Solid\u00e1ria realizada foi a reforma do jardim do CTU, a partir de um projeto paisag\u00edstico adaptado pela Profa. Dra. Eloisa Ramos Ribeiro Rodrigues, Diretora do CTU. A ideia do projeto era transformar esse espa\u00e7o de conv\u00edvio para que ficasse mais agrad\u00e1vel aos frequentadores, [&hellip;]<\/p>\n","protected":false},"author":8,"featured_media":0,"parent":0,"menu_order":0,"comment_status":"closed","ping_status":"closed","template":"","meta":{"_acf_changed":false,"_themeisle_gutenberg_block_has_review":false,"footnotes":""},"class_list":["post-5733","page","type-page","status-publish","hentry"],"acf":[],"_links":{"self":[{"href":"https:\/\/sites.uel.br\/ser\/wp-json\/wp\/v2\/pages\/5733","targetHints":{"allow":["GET"]}}],"collection":[{"href":"https:\/\/sites.uel.br\/ser\/wp-json\/wp\/v2\/pages"}],"about":[{"href":"https:\/\/sites.uel.br\/ser\/wp-json\/wp\/v2\/types\/page"}],"author":[{"embeddable":true,"href":"https:\/\/sites.uel.br\/ser\/wp-json\/wp\/v2\/users\/8"}],"replies":[{"embeddable":true,"href":"https:\/\/sites.uel.br\/ser\/wp-json\/wp\/v2\/comments?post=5733"}],"version-history":[{"count":9,"href":"https:\/\/sites.uel.br\/ser\/wp-json\/wp\/v2\/pages\/5733\/revisions"}],"predecessor-version":[{"id":5920,"href":"https:\/\/sites.uel.br\/ser\/wp-json\/wp\/v2\/pages\/5733\/revisions\/5920"}],"wp:attachment":[{"href":"https:\/\/sites.uel.br\/ser\/wp-json\/wp\/v2\/media?parent=5733"}],"curies":[{"name":"wp","href":"https:\/\/api.w.org\/{rel}","templated":true}]}}