{"id":5730,"date":"2023-09-11T10:58:55","date_gmt":"2023-09-11T13:58:55","guid":{"rendered":"https:\/\/sites.uel.br\/ser\/?page_id=5730"},"modified":"2023-09-14T09:03:25","modified_gmt":"2023-09-14T12:03:25","slug":"premio-boas-praticas-na-recepcao-aos-estudantes-ingressantes-premiados-2023-administracao","status":"publish","type":"page","link":"https:\/\/sites.uel.br\/ser\/premio-boas-praticas-na-recepcao-aos-estudantes-ingressantes-premiados-2023-administracao\/","title":{"rendered":"Pr\u00eamio Boas Pr\u00e1ticas na Recep\u00e7\u00e3o aos Estudantes Ingressantes"},"content":{"rendered":"\n<hr class=\"wp-block-separator has-alpha-channel-opacity is-style-wide\" \/>\n\n\n\n<figure class=\"wp-block-image size-full\"><img loading=\"lazy\" decoding=\"async\" width=\"1280\" height=\"512\" src=\"https:\/\/sites.uel.br\/ser\/wp-content\/uploads\/2021\/07\/IMG-20210727-WA0028.jpg\" alt=\"\" class=\"wp-image-1021\" srcset=\"https:\/\/sites.uel.br\/ser\/wp-content\/uploads\/2021\/07\/IMG-20210727-WA0028.jpg 1280w, https:\/\/sites.uel.br\/ser\/wp-content\/uploads\/2021\/07\/IMG-20210727-WA0028-300x120.jpg 300w, https:\/\/sites.uel.br\/ser\/wp-content\/uploads\/2021\/07\/IMG-20210727-WA0028-1024x410.jpg 1024w, https:\/\/sites.uel.br\/ser\/wp-content\/uploads\/2021\/07\/IMG-20210727-WA0028-768x307.jpg 768w\" sizes=\"auto, (max-width: 1280px) 100vw, 1280px\" \/><\/figure>\n\n\n\n<h2 class=\"wp-block-heading\">Cursos Inscritos Premiados<\/h2>\n\n\n\n<h2 class=\"wp-block-heading\">2023<\/h2>\n\n\n\n<h2 class=\"wp-block-heading\">Administra\u00e7\u00e3o<\/h2>\n\n\n\n<p><strong>Resumo da A\u00e7\u00e3o:<\/strong><\/p>\n\n\n\n<p>Para realizar a Campanha de Boas Pr\u00e1ticas Solid\u00e1rias da Gradua\u00e7\u00e3o em Administra\u00e7\u00e3o, montamos uma comiss\u00e3o de estudantes veteranos para planejar essas a\u00e7\u00f5es, juntamente com o Colegiado.<\/p>\n\n\n\n<p>Nas reuni\u00f5es um dos estudantes relatou uma defici\u00eancia auditiva e que havia sido beneficiado pelo atendimento do ILES \u2013 Instituto Londrinense de Educa\u00e7\u00e3o de Surdos, sugerindo essa institui\u00e7\u00e3o como benefici\u00e1ria da campanha. A comiss\u00e3o de estudantes aprovou a indica\u00e7\u00e3o e entramos em contato com o ILES para identificar quais as necessidades que eles tinham.<\/p>\n\n\n\n<p>Assim, montamos a campanha de doa\u00e7\u00e3o de produtos de limpeza para o ILES \u2013 Instituto Londrinense de Educa\u00e7\u00e3o de Surdos. Fizemos a divulga\u00e7\u00e3o durante a Semana de Recep\u00e7\u00e3o dos Ingressantes, tentando envolver todos os estudantes do curso. Conseguimos arrecadar o equivalente a todos os produtos de limpeza necess\u00e1rios para a manuten\u00e7\u00e3o de 1 m\u00eas da Institui\u00e7\u00e3o. A entrega dos produtos foi feita do dia 01\/09\/2023 para a assistente social da Institui\u00e7\u00e3o e para uma docente.<\/p>\n\n\n\n<p>Elas agradeceram muito a a\u00e7\u00e3o e disseram que vai fazer diferen\u00e7a. Que a doa\u00e7\u00e3o corresponde ao m\u00eas de consumo desse tipo de material e que est\u00e3o \u00e0 disposi\u00e7\u00e3o da comunidade acad\u00eamica. Nos informaram que fazem 400 atendimentos por m\u00eas pelo SUS na parte cl\u00ednica, al\u00e9m da escola do ensino fundamental ao m\u00e9dio especializado no atendimento aos deficientes auditivos.<\/p>\n\n\n\n<p><em>Obs: texto confeccionado pelos estudantes de Gradua\u00e7\u00e3o e\/ou Coordena\u00e7\u00e3o do curso.<\/em><\/p>\n\n\n\n<hr class=\"wp-block-separator has-text-color has-cinza-color has-css-opacity has-cinza-background-color has-background is-style-wide\" \/>\n\n\n<div class=\"wp-block-image\">\n<figure class=\"aligncenter size-full\"><img loading=\"lazy\" decoding=\"async\" width=\"720\" height=\"1280\" src=\"https:\/\/sites.uel.br\/ser\/wp-content\/uploads\/2023\/09\/premio_boas_praticas_2023_administracao_01.jpeg\" alt=\"\" class=\"wp-image-5821\" srcset=\"https:\/\/sites.uel.br\/ser\/wp-content\/uploads\/2023\/09\/premio_boas_praticas_2023_administracao_01.jpeg 720w, https:\/\/sites.uel.br\/ser\/wp-content\/uploads\/2023\/09\/premio_boas_praticas_2023_administracao_01-169x300.jpeg 169w, https:\/\/sites.uel.br\/ser\/wp-content\/uploads\/2023\/09\/premio_boas_praticas_2023_administracao_01-576x1024.jpeg 576w\" sizes=\"auto, (max-width: 720px) 100vw, 720px\" \/><\/figure>\n<\/div>\n\n<div class=\"wp-block-image\">\n<figure class=\"aligncenter size-full\"><img loading=\"lazy\" decoding=\"async\" width=\"958\" height=\"1280\" src=\"https:\/\/sites.uel.br\/ser\/wp-content\/uploads\/2023\/09\/premio_boas_praticas_2023_administracao_02.jpeg\" alt=\"\" class=\"wp-image-5822\" srcset=\"https:\/\/sites.uel.br\/ser\/wp-content\/uploads\/2023\/09\/premio_boas_praticas_2023_administracao_02.jpeg 958w, https:\/\/sites.uel.br\/ser\/wp-content\/uploads\/2023\/09\/premio_boas_praticas_2023_administracao_02-225x300.jpeg 225w, https:\/\/sites.uel.br\/ser\/wp-content\/uploads\/2023\/09\/premio_boas_praticas_2023_administracao_02-766x1024.jpeg 766w, https:\/\/sites.uel.br\/ser\/wp-content\/uploads\/2023\/09\/premio_boas_praticas_2023_administracao_02-768x1026.jpeg 768w\" sizes=\"auto, (max-width: 958px) 100vw, 958px\" \/><\/figure>\n<\/div>\n\n<div class=\"wp-block-image\">\n<figure class=\"aligncenter size-full\"><img loading=\"lazy\" decoding=\"async\" width=\"1280\" height=\"1085\" src=\"https:\/\/sites.uel.br\/ser\/wp-content\/uploads\/2023\/09\/premio_boas_praticas_2023_administracao_03.jpeg\" alt=\"\" class=\"wp-image-5823\" srcset=\"https:\/\/sites.uel.br\/ser\/wp-content\/uploads\/2023\/09\/premio_boas_praticas_2023_administracao_03.jpeg 1280w, https:\/\/sites.uel.br\/ser\/wp-content\/uploads\/2023\/09\/premio_boas_praticas_2023_administracao_03-300x254.jpeg 300w, https:\/\/sites.uel.br\/ser\/wp-content\/uploads\/2023\/09\/premio_boas_praticas_2023_administracao_03-1024x868.jpeg 1024w, https:\/\/sites.uel.br\/ser\/wp-content\/uploads\/2023\/09\/premio_boas_praticas_2023_administracao_03-768x651.jpeg 768w\" sizes=\"auto, (max-width: 1280px) 100vw, 1280px\" \/><\/figure>\n<\/div>\n\n<div class=\"wp-block-image\">\n<figure class=\"aligncenter size-full\"><img loading=\"lazy\" decoding=\"async\" width=\"958\" height=\"1280\" src=\"https:\/\/sites.uel.br\/ser\/wp-content\/uploads\/2023\/09\/premio_boas_praticas_2023_administracao_04.jpeg\" alt=\"\" class=\"wp-image-5824\" srcset=\"https:\/\/sites.uel.br\/ser\/wp-content\/uploads\/2023\/09\/premio_boas_praticas_2023_administracao_04.jpeg 958w, https:\/\/sites.uel.br\/ser\/wp-content\/uploads\/2023\/09\/premio_boas_praticas_2023_administracao_04-225x300.jpeg 225w, https:\/\/sites.uel.br\/ser\/wp-content\/uploads\/2023\/09\/premio_boas_praticas_2023_administracao_04-766x1024.jpeg 766w, https:\/\/sites.uel.br\/ser\/wp-content\/uploads\/2023\/09\/premio_boas_praticas_2023_administracao_04-768x1026.jpeg 768w\" sizes=\"auto, (max-width: 958px) 100vw, 958px\" \/><\/figure>\n<\/div>\n\n<div class=\"wp-block-image\">\n<figure class=\"aligncenter size-full\"><img loading=\"lazy\" decoding=\"async\" width=\"720\" height=\"1280\" src=\"https:\/\/sites.uel.br\/ser\/wp-content\/uploads\/2023\/09\/premio_boas_praticas_2023_administracao_05.jpeg\" alt=\"\" class=\"wp-image-5825\" srcset=\"https:\/\/sites.uel.br\/ser\/wp-content\/uploads\/2023\/09\/premio_boas_praticas_2023_administracao_05.jpeg 720w, https:\/\/sites.uel.br\/ser\/wp-content\/uploads\/2023\/09\/premio_boas_praticas_2023_administracao_05-169x300.jpeg 169w, https:\/\/sites.uel.br\/ser\/wp-content\/uploads\/2023\/09\/premio_boas_praticas_2023_administracao_05-576x1024.jpeg 576w\" sizes=\"auto, (max-width: 720px) 100vw, 720px\" \/><\/figure>\n<\/div>\n\n\n<hr class=\"wp-block-separator has-text-color has-cinza-color has-css-opacity has-cinza-background-color has-background is-style-wide\" \/>\n\n\n\n<p><strong>ESTUDANTES PARTICIPANTES<\/strong><\/p>\n\n\n\n<p>ALICE ALYNE LUZ PANTAROLO<br>ANA CLARA GON\u00c7ALVES ORTENZI DE CARVALHO<br>ANA FL\u00c1VIA VIEIRA FAVORETTO<br>ANDERSON FERREIRA AGUIAR<br>C\u00cdNTIA CRISTINA GAMA CABRERA<br>CLEITON ROBRES DE OLIVEIRA<br>EDUARDA ALVES RIBEIRO<br>ERICA BUENO<br>FELIPE TEIXEIRA BASTOS<br>GABRIELLE FRANCISCO SOARES<br>HAYANE VITORIA CORREIA MARQUES<br>IGOR VICCENZO MINGUETTI DE ALMEIDA<br>JAIR MOSCARDO NETO<br>JO\u00c3O HENRIQUE DE SOUZA AJARILLA<br>JO\u00c3O PEDRO GONZAGA DE LIMA<br>JO\u00c3O VICTOR DE BRITO GARDIN<br>JOEL DE ANDRADE FREITAS<br>JORGE ALBERTO DE SOUZA<br>JOS\u00c9 ROBERTO GAMA DE CARVALHO<br>LARISSA DE ARAUJO<br>LEONARDO CARRARA SILVA<br>LEONARDO KAUFMANN BARBOSA DA SILVA<br>LET\u00cdCIA MIKA NISHIHARA<br>LORENA DJAURA NEPOMUCENO DA SILVA<br>LUCAS EMANOEL MARTINI<br>LUCAS NOGUEIRA RODRIGUES<br>LUCCAS FELIPE RAMIRO DA SILVA<br>LUIS FELIPE DOS SANTOS MISS\u00c3O<br>LUIS FELLIPE DE OLIVEIRA LEAL<br>LUIZ MAUR\u00cdCIO LORIN BARROS<br>MARIA EDUARDA MUSSI RODRIGUES<br>MARIANA CAMILA TEO SOUTO<br>NATALIA VICTORINO<br>OTAVIO AUGUSTO PEREIRA DE ABREU<br>OTAVIO RIBEIRO GOMES REDONDO<br>PEDRO GAVIOLI DE JESUS THOMAZINHO MELLO<br>PEDRO HENRIQUE DOS SANTOS PEREIRA<br>RAFAELLA RODRIGUES CARDIAL<br>RICARDO SANCHES GON\u00c7ALVES<br>RODRIGO ALVES DE FREITAS<br>SILVIO HENRIQUE ALDUAN SILVEIRA<br>TAYN\u00c1 LOPES RICCI<br>THIAGO ALEXANDRE DO CARMO<br>YASMIN SOUZA CAMPOS<br>ZERO DALMASO CARMONA<\/p>\n","protected":false},"excerpt":{"rendered":"<p>Cursos Inscritos Premiados 2023 Administra\u00e7\u00e3o Resumo da A\u00e7\u00e3o: Para realizar a Campanha de Boas Pr\u00e1ticas Solid\u00e1rias da Gradua\u00e7\u00e3o em Administra\u00e7\u00e3o, montamos uma comiss\u00e3o de estudantes veteranos para planejar essas a\u00e7\u00f5es, juntamente com o Colegiado. Nas reuni\u00f5es um dos estudantes relatou uma defici\u00eancia auditiva e que havia sido beneficiado pelo atendimento do ILES \u2013 Instituto Londrinense [&hellip;]<\/p>\n","protected":false},"author":8,"featured_media":0,"parent":0,"menu_order":0,"comment_status":"closed","ping_status":"closed","template":"","meta":{"_acf_changed":false,"_themeisle_gutenberg_block_has_review":false,"footnotes":""},"class_list":["post-5730","page","type-page","status-publish","hentry"],"acf":[],"_links":{"self":[{"href":"https:\/\/sites.uel.br\/ser\/wp-json\/wp\/v2\/pages\/5730","targetHints":{"allow":["GET"]}}],"collection":[{"href":"https:\/\/sites.uel.br\/ser\/wp-json\/wp\/v2\/pages"}],"about":[{"href":"https:\/\/sites.uel.br\/ser\/wp-json\/wp\/v2\/types\/page"}],"author":[{"embeddable":true,"href":"https:\/\/sites.uel.br\/ser\/wp-json\/wp\/v2\/users\/8"}],"replies":[{"embeddable":true,"href":"https:\/\/sites.uel.br\/ser\/wp-json\/wp\/v2\/comments?post=5730"}],"version-history":[{"count":6,"href":"https:\/\/sites.uel.br\/ser\/wp-json\/wp\/v2\/pages\/5730\/revisions"}],"predecessor-version":[{"id":5918,"href":"https:\/\/sites.uel.br\/ser\/wp-json\/wp\/v2\/pages\/5730\/revisions\/5918"}],"wp:attachment":[{"href":"https:\/\/sites.uel.br\/ser\/wp-json\/wp\/v2\/media?parent=5730"}],"curies":[{"name":"wp","href":"https:\/\/api.w.org\/{rel}","templated":true}]}}