{"id":4027,"date":"2023-06-29T15:46:03","date_gmt":"2023-06-29T18:46:03","guid":{"rendered":"https:\/\/sites.uel.br\/ser\/?page_id=4027"},"modified":"2023-07-10T13:25:05","modified_gmt":"2023-07-10T16:25:05","slug":"premio-boas-praticas-na-recepcao-aos-estudantes-ingressantes-premiados-2016-ciencias-biologicas-aedes","status":"publish","type":"page","link":"https:\/\/sites.uel.br\/ser\/premio-boas-praticas-na-recepcao-aos-estudantes-ingressantes-premiados-2016-ciencias-biologicas-aedes\/","title":{"rendered":"Pr\u00eamio Boas Pr\u00e1ticas na Recep\u00e7\u00e3o aos Estudantes Ingressantes"},"content":{"rendered":"\n<hr class=\"wp-block-separator has-alpha-channel-opacity is-style-wide\" \/>\n\n\n\n<h2 class=\"wp-block-heading\">Cursos Inscritos Premiados<\/h2>\n\n\n\n<h2 class=\"wp-block-heading\">2016<\/h2>\n\n\n\n<h2 class=\"wp-block-heading\">Modalidade 2: Tema Relacionado a &#8220;A\u00e7\u00f5es Contra o Aedes&#8221;<\/h2>\n\n\n\n<h2 class=\"wp-block-heading\"><strong>Ci\u00eancias Biol\u00f3gicas<\/strong><\/h2>\n\n\n\n<p><strong>Resumo da A\u00e7\u00e3o:<\/strong><\/p>\n\n\n\n<p>Esta a\u00e7\u00e3o envolveu todos os estudantes ingressantes do Curso de Ci\u00eancias Biol\u00f3gicas e ocorreu ao longo de dois dias, o primeiro, com uma palestra e o segundo com uma a\u00e7\u00e3o em um Bairro que tangeia a Universidade. No dia 14.04 o professor Dr. Jo\u00e3o Antonio Cyrino Zequi, respons\u00e1vel pelo laborat\u00f3rio de entomologia m\u00e9dica da UEL, ministrou uma palestra de 02:00h sobre o projeto \u201cAedes n\u00e3o\u201d. Na palestra o referido professor caracterizou as doen\u00e7as causadas pelos mosquitos, os tipos de vetores (esp\u00e9cies), a forma de combate e controle e, ainda, explicou sobre a vigil\u00e2ncia instaurada no campus universit\u00e1rio. Ao final da Palestra, instruiu-se sobre a a\u00e7\u00e3o de coleta de lixo pass\u00edvel de acumula\u00e7\u00e3o de \u00e1gua nas redondezas da UEL. A atividade de coleta ocorreu no dia 15.04. Neste dia, a a\u00e7\u00e3o tinha como um dos objetivos a coleta de lixo recicl\u00e1vel que foram destinados adequadamente pelo programa \u201cRecicla UEL\u201d. Foram coletados 5 metros c\u00fabicos de lixo recicl\u00e1vel que encheram o caminh\u00e3o de lixo do programa, segundo Maria Jos\u00e9 Sartor, coordenadora do recicla UEL e que tamb\u00e9m participou da a\u00e7\u00e3o. Esta a\u00e7\u00e3o contou com o apoio e a participa\u00e7\u00e3o colaborativa dos estudantes da primeira s\u00e9rie, de estudantes veteranos, da coordenadora do curso de Ci\u00eancias Biol\u00f3gicas Prof\u00aa. Dr\u00aa. Mariana Aparecida Bologna Soares de Andrade, do vice-coordenador do curso Prof. Dr. Halley Caixeta de Oliveira, do Departamento de Biologia Animal e Vegetal (BAV) da UEL (envolvendo professores e t\u00e9cnicos), do Grupo de Trabalho de Vigil\u00e2ncia e Controle de Aedes na UEL, do Recicla UEL, de servidores da Prefeitura do Campus (PCU), de Agentes de Endemias da Prefeitura Municipal e integrantes do GEAMA (grupo de estudos avan\u00e7ados sobre o meio ambiente). Foram divididas duas equipes, uma recolheu o lixo do local (\u00e1rea do Jardim Columbia que tangencia os muros da 2 Universidade no final da Avenida Vinicius de Mor\u00e3es). No local havia dep\u00f3sito indevido de lixos tanto recicl\u00e1veis quanto rejeitos, sendo o primeiro tipo removido em grande parte pelos envolvidos. A segunda equipe recebeu aproximadamente 200 c\u00f3pias do check list da campanha &#8220;10 minutos de combate ao Aedes&#8221;, que foram entregues nas resid\u00eancias ao redor do local, onde explicou-se a import\u00e2ncia e como utilizar essa ferramenta. Ao final, todos os alunos que estavam na a\u00e7\u00e3o de coleta de lixo se juntaram ao outro grupo que estavam passando nas casas para explicar e ensinar como utilizar o check list, promovendo concomitantemente o ato de conscientiza\u00e7\u00e3o em si sobre o descarte irregular de lixo. A a\u00e7\u00e3o de conscientiza\u00e7\u00e3o e distribui\u00e7\u00e3o do check list alcan\u00e7ou um total de 200 casas do Jardim Columbia.<\/p>\n\n\n\n<p>O restante do lixo, principalmente os rejeitos, foram recolhidos pela CMTU segundo acordo com este \u00f3rg\u00e3o.<\/p>\n\n\n\n<p>Relato da Coordenadora do Curso: \u201cA a\u00e7\u00e3o de combate contra o Aedes fez parte da semana de recep\u00e7\u00e3o dos calouros organizada pelos veteranos do Curso de Ci\u00eancias Biol\u00f3gicas. Esta a\u00e7\u00e3o, que ocorreu ao longo de dois dias, teve um momento de prepara\u00e7\u00e3o, com a Palestra do Professor Jo\u00e3o Zequi e, no dia seguinte, a coleta de lixo recicl\u00e1vel e compartilhamento de informa\u00e7\u00e3o sobre precau\u00e7\u00f5es nas casas do Jardim Columbia. O colegiado pode acompanhar de perto essas a\u00e7\u00f5es e considero de important\u00edssimo significado para nossos estudantes pois, pode-se envolver a\u00e7\u00f5es de ensino, pesquisa (conhecer o trabalho do referido professor) e extens\u00e3o, o que caracteriza o trip\u00e9 de funcionamento da Universidade. Nesta a\u00e7\u00e3o, assim como toda a semana de recep\u00e7\u00e3o, tudo foi organizado pelos estudantes veteranos: reservas de salas e \u00f4nibus, contato com as diferentes equipes que participaram da a\u00e7\u00e3o e orienta\u00e7\u00f5es aos calouros por meio de grupo no facebook. Excelente semana, os estudantes ingressantes j\u00e1 est\u00e3o integrados com os veteranos do curso\u201d (Mariana A. Bologna Soares de Andrade).<\/p>\n\n\n\n<div class=\"wp-block-columns is-layout-flex wp-container-core-columns-is-layout-9d6595d7 wp-block-columns-is-layout-flex\">\n<div class=\"wp-block-column is-layout-flow wp-block-column-is-layout-flow\"><div class=\"wp-block-image\">\n<figure class=\"aligncenter size-full\"><a href=\"https:\/\/drive.google.com\/drive\/folders\/1Jbv6nUIiGPPqcdbrfUF6_uInbKifcH2o?usp=drive_link\" target=\"_blank\" rel=\"noreferrer noopener\"><img decoding=\"async\" src=\"https:\/\/sites.uel.br\/feira\/wp-content\/uploads\/2023\/05\/google_drive.png\" alt=\"\" class=\"wp-image-2887\" \/><\/a><\/figure>\n<\/div>\n\n\n<p class=\"has-text-align-center\"><strong>(Galeria de Fotos)<\/strong><\/p>\n\n\n\n<p class=\"has-text-align-center\">Cr\u00e9ditos:<br>Estudantes do Curso de Ci\u00eancias Biol\u00f3gicas<\/p>\n<\/div>\n<\/div>\n","protected":false},"excerpt":{"rendered":"<p>Cursos Inscritos Premiados 2016 Modalidade 2: Tema Relacionado a &#8220;A\u00e7\u00f5es Contra o Aedes&#8221; Ci\u00eancias Biol\u00f3gicas Resumo da A\u00e7\u00e3o: Esta a\u00e7\u00e3o envolveu todos os estudantes ingressantes do Curso de Ci\u00eancias Biol\u00f3gicas e ocorreu ao longo de dois dias, o primeiro, com uma palestra e o segundo com uma a\u00e7\u00e3o em um Bairro que tangeia a Universidade. [&hellip;]<\/p>\n","protected":false},"author":8,"featured_media":0,"parent":0,"menu_order":0,"comment_status":"closed","ping_status":"closed","template":"","meta":{"_acf_changed":false,"_themeisle_gutenberg_block_has_review":false,"footnotes":""},"class_list":["post-4027","page","type-page","status-publish","hentry"],"acf":[],"_links":{"self":[{"href":"https:\/\/sites.uel.br\/ser\/wp-json\/wp\/v2\/pages\/4027","targetHints":{"allow":["GET"]}}],"collection":[{"href":"https:\/\/sites.uel.br\/ser\/wp-json\/wp\/v2\/pages"}],"about":[{"href":"https:\/\/sites.uel.br\/ser\/wp-json\/wp\/v2\/types\/page"}],"author":[{"embeddable":true,"href":"https:\/\/sites.uel.br\/ser\/wp-json\/wp\/v2\/users\/8"}],"replies":[{"embeddable":true,"href":"https:\/\/sites.uel.br\/ser\/wp-json\/wp\/v2\/comments?post=4027"}],"version-history":[{"count":8,"href":"https:\/\/sites.uel.br\/ser\/wp-json\/wp\/v2\/pages\/4027\/revisions"}],"predecessor-version":[{"id":4998,"href":"https:\/\/sites.uel.br\/ser\/wp-json\/wp\/v2\/pages\/4027\/revisions\/4998"}],"wp:attachment":[{"href":"https:\/\/sites.uel.br\/ser\/wp-json\/wp\/v2\/media?parent=4027"}],"curies":[{"name":"wp","href":"https:\/\/api.w.org\/{rel}","templated":true}]}}