{"id":4005,"date":"2023-06-29T15:34:19","date_gmt":"2023-06-29T18:34:19","guid":{"rendered":"https:\/\/sites.uel.br\/ser\/?page_id=4005"},"modified":"2023-07-07T14:27:46","modified_gmt":"2023-07-07T17:27:46","slug":"premio-boas-praticas-na-recepcao-aos-estudantes-ingressantes-premiados-2020-artes-cenicas","status":"publish","type":"page","link":"https:\/\/sites.uel.br\/ser\/premio-boas-praticas-na-recepcao-aos-estudantes-ingressantes-premiados-2020-artes-cenicas\/","title":{"rendered":"Pr\u00eamio Boas Pr\u00e1ticas na Recep\u00e7\u00e3o aos Estudantes Ingressantes"},"content":{"rendered":"\n<hr class=\"wp-block-separator has-alpha-channel-opacity is-style-wide\" \/>\n\n\n\n<h2 class=\"wp-block-heading\">Cursos Inscritos Premiados<\/h2>\n\n\n\n<h2 class=\"wp-block-heading\">2020<\/h2>\n\n\n\n<h2 class=\"wp-block-heading\">Artes C\u00eanicas<\/h2>\n\n\n\n<p><strong>Resumo da A\u00e7\u00e3o:<\/strong><\/p>\n\n\n\n<p>A semana de recep\u00e7\u00e3o dos calouros de 2020 foi organizado pelos veteranos da turma 21 de artes c\u00eanicas. Os calouros foram recebidos no primeiro dia da semana de programa\u00e7\u00e3o com um caf\u00e9 da manh\u00e3 comunit\u00e1rio organizado pelos veteranos, logo ap\u00f3s os docentes se apresentaram em uma conversa, com perguntas e respostas. Tamb\u00e9m no primeiro dia os calouros participaram da tradicional passagem pelo arm\u00e1rio para o tapete vermelho, onde todos foram apresentados com muitas palmas, m\u00fasica e alegria. Durante toda a semana, veteranos e egressos do curso apresentaram cenas e projetos constru\u00eddos, para que os calouros conhecessem o que se produz e a diversidade que abrange o curso de artes c\u00eanicas. Todas as apresenta\u00e7\u00f5es realizadas nessa semana foram abertas \u00e0 toda comunidade londrinense, gratuitamente, sendo realizadas na Divis\u00e3o de Artes C\u00eanicas e na UEL. Os calouros tamb\u00e9m foram apresentados aos veteranos fazendo parte de uma aula-gincana, vivenciando algumas pr\u00e1ticas do curso. Conheceram os \u00f3rg\u00e3os suplementares do curso como a DAC e Ouro Verde, fazendo um tour por todo o espa\u00e7o, entendendo como a gest\u00e3o do espa\u00e7o funcionava etc. Al\u00e9m disso, conheceram a gest\u00e3o da diretoria do centro acad\u00eamico de artes c\u00eanicas, al\u00e9m da atl\u00e9tica do centro, com rodas de conversa e integra\u00e7\u00e3o. Todos os calouros foram extremamente participativos e abra\u00e7aram de primeira chance a programa\u00e7\u00e3o feita por seus veteranos. Ao fim da semana, os calouros e veteranos realizaram uma integra\u00e7\u00e3o conjunta.<\/p>\n\n\n\n<p>Obs: texto confeccionado pelos estudantes de Gradua\u00e7\u00e3o do curso.<\/p>\n","protected":false},"excerpt":{"rendered":"<p>Cursos Inscritos Premiados 2020 Artes C\u00eanicas Resumo da A\u00e7\u00e3o: A semana de recep\u00e7\u00e3o dos calouros de 2020 foi organizado pelos veteranos da turma 21 de artes c\u00eanicas. Os calouros foram recebidos no primeiro dia da semana de programa\u00e7\u00e3o com um caf\u00e9 da manh\u00e3 comunit\u00e1rio organizado pelos veteranos, logo ap\u00f3s os docentes se apresentaram em uma [&hellip;]<\/p>\n","protected":false},"author":8,"featured_media":0,"parent":0,"menu_order":0,"comment_status":"closed","ping_status":"closed","template":"","meta":{"_acf_changed":false,"_themeisle_gutenberg_block_has_review":false,"footnotes":""},"class_list":["post-4005","page","type-page","status-publish","hentry"],"acf":[],"_links":{"self":[{"href":"https:\/\/sites.uel.br\/ser\/wp-json\/wp\/v2\/pages\/4005","targetHints":{"allow":["GET"]}}],"collection":[{"href":"https:\/\/sites.uel.br\/ser\/wp-json\/wp\/v2\/pages"}],"about":[{"href":"https:\/\/sites.uel.br\/ser\/wp-json\/wp\/v2\/types\/page"}],"author":[{"embeddable":true,"href":"https:\/\/sites.uel.br\/ser\/wp-json\/wp\/v2\/users\/8"}],"replies":[{"embeddable":true,"href":"https:\/\/sites.uel.br\/ser\/wp-json\/wp\/v2\/comments?post=4005"}],"version-history":[{"count":5,"href":"https:\/\/sites.uel.br\/ser\/wp-json\/wp\/v2\/pages\/4005\/revisions"}],"predecessor-version":[{"id":4840,"href":"https:\/\/sites.uel.br\/ser\/wp-json\/wp\/v2\/pages\/4005\/revisions\/4840"}],"wp:attachment":[{"href":"https:\/\/sites.uel.br\/ser\/wp-json\/wp\/v2\/media?parent=4005"}],"curies":[{"name":"wp","href":"https:\/\/api.w.org\/{rel}","templated":true}]}}