{"id":3103,"date":"2022-10-11T14:40:51","date_gmt":"2022-10-11T17:40:51","guid":{"rendered":"https:\/\/sites.uel.br\/ser\/?page_id=3103"},"modified":"2023-07-07T14:24:29","modified_gmt":"2023-07-07T17:24:29","slug":"premio-boas-praticas-na-recepcao-aos-estudantes-ingressantes-premiados-2022-arquitetura-e-urbanismo","status":"publish","type":"page","link":"https:\/\/sites.uel.br\/ser\/premio-boas-praticas-na-recepcao-aos-estudantes-ingressantes-premiados-2022-arquitetura-e-urbanismo\/","title":{"rendered":"Pr\u00eamio Boas Pr\u00e1ticas na Recep\u00e7\u00e3o aos Estudantes Ingressantes"},"content":{"rendered":"\n<hr class=\"wp-block-separator has-alpha-channel-opacity is-style-wide\" \/>\n\n\n\n<figure class=\"wp-block-image size-full\"><img loading=\"lazy\" decoding=\"async\" width=\"1280\" height=\"512\" src=\"https:\/\/sites.uel.br\/ser\/wp-content\/uploads\/2021\/07\/IMG-20210727-WA0028.jpg\" alt=\"\" class=\"wp-image-1021\" srcset=\"https:\/\/sites.uel.br\/ser\/wp-content\/uploads\/2021\/07\/IMG-20210727-WA0028.jpg 1280w, https:\/\/sites.uel.br\/ser\/wp-content\/uploads\/2021\/07\/IMG-20210727-WA0028-300x120.jpg 300w, https:\/\/sites.uel.br\/ser\/wp-content\/uploads\/2021\/07\/IMG-20210727-WA0028-1024x410.jpg 1024w, https:\/\/sites.uel.br\/ser\/wp-content\/uploads\/2021\/07\/IMG-20210727-WA0028-768x307.jpg 768w\" sizes=\"auto, (max-width: 1280px) 100vw, 1280px\" \/><\/figure>\n\n\n\n<h2 class=\"wp-block-heading\">Cursos Inscritos Premiados<\/h2>\n\n\n\n<h2 class=\"wp-block-heading\">2022<\/h2>\n\n\n\n<h2 class=\"wp-block-heading\">Arquitetura e Urbanismo<\/h2>\n\n\n\n<p><strong>Resumo da A\u00e7\u00e3o:<\/strong><\/p>\n\n\n\n<p>Revitaliza\u00e7\u00e3o das paredes e cal\u00e7adas do Col\u00e9gio Aplica\u00e7\u00e3o campus UEL e tamb\u00e9m, do CEI (Centro de Educa\u00e7\u00e3o Infantil). Revitaliza\u00e7\u00e3o por meio de pinturas de pain\u00e9is tem\u00e1ticos nas paredes e pintura de atividades recreativas nas cal\u00e7adas de ambos os locais.<\/p>\n\n\n\n<p><em>Obs: texto confeccionado pelos estudantes de Gradua\u00e7\u00e3o e\/ou Coordena\u00e7\u00e3o do curso.<\/em><\/p>\n\n\n\n<p>Mais informa\u00e7\u00f5es sobre a a\u00e7\u00e3o, <a rel=\"noreferrer noopener\" href=\"https:\/\/operobal.uel.br\/ctu\/2022\/08\/02\/centro-de-educacao-infantil-ganha-novas-cores-em-trote-solidario\/\" target=\"_blank\">acesse aqui<\/a> e <a href=\"https:\/\/globoplay.globo.com\/v\/10813219\/?s=0s\" target=\"_blank\" rel=\"noreferrer noopener\">aqui<\/a>.<\/p>\n\n\n\n<hr class=\"wp-block-separator has-text-color has-cinza-color has-css-opacity has-cinza-background-color has-background is-style-wide\" \/>\n\n\n\n<figure class=\"wp-block-embed is-type-video is-provider-youtube wp-block-embed-youtube wp-embed-aspect-16-9 wp-has-aspect-ratio\"><div class=\"wp-block-embed__wrapper\">\n<iframe loading=\"lazy\" title=\"Pr\u00eamio Boas Pr\u00e1ticas Solid\u00e1rias na Semana do Estudante Ingressante 2022 (Arquitetura e Urbanismo)\" width=\"500\" height=\"281\" src=\"https:\/\/www.youtube.com\/embed\/fY2LGmLBn1g?feature=oembed\" frameborder=\"0\" allow=\"accelerometer; autoplay; clipboard-write; encrypted-media; gyroscope; picture-in-picture; web-share\" referrerpolicy=\"strict-origin-when-cross-origin\" allowfullscreen><\/iframe>\n<\/div><\/figure>\n\n\n<div class=\"wp-block-image\">\n<figure class=\"aligncenter size-large\"><img loading=\"lazy\" decoding=\"async\" width=\"1024\" height=\"576\" src=\"https:\/\/sites.uel.br\/ser\/wp-content\/uploads\/2022\/10\/premio_boas_praticas_arquitetura_urbanismo_01-1024x576.jpg\" alt=\"\" class=\"wp-image-3248\" srcset=\"https:\/\/sites.uel.br\/ser\/wp-content\/uploads\/2022\/10\/premio_boas_praticas_arquitetura_urbanismo_01-1024x576.jpg 1024w, https:\/\/sites.uel.br\/ser\/wp-content\/uploads\/2022\/10\/premio_boas_praticas_arquitetura_urbanismo_01-300x169.jpg 300w, https:\/\/sites.uel.br\/ser\/wp-content\/uploads\/2022\/10\/premio_boas_praticas_arquitetura_urbanismo_01-768x432.jpg 768w, https:\/\/sites.uel.br\/ser\/wp-content\/uploads\/2022\/10\/premio_boas_praticas_arquitetura_urbanismo_01-1536x864.jpg 1536w, https:\/\/sites.uel.br\/ser\/wp-content\/uploads\/2022\/10\/premio_boas_praticas_arquitetura_urbanismo_01.jpg 1600w\" sizes=\"auto, (max-width: 1024px) 100vw, 1024px\" \/><\/figure>\n<\/div>\n\n<div class=\"wp-block-image\">\n<figure class=\"aligncenter size-large\"><img loading=\"lazy\" decoding=\"async\" width=\"1024\" height=\"768\" src=\"https:\/\/sites.uel.br\/ser\/wp-content\/uploads\/2022\/10\/premio_boas_praticas_arquitetura_urbanismo_02-1024x768.jpg\" alt=\"\" class=\"wp-image-3249\" srcset=\"https:\/\/sites.uel.br\/ser\/wp-content\/uploads\/2022\/10\/premio_boas_praticas_arquitetura_urbanismo_02-1024x768.jpg 1024w, https:\/\/sites.uel.br\/ser\/wp-content\/uploads\/2022\/10\/premio_boas_praticas_arquitetura_urbanismo_02-300x225.jpg 300w, https:\/\/sites.uel.br\/ser\/wp-content\/uploads\/2022\/10\/premio_boas_praticas_arquitetura_urbanismo_02-768x576.jpg 768w, https:\/\/sites.uel.br\/ser\/wp-content\/uploads\/2022\/10\/premio_boas_praticas_arquitetura_urbanismo_02-1536x1152.jpg 1536w, https:\/\/sites.uel.br\/ser\/wp-content\/uploads\/2022\/10\/premio_boas_praticas_arquitetura_urbanismo_02.jpg 1600w\" sizes=\"auto, (max-width: 1024px) 100vw, 1024px\" \/><\/figure>\n<\/div>\n\n<div class=\"wp-block-image\">\n<figure class=\"aligncenter size-large\"><img loading=\"lazy\" decoding=\"async\" width=\"1024\" height=\"576\" src=\"https:\/\/sites.uel.br\/ser\/wp-content\/uploads\/2022\/10\/premio_boas_praticas_arquitetura_urbanismo_03-1024x576.jpg\" alt=\"\" class=\"wp-image-3250\" srcset=\"https:\/\/sites.uel.br\/ser\/wp-content\/uploads\/2022\/10\/premio_boas_praticas_arquitetura_urbanismo_03-1024x576.jpg 1024w, https:\/\/sites.uel.br\/ser\/wp-content\/uploads\/2022\/10\/premio_boas_praticas_arquitetura_urbanismo_03-300x169.jpg 300w, https:\/\/sites.uel.br\/ser\/wp-content\/uploads\/2022\/10\/premio_boas_praticas_arquitetura_urbanismo_03-768x432.jpg 768w, https:\/\/sites.uel.br\/ser\/wp-content\/uploads\/2022\/10\/premio_boas_praticas_arquitetura_urbanismo_03-1536x864.jpg 1536w, https:\/\/sites.uel.br\/ser\/wp-content\/uploads\/2022\/10\/premio_boas_praticas_arquitetura_urbanismo_03.jpg 1600w\" sizes=\"auto, (max-width: 1024px) 100vw, 1024px\" \/><\/figure>\n<\/div>\n\n<div class=\"wp-block-image\">\n<figure class=\"aligncenter size-large\"><img loading=\"lazy\" decoding=\"async\" width=\"768\" height=\"1024\" src=\"https:\/\/sites.uel.br\/ser\/wp-content\/uploads\/2022\/10\/premio_boas_praticas_arquitetura_urbanismo_04-768x1024.jpg\" alt=\"\" class=\"wp-image-3251\" srcset=\"https:\/\/sites.uel.br\/ser\/wp-content\/uploads\/2022\/10\/premio_boas_praticas_arquitetura_urbanismo_04-768x1024.jpg 768w, https:\/\/sites.uel.br\/ser\/wp-content\/uploads\/2022\/10\/premio_boas_praticas_arquitetura_urbanismo_04-225x300.jpg 225w, https:\/\/sites.uel.br\/ser\/wp-content\/uploads\/2022\/10\/premio_boas_praticas_arquitetura_urbanismo_04-1152x1536.jpg 1152w, https:\/\/sites.uel.br\/ser\/wp-content\/uploads\/2022\/10\/premio_boas_praticas_arquitetura_urbanismo_04.jpg 1200w\" sizes=\"auto, (max-width: 768px) 100vw, 768px\" \/><\/figure>\n<\/div>","protected":false},"excerpt":{"rendered":"<p>Cursos Inscritos Premiados 2022 Arquitetura e Urbanismo Resumo da A\u00e7\u00e3o: Revitaliza\u00e7\u00e3o das paredes e cal\u00e7adas do Col\u00e9gio Aplica\u00e7\u00e3o campus UEL e tamb\u00e9m, do CEI (Centro de Educa\u00e7\u00e3o Infantil). Revitaliza\u00e7\u00e3o por meio de pinturas de pain\u00e9is tem\u00e1ticos nas paredes e pintura de atividades recreativas nas cal\u00e7adas de ambos os locais. Obs: texto confeccionado pelos estudantes de [&hellip;]<\/p>\n","protected":false},"author":8,"featured_media":0,"parent":0,"menu_order":0,"comment_status":"closed","ping_status":"closed","template":"","meta":{"_acf_changed":false,"_themeisle_gutenberg_block_has_review":false,"footnotes":""},"class_list":["post-3103","page","type-page","status-publish","hentry"],"acf":[],"_links":{"self":[{"href":"https:\/\/sites.uel.br\/ser\/wp-json\/wp\/v2\/pages\/3103","targetHints":{"allow":["GET"]}}],"collection":[{"href":"https:\/\/sites.uel.br\/ser\/wp-json\/wp\/v2\/pages"}],"about":[{"href":"https:\/\/sites.uel.br\/ser\/wp-json\/wp\/v2\/types\/page"}],"author":[{"embeddable":true,"href":"https:\/\/sites.uel.br\/ser\/wp-json\/wp\/v2\/users\/8"}],"replies":[{"embeddable":true,"href":"https:\/\/sites.uel.br\/ser\/wp-json\/wp\/v2\/comments?post=3103"}],"version-history":[{"count":24,"href":"https:\/\/sites.uel.br\/ser\/wp-json\/wp\/v2\/pages\/3103\/revisions"}],"predecessor-version":[{"id":4824,"href":"https:\/\/sites.uel.br\/ser\/wp-json\/wp\/v2\/pages\/3103\/revisions\/4824"}],"wp:attachment":[{"href":"https:\/\/sites.uel.br\/ser\/wp-json\/wp\/v2\/media?parent=3103"}],"curies":[{"name":"wp","href":"https:\/\/api.w.org\/{rel}","templated":true}]}}