{"id":53,"date":"2022-02-04T13:28:19","date_gmt":"2022-02-04T16:28:19","guid":{"rendered":"https:\/\/sites.uel.br\/sebec\/?page_id=53"},"modified":"2022-09-03T14:13:04","modified_gmt":"2022-09-03T17:13:04","slug":"saude-mental","status":"publish","type":"page","link":"https:\/\/sites.uel.br\/sebec\/saude-mental\/","title":{"rendered":""},"content":{"rendered":"<div class=\"wp-block-image\">\n<figure class=\"aligncenter size-large\"><img loading=\"lazy\" decoding=\"async\" width=\"1024\" height=\"278\" src=\"https:\/\/sites.uel.br\/sebec\/wp-content\/uploads\/2022\/06\/Banner-DSSSM-1024x278.png\" alt=\"\" class=\"wp-image-1826\" srcset=\"https:\/\/sites.uel.br\/sebec\/wp-content\/uploads\/2022\/06\/Banner-DSSSM-1024x278.png 1024w, https:\/\/sites.uel.br\/sebec\/wp-content\/uploads\/2022\/06\/Banner-DSSSM-300x82.png 300w, https:\/\/sites.uel.br\/sebec\/wp-content\/uploads\/2022\/06\/Banner-DSSSM-768x209.png 768w, https:\/\/sites.uel.br\/sebec\/wp-content\/uploads\/2022\/06\/Banner-DSSSM-1536x418.png 1536w, https:\/\/sites.uel.br\/sebec\/wp-content\/uploads\/2022\/06\/Banner-DSSSM.png 1920w\" sizes=\"auto, (max-width: 1024px) 100vw, 1024px\" \/><\/figure>\n<\/div>\n\n\n<p><br><\/p>\n\n\n\n<p><\/p>\n\n\n\n<p class=\"has-text-align-center has-cinza-claro-color has-verde-escuro-background-color has-text-color has-background\"><strong><a href=\"https:\/\/sites.uel.br\/sebec\/?cat=17\" data-type=\"URL\" data-id=\"https:\/\/sites.uel.br\/sebec\/?cat=17\" target=\"_blank\" rel=\"noreferrer noopener\"><span style=\"color: #FFFFFF\">Atividades e Eventos<\/span><\/a><\/strong><\/p>\n\n\n\n<p><br><\/p>\n\n\n\n<p><\/p>\n\n\n\n<div class=\"wp-block-buttons is-content-justification-center is-layout-flex wp-container-core-buttons-is-layout-16018d1d wp-block-buttons-is-layout-flex\">\n<div class=\"wp-block-button\"><a class=\"wp-block-button__link has-cinza-claro-color has-verde-escuro-background-color has-text-color has-background\" href=\"https:\/\/sites.uel.br\/sebec\/?page_id=470\">Sobre a Divis\u00e3o de Servi\u00e7o Social e Sa\u00fade Mental<\/a><\/div>\n\n\n\n<div class=\"wp-block-button\"><a class=\"wp-block-button__link has-cinza-claro-color has-verde-escuro-background-color has-text-color has-background\" href=\"https:\/\/sites.uel.br\/sebec\/?page_id=1088\">Equipe Respons\u00e1vel<\/a><\/div>\n\n\n\n<div class=\"wp-block-button\"><a class=\"wp-block-button__link has-cinza-claro-color has-verde-escuro-background-color has-text-color has-background\" href=\"https:\/\/sites.uel.br\/sebec\/?page_id=519\">Agendamentos<\/a><\/div>\n\n\n\n<div class=\"wp-block-button\"><a class=\"wp-block-button__link has-cinza-claro-color has-verde-escuro-background-color has-text-color has-background\" href=\"https:\/\/sites.uel.br\/sebec\/?page_id=1013\">Atendimento Psicol\u00f3gico para Comunidade Universit\u00e1ria da UEL<\/a><\/div>\n\n\n\n<div class=\"wp-block-button\"><a class=\"wp-block-button__link has-cinza-claro-color has-verde-escuro-background-color has-text-color has-background\" href=\"https:\/\/sites.uel.br\/sebec\/plantoes-sociais\/\">Atendimentos Sociais<\/a><\/div>\n\n\n\n<div class=\"wp-block-button\"><a class=\"wp-block-button__link has-cinza-claro-color has-verde-escuro-background-color has-text-color has-background\" href=\"https:\/\/sites.uel.br\/sebec\/atencao-cotidiana-em-saude-mental-e-direitos-humanos\/\" target=\"_blank\" rel=\"noreferrer noopener\">Aten\u00e7\u00e3o Cotidiana em Sa\u00fade Mental e Direitos Humanos<\/a><\/div>\n\n\n\n<div class=\"wp-block-button\"><a class=\"wp-block-button__link has-cinza-claro-color has-verde-escuro-background-color has-text-color has-background\" href=\"https:\/\/sites.uel.br\/sebec\/?page_id=1023\">Promo\u00e7\u00e3o de Pol\u00edticas P\u00fablicas e Institucionais<\/a><\/div>\n\n\n\n<div class=\"wp-block-button\"><a class=\"wp-block-button__link has-cinza-claro-color has-verde-escuro-background-color has-text-color has-background\" href=\"https:\/\/sites.uel.br\/sebec\/selecoes-socioeconomicas\/\">Sele\u00e7\u00f5es Socioecon\u00f4micas<\/a><\/div>\n<\/div>\n\n\n\n<p><\/p>\n","protected":false},"excerpt":{"rendered":"<p>Atividades e Eventos<\/p>\n","protected":false},"author":1,"featured_media":0,"parent":0,"menu_order":0,"comment_status":"closed","ping_status":"closed","template":"","meta":{"_acf_changed":false,"footnotes":""},"class_list":["post-53","page","type-page","status-publish","hentry"],"acf":[],"_links":{"self":[{"href":"https:\/\/sites.uel.br\/sebec\/wp-json\/wp\/v2\/pages\/53","targetHints":{"allow":["GET"]}}],"collection":[{"href":"https:\/\/sites.uel.br\/sebec\/wp-json\/wp\/v2\/pages"}],"about":[{"href":"https:\/\/sites.uel.br\/sebec\/wp-json\/wp\/v2\/types\/page"}],"author":[{"embeddable":true,"href":"https:\/\/sites.uel.br\/sebec\/wp-json\/wp\/v2\/users\/1"}],"replies":[{"embeddable":true,"href":"https:\/\/sites.uel.br\/sebec\/wp-json\/wp\/v2\/comments?post=53"}],"version-history":[{"count":33,"href":"https:\/\/sites.uel.br\/sebec\/wp-json\/wp\/v2\/pages\/53\/revisions"}],"predecessor-version":[{"id":2156,"href":"https:\/\/sites.uel.br\/sebec\/wp-json\/wp\/v2\/pages\/53\/revisions\/2156"}],"wp:attachment":[{"href":"https:\/\/sites.uel.br\/sebec\/wp-json\/wp\/v2\/media?parent=53"}],"curies":[{"name":"wp","href":"https:\/\/api.w.org\/{rel}","templated":true}]}}