{"id":2797,"date":"2024-02-05T09:22:11","date_gmt":"2024-02-05T12:22:11","guid":{"rendered":"https:\/\/sites.uel.br\/proppg\/?page_id=2797"},"modified":"2025-01-27T10:02:08","modified_gmt":"2025-01-27T13:02:08","slug":"autoavaliacao-institucional-stricto-sensu","status":"publish","type":"page","link":"https:\/\/sites.uel.br\/proppg\/autoavaliacao-institucional-stricto-sensu\/","title":{"rendered":"Autoavalia\u00e7\u00e3o Institucional Stricto sensu da UEL"},"content":{"rendered":"\n<div style=\"height:30px\" aria-hidden=\"true\" class=\"wp-block-spacer\"><\/div>\n\n\n\n<p><strong>AUTOAVALIA\u00c7\u00c3O \u2013 Programas de P\u00f3s-Gradua\u00e7\u00e3o <em>Stricto sensu <\/em>da UEL<\/strong><\/p>\n\n\n\n<p>A Universidade Estadual de Londrina, atrav\u00e9s da sua Pr\u00f3-Reitoria de Pesquisa e P\u00f3s-Gradua\u00e7\u00e3o (PROPPG), desde o ano de 2019, tem atuado junto aos seus Programas de P\u00f3s-Gradua\u00e7\u00e3o <em>Stricto sensu <\/em>com o objetivo de sistematizar as a\u00e7\u00f5es de autoavalia\u00e7\u00e3o.<\/p>\n\n\n\n<p>Em 14 de outubro de 2019, o Colegiado dos Programas de P\u00f3s-Gradua\u00e7\u00e3o <em>Stricto sensu<\/em> da UEL, sob coordena\u00e7\u00e3o do Prof. Dr. Claudemir Zucareli, em sua reuni\u00e3o ordin\u00e1ria instituiu uma Comiss\u00e3o com a miss\u00e3o de sistematizar o processo de autoavalia\u00e7\u00e3o dos Programas da UEL e, ainda, subsidiar as a\u00e7\u00f5es da Institui\u00e7\u00e3o quanto ao planejamento estrat\u00e9gico da sua p\u00f3s-gradua\u00e7\u00e3o. Esta comiss\u00e3o foi denominada \u201cComiss\u00e3o Institucional de Avalia\u00e7\u00e3o da P\u00f3s-Gradua\u00e7\u00e3o (CIAPG)\u201d, sendo composta pela Diretora de P\u00f3s-Gradua\u00e7\u00e3o, pelos coordenadores representando os nove Centros de Estudos da Institui\u00e7\u00e3o e por um coordenador do Mestrado Profissional, com primeira gest\u00e3o de novembro de 2019 \u00e0 31 de maio de 2021. Neste per\u00edodo, cada Programa instituiu internamente uma comiss\u00e3o de autoavalia\u00e7\u00e3o (CAA), respons\u00e1vel pelas a\u00e7\u00f5es de autoavalia\u00e7\u00e3o dentro do \u00e2mbito de cada Programa.<\/p>\n\n\n\n<p>A Comiss\u00e3o Institucional de Avalia\u00e7\u00e3o da P\u00f3s-Gradua\u00e7\u00e3o (CIAPG) prop\u00f4s os quesitos m\u00ednimos obrigat\u00f3rios para as fichas de avalia\u00e7\u00e3o discente, egresso, docente e relat\u00f3rio de autoavalia\u00e7\u00e3o do Programa, recomendando-se que a CAA acrescentasse os quesitos que elencasse necess\u00e1rios devido \u00e0s especificidades da \u00e1rea, nos seus instrumentos de avalia\u00e7\u00e3o.<\/p>\n\n\n\n<p>Entre junho de 2021 e maio de 2023, uma nova CIAPG foi institu\u00edda, sob a Coordena\u00e7\u00e3o da Profa. Dra. Lucy Megumi Yamauchi Lioni, que coordenou a organiza\u00e7\u00e3o, junto \u00e0 PROPPG, do I F\u00d3RUM DE AUTOAVALIA\u00c7\u00c3O DOS PROGRAMAS DE P\u00d3S-GRADUA\u00c7\u00c3O DA UEL, realizado entre 18 e 19\/05\/2023. O foco do evento foi discuss\u00e3o dos caminhos para o aprimoramento dos mecanismos presentes na pol\u00edtica de autoavalia\u00e7\u00e3o da p\u00f3s-gradua\u00e7\u00e3o implementada pela Universidade.<\/p>\n\n\n\n<p>A programa\u00e7\u00e3o de abertura foi marcada pela palestra \u201cAutoavalia\u00e7\u00e3o da P\u00f3s-Gradua\u00e7\u00e3o: mudan\u00e7a de paradigma ou corre\u00e7\u00e3o de rumo?\u201d, ministrada pelo coordenador da \u00e1rea de Educa\u00e7\u00e3o da Coordenadoria de Aperfei\u00e7oamento de Pessoal de N\u00edvel Superior (Capes), \u00c2ngelo Ricardo de Souza, da Universidade Federal do Paran\u00e1 (UFPR). &nbsp;A seguir, no mesmo evento, foram realizadas reuni\u00f5es dentro das grandes \u00e1reas de conhecimento, contando com representantes da CAPES externos \u00e0 UEL dos tr\u00eas col\u00e9gios: 1) Col\u00e9gio de Humanidades (Prof. Dr. Robert Verhine \u2013 Universidade Federal da Bahia); 2) Col\u00e9gio de Ci\u00eancias da Vida (Profa. Dra. Evanilde Benedito \u2013 Universidade Estadual de Maring\u00e1); 3) Col\u00e9gio de Ci\u00eancias Exatas, Tecnol\u00f3gicas e Multidisciplinar (Dr. Edvani Muniz \u2013 Universidade Estadual de Maring\u00e1). Nesta oportunidade, cada Programa, representado pela sua CAA, apresentou os seus resultados de autoavalia\u00e7\u00e3o para discuss\u00e3o junto aos membros externos. O \u00faltimo dia foi marcado pela discuss\u00e3o dos pontos fracos, potencialidades dos Programas, e condu\u00e7\u00e3o das metas e a\u00e7\u00f5es a serem estabelecidas a curto, m\u00e9dio e longo prazo para a elabora\u00e7\u00e3o dos seus respectivos planejamentos estrat\u00e9gicos.<\/p>\n\n\n\n<p>Dando continuidade \u00e0s atividades Institucionais, no dia 17 de junho de 2024, foi realizado o \u201cSemin\u00e1rio: Planejamento estrat\u00e9gico e autoavalia\u00e7\u00e3o dos Programas de P\u00f3s-Gradua\u00e7\u00e3o Stricto sensu da UEL\u201d, sob a Coordena\u00e7\u00e3o da Profa. Dra. Lucy Megumi Yamauchi Lioni. Neste evento houve a participa\u00e7\u00e3o de dois Programas de P\u00f3s-Gradua\u00e7\u00e3o da UEL apresentando as suas experi\u00eancias:<\/p>\n\n\n\n<p>1) Programa de P\u00f3s-Gradua\u00e7\u00e3o em Educa\u00e7\u00e3o (PPEdu) &#8211; Profa. Dra. Sandra Regina Ferreira de Oliveira \u2013 \u201cO projeto de Autoavalia\u00e7\u00e3o do PPEdu: desafios, limites e perspectivas\u201d<\/p>\n\n\n\n<p>2) Programa de P\u00f3s-Gradua\u00e7\u00e3o em Gen\u00e9tica e Biologia Molecular (GBM) &#8211; Prof. Dr. Andr\u00e9 Luis Laforga Vanzela \u2013 \u201cImport\u00e2ncia da autoavalia\u00e7\u00e3o para a consolida\u00e7\u00e3o do PPG-GBM\u201d<\/p>\n\n\n\n<div style=\"height:30px\" aria-hidden=\"true\" class=\"wp-block-spacer\"><\/div>\n\n\n\n<ol class=\"wp-block-list\">\n<li><a href=\"https:\/\/sites.uel.br\/proppg\/wp-content\/uploads\/2024\/02\/1.-Planejamento-de-Autoavaliacao-dos-PPG_UEL-_Gestao-2019-2021.pdf\" target=\"_blank\" rel=\"noreferrer noopener\">Planejamento de Autoavalia\u00e7\u00e3o dos PPG_UEL _Gest\u00e3o 2019-2021<\/a><\/li>\n\n\n\n<li><a href=\"https:\/\/sites.uel.br\/proppg\/wp-content\/uploads\/2024\/02\/2.-Portaria-003-2020-Comissao-de-Avaliacao-da-Pos-Graduacao.pdf\" target=\"_blank\" rel=\"noreferrer noopener\">Portaria 003-2020 &#8211; Comiss\u00e3o de Avalia\u00e7\u00e3o da P\u00f3s-Gradua\u00e7\u00e3o<\/a><\/li>\n\n\n\n<li><a href=\"https:\/\/sites.uel.br\/proppg\/wp-content\/uploads\/2024\/08\/Planejamento-de-Autoavaliacao-dos-PPG_UEL-_Gestao-2022-2026.pdf\" target=\"_blank\" rel=\"noreferrer noopener\">Planejamento de Autoavalia\u00e7\u00e3o dos PPG_UEL _Gest\u00e3o 2022-2026<\/a><\/li>\n\n\n\n<li><a href=\"https:\/\/sites.uel.br\/proppg\/wp-content\/uploads\/2024\/02\/3-FICHA-DE-AVALIACAO-DISCENTES.docx\" target=\"_blank\" rel=\"noreferrer noopener\">FICHA DE AVALIA\u00c7\u00c3O &#8211; DISCENTES<\/a><\/li>\n\n\n\n<li><a href=\"https:\/\/sites.uel.br\/proppg\/wp-content\/uploads\/2024\/02\/4-FICHA-DE-AVALIACAO-DOCENTES.docx\" target=\"_blank\" rel=\"noreferrer noopener\">FICHA DE AVALIA\u00c7\u00c3O &#8211; DOCENTES<\/a><\/li>\n\n\n\n<li><a href=\"https:\/\/sites.uel.br\/proppg\/wp-content\/uploads\/2024\/02\/5-FICHA-DE-ATUACAO-E-AVALIACAO-EGRESSOS.docx\" target=\"_blank\" rel=\"noreferrer noopener\">FICHA DE ATUA\u00c7\u00c3O E AVALIA\u00c7\u00c3O &#8211; EGRESSOS<\/a><\/li>\n\n\n\n<li><a href=\"https:\/\/sites.uel.br\/proppg\/wp-content\/uploads\/2025\/01\/Relatorio-de-autoavaliacao-PPG_UEL_-2021_24.pdf\">RELAT\u00d3RIO DE AUTOAVALIA\u00c7\u00c3O INSTITUCIONAL DOS PROGRAMAS DE P\u00d3S GRADUA\u00c7\u00c3O DA UEL<\/a><\/li>\n<\/ol>\n\n\n\n<p><\/p>\n\n\n\n<p><\/p>\n","protected":false},"excerpt":{"rendered":"<p>AUTOAVALIA\u00c7\u00c3O \u2013 Programas de P\u00f3s-Gradua\u00e7\u00e3o Stricto sensu da UEL A Universidade Estadual de Londrina, atrav\u00e9s da sua Pr\u00f3-Reitoria de Pesquisa e P\u00f3s-Gradua\u00e7\u00e3o (PROPPG), desde o ano de 2019, tem atuado junto aos seus Programas de P\u00f3s-Gradua\u00e7\u00e3o Stricto sensu com o objetivo de sistematizar as a\u00e7\u00f5es de autoavalia\u00e7\u00e3o. Em 14 de outubro de 2019, o Colegiado [&hellip;]<\/p>\n","protected":false},"author":12,"featured_media":0,"parent":0,"menu_order":0,"comment_status":"closed","ping_status":"closed","template":"","meta":{"_acf_changed":false,"_themeisle_gutenberg_block_has_review":false,"footnotes":""},"class_list":["post-2797","page","type-page","status-publish","hentry"],"acf":[],"_links":{"self":[{"href":"https:\/\/sites.uel.br\/proppg\/wp-json\/wp\/v2\/pages\/2797","targetHints":{"allow":["GET"]}}],"collection":[{"href":"https:\/\/sites.uel.br\/proppg\/wp-json\/wp\/v2\/pages"}],"about":[{"href":"https:\/\/sites.uel.br\/proppg\/wp-json\/wp\/v2\/types\/page"}],"author":[{"embeddable":true,"href":"https:\/\/sites.uel.br\/proppg\/wp-json\/wp\/v2\/users\/12"}],"replies":[{"embeddable":true,"href":"https:\/\/sites.uel.br\/proppg\/wp-json\/wp\/v2\/comments?post=2797"}],"version-history":[{"count":6,"href":"https:\/\/sites.uel.br\/proppg\/wp-json\/wp\/v2\/pages\/2797\/revisions"}],"predecessor-version":[{"id":4188,"href":"https:\/\/sites.uel.br\/proppg\/wp-json\/wp\/v2\/pages\/2797\/revisions\/4188"}],"wp:attachment":[{"href":"https:\/\/sites.uel.br\/proppg\/wp-json\/wp\/v2\/media?parent=2797"}],"curies":[{"name":"wp","href":"https:\/\/api.w.org\/{rel}","templated":true}]}}