{"id":248,"date":"2023-03-30T14:59:38","date_gmt":"2023-03-30T17:59:38","guid":{"rendered":"https:\/\/sites.uel.br\/proppg\/?page_id=248"},"modified":"2024-07-12T11:03:49","modified_gmt":"2024-07-12T14:03:49","slug":"canais-de-atendimento","status":"publish","type":"page","link":"https:\/\/sites.uel.br\/proppg\/canais-de-atendimento\/","title":{"rendered":"Canais de Atendimento"},"content":{"rendered":"\n<div style=\"height:31px\" aria-hidden=\"true\" class=\"wp-block-spacer\"><\/div>\n\n\n\n<h2 class=\"wp-block-heading\">Atendimento Presencial<\/h2>\n\n\n\n<div style=\"height:30px\" aria-hidden=\"true\" class=\"wp-block-spacer\"><\/div>\n\n\n\n<div class=\"wp-block-columns is-layout-flex wp-container-core-columns-is-layout-9d6595d7 wp-block-columns-is-layout-flex\">\n<div class=\"wp-block-column is-layout-flow wp-block-column-is-layout-flow\" style=\"flex-basis:350px\">\n<p><strong>Dias da semana: <\/strong><br>Segunda \u00e0 Sexta <\/p>\n\n\n\n<p><strong>Hor\u00e1rios:<\/strong><br><strong> <\/strong>08h00 \u00e0s 11h30<br>14h00 \u00e0s 17h00<\/p>\n\n\n\n<p><strong>Local:<\/strong><br>Pr\u00f3-Reitoria de Pesquisa e P\u00f3s-Gradua\u00e7\u00e3o (PROPPG)<\/p>\n\n\n\n<p><strong>E-mail:<\/strong> <br><a href=\"mailto:proppg@uel.br\">proppg@uel.br<\/a> \/ <a href=\"mailto:atendimentoproppg@uel.br\">atendimentoproppg@uel.br<\/a><\/p>\n\n\n\n<p><strong>Telefone: <\/strong><br>(43) 3371- 4780<\/p>\n\n\n\n<p>(43) 3371-4503<\/p>\n<\/div>\n\n\n\n<div class=\"wp-block-column is-layout-flow wp-block-column-is-layout-flow\">\n<iframe src=\"https:\/\/www.google.com\/maps\/embed?pb=!1m18!1m12!1m3!1d3663.6871153491907!2d-51.197373523937394!3d-23.327108378961448!2m3!1f0!2f0!3f0!3m2!1i1024!2i768!4f13.1!3m3!1m2!1s0x94eb5d751bcad48d%3A0xd8dd635c3e245b9!2sPROPPG%20-%20Pr%C3%B3-Reitoria%20de%20Pesquisa%20e%20P%C3%B3s%20Gradua%C3%A7%C3%A3o!5e0!3m2!1spt-BR!2sbr!4v1698252844682!5m2!1spt-BR!2sbr\" width=\"600\" height=\"450\" style=\"border:0;\" allowfullscreen=\"\" loading=\"lazy\" referrerpolicy=\"no-referrer-when-downgrade\"><\/iframe>\n<\/div>\n<\/div>\n\n\n\n<div style=\"height:30px\" aria-hidden=\"true\" class=\"wp-block-spacer\"><\/div>\n\n\n\n<h2 class=\"wp-block-heading\">Atendimento Especializado <\/h2>\n\n\n\n<div style=\"height:31px\" aria-hidden=\"true\" class=\"wp-block-spacer\"><\/div>\n\n\n\n<h4 class=\"wp-block-heading\" style=\"font-size:25px\">Diretoria de Pesquisa<\/h4>\n\n\n\n<p><a href=\"mailto:proppgdp@uel.br\">proppgdp@uel.br<\/a><br>(43) 3371-4107<\/p>\n\n\n\n<div style=\"height:31px\" aria-hidden=\"true\" class=\"wp-block-spacer\"><\/div>\n\n\n\n<div class=\"wp-block-columns is-layout-flex wp-container-core-columns-is-layout-9d6595d7 wp-block-columns-is-layout-flex\">\n<div class=\"wp-block-column is-layout-flow wp-block-column-is-layout-flow\">\n<p><strong>Divis\u00e3o de Projetos de Pesquisa, Inicia\u00e7\u00e3o Cient\u00edfica e Tecnol\u00f3gica<\/strong><\/p>\n\n\n\n<p><a href=\"mailto:iniciacao@uel.br\">iniciacao@uel.br<\/a> \/ <a href=\"mailto:pesquisa@uel.br\">pesquisa@uel.br<\/a><br>(43) 3371 &#8211; 4593<\/p>\n\n\n\n<p>(43) 3371-4105<\/p>\n<\/div>\n\n\n\n<div class=\"wp-block-column is-layout-flow wp-block-column-is-layout-flow\">\n<p><strong>Divis\u00e3o de Gest\u00e3o Financeira da Pesquisa Cientifica e Tecnol\u00f3gica<\/strong><\/p>\n\n\n\n<p><a href=\"mailto:ariji@uel.br\">ariji@uel.br<\/a> \/ <a href=\"mailto:financeiro@uel.br\">financeiro@uel.br<\/a> <br>(43) 3371 &#8211; 5944<\/p>\n<\/div>\n\n\n\n<div class=\"wp-block-column is-layout-flow wp-block-column-is-layout-flow\">\n<p><strong>Escrit\u00f3rio de Apoio \u00e0        Pesquisa\u2015EAPq<\/strong> <\/p>\n\n\n\n<p><a href=\"mailto:eapq@uel.br\">eapq@uel.br<\/a>\u00a0<br>(43) 3371 &#8211; 4464<\/p>\n\n\n\n<p><\/p>\n<\/div>\n<\/div>\n\n\n\n<hr class=\"wp-block-separator has-alpha-channel-opacity is-style-wide\"\/>\n\n\n\n<h4 class=\"wp-block-heading\" style=\"font-size:25px\">Diretoria de P\u00f3s-Gradua\u00e7\u00e3o<\/h4>\n\n\n\n<p><a href=\"mailto:proppgdpg@uel.br\">proppgdpg@uel.br<\/a><br>(43) 3371-4513<\/p>\n\n\n\n<div style=\"height:30px\" aria-hidden=\"true\" class=\"wp-block-spacer\"><\/div>\n\n\n\n<div class=\"wp-block-columns is-layout-flex wp-container-core-columns-is-layout-9d6595d7 wp-block-columns-is-layout-flex\">\n<div class=\"wp-block-column is-layout-flow wp-block-column-is-layout-flow\">\n<p><strong>Divis\u00e3o de Admiss\u00e3o e Mobilidade<\/strong><\/p>\n\n\n\n<p><a href=\"mailto:dam@uel.br\">dam@uel.br<\/a> <br>(43) 3371 &#8211; 4104<\/p>\n<\/div>\n\n\n\n<div class=\"wp-block-column is-layout-flow wp-block-column-is-layout-flow\">\n<p><strong>Divis\u00e3o de Registro Acad\u00eamico<\/strong><\/p>\n\n\n\n<p><a href=\"mailto:draproppg@uel.br\">draproppg@uel.br<\/a> <br>(43) 3371 &#8211; 4108<\/p>\n<\/div>\n\n\n\n<div class=\"wp-block-column is-layout-flow wp-block-column-is-layout-flow\">\n<p><strong>Divis\u00e3o de Colegiado de Cursos e Programas de P\u00f3s-Gradua\u00e7\u00e3o<\/strong><\/p>\n\n\n\n<p><a href=\"mailto:dccpgproppg@uel.br\">dccpgproppg@uel.br<\/a><br>(43) 3371 &#8211; 4264<\/p>\n<\/div>\n<\/div>\n\n\n\n<div class=\"wp-block-columns is-layout-flex wp-container-core-columns-is-layout-9d6595d7 wp-block-columns-is-layout-flex\">\n<div class=\"wp-block-column is-layout-flow wp-block-column-is-layout-flow\">\n<p><strong>Divis\u00e3o de Gest\u00e3o Financeira da P\u00f3s-Gradua\u00e7\u00e3o<\/strong> <\/p>\n\n\n\n<p><a href=\"mailto:marciocruz@uel.br\">marciocruz@uel.br<\/a> <br>(43) 3371-5122<\/p>\n<\/div>\n\n\n\n<div class=\"wp-block-column is-layout-flow wp-block-column-is-layout-flow\"><\/div>\n\n\n\n<div class=\"wp-block-column is-layout-flow wp-block-column-is-layout-flow\"><\/div>\n<\/div>\n\n\n\n<hr class=\"wp-block-separator has-alpha-channel-opacity is-style-wide\"\/>\n\n\n\n<p>N\u00e3o encontrou o que procurava? Acesse a p\u00e1gina da PROPPG na <a href=\"https:\/\/sites.uel.br\/proplan\/lista-telefonica-da-uel\/\" target=\"_blank\" rel=\"noreferrer noopener\">Lista Telef\u00f4nica da UEL<\/a>.<\/p>\n","protected":false},"excerpt":{"rendered":"<p>Atendimento Presencial Dias da semana: Segunda \u00e0 Sexta Hor\u00e1rios: 08h00 \u00e0s 11h3014h00 \u00e0s 17h00 Local:Pr\u00f3-Reitoria de Pesquisa e P\u00f3s-Gradua\u00e7\u00e3o (PROPPG) E-mail: proppg@uel.br \/ atendimentoproppg@uel.br Telefone: (43) 3371- 4780 (43) 3371-4503 Atendimento Especializado Diretoria de Pesquisa proppgdp@uel.br(43) 3371-4107 Divis\u00e3o de Projetos de Pesquisa, Inicia\u00e7\u00e3o Cient\u00edfica e Tecnol\u00f3gica iniciacao@uel.br \/ pesquisa@uel.br(43) 3371 &#8211; 4593 (43) 3371-4105 Divis\u00e3o [&hellip;]<\/p>\n","protected":false},"author":2,"featured_media":0,"parent":0,"menu_order":0,"comment_status":"closed","ping_status":"closed","template":"","meta":{"_acf_changed":false,"_themeisle_gutenberg_block_has_review":false,"footnotes":""},"class_list":["post-248","page","type-page","status-publish","hentry"],"acf":[],"_links":{"self":[{"href":"https:\/\/sites.uel.br\/proppg\/wp-json\/wp\/v2\/pages\/248","targetHints":{"allow":["GET"]}}],"collection":[{"href":"https:\/\/sites.uel.br\/proppg\/wp-json\/wp\/v2\/pages"}],"about":[{"href":"https:\/\/sites.uel.br\/proppg\/wp-json\/wp\/v2\/types\/page"}],"author":[{"embeddable":true,"href":"https:\/\/sites.uel.br\/proppg\/wp-json\/wp\/v2\/users\/2"}],"replies":[{"embeddable":true,"href":"https:\/\/sites.uel.br\/proppg\/wp-json\/wp\/v2\/comments?post=248"}],"version-history":[{"count":63,"href":"https:\/\/sites.uel.br\/proppg\/wp-json\/wp\/v2\/pages\/248\/revisions"}],"predecessor-version":[{"id":3390,"href":"https:\/\/sites.uel.br\/proppg\/wp-json\/wp\/v2\/pages\/248\/revisions\/3390"}],"wp:attachment":[{"href":"https:\/\/sites.uel.br\/proppg\/wp-json\/wp\/v2\/media?parent=248"}],"curies":[{"name":"wp","href":"https:\/\/api.w.org\/{rel}","templated":true}]}}