{"id":134,"date":"2022-12-16T09:26:27","date_gmt":"2022-12-16T12:26:27","guid":{"rendered":"https:\/\/sites.uel.br\/proppg\/?page_id=134"},"modified":"2025-04-16T12:28:00","modified_gmt":"2025-04-16T15:28:00","slug":"projetos","status":"publish","type":"page","link":"https:\/\/sites.uel.br\/proppg\/projetos\/","title":{"rendered":"Projetos"},"content":{"rendered":"\n<div style=\"height:33px\" aria-hidden=\"true\" class=\"wp-block-spacer\"><\/div>\n\n\n\n<p>Os projetos de pesquisa cient\u00edfica ou tecnol\u00f3gica da UEL s\u00e3o, atualmente, regidos pela <a href=\"https:\/\/sites.uel.br\/proppg\/wp-content\/uploads\/2023\/10\/Resolucao-CEPE-89-2021-Projetos-de-pesquisa1.pdf\" data-type=\"link\" data-id=\"https:\/\/sites.uel.br\/proppg\/wp-content\/uploads\/2023\/10\/Resolucao-CEPE-89-2021-Projetos-de-pesquisa1.pdf\" target=\"_blank\" rel=\"noreferrer noopener\">Resolu\u00e7\u00e3o CEPE 089\/2021<\/a>&nbsp;.<\/p>\n\n\n\n<p>Para ser um proponente de projeto de pesquisa, \u00e9 necess\u00e1rio se enquadrar em um&nbsp; das caracter\u00edsticas abaixo:<\/p>\n\n\n\n<ol style=\"list-style-type:lower-alpha\" class=\"wp-block-list\">\n<li>docente efetivo;<\/li>\n\n\n\n<li>docente tempor\u00e1rio ou professor S\u00eanior ou em disposi\u00e7\u00e3o funcional, desde que haja coincid\u00eancia entre a vig\u00eancia do projeto e o prazo do documento de v\u00ednculo com a UEL;<\/li>\n\n\n\n<li>professor orientador de estudante regularmente matriculado em Programa de P\u00f3s-Gradua\u00e7\u00e3o <em>Stricto sensu<\/em> da UEL, mesmo que sem v\u00ednculo funcional com a institui\u00e7\u00e3o;<\/li>\n<\/ol>\n\n\n\n<p>Os projetos de pesquisa s\u00e3o classificados nas modalidades:<\/p>\n\n\n\n<ol style=\"list-style-type:lower-alpha\" class=\"wp-block-list\">\n<li>Projeto de P\u00f3s-gradua\u00e7\u00e3o <em>stricto sensu<\/em>: pesquisa de disserta\u00e7\u00e3o ou tese desenvolvida por estudantes da UEL;<\/li>\n\n\n\n<li>Projeto de P\u00f3s-doutorado: pesquisa de p\u00f3s-doutorado realizada na UEL;<\/li>\n\n\n\n<li>Projeto Tecnol\u00f3gico: pesquisa de desenvolvimento tecnol\u00f3gico e inova\u00e7\u00e3o caracterizado pela gera\u00e7\u00e3o de novos produtos, processos ou patentes;<\/li>\n\n\n\n<li>Projeto Integrado: projeto integrado com \u00eanfase em pesquisa;<\/li>\n\n\n\n<li>Projeto com fomento: projeto submetido por docente da UEL e aprovado por \u00f3rg\u00e3os de fomento externo ou com apoio financeiro formalizado da iniciativa privada;<\/li>\n\n\n\n<li>Projeto Regular: projeto que n\u00e3o se enquadra nas op\u00e7\u00f5es anteriores.<\/li>\n<\/ol>\n\n\n\n<p><a id=\"_msocom_1\"><\/a><\/p>\n\n\n\n<div style=\"height:33px\" aria-hidden=\"true\" class=\"wp-block-spacer\"><\/div>\n\n\n\n<div id=\"wp-block-themeisle-blocks-accordion-1a7d9b92\" class=\"wp-block-themeisle-blocks-accordion exclusive\">\n<details class=\"wp-block-themeisle-blocks-accordion-item\"><summary class=\"wp-block-themeisle-blocks-accordion-item__title\"><div><strong>Roteiro para elabora\u00e7\u00e3o de projetos<\/strong><\/div><\/summary><div class=\"wp-block-themeisle-blocks-accordion-item__content\">\n<ul class=\"wp-block-list\">\n<li><a href=\"https:\/\/sites.uel.br\/proppg\/wp-content\/uploads\/2024\/04\/ROTEIRO-PROJETO-PESQUISA-1.doc\" target=\"_blank\" rel=\"noreferrer noopener\">de Pesquisa<\/a><\/li>\n\n\n\n<li><a href=\"https:\/\/sites.uel.br\/proppg\/wp-content\/uploads\/2023\/06\/ROTEIRO-DE-PROJETOS-AREA-DA-SAUDE.doc\" target=\"_blank\" rel=\"noreferrer noopener\">de Pesquisa &#8211; \u00c1rea da Sa\u00fade<\/a><\/li>\n\n\n\n<li><a href=\"https:\/\/sites.uel.br\/proppg\/wp-content\/uploads\/2023\/10\/Aprovacao-de-Projeto-Stricto-Sensu.docx\" target=\"_blank\" rel=\"noreferrer noopener\">Aprova\u00e7\u00e3o de Projeto Stricto Sensu<\/a><\/li>\n<\/ul>\n<\/div><\/details>\n\n\n\n<details class=\"wp-block-themeisle-blocks-accordion-item\"><summary class=\"wp-block-themeisle-blocks-accordion-item__title\"><div><strong>Relat\u00f3rio<\/strong><br><br>A elabora\u00e7\u00e3o, entrega e avalia\u00e7\u00e3o de relat\u00f3rios de projetos de pesquisa devem ser realizadas de acordo com a\u00a0<a href=\"https:\/\/sites.uel.br\/proppg\/wp-content\/uploads\/2023\/12\/IS_004-2023-Relacao-cadastrado-de-projeto-e-modelo-de-relatorio.pdf\" data-type=\"link\" data-id=\"https:\/\/sites.uel.br\/proppg\/wp-content\/uploads\/2023\/12\/IS_004-2023-Relacao-cadastrado-de-projeto-e-modelo-de-relatorio.pdf\" target=\"_blank\" rel=\"noreferrer noopener\">Instru\u00e7\u00e3o de Servi\u00e7o ProPPG\u00a0n\u00ba\u00a0004\/2023<\/a>.<\/div><\/summary><div class=\"wp-block-themeisle-blocks-accordion-item__content\">\n<div id=\"wp-block-themeisle-blocks-accordion-568ac92b\" class=\"wp-block-themeisle-blocks-accordion exclusive  is-style-default\">\n<details class=\"wp-block-themeisle-blocks-accordion-item\"><summary class=\"wp-block-themeisle-blocks-accordion-item__title\"><div><strong>Tabela de Avalia\u00e7\u00e3o<\/strong><\/div><\/summary><div class=\"wp-block-themeisle-blocks-accordion-item__content\">\n<div class=\"wp-block-uel-card\">\n<p><strong>Quadro para avalia\u00e7\u00e3o de encerramento de Projetos de Pesquisa<\/strong> <strong>cadastrados  <\/strong><\/p>\n\n\n\n<p class=\"has-verde-escuro-color has-text-color has-link-color wp-elements-f1289044efda593699fdf2fd3071f3d8\" style=\"text-decoration:underline\"><em><strong>a partir de 17\/12\/2021<\/strong><\/em><strong><em> <\/em><\/strong><\/p>\n\n\n\n<p> (<mark style=\"background-color:rgba(0, 0, 0, 0)\" class=\"has-inline-color has-verde-escuro-color\"><a href=\"https:\/\/sites.uel.br\/proppg\/wp-content\/uploads\/2023\/06\/Resolucao-89-2021-Projetos-de-Pesquisa.pdf\" data-type=\"link\" data-id=\"https:\/\/sites.uel.br\/proppg\/wp-content\/uploads\/2023\/06\/Resolucao-89-2021-Projetos-de-Pesquisa.pdf\" target=\"_blank\" rel=\"noreferrer noopener\">Resolu\u00e7\u00e3o CEPE n\u00ba 089\/2021<\/a><\/mark>)<\/p>\n\n\n\n<div style=\"height:31px\" aria-hidden=\"true\" class=\"wp-block-spacer\"><\/div>\n\n\n\n<p><a href=\"https:\/\/sites.uel.br\/proppg\/wp-content\/uploads\/Pesquisa\/Quadros_avaliacao\/2024\/GA1-Ciencias-Exatas-e-da-Terra-2024.doc\">Ci\u00eancias Exatas e da Terra<\/a><\/p>\n\n\n\n<p><a href=\"https:\/\/sites.uel.br\/proppg\/wp-content\/uploads\/Pesquisa\/Quadros_avaliacao\/2024\/GA2-Ciencias-Biologicas-2024.doc\">Ci\u00eancias Biol\u00f3gicas<\/a><\/p>\n\n\n\n<p><a href=\"https:\/\/sites.uel.br\/proppg\/wp-content\/uploads\/Pesquisa\/Quadros_avaliacao\/2024\/GA3-Engenharias-2024.doc\">Engenharias<\/a><\/p>\n\n\n\n<p><a href=\"https:\/\/sites.uel.br\/proppg\/wp-content\/uploads\/Pesquisa\/Quadros_avaliacao\/2024\/GA4-Ciencias-da-Saude-2024.doc\">Ci\u00eancias da Sa\u00fade<\/a><\/p>\n\n\n\n<p><a href=\"https:\/\/sites.uel.br\/proppg\/wp-content\/uploads\/Pesquisa\/Quadros_avaliacao\/2024\/GA5-Ciencias-Agrarias-2024.doc\">Ci\u00eancias Agr\u00e1rias<\/a><\/p>\n\n\n\n<p><a href=\"https:\/\/sites.uel.br\/proppg\/wp-content\/uploads\/Pesquisa\/Quadros_avaliacao\/2024\/GA6-Ciencias-Sociais-Aplicadas-2024.doc\">Ci\u00eancias Sociais Aplicadas<\/a><\/p>\n\n\n\n<p><a href=\"https:\/\/sites.uel.br\/proppg\/wp-content\/uploads\/Pesquisa\/Quadros_avaliacao\/2024\/GA7-Ciencias-Humanas-2024.doc\">Ci\u00eancias Humanas<\/a><\/p>\n\n\n\n<p><a href=\"https:\/\/sites.uel.br\/proppg\/wp-content\/uploads\/Pesquisa\/Quadros_avaliacao\/2024\/GA8-Linguistica-Letras-e-Artes-2024.docx\" target=\"_blank\" rel=\"noreferrer noopener\">Lingu\u00edstica, Letras e Artes<\/a><\/p>\n<\/div>\n\n\n\n<div class=\"wp-block-uel-card\">\n<p><strong>Tabelas de avalia\u00e7\u00e3o de relat\u00f3rio final de Projetos de Pesquisa<\/strong> <strong>cadastrados <\/strong><\/p>\n\n\n\n<p class=\"has-verde-escuro-color has-text-color has-link-color wp-elements-d600875ea0c50f9f0f8d19851bbd00db\" style=\"font-style:italic;font-weight:700;text-decoration:underline\"><strong>at\u00e9 16\/12\/2021<\/strong><\/p>\n\n\n\n<p>(<a href=\"https:\/\/sites.uel.br\/proppg\/wp-content\/uploads\/2023\/06\/Resolucao-030-2018-Projetos-de-Pesquisa3.pdf\" target=\"_blank\" rel=\"noreferrer noopener\">Resolu\u00e7\u00e3o CEPE n\u00ba 030\/2018<\/a>)<\/p>\n\n\n\n<div style=\"height:31px\" aria-hidden=\"true\" class=\"wp-block-spacer\"><\/div>\n\n\n\n<p><a href=\"https:\/\/sites.uel.br\/proppg\/wp-content\/uploads\/Pesquisa\/Quadros_avaliacao\/2024\/1_Tabela_Ciencias_Exatas_e_da_Terra_2024.docx\" target=\"_blank\" rel=\"noreferrer noopener\">Ci\u00eancias Exatas e da Terra<\/a><\/p>\n\n\n\n<p><a href=\"https:\/\/sites.uel.br\/proppg\/wp-content\/uploads\/Pesquisa\/Quadros_avaliacao\/2024\/2_Tabela_Ciencias_Biologicas_2024.docx\" target=\"_blank\" rel=\"noreferrer noopener\">Ci\u00eancias Biol\u00f3gicas<\/a><\/p>\n\n\n\n<p><a href=\"https:\/\/sites.uel.br\/proppg\/wp-content\/uploads\/Pesquisa\/Quadros_avaliacao\/2024\/3_Tabela_Engenharias_2024.docx\" target=\"_blank\" rel=\"noreferrer noopener\">Engenharias<\/a><\/p>\n\n\n\n<p><a href=\"https:\/\/sites.uel.br\/proppg\/wp-content\/uploads\/Pesquisa\/Quadros_avaliacao\/2024\/4_Tabela_Ciencias_da_Saude_2024.docx\" target=\"_blank\" rel=\"noreferrer noopener\">Ci\u00eancias da Sa\u00fade<\/a><\/p>\n\n\n\n<p><a href=\"https:\/\/sites.uel.br\/proppg\/wp-content\/uploads\/Pesquisa\/Quadros_avaliacao\/2024\/5_Tabela_Ciencias_Agrarias_2024.docx\" target=\"_blank\" rel=\"noreferrer noopener\">Ci\u00eancias Agr\u00e1rias<\/a><\/p>\n\n\n\n<p><a href=\"https:\/\/sites.uel.br\/proppg\/wp-content\/uploads\/Pesquisa\/Quadros_avaliacao\/2024\/6_Tabela_Ciencias_Sociais_e_Aplicadas_2024.docx\" target=\"_blank\" rel=\"noreferrer noopener\">Ci\u00eancias Sociais Aplicadas<\/a><\/p>\n\n\n\n<p><a href=\"https:\/\/sites.uel.br\/proppg\/wp-content\/uploads\/Pesquisa\/Quadros_avaliacao\/2024\/7_Tabela_Ciencias_Humanas_2024.docx\" target=\"_blank\" rel=\"noreferrer noopener\">Ci\u00eancias Humanas<\/a><\/p>\n\n\n\n<p><a href=\"https:\/\/sites.uel.br\/proppg\/wp-content\/uploads\/Pesquisa\/Quadros_avaliacao\/2024\/8_Tabela_Linguistica_Letras_-Artes_2024.docx\" target=\"_blank\" rel=\"noreferrer noopener\">Lingu\u00edstica, Letras e Artes<\/a><\/p>\n<\/div>\n<\/div><\/details>\n\n\n\n<details class=\"wp-block-themeisle-blocks-accordion-item\"><summary class=\"wp-block-themeisle-blocks-accordion-item__title\"><div><strong>Relat\u00f3rio de Pesquisa<\/strong><\/div><\/summary><div class=\"wp-block-themeisle-blocks-accordion-item__content\">\n<p>Relat\u00f3rios da Pesquisa ser\u00e3o aceitos somente para projetos cadastrados a partir de 18 de dezembro de 2021, os quais dever\u00e3o ser elaborados de acordo com a <a href=\"https:\/\/sites.uel.br\/proppg\/wp-content\/uploads\/2023\/12\/Resolucao-89-2021-Projetos-de-Pesquisa.pdf\" data-type=\"link\" data-id=\"https:\/\/sites.uel.br\/proppg\/wp-content\/uploads\/2023\/12\/Resolucao-89-2021-Projetos-de-Pesquisa.pdf\">Resolu\u00e7\u00e3o CEPE n\u00ba 089\/2021<\/a> Art. 25 par\u00e1grafo \u00a73\u00b0.<\/p>\n\n\n\n<p><a href=\"https:\/\/sites.uel.br\/proppg\/wp-content\/uploads\/2025\/04\/ROTEIRO-RELATORIO-PESQUISA.doc\">Roteiro para Relat\u00f3rio de Pesquisa<\/a><\/p>\n\n\n\n<p><\/p>\n<\/div><\/details>\n<\/div>\n<\/div><\/details>\n\n\n\n<details class=\"wp-block-themeisle-blocks-accordion-item\"><summary class=\"wp-block-themeisle-blocks-accordion-item__title\"><div><strong>Formul\u00e1rios <\/strong><br><\/div><\/summary><div class=\"wp-block-themeisle-blocks-accordion-item__content\">\n<p>A ATI est\u00e1 desenvolvendo novas funcionalidades do Sistema de Projetos para atender as necessidades de altera\u00e7\u00f5es em projetos cadastrados e aprovados em todas as inst\u00e2ncias.<\/p>\n\n\n\n<p>At\u00e9 essas funcionalidades estarem dispon\u00edveis para a comunidade acad\u00eamica, os formul\u00e1rios abaixo devem ser protocolados (<strong>e-Protocolo<\/strong>) e enviados para avalia\u00e7\u00e3o nas inst\u00e2ncias informadas no formul\u00e1rio, da inst\u00e2ncia mais espec\u00edfica para a mais geral. A \u00faltima inst\u00e2ncia de avalia\u00e7\u00e3o dever\u00e1 enviar o formul\u00e1rio para a ProPPG\/Divis\u00e3o de Projetos de Pesquisa, Inicia\u00e7\u00e3o Cient\u00edfica e Tecnol\u00f3gica, para verifica\u00e7\u00e3o e registro.<\/p>\n\n\n\n<ul class=\"wp-block-list\">\n<li><a href=\"https:\/\/sites.uel.br\/proppg\/wp-content\/uploads\/2023\/11\/Solicitacao-de-Inclusao-de-Docente-em-Projeto.docx\" data-type=\"link\" data-id=\"https:\/\/sites.uel.br\/proppg\/wp-content\/uploads\/2023\/11\/Solicitacao-de-Inclusao-de-Docente-em-Projeto.docx\" target=\"_blank\" rel=\"noreferrer noopener\">Inclus\u00e3o de Colaborador docente em projeto<\/a><\/li>\n\n\n\n<li><a href=\"https:\/\/sites.uel.br\/proppg\/wp-content\/uploads\/2023\/11\/Solicitacao-de-Alocacao-ou-Aumento-de-Carga-Horaria-em-Projeto.docx\">Aumento de carga hor\u00e1ria<\/a> (apenas para docentes que j\u00e1 est\u00e3o vinculados ao projeto com registro de carga-hor\u00e1ria)<\/li>\n\n\n\n<li><a href=\"https:\/\/sites.uel.br\/proppg\/wp-content\/uploads\/2023\/11\/Solicitacao-de-Inclusao-de-Docente-em-Projet1.docx\" target=\"_blank\" rel=\"noreferrer noopener\">Inclus\u00e3o de T\u00e9cnico Universit\u00e1rio<\/a><\/li>\n<\/ul>\n\n\n\n<p>As solicita\u00e7\u00f5es abaixo devem ser enviadas por <em><strong>e-mail<\/strong><\/em> pelo&nbsp;<strong>Coordenador do Projeto de Pesquisa<\/strong>&nbsp;ao endere\u00e7o&nbsp;<a href=\"mailto:pesquisa@uel.br\"><u>pesquisa@uel.br<\/u><\/a><\/p>\n\n\n\n<ul class=\"wp-block-list\">\n<li>Inclus\u00e3o de&nbsp;docente na fun\u00e7\u00e3o Consultor (informe:&nbsp;n\u00famero do projeto, chapa e nome do professor)<\/li>\n\n\n\n<li>Inclus\u00e3o de&nbsp;professor&nbsp;Senior (informe:&nbsp;n\u00famero do projeto, chapa e nome do professor e fun\u00e7\u00e3o, colaborador ou consultor)<\/li>\n\n\n\n<li><a href=\"https:\/\/sites.uel.br\/proppg\/wp-content\/uploads\/2023\/11\/Inclusao-de-Estagiarios.docx\" target=\"_blank\" rel=\"noreferrer noopener\">Inclus\u00e3o de Colaborador Estagi\u00e1rio P\u00f3s-doutoral<\/a><\/li>\n\n\n\n<li><a href=\"https:\/\/sites.uel.br\/proppg\/wp-content\/uploads\/2023\/11\/Inclusao-de-Colaborador-Externo-em-Projeto-de-Pesquisa.docx\" target=\"_blank\" rel=\"noreferrer noopener\">Inclus\u00e3o de Colaborador Externo<\/a><\/li>\n\n\n\n<li><a href=\"https:\/\/sites.uel.br\/proppg\/wp-content\/uploads\/2023\/11\/Relatorio-de-Colaborador-Externo-e-de-Estagiario.docx\" target=\"_blank\" rel=\"noreferrer noopener\">Relat\u00f3rio de Colaborador Externo ou Estagi\u00e1rio P\u00f3s-doutoral<\/a><\/li>\n\n\n\n<li>Redu\u00e7\u00e3o da carga hor\u00e1ria (informe: quantidade de horas semanais a serem reduzidas, n\u00famero do projeto, chapa e nome do professor)<\/li>\n<\/ul>\n\n\n\n<div style=\"height:29px\" aria-hidden=\"true\" class=\"wp-block-spacer\"><\/div>\n\n\n\n<p><strong>Inclus\u00e3o de colaboradores discentes<\/strong>, gradua\u00e7\u00e3o e p\u00f3s-gradua\u00e7\u00e3o, s\u00e3o realizadas pelo&nbsp;<a href=\"https:\/\/sistemas.uel.br\/portaldodocente\/index\" target=\"_blank\" rel=\"noreferrer noopener\">Portal do Docente<\/a>.<\/p>\n\n\n\n<p><strong>Relat\u00f3rio da participa\u00e7\u00e3o de discentes<\/strong>&nbsp;de gradua\u00e7\u00e3o e p\u00f3s-gradua\u00e7\u00e3o \u00e9 iniciado pelo estudante no&nbsp;<a href=\"https:\/\/www.uel.br\/portaldoestudante\/\" target=\"_blank\" rel=\"noreferrer noopener\">Portal do Estudante<\/a> e conclu\u00edda pelo professor no <a href=\"https:\/\/sistemas.uel.br\/portaldodocente\/index\" target=\"_blank\" rel=\"noreferrer noopener\">Portal do Docente<\/a>.<\/p>\n\n\n\n<div style=\"height:31px\" aria-hidden=\"true\" class=\"wp-block-spacer\"><\/div>\n<\/div><\/details>\n<\/div>\n\n\n\n<div style=\"height:33px\" aria-hidden=\"true\" class=\"wp-block-spacer\"><\/div>\n\n\n\n<h3 class=\"wp-block-heading\">Links \u00dateis:<\/h3>\n\n\n\n<div style=\"height:30px\" aria-hidden=\"true\" class=\"wp-block-spacer\"><\/div>\n\n\n\n<p><a rel=\"noreferrer noopener\" href=\"https:\/\/www.sistemasweb.uel.br\/index.php?contents=system\/prj\/gp\/index.php\" target=\"_blank\">Sistema de Gest\u00e3o de Projetos em Ensino, Pesquisa e Extens\u00e3o<\/a><\/p>\n\n\n\n<p><a href=\"https:\/\/www.sistemasweb.uel.br\/index.php?contents=system\/prj\/pes\/index.php\" target=\"_blank\" rel=\"noreferrer noopener\">Consulta de Projetos de Pesquisa <\/a><\/p>\n\n\n\n<p><a rel=\"noreferrer noopener\" href=\"https:\/\/www.sistemasweb.uel.br\/?contents=system\/prj\/cert_pesq\/index.php\" data-type=\"URL\" data-id=\"https:\/\/www.sistemasweb.uel.br\/?contents=system\/prj\/cert_pesq\/index.php\" target=\"_blank\">Certificados e Declara\u00e7\u00f5es de Participa\u00e7\u00e3o em Projetos<\/a> <\/p>\n\n\n\n<p><a href=\"https:\/\/www.sistemasweb.uel.br\/index.php?contents=system\/prj\/lin\/index.php\" target=\"_blank\" rel=\"noreferrer noopener\">Linhas de Pesquisa<\/a><\/p>\n","protected":false},"excerpt":{"rendered":"<p>Os projetos de pesquisa cient\u00edfica ou tecnol\u00f3gica da UEL s\u00e3o, atualmente, regidos pela Resolu\u00e7\u00e3o CEPE 089\/2021&nbsp;. Para ser um proponente de projeto de pesquisa, \u00e9 necess\u00e1rio se enquadrar em um&nbsp; das caracter\u00edsticas abaixo: Os projetos de pesquisa s\u00e3o classificados nas modalidades: Links \u00dateis: Sistema de Gest\u00e3o de Projetos em Ensino, Pesquisa e Extens\u00e3o Consulta de [&hellip;]<\/p>\n","protected":false},"author":2,"featured_media":0,"parent":0,"menu_order":0,"comment_status":"closed","ping_status":"closed","template":"","meta":{"_acf_changed":false,"_themeisle_gutenberg_block_has_review":false,"footnotes":""},"class_list":["post-134","page","type-page","status-publish","hentry"],"acf":[],"_links":{"self":[{"href":"https:\/\/sites.uel.br\/proppg\/wp-json\/wp\/v2\/pages\/134","targetHints":{"allow":["GET"]}}],"collection":[{"href":"https:\/\/sites.uel.br\/proppg\/wp-json\/wp\/v2\/pages"}],"about":[{"href":"https:\/\/sites.uel.br\/proppg\/wp-json\/wp\/v2\/types\/page"}],"author":[{"embeddable":true,"href":"https:\/\/sites.uel.br\/proppg\/wp-json\/wp\/v2\/users\/2"}],"replies":[{"embeddable":true,"href":"https:\/\/sites.uel.br\/proppg\/wp-json\/wp\/v2\/comments?post=134"}],"version-history":[{"count":66,"href":"https:\/\/sites.uel.br\/proppg\/wp-json\/wp\/v2\/pages\/134\/revisions"}],"predecessor-version":[{"id":4548,"href":"https:\/\/sites.uel.br\/proppg\/wp-json\/wp\/v2\/pages\/134\/revisions\/4548"}],"wp:attachment":[{"href":"https:\/\/sites.uel.br\/proppg\/wp-json\/wp\/v2\/media?parent=134"}],"curies":[{"name":"wp","href":"https:\/\/api.w.org\/{rel}","templated":true}]}}