{"id":35839,"date":"2025-11-18T14:02:57","date_gmt":"2025-11-18T17:02:57","guid":{"rendered":"https:\/\/sites.uel.br\/prograd\/?page_id=35839"},"modified":"2025-11-18T14:10:57","modified_gmt":"2025-11-18T17:10:57","slug":"calendario-2024","status":"publish","type":"page","link":"https:\/\/sites.uel.br\/prograd\/estudante\/calendario\/calendario-2024\/","title":{"rendered":"Calend\u00e1rio (2024)"},"content":{"rendered":"\n<hr class=\"wp-block-separator has-alpha-channel-opacity is-style-wide\"\/>\n\n\n\n<p class=\"has-text-align-center\"><strong>Calend\u00e1rio das Atividades de Ensino dos Cursos de Gradua\u00e7\u00e3o para o Ano Letivo de 2024<\/strong><\/p>\n\n\n<div class=\"wp-block-image\">\n<figure class=\"aligncenter size-full\"><a href=\"https:\/\/sites.uel.br\/prograd\/wp-content\/uploads\/calendario\/2024_2025\/calendario_2024_2025.pdf\" target=\"_blank\" rel=\"noreferrer noopener\"><img loading=\"lazy\" decoding=\"async\" width=\"569\" height=\"569\" src=\"https:\/\/sites.uel.br\/prograd\/wp-content\/uploads\/2024\/01\/icone_calendario_graduacao_2024_site.jpg\" alt=\"\" class=\"wp-image-16799\" srcset=\"https:\/\/sites.uel.br\/prograd\/wp-content\/uploads\/2024\/01\/icone_calendario_graduacao_2024_site.jpg 569w, https:\/\/sites.uel.br\/prograd\/wp-content\/uploads\/2024\/01\/icone_calendario_graduacao_2024_site-300x300.jpg 300w, https:\/\/sites.uel.br\/prograd\/wp-content\/uploads\/2024\/01\/icone_calendario_graduacao_2024_site-150x150.jpg 150w\" sizes=\"auto, (max-width: 569px) 100vw, 569px\" \/><\/a><\/figure>\n<\/div>\n\n\n<p class=\"has-text-align-center\">De acordo com a <a href=\"https:\/\/sites.uel.br\/prograd\/wp-content\/uploads\/documentos\/resolucoes\/2023\/resolucao_91_23.pdf\" target=\"_blank\" rel=\"noreferrer noopener\"><strong>Resolu\u00e7\u00e3o CEPE n\u00ba 91\/2023<\/strong><\/a><\/p>\n\n\n\n<div style=\"height:20px\" aria-hidden=\"true\" class=\"wp-block-spacer\"><\/div>\n\n\n\n<p class=\"has-text-align-left\"><strong>Ver tamb\u00e9m: <\/strong><\/p>\n\n\n\n<div style=\"height:20px\" aria-hidden=\"true\" class=\"wp-block-spacer\"><\/div>\n\n\n\n<p class=\"has-text-align-left\"><strong><a href=\"https:\/\/sites.uel.br\/prograd\/wp-content\/uploads\/documentos\/resolucoes\/2025\/resolucao_07_25.pdf\" target=\"_blank\" rel=\"noreferrer noopener\">Resolu\u00e7\u00e3o CEPE n\u00ba 07\/2025<\/a><\/strong><br>Estabelece adequa\u00e7\u00e3o da Resolu\u00e7\u00e3o CEPE n\u00ba 91\/2023, que disp\u00f5e sobre o Calend\u00e1rio das Atividades de Ensino dos Cursos de Gradua\u00e7\u00e3o para o ano letivo de 2024<\/p>\n\n\n\n<p><strong><a href=\"https:\/\/sites.uel.br\/prograd\/wp-content\/uploads\/documentos\/resolucoes\/2024\/resolucao_76_24.pdf\" target=\"_blank\" rel=\"noreferrer noopener\">Resolu\u00e7\u00e3o CEPE n\u00ba 76\/2024<\/a><\/strong><br>Estabelece adequa\u00e7\u00e3o da Resolu\u00e7\u00e3o CEPE n\u00ba 091\/2023, que disp\u00f5e sobre o Calend\u00e1rio das Atividades de Ensino dos Cursos de Gradua\u00e7\u00e3o para o ano letivo de 2024<\/p>\n\n\n\n<p><strong><a href=\"https:\/\/sites.uel.br\/prograd\/wp-content\/uploads\/documentos\/resolucoes\/2024\/resolucao_69_24.pdf\" target=\"_blank\" rel=\"noreferrer noopener\">Resolu\u00e7\u00e3o CEPE n\u00ba 69\/2024<\/a><\/strong><br>Estabelece adequa\u00e7\u00e3o da Resolu\u00e7\u00e3o n\u00ba 091\/2023, que disp\u00f5e sobre o Calend\u00e1rio das Atividades de Ensino dos Cursos de Gradua\u00e7\u00e3o para o ano letivo de 2024<\/p>\n\n\n\n<p><strong><a href=\"https:\/\/sites.uel.br\/prograd\/wp-content\/uploads\/documentos\/resolucoes\/2024\/resolucao_56_24.pdf\" target=\"_blank\" rel=\"noreferrer noopener\">Resolu\u00e7\u00e3o CEPE n\u00ba 56\/2024<\/a><\/strong><br>Estabelece adequa\u00e7\u00e3o da Resolu\u00e7\u00e3o CEPE n\u00ba 091\/2023, que disp\u00f5e sobre o Calend\u00e1rio das Atividades de Ensino dos Cursos de Gradua\u00e7\u00e3o para o ano letivo de 2024<\/p>\n\n\n\n<p><strong><a href=\"https:\/\/sites.uel.br\/prograd\/wp-content\/uploads\/documentos\/resolucoes\/2024\/resolucao_39_24.pdf\" target=\"_blank\" rel=\"noreferrer noopener\">Resolu\u00e7\u00e3o CEPE n\u00ba 39\/2024<\/a><\/strong><br>Estabelece adequa\u00e7\u00e3o da Resolu\u00e7\u00e3o CEPE n\u00ba 091\/2023, que disp\u00f5e sobre o Calend\u00e1rio das Atividades de Ensino dos Cursos de Gradua\u00e7\u00e3o para o ano letivo de 2024<\/p>\n\n\n\n<p class=\"has-text-align-left\"><a href=\"https:\/\/sites.uel.br\/prograd\/wp-content\/uploads\/documentos\/resolucoes\/2024\/resolucao_19_24.pdf\" target=\"_blank\" rel=\"noreferrer noopener\"><strong>Resolu\u00e7\u00e3o CEPE n\u00ba 19\/2024<\/strong><\/a><br>Estabelece adequa\u00e7\u00e3o da Resolu\u00e7\u00e3o CEPE n\u00ba 091\/2023, que disp\u00f5e sobre o a Calend\u00e1rio das Atividades de Ensino dos Cursos de Gradua\u00e7\u00e3o para o ano letivo de 2024<\/p>\n\n\n\n<hr class=\"wp-block-separator has-text-color has-cinza-claro-color has-alpha-channel-opacity has-cinza-claro-background-color has-background is-style-wide\"\/>\n\n\n\n<p class=\"has-text-align-left\"><\/p>\n","protected":false},"excerpt":{"rendered":"<p>Calend\u00e1rio das Atividades de Ensino dos Cursos de Gradua\u00e7\u00e3o para o Ano Letivo de 2024 De acordo com a Resolu\u00e7\u00e3o CEPE n\u00ba 91\/2023 Ver tamb\u00e9m: Resolu\u00e7\u00e3o CEPE n\u00ba 07\/2025Estabelece adequa\u00e7\u00e3o da Resolu\u00e7\u00e3o CEPE n\u00ba 91\/2023, que disp\u00f5e sobre o Calend\u00e1rio das Atividades de Ensino dos Cursos de Gradua\u00e7\u00e3o para o ano letivo de 2024 Resolu\u00e7\u00e3o [&hellip;]<\/p>\n","protected":false},"author":8,"featured_media":0,"parent":112,"menu_order":0,"comment_status":"closed","ping_status":"closed","template":"","meta":{"_acf_changed":false,"_themeisle_gutenberg_block_has_review":false,"footnotes":""},"class_list":["post-35839","page","type-page","status-publish","hentry"],"acf":[],"_links":{"self":[{"href":"https:\/\/sites.uel.br\/prograd\/wp-json\/wp\/v2\/pages\/35839","targetHints":{"allow":["GET"]}}],"collection":[{"href":"https:\/\/sites.uel.br\/prograd\/wp-json\/wp\/v2\/pages"}],"about":[{"href":"https:\/\/sites.uel.br\/prograd\/wp-json\/wp\/v2\/types\/page"}],"author":[{"embeddable":true,"href":"https:\/\/sites.uel.br\/prograd\/wp-json\/wp\/v2\/users\/8"}],"replies":[{"embeddable":true,"href":"https:\/\/sites.uel.br\/prograd\/wp-json\/wp\/v2\/comments?post=35839"}],"version-history":[{"count":2,"href":"https:\/\/sites.uel.br\/prograd\/wp-json\/wp\/v2\/pages\/35839\/revisions"}],"predecessor-version":[{"id":35843,"href":"https:\/\/sites.uel.br\/prograd\/wp-json\/wp\/v2\/pages\/35839\/revisions\/35843"}],"up":[{"embeddable":true,"href":"https:\/\/sites.uel.br\/prograd\/wp-json\/wp\/v2\/pages\/112"}],"wp:attachment":[{"href":"https:\/\/sites.uel.br\/prograd\/wp-json\/wp\/v2\/media?parent=35839"}],"curies":[{"name":"wp","href":"https:\/\/api.w.org\/{rel}","templated":true}]}}