{"id":29445,"date":"2024-05-08T11:49:20","date_gmt":"2024-05-08T14:49:20","guid":{"rendered":"https:\/\/sites.uel.br\/prograd\/?page_id=29445"},"modified":"2024-05-09T10:43:04","modified_gmt":"2024-05-09T13:43:04","slug":"calendario-2009","status":"publish","type":"page","link":"https:\/\/sites.uel.br\/prograd\/estudante\/calendario\/calendario-2009\/","title":{"rendered":"Calend\u00e1rio"},"content":{"rendered":"\n<hr class=\"wp-block-separator has-alpha-channel-opacity is-style-wide\"\/>\n\n\n\n<h2 class=\"wp-block-heading\"><strong><strong>Calend\u00e1rio das Atividades de Ensino dos Cursos de Gradua\u00e7\u00e3o para o Ano Letivo de 2009<\/strong><\/strong><\/h2>\n\n\n\n<p><a href=\"https:\/\/sites.uel.br\/prograd\/wp-content\/uploads\/documentos\/resolucoes\/2008\/resolucao_144_08.pdf\" target=\"_blank\" rel=\"noreferrer noopener\"><strong>Resolu\u00e7\u00e3o CEPE n\u00ba 0144\/2008<\/strong><\/a><br>Estabelece o Calend\u00e1rio das Atividades de Ensino dos Cursos de Gradua\u00e7\u00e3o para o ano letivo de 2009<\/p>\n\n\n\n<p>Importante: A <a href=\"https:\/\/sites.uel.br\/prograd\/wp-content\/uploads\/documentos\/resolucoes\/2009\/resolucao_02_09.pdf\" target=\"_blank\" rel=\"noreferrer noopener\"><strong>Resolu\u00e7\u00e3o CEPE 002\/2009<\/strong><\/a>, alterou o Calend\u00e1rio das Atividades de Ensino dos Cursos de Gradua\u00e7\u00e3o para o 2\u00ba per\u00edodo letivo de 2009, aprovado pela <a href=\"https:\/\/sites.uel.br\/prograd\/wp-content\/uploads\/documentos\/resolucoes\/2008\/resolucao_144_08.pdf\" target=\"_blank\" rel=\"noreferrer noopener\"><strong>Resolu\u00e7\u00e3o CEPE n\u00ba 144\/2008<\/strong><\/a>. Clique aqui para visualizar a <a href=\"https:\/\/sites.uel.br\/prograd\/wp-content\/uploads\/documentos\/resolucoes\/2009\/resolucao_02_09.pdf\" target=\"_blank\" rel=\"noreferrer noopener\"><strong>Resolu\u00e7\u00e3o CEPE 002\/2009<\/strong><\/a>.<\/p>\n\n\n\n<p><a href=\"https:\/\/sites.uel.br\/prograd\/wp-content\/uploads\/documentos\/resolucoes\/2009\/resolucao_118_09.pdf\" target=\"_blank\" rel=\"noreferrer noopener\"><strong>Resolu\u00e7\u00e3o CEPE 118\/2009<\/strong><\/a> &#8211; Altera o Calend\u00e1rio das Atividades de Ensino dos Cursos de Gradua\u00e7\u00e3o para o per\u00edodo letivo de 2009, aprovado pela <a href=\"https:\/\/sites.uel.br\/prograd\/wp-content\/uploads\/documentos\/resolucoes\/2008\/resolucao_144_08.pdf\" target=\"_blank\" rel=\"noreferrer noopener\"><strong>Resolu\u00e7\u00e3o CEPE n\u00ba 144\/2008<\/strong><\/a>. Clique aqui para visualizar a <a href=\"https:\/\/sites.uel.br\/prograd\/wp-content\/uploads\/documentos\/resolucoes\/2009\/resolucao_118_09.pdf\" target=\"_blank\" rel=\"noreferrer noopener\"><strong>Resolu\u00e7\u00e3o CEPE 118\/2009<\/strong><\/a>.<\/p>\n\n\n\n<p><a href=\"https:\/\/sites.uel.br\/prograd\/wp-content\/uploads\/documentos\/resolucoes\/2009\/resolucao_181_09.pdf\" target=\"_blank\" rel=\"noreferrer noopener\"><strong>Resolu\u00e7\u00e3o CEPE 181\/2009<\/strong><\/a> &#8211; Altera o Calend\u00e1rio das Atividades de Ensino dos Cursos de Gradua\u00e7\u00e3o para o 2\u00ba per\u00edodo de 2009, aprovado pela <a href=\"https:\/\/sites.uel.br\/prograd\/wp-content\/uploads\/documentos\/resolucoes\/2008\/resolucao_144_08.pdf\" target=\"_blank\" rel=\"noreferrer noopener\"><strong>Resolu\u00e7\u00e3o CEPE n\u00ba 144\/2008<\/strong><\/a>. Clique aqui para visualizar a <a href=\"https:\/\/sites.uel.br\/prograd\/wp-content\/uploads\/documentos\/resolucoes\/2009\/resolucao_181_09.pdf\" target=\"_blank\" rel=\"noreferrer noopener\"><strong>Resolu\u00e7\u00e3o CEPE 181\/2009<\/strong><\/a>.<\/p>\n\n\n\n<p class=\"has-text-align-center\"><\/p>\n\n\n\n<p><\/p>\n","protected":false},"excerpt":{"rendered":"<p>Calend\u00e1rio das Atividades de Ensino dos Cursos de Gradua\u00e7\u00e3o para o Ano Letivo de 2009 Resolu\u00e7\u00e3o CEPE n\u00ba 0144\/2008Estabelece o Calend\u00e1rio das Atividades de Ensino dos Cursos de Gradua\u00e7\u00e3o para o ano letivo de 2009 Importante: A Resolu\u00e7\u00e3o CEPE 002\/2009, alterou o Calend\u00e1rio das Atividades de Ensino dos Cursos de Gradua\u00e7\u00e3o para o 2\u00ba per\u00edodo [&hellip;]<\/p>\n","protected":false},"author":8,"featured_media":0,"parent":112,"menu_order":0,"comment_status":"closed","ping_status":"closed","template":"","meta":{"_acf_changed":false,"_themeisle_gutenberg_block_has_review":false,"footnotes":""},"class_list":["post-29445","page","type-page","status-publish","hentry"],"acf":[],"_links":{"self":[{"href":"https:\/\/sites.uel.br\/prograd\/wp-json\/wp\/v2\/pages\/29445","targetHints":{"allow":["GET"]}}],"collection":[{"href":"https:\/\/sites.uel.br\/prograd\/wp-json\/wp\/v2\/pages"}],"about":[{"href":"https:\/\/sites.uel.br\/prograd\/wp-json\/wp\/v2\/types\/page"}],"author":[{"embeddable":true,"href":"https:\/\/sites.uel.br\/prograd\/wp-json\/wp\/v2\/users\/8"}],"replies":[{"embeddable":true,"href":"https:\/\/sites.uel.br\/prograd\/wp-json\/wp\/v2\/comments?post=29445"}],"version-history":[{"count":7,"href":"https:\/\/sites.uel.br\/prograd\/wp-json\/wp\/v2\/pages\/29445\/revisions"}],"predecessor-version":[{"id":29668,"href":"https:\/\/sites.uel.br\/prograd\/wp-json\/wp\/v2\/pages\/29445\/revisions\/29668"}],"up":[{"embeddable":true,"href":"https:\/\/sites.uel.br\/prograd\/wp-json\/wp\/v2\/pages\/112"}],"wp:attachment":[{"href":"https:\/\/sites.uel.br\/prograd\/wp-json\/wp\/v2\/media?parent=29445"}],"curies":[{"name":"wp","href":"https:\/\/api.w.org\/{rel}","templated":true}]}}