{"id":29439,"date":"2024-05-08T11:49:34","date_gmt":"2024-05-08T14:49:34","guid":{"rendered":"https:\/\/sites.uel.br\/prograd\/?page_id=29439"},"modified":"2024-05-09T10:42:35","modified_gmt":"2024-05-09T13:42:35","slug":"calendario-2015","status":"publish","type":"page","link":"https:\/\/sites.uel.br\/prograd\/estudante\/calendario\/calendario-2015\/","title":{"rendered":"Calend\u00e1rio"},"content":{"rendered":"\n<hr class=\"wp-block-separator has-alpha-channel-opacity is-style-wide\"\/>\n\n\n\n<h2 class=\"wp-block-heading\"><strong><strong>Calend\u00e1rio das Atividades de Ensino dos Cursos de Gradua\u00e7\u00e3o para o Ano Letivo de 2015<\/strong><\/strong><\/h2>\n\n\n\n<p><a href=\"https:\/\/sites.uel.br\/prograd\/wp-content\/uploads\/documentos\/resolucoes\/2015\/resolucao_28_15.pdf\" target=\"_blank\" rel=\"noreferrer noopener\"><strong>Resolu\u00e7\u00e3o CEPE n\u00ba 28\/2015<\/strong><\/a><br>Estabelece adequa\u00e7\u00e3o \u00e0 Resolu\u00e7\u00e3o CEPE n\u00ba 001\/2015, que disp\u00f5e sobre o Calend\u00e1rio das Atividades de Ensino dos Cursos de Gradua\u00e7\u00e3o, da Universidade Estadual de Londrina<\/p>\n\n\n\n<p><a href=\"https:\/\/sites.uel.br\/prograd\/wp-content\/uploads\/calendario\/2015\/calendario_extrato_por_assunto_2015.pdf\" target=\"_blank\" rel=\"noreferrer noopener\">Extrato por Assunto<\/a><br><a href=\"https:\/\/sites.uel.br\/prograd\/wp-content\/uploads\/calendario\/2015\/calendario_extrato_docentes_2015.pdf\" target=\"_blank\" rel=\"noreferrer noopener\">Extrato para Docentes<\/a><br><a href=\"https:\/\/sites.uel.br\/prograd\/wp-content\/uploads\/calendario\/2015\/calendario_extrato_estudantes_2015.pdf\" target=\"_blank\" rel=\"noreferrer noopener\">Extrato para Estudantes<\/a><\/p>\n\n\n\n<div style=\"height:20px\" aria-hidden=\"true\" class=\"wp-block-spacer\"><\/div>\n\n\n\n<p><strong>Ver tamb\u00e9m:<\/strong><\/p>\n\n\n\n<p><a href=\"https:\/\/sites.uel.br\/prograd\/wp-content\/uploads\/documentos\/resolucoes\/2015\/resolucao_68_15.pdf\" target=\"_blank\" rel=\"noreferrer noopener\"><strong>Resolu\u00e7\u00e3o CEPE n\u00ba 68\/2015<\/strong><\/a><br>Estabelece complementa\u00e7\u00e3o \u00e0 Resolu\u00e7\u00e3o CEPE n\u00ba 028\/2015, que disp\u00f5e sobre o Calend\u00e1rio das Atividades de Ensino dos Cursos de Gradua\u00e7\u00e3o, da Universidade Estadual de Londrina<\/p>\n","protected":false},"excerpt":{"rendered":"<p>Calend\u00e1rio das Atividades de Ensino dos Cursos de Gradua\u00e7\u00e3o para o Ano Letivo de 2015 Resolu\u00e7\u00e3o CEPE n\u00ba 28\/2015Estabelece adequa\u00e7\u00e3o \u00e0 Resolu\u00e7\u00e3o CEPE n\u00ba 001\/2015, que disp\u00f5e sobre o Calend\u00e1rio das Atividades de Ensino dos Cursos de Gradua\u00e7\u00e3o, da Universidade Estadual de Londrina Extrato por AssuntoExtrato para DocentesExtrato para Estudantes Ver tamb\u00e9m: Resolu\u00e7\u00e3o CEPE n\u00ba [&hellip;]<\/p>\n","protected":false},"author":8,"featured_media":0,"parent":112,"menu_order":0,"comment_status":"closed","ping_status":"closed","template":"","meta":{"_acf_changed":false,"_themeisle_gutenberg_block_has_review":false,"footnotes":""},"class_list":["post-29439","page","type-page","status-publish","hentry"],"acf":[],"_links":{"self":[{"href":"https:\/\/sites.uel.br\/prograd\/wp-json\/wp\/v2\/pages\/29439","targetHints":{"allow":["GET"]}}],"collection":[{"href":"https:\/\/sites.uel.br\/prograd\/wp-json\/wp\/v2\/pages"}],"about":[{"href":"https:\/\/sites.uel.br\/prograd\/wp-json\/wp\/v2\/types\/page"}],"author":[{"embeddable":true,"href":"https:\/\/sites.uel.br\/prograd\/wp-json\/wp\/v2\/users\/8"}],"replies":[{"embeddable":true,"href":"https:\/\/sites.uel.br\/prograd\/wp-json\/wp\/v2\/comments?post=29439"}],"version-history":[{"count":10,"href":"https:\/\/sites.uel.br\/prograd\/wp-json\/wp\/v2\/pages\/29439\/revisions"}],"predecessor-version":[{"id":29662,"href":"https:\/\/sites.uel.br\/prograd\/wp-json\/wp\/v2\/pages\/29439\/revisions\/29662"}],"up":[{"embeddable":true,"href":"https:\/\/sites.uel.br\/prograd\/wp-json\/wp\/v2\/pages\/112"}],"wp:attachment":[{"href":"https:\/\/sites.uel.br\/prograd\/wp-json\/wp\/v2\/media?parent=29439"}],"curies":[{"name":"wp","href":"https:\/\/api.w.org\/{rel}","templated":true}]}}