{"id":2796,"date":"2023-04-11T10:22:18","date_gmt":"2023-04-11T13:22:18","guid":{"rendered":"https:\/\/sites.uel.br\/prograd\/?page_id=2796"},"modified":"2026-04-22T10:38:22","modified_gmt":"2026-04-22T13:38:22","slug":"gepe-grupo-de-estudos-de-praticas-em-ensino-eventos","status":"publish","type":"page","link":"https:\/\/sites.uel.br\/prograd\/gepe-grupo-de-estudos-de-praticas-em-ensino-eventos\/","title":{"rendered":"GEPE (Grupo de Estudos de Pr\u00e1ticas em Ensino)"},"content":{"rendered":"\n<hr class=\"wp-block-separator has-alpha-channel-opacity is-style-wide\"\/>\n\n\n\n<div class=\"wp-block-columns is-layout-flex wp-container-core-columns-is-layout-9d6595d7 wp-block-columns-is-layout-flex\">\n<div class=\"wp-block-column is-layout-flow wp-block-column-is-layout-flow\">\n<div class=\"wp-block-buttons is-layout-flex wp-block-buttons-is-layout-flex\">\n<div class=\"wp-block-button has-custom-width wp-block-button__width-100 is-style-outline is-style-outline--1\"><a class=\"wp-block-button__link has-white-color has-verde-background-color has-text-color has-background has-medium-font-size has-custom-font-size wp-element-button\" href=\"https:\/\/sites.uel.br\/prograd\/gepe-grupo-de-estudos-de-praticas-em-ensino-apresentacao\/\" style=\"border-radius:0px\">APRESENTA\u00c7\u00c3O<\/a><\/div>\n<\/div>\n<\/div>\n\n\n\n<div class=\"wp-block-column is-layout-flow wp-block-column-is-layout-flow\">\n<div class=\"wp-block-buttons is-layout-flex wp-block-buttons-is-layout-flex\">\n<div class=\"wp-block-button has-custom-width wp-block-button__width-100 is-style-outline is-style-outline--2\"><a class=\"wp-block-button__link has-white-color has-verde-background-color has-text-color has-background has-medium-font-size has-custom-font-size wp-element-button\" href=\"https:\/\/sites.uel.br\/prograd\/gepe-grupo-de-estudos-de-praticas-em-ensino-membros\/\" style=\"border-radius:0px\">MEMBROS<\/a><\/div>\n<\/div>\n<\/div>\n\n\n\n<div class=\"wp-block-column is-layout-flow wp-block-column-is-layout-flow\">\n<div class=\"wp-block-buttons is-layout-flex wp-block-buttons-is-layout-flex\">\n<div class=\"wp-block-button has-custom-width wp-block-button__width-100 is-style-outline is-style-outline--3\"><a class=\"wp-block-button__link has-white-color has-verde-background-color has-text-color has-background has-medium-font-size has-custom-font-size wp-element-button\" href=\"https:\/\/sites.uel.br\/prograd\/gepe-grupo-de-estudos-de-praticas-em-ensino-documentos\/\" style=\"border-radius:0px\">DOCUMENTOS<\/a><\/div>\n<\/div>\n<\/div>\n\n\n\n<div class=\"wp-block-column is-layout-flow wp-block-column-is-layout-flow\">\n<div class=\"wp-block-buttons is-layout-flex wp-block-buttons-is-layout-flex\">\n<div class=\"wp-block-button has-custom-width wp-block-button__width-100 is-style-outline is-style-outline--4\"><a class=\"wp-block-button__link has-white-color has-verde-background-color has-text-color has-background has-medium-font-size has-custom-font-size wp-element-button\" href=\"https:\/\/sites.uel.br\/prograd\/gepe-grupo-de-estudos-de-praticas-em-ensino-publicacoes\/\" style=\"border-radius:0px\">PUBLICA\u00c7\u00d5ES<\/a><\/div>\n<\/div>\n<\/div>\n<\/div>\n\n\n\n<div class=\"wp-block-columns is-layout-flex wp-container-core-columns-is-layout-9d6595d7 wp-block-columns-is-layout-flex\">\n<div class=\"wp-block-column is-layout-flow wp-block-column-is-layout-flow\">\n<div class=\"wp-block-buttons is-layout-flex wp-block-buttons-is-layout-flex\">\n<div class=\"wp-block-button has-custom-width wp-block-button__width-100 is-style-outline is-style-outline--5\"><a class=\"wp-block-button__link has-white-color has-verde-background-color has-text-color has-background has-medium-font-size has-custom-font-size wp-element-button\" href=\"https:\/\/sites.uel.br\/prograd\/gepe-grupo-de-estudos-de-praticas-em-ensino-materiais\/\" style=\"border-radius:0px\">MATERIAIS<\/a><\/div>\n<\/div>\n<\/div>\n\n\n\n<div class=\"wp-block-column is-layout-flow wp-block-column-is-layout-flow\">\n<div class=\"wp-block-buttons is-layout-flex wp-block-buttons-is-layout-flex\">\n<div class=\"wp-block-button has-custom-width wp-block-button__width-100 is-style-outline is-style-outline--6\"><a class=\"wp-block-button__link has-white-color has-verde-background-color has-text-color has-background has-medium-font-size has-custom-font-size wp-element-button\" href=\"https:\/\/sites.uel.br\/prograd\/gepe-grupo-de-estudos-de-praticas-em-ensino-premios\/\" style=\"border-radius:0px\">PR\u00caMIOS<\/a><\/div>\n<\/div>\n<\/div>\n\n\n\n<div class=\"wp-block-column is-layout-flow wp-block-column-is-layout-flow\">\n<div class=\"wp-block-buttons is-layout-flex wp-block-buttons-is-layout-flex\">\n<div class=\"wp-block-button has-custom-width wp-block-button__width-100 is-style-outline is-style-outline--7\"><a class=\"wp-block-button__link has-white-color has-verde-background-color has-text-color has-background has-medium-font-size has-custom-font-size wp-element-button\" href=\"https:\/\/sites.uel.br\/prograd\/gepe-grupo-de-estudos-de-praticas-em-ensino-eventos\/\" style=\"border-radius:0px\">EVENTOS<\/a><\/div>\n<\/div>\n<\/div>\n\n\n\n<div class=\"wp-block-column is-layout-flow wp-block-column-is-layout-flow\">\n<div class=\"wp-block-buttons is-layout-flex wp-block-buttons-is-layout-flex\">\n<div class=\"wp-block-button has-custom-width wp-block-button__width-100 is-style-outline is-style-outline--8\"><a class=\"wp-block-button__link has-white-color has-verde-background-color has-text-color has-background has-medium-font-size has-custom-font-size wp-element-button\" href=\"https:\/\/sites.uel.br\/prograd\/gepe-grupo-de-estudos-de-praticas-em-ensino-contatos\/\" style=\"border-radius:0px\">CONTATOS<\/a><\/div>\n<\/div>\n<\/div>\n<\/div>\n\n\n\n<h2 class=\"wp-block-heading\">Eventos<\/h2>\n\n\n\n<p><strong>2023<\/strong><\/p>\n\n\n\n<p><a href=\"https:\/\/prograduel.blogspot.com\/2023\/04\/progradgepe-encontro-docencia.html\" target=\"_blank\" rel=\"noreferrer noopener\">Encontro Doc\u00eancia Universit\u00e1ria e Educa\u00e7\u00e3o Ambiental<\/a><\/p>\n\n\n\n<div style=\"height:20px\" aria-hidden=\"true\" class=\"wp-block-spacer\"><\/div>\n\n\n\n<p><strong>2022<\/strong><\/p>\n\n\n\n<p><a href=\"https:\/\/prograduel.blogspot.com\/2022\/11\/gepe-palestra-artefatos-digitais-como_16.html\" target=\"_blank\" rel=\"noreferrer noopener\">GEPE &#8211; Palestra &#8220;Autorregula\u00e7\u00e3o da aprendizagem: contribui\u00e7\u00f5es para o estudo e adapta\u00e7\u00e3o do estudante ao contexto universit\u00e1rio&#8221;<\/a><\/p>\n\n\n\n<p><a href=\"http:\/\/prograduel.blogspot.com\/2022\/11\/gepe-palestra-artefatos-digitais-como.html\" target=\"_blank\" rel=\"noreferrer noopener\">GEPE &#8211; Palestra &#8220;Artefatos digitais como ferramentas did\u00e1ticas mediadoras das pr\u00e1ticas educativas: possibilidades para novos cen\u00e1rios de aprendizagem&#8221;<\/a><\/p>\n\n\n\n<p><a href=\"https:\/\/prograduel.blogspot.com\/2022\/10\/gepe-palestra-os-trabalhos-em-grupo-com.html\" target=\"_blank\" rel=\"noreferrer noopener\">GEPE &#8211; Palestra &#8220;Os trabalhos em grupo com metodologias ativas: por que e como planejar?&#8221;<\/a><\/p>\n\n\n\n<p><a href=\"https:\/\/prograduel.blogspot.com\/2022\/09\/gepe-palestra-sala-de-aula-na_22.html\" target=\"_blank\" rel=\"noreferrer noopener\">GEPE &#8211; Palestra &#8220;Sala de aula na atualidade: inova\u00e7\u00e3o e tecnologias&#8221;<\/a><\/p>\n\n\n\n<p>II Encontro Estadual de Doc\u00eancia Universit\u00e1ria: Desafios em Tempos de Aprendizagens Complexas<\/p>\n\n\n\n<div style=\"height:20px\" aria-hidden=\"true\" class=\"wp-block-spacer\"><\/div>\n\n\n\n<p><strong>2021<\/strong><\/p>\n\n\n\n<p>Dez Anos de Gepe: Doc\u00eancia Universit\u00e1ria e Contextos Emergentes<\/p>\n\n\n\n<div style=\"height:20px\" aria-hidden=\"true\" class=\"wp-block-spacer\"><\/div>\n\n\n\n<p><strong>2019<\/strong><\/p>\n\n\n\n<p>Ch\u00e1 com Aplicativos 2019 \u2013 2<\/p>\n\n\n\n<p>Consulta P\u00fablica da Minuta Programa Estadual de Educa\u00e7\u00e3o Ambiental do Paran\u00e1<\/p>\n\n\n\n<p>6\u00aa Semana Pedag\u00f3gica de Docentes da UEL<\/p>\n\n\n\n<div style=\"height:20px\" aria-hidden=\"true\" class=\"wp-block-spacer\"><\/div>\n\n\n\n<p><strong>2018<\/strong><\/p>\n\n\n\n<p>Passividade, Assertividade e Agressividade na Rela\u00e7\u00e3o Docente-Estudante<\/p>\n\n\n\n<p>Rela\u00e7\u00f5es Interpessoais na Universidade: estrat\u00e9gias para sa\u00fade mental<\/p>\n\n\n\n<p>Mesa Redonda &#8211; Comunidade Universit\u00e1ria e Sofrimento Ps\u00edquico: um desafio a ser enfrentado<\/p>\n\n\n\n<div style=\"height:20px\" aria-hidden=\"true\" class=\"wp-block-spacer\"><\/div>\n\n\n\n<p><strong>2017<\/strong><\/p>\n\n\n\n<p>Jornada Pedag\u00f3gica do GEPE 2017<\/p>\n\n\n\n<p>4\u00aa Semana Pedag\u00f3gica de Docentes da UEL<\/p>\n\n\n\n<div style=\"height:20px\" aria-hidden=\"true\" class=\"wp-block-spacer\"><\/div>\n\n\n\n<p><strong>2016<\/strong><\/p>\n\n\n\n<p>3\u00aa Semana Pedag\u00f3gica de Docentes da UEL<\/p>\n\n\n\n<div style=\"height:20px\" aria-hidden=\"true\" class=\"wp-block-spacer\"><\/div>\n\n\n\n<p><strong>2015<\/strong><\/p>\n\n\n\n<p>Interc\u00e2mbio de Experi\u00eancias e Metodologias Ativas<\/p>\n\n\n\n<p>2\u00aa Semana Pedag\u00f3gica de Docentes da UEL<\/p>\n\n\n\n<div style=\"height:20px\" aria-hidden=\"true\" class=\"wp-block-spacer\"><\/div>\n\n\n\n<p><strong>2014<\/strong><\/p>\n\n\n\n<p>1\u00aa Semana Pedag\u00f3gica de Docentes da UEL<\/p>\n\n\n\n<div style=\"height:20px\" aria-hidden=\"true\" class=\"wp-block-spacer\"><\/div>\n\n\n\n<p><strong>2013<\/strong><\/p>\n\n\n\n<p>Oficinas Tem\u00e1ticas do GEPE<\/p>\n\n\n\n<div style=\"height:20px\" aria-hidden=\"true\" class=\"wp-block-spacer\"><\/div>\n\n\n\n<p><strong>2012<\/strong><\/p>\n\n\n\n<p>Profa. Dra. Telma Pileggi Vinha com o tema &#8220;As Rela\u00e7\u00f5es Educador-Educando, Formas de Di\u00e1logo e de Resolu\u00e7\u00e3o de Conflitos no Ensino Superior&#8221;<\/p>\n\n\n\n<p>Profa. Dra. Diene Eire de M\u00e9llo Bortotti de Oliveira e Profa. Dra. Sandra Malta Barbosa com o tema &#8220;Tecnologia e Educa\u00e7\u00e3o no Ensino Superior&#8221;<\/p>\n\n\n\n<p>Profa. Dra. Paula Mariza Zedu Alliprandini com o tema &#8220;Processo de Aprendizagem no Ensino Superior&#8221;<\/p>\n\n\n\n<p>Profa. Dra. Neusi Aparecida Navas Berbel e Profa. Dra. Edite Mitie Kikuchi com o tema &#8220;Avalia\u00e7\u00e3o da Aprendizagem no Ensino Superior&#8221;<\/p>\n\n\n\n<p>Profa. Dra. Maura Morita Vasconcellos e Profa. Dra. Mauren Teresa G. Mendes Tacla com o tema &#8220;Metodologias Ativas no Ensino Superior&#8221;<\/p>\n\n\n\n<p>Profa. Dra. Nadia Aparecida de Souza com o tema &#8220;Mapa conceitual como estrat\u00e9gia de ensino, aprendizagem e avalia\u00e7\u00e3o&#8221;<\/p>\n\n\n\n<div style=\"height:20px\" aria-hidden=\"true\" class=\"wp-block-spacer\"><\/div>\n\n\n\n<p><strong>2011<\/strong><\/p>\n\n\n\n<p>Grupo de Trabalho orientado pela Profa. Dra. Lea das Gra\u00e7as Camargos Anastasiou, com o tema &#8220;Os desafios da doc\u00eancia Universit\u00e1ria&#8221;<\/p>\n","protected":false},"excerpt":{"rendered":"<p>Eventos 2023 Encontro Doc\u00eancia Universit\u00e1ria e Educa\u00e7\u00e3o Ambiental 2022 GEPE &#8211; Palestra &#8220;Autorregula\u00e7\u00e3o da aprendizagem: contribui\u00e7\u00f5es para o estudo e adapta\u00e7\u00e3o do estudante ao contexto universit\u00e1rio&#8221; GEPE &#8211; Palestra &#8220;Artefatos digitais como ferramentas did\u00e1ticas mediadoras das pr\u00e1ticas educativas: possibilidades para novos cen\u00e1rios de aprendizagem&#8221; GEPE &#8211; Palestra &#8220;Os trabalhos em grupo com metodologias ativas: por [&hellip;]<\/p>\n","protected":false},"author":8,"featured_media":0,"parent":0,"menu_order":0,"comment_status":"closed","ping_status":"closed","template":"","meta":{"_acf_changed":false,"_themeisle_gutenberg_block_has_review":false,"footnotes":""},"class_list":["post-2796","page","type-page","status-publish","hentry"],"acf":[],"_links":{"self":[{"href":"https:\/\/sites.uel.br\/prograd\/wp-json\/wp\/v2\/pages\/2796","targetHints":{"allow":["GET"]}}],"collection":[{"href":"https:\/\/sites.uel.br\/prograd\/wp-json\/wp\/v2\/pages"}],"about":[{"href":"https:\/\/sites.uel.br\/prograd\/wp-json\/wp\/v2\/types\/page"}],"author":[{"embeddable":true,"href":"https:\/\/sites.uel.br\/prograd\/wp-json\/wp\/v2\/users\/8"}],"replies":[{"embeddable":true,"href":"https:\/\/sites.uel.br\/prograd\/wp-json\/wp\/v2\/comments?post=2796"}],"version-history":[{"count":10,"href":"https:\/\/sites.uel.br\/prograd\/wp-json\/wp\/v2\/pages\/2796\/revisions"}],"predecessor-version":[{"id":37288,"href":"https:\/\/sites.uel.br\/prograd\/wp-json\/wp\/v2\/pages\/2796\/revisions\/37288"}],"wp:attachment":[{"href":"https:\/\/sites.uel.br\/prograd\/wp-json\/wp\/v2\/media?parent=2796"}],"curies":[{"name":"wp","href":"https:\/\/api.w.org\/{rel}","templated":true}]}}