{"id":172,"date":"2022-12-14T13:35:09","date_gmt":"2022-12-14T16:35:09","guid":{"rendered":"https:\/\/sites.uel.br\/prograd\/?page_id=172"},"modified":"2026-04-07T15:11:25","modified_gmt":"2026-04-07T18:11:25","slug":"pdcs","status":"publish","type":"page","link":"https:\/\/sites.uel.br\/prograd\/graduacao\/pdcs\/","title":{"rendered":"Portador de Diploma de Curso Superior"},"content":{"rendered":"\n<hr class=\"wp-block-separator has-alpha-channel-opacity is-style-wide\"\/>\n\n\n\n<h2 class=\"wp-block-heading\"><strong>Ingresso em Novo Curso<\/strong><\/h2>\n\n\n\n<p class=\"has-text-align-center has-background\" style=\"background-color:#fcffd4\"><strong><strong><a href=\"https:\/\/operobal.uel.br\/vestibular\/2026\/04\/01\/uel-abre-inscricoes-para-portadores-de-diploma-em-vagas-remanescentes-do-vestibular-2026\/\" target=\"_blank\" rel=\"noreferrer noopener\">MAIS INFORMA\u00c7\u00d5ES ACESSE AQUI<\/a><\/strong><\/strong><\/p>\n\n\n\n<p>O ingresso como Portador de Diploma permite que profissionais que j\u00e1 possuem um curso de gradua\u00e7\u00e3o reconhecido pelo MEC ingressem em um novo curso da UEL, sem a necessidade de prestar outro processo seletivo.<\/p>\n\n\n\n<p>\ud83c\udfaf <strong>Quem pode participar<\/strong><\/p>\n\n\n\n<p>\u2022 Pessoas que conclu\u00edram curso superior no Brasil, em institui\u00e7\u00e3o reconhecida pelo MEC;<br>\u2022 Portadores de diploma expedido no exterior, desde que revalidado no Brasil.<\/p>\n\n\n\n<p>\ud83d\udccc <strong>Como funciona o processo seletivo<\/strong><\/p>\n\n\n\n<p>\u2022 A UEL publica edital espec\u00edfico informando os cursos com vagas dispon\u00edveis;<br>\u2022 A sele\u00e7\u00e3o \u00e9 realizada com base na an\u00e1lise do hist\u00f3rico escolar.<\/p>\n\n\n\n<p>\ud83d\udcc4 <strong>Documentos exigidos<\/strong><\/p>\n\n\n\n<p>\u2022 Diploma de gradua\u00e7\u00e3o;<br>\u2022 Hist\u00f3rico escolar completo;<br>\u2022 Documentos pessoais;<br>\u2022 Outros documentos previstos em edital.<\/p>\n\n\n\n<hr class=\"wp-block-separator has-text-color has-cinza-color has-css-opacity has-cinza-background-color has-background is-style-wide\"\/>\n\n\n\n<p>\ud83d\udcd6 <strong>Cat\u00e1logo dos Cursos de Gradua\u00e7\u00e3o<\/strong><\/p>\n\n\n\n<p>Conhe\u00e7a os cursos, suas disciplinas e ementas acessando o <a href=\"https:\/\/sites.uel.br\/prograd\/graduacao\/catalogo-dos-cursos-de-graduacao-indice\/\" target=\"_blank\" rel=\"noreferrer noopener\">Cat\u00e1logo dos Cursos de Gradua\u00e7\u00e3o<\/a>.<br><strong><br>\u2753D\u00favidas ou informa\u00e7\u00f5es<\/strong><\/p>\n\n\n\n<p>Coordenadoria de Processos Seletivos (Cops)<br>E-mail:&nbsp;<a href=\"mailto:prograddcc@uel.br\">cops@uel.br<\/a><\/p>\n\n\n\n<p><strong>\ud83d\udd17 Links \u00fateis<\/strong><\/p>\n\n\n\n<ul class=\"wp-block-list\">\n<li><a href=\"https:\/\/sites.uel.br\/prograd\/formas-de-ingresso\/\">Formas de Ingresso na UEL<\/a><\/li>\n\n\n\n<li><a href=\"https:\/\/sites.uel.br\/prograd\/\">P\u00e1gina da Pr\u00f3-Reitoria de Gradua\u00e7\u00e3o (Prograd)<\/a><\/li>\n\n\n\n<li><a href=\"https:\/\/www.cops.uel.br\/v2\/Selecao\/DetalharSelecao\/Selecao\/402\" target=\"_blank\" rel=\"noreferrer noopener\">P\u00e1gina da Coordenadoria de Processos Seletivos (Cops)<\/a><\/li>\n\n\n\n<li><a href=\"https:\/\/sistemas.uel.br\/portaldoestudante\/index\" target=\"_blank\" rel=\"noreferrer noopener\">Portal do Estudante de Gradua\u00e7\u00e3o da UEL<\/a><\/li>\n<\/ul>\n","protected":false},"excerpt":{"rendered":"<p>Ingresso em Novo Curso MAIS INFORMA\u00c7\u00d5ES ACESSE AQUI O ingresso como Portador de Diploma permite que profissionais que j\u00e1 possuem um curso de gradua\u00e7\u00e3o reconhecido pelo MEC ingressem em um novo curso da UEL, sem a necessidade de prestar outro processo seletivo. \ud83c\udfaf Quem pode participar \u2022 Pessoas que conclu\u00edram curso superior no Brasil, em [&hellip;]<\/p>\n","protected":false},"author":2,"featured_media":0,"parent":12,"menu_order":0,"comment_status":"closed","ping_status":"closed","template":"","meta":{"_acf_changed":false,"_themeisle_gutenberg_block_has_review":false,"footnotes":""},"class_list":["post-172","page","type-page","status-publish","hentry"],"acf":[],"_links":{"self":[{"href":"https:\/\/sites.uel.br\/prograd\/wp-json\/wp\/v2\/pages\/172","targetHints":{"allow":["GET"]}}],"collection":[{"href":"https:\/\/sites.uel.br\/prograd\/wp-json\/wp\/v2\/pages"}],"about":[{"href":"https:\/\/sites.uel.br\/prograd\/wp-json\/wp\/v2\/types\/page"}],"author":[{"embeddable":true,"href":"https:\/\/sites.uel.br\/prograd\/wp-json\/wp\/v2\/users\/2"}],"replies":[{"embeddable":true,"href":"https:\/\/sites.uel.br\/prograd\/wp-json\/wp\/v2\/comments?post=172"}],"version-history":[{"count":46,"href":"https:\/\/sites.uel.br\/prograd\/wp-json\/wp\/v2\/pages\/172\/revisions"}],"predecessor-version":[{"id":37151,"href":"https:\/\/sites.uel.br\/prograd\/wp-json\/wp\/v2\/pages\/172\/revisions\/37151"}],"up":[{"embeddable":true,"href":"https:\/\/sites.uel.br\/prograd\/wp-json\/wp\/v2\/pages\/12"}],"wp:attachment":[{"href":"https:\/\/sites.uel.br\/prograd\/wp-json\/wp\/v2\/media?parent=172"}],"curies":[{"name":"wp","href":"https:\/\/api.w.org\/{rel}","templated":true}]}}