{"id":1719,"date":"2023-02-17T14:30:08","date_gmt":"2023-02-17T17:30:08","guid":{"rendered":"https:\/\/sites.uel.br\/prograd\/?page_id=1719"},"modified":"2026-02-10T08:32:56","modified_gmt":"2026-02-10T11:32:56","slug":"guia-academico-recursos-academicos","status":"publish","type":"page","link":"https:\/\/sites.uel.br\/prograd\/guia-academico-recursos-academicos\/","title":{"rendered":"Guia Acad\u00eamico"},"content":{"rendered":"\n<hr class=\"wp-block-separator has-alpha-channel-opacity is-style-wide\"\/>\n\n\n<div class=\"wp-block-image\">\n<figure class=\"aligncenter size-full\"><a href=\"https:\/\/sites.uel.br\/prograd\/guia-academico\/\"><img loading=\"lazy\" decoding=\"async\" width=\"557\" height=\"154\" src=\"https:\/\/sites.uel.br\/prograd\/wp-content\/uploads\/2023\/02\/cab_guia_academico-1.jpg\" alt=\"\" class=\"wp-image-1635\" srcset=\"https:\/\/sites.uel.br\/prograd\/wp-content\/uploads\/2023\/02\/cab_guia_academico-1.jpg 557w, https:\/\/sites.uel.br\/prograd\/wp-content\/uploads\/2023\/02\/cab_guia_academico-1-300x83.jpg 300w\" sizes=\"auto, (max-width: 557px) 100vw, 557px\" \/><\/a><\/figure>\n<\/div>\n\n\n<h2 class=\"wp-block-heading\">Recursos Acad\u00eamicos<\/h2>\n\n\n\n<p>A UEL se preocupa, al\u00e9m da forma\u00e7\u00e3o profissional de seus estudantes, com o seu bem-estar. A seguir, apresentamos os recursos acad\u00eamicos dispon\u00edveis e a estrutura de servi\u00e7os que dar\u00e3o suporte para que sua trajet\u00f3ria aqui na UEL se torne a mais significativa poss\u00edvel.<\/p>\n\n\n\n<div style=\"height:20px\" aria-hidden=\"true\" class=\"wp-block-spacer\"><\/div>\n\n\n<div class=\"wp-block-image\">\n<figure class=\"aligncenter size-full\"><img loading=\"lazy\" decoding=\"async\" width=\"569\" height=\"388\" src=\"https:\/\/sites.uel.br\/prograd\/wp-content\/uploads\/2024\/06\/bc.jpg\" alt=\"\" class=\"wp-image-30595\" srcset=\"https:\/\/sites.uel.br\/prograd\/wp-content\/uploads\/2024\/06\/bc.jpg 569w, https:\/\/sites.uel.br\/prograd\/wp-content\/uploads\/2024\/06\/bc-300x205.jpg 300w\" sizes=\"auto, (max-width: 569px) 100vw, 569px\" \/><figcaption class=\"wp-element-caption\">Foto: Google<\/figcaption><\/figure>\n<\/div>\n\n\n<p><strong>Bibliotecas<\/strong><\/p>\n\n\n\n<p>O Sistema de Bibliotecas da Universidade Estadual de Londrina compreende a Biblioteca Central, localizada no cal\u00e7ad\u00e3o do campus, que centraliza em um \u00fanico espa\u00e7o f\u00edsico, todo o acervo concernente \u00e0s \u00e1reas Biol\u00f3gicas, Exatas, Agr\u00e1rias, Tecnol\u00f3gicas e Odontologia, e mais tr\u00eas Bibliotecas Setoriais, a saber: BS\/CCS, que atende aos cursos de Medicina, Enfermagem, Farm\u00e1cia e Fisioterapia, BS\/EAAJ que atende aos estagi\u00e1rios da \u00e1rea jur\u00eddica e BS\/CH que atende a comunidade usu\u00e1ria da \u00e1rea de humanidades.<br><br>Durante o per\u00edodo letivo, a Biblioteca Central e BS\/CH atendem de segunda a sexta-feira das 8h00 \u00e0s 22h00, e aos s\u00e1bados das 9h \u00e0s 13h. As Bibliotecas Setoriais t\u00eam hor\u00e1rio de atendimento diversificados.<\/p>\n\n\n\n<p>Todo acad\u00eamico pode utilizar o acervo do Sistema de Bibliotecas para consulta e empr\u00e9stimo, e ainda pode acessar o sistema automatizado que permite o acesso ao cat\u00e1logo on-line por meio da p\u00e1gina&nbsp;<a href=\"https:\/\/sites.uel.br\/bibliotecas\/\" target=\"_blank\" rel=\"noreferrer noopener\">https:\/\/sites.uel.br\/bibliotecas\/<\/a>. O empr\u00e9stimo \u00e9 efetuado mediante a apresenta\u00e7\u00e3o da \u201cidentifica\u00e7\u00e3o estudantil\u201d, podendo ser renovado ou reservado online pelo pr\u00f3prio usu\u00e1rio. \u00c9 de suma import\u00e2ncia o estudante conhecer o Regulamento da Biblioteca, bem como ficar atento aos prazos para a devolu\u00e7\u00e3o dos livros emprestados. Para que todos conhe\u00e7am os servi\u00e7os e produtos do Sistema de Bibliotecas, o estudante poder\u00e1 participar de uma visita orientada \u00e0 Biblioteca Central, geralmente programada pelos Colegiados dos Cursos para a semana de integra\u00e7\u00e3o dos ingressantes, tamb\u00e9m pode ser agendada pelos telefones (43) 3371-4336 &#8211; (43) 3371-4448, ou ainda na pr\u00f3pria Biblioteca.<\/p>\n\n\n\n<p>Outras informa\u00e7\u00f5es de interesse poder\u00e3o ser obtidas por meio do site: <a href=\"https:\/\/sites.uel.br\/bibliotecas\/\" target=\"_blank\" rel=\"noreferrer noopener\">https:\/\/sites.uel.br\/bibliotecas<\/a>.<\/p>\n\n\n\n<div style=\"height:20px\" aria-hidden=\"true\" class=\"wp-block-spacer\"><\/div>\n\n\n<div class=\"wp-block-image\">\n<figure class=\"aligncenter size-full\"><img loading=\"lazy\" decoding=\"async\" width=\"569\" height=\"404\" src=\"https:\/\/sites.uel.br\/prograd\/wp-content\/uploads\/2024\/06\/livraria.jpg\" alt=\"\" class=\"wp-image-30597\" srcset=\"https:\/\/sites.uel.br\/prograd\/wp-content\/uploads\/2024\/06\/livraria.jpg 569w, https:\/\/sites.uel.br\/prograd\/wp-content\/uploads\/2024\/06\/livraria-300x213.jpg 300w\" sizes=\"auto, (max-width: 569px) 100vw, 569px\" \/><figcaption class=\"wp-element-caption\">Foto: Google<\/figcaption><\/figure>\n<\/div>\n\n\n<p><strong>Livraria<\/strong><br><br>A Livraria EDUEL trabalha com livros de sua pr\u00f3pria editora &#8211; EDUEL &#8211; e tamb\u00e9m com livros das demais editoras &#8211; universit\u00e1rias e comerciais, aceitando, inclusive encomendas &#8211; se voc\u00ea se cadastrar receber\u00e1, por e-mail, informa\u00e7\u00e3o sobre lan\u00e7amentos e promo\u00e7\u00f5es. Hoje, a livraria, completamente reformada, possui para pronta entrega aproximadamente 5.000 t\u00edtulos. A Livraria EDUEL fica aberta de 2\u00aa a 6\u00aa feira das 8h00 as 21h00. Seus pre\u00e7os s\u00e3o mais acess\u00edveis j\u00e1 que todos os livros s\u00e3o vendidos com descontos que variam entre 15 e 20% para pagamento a vista ou no cart\u00e3o de cr\u00e9dito. A Livraria EDUEL fica perto da Biblioteca Central, no campus. Fone: 3371-4691 e e-mail:&nbsp;<a href=\"mailto:livrariaeduel@uel.br\">livrariaeduel@uel.br<\/a>.<\/p>\n\n\n\n<p>Outras informa\u00e7\u00f5es de interesse poder\u00e3o ser obtidas por meio do site: <a href=\"https:\/\/www.eduel.com.br\/livraria-da-eduel\" target=\"_blank\" rel=\"noreferrer noopener\">https:\/\/www.eduel.com.br\/livraria-da-eduel<\/a>.<\/p>\n\n\n\n<p><strong>Editora<\/strong><br><br>A EDUEL j\u00e1 publicou mais de trezentos t\u00edtulos, alguns deles em parceria com outras importantes editoras. Sua linha editorial est\u00e1 voltada para o p\u00fablico universit\u00e1rio, publicando livros de docentes da UEL e de outras universidades tamb\u00e9m. A EDUEL tamb\u00e9m funciona como campo de est\u00e1gio para diversos cursos da Institui\u00e7\u00e3o. Fone: 3371-4674 &#8211; e-mail:&nbsp;<a href=\"mailto:eduel@uel.br\">eduel@uel.br<\/a>.<\/p>\n\n\n\n<p>Outras informa\u00e7\u00f5es de interesse poder\u00e3o ser obtidas por meio do site: <a href=\"https:\/\/www.eduel.com.br\/\" target=\"_blank\" rel=\"noreferrer noopener\">https:\/\/www.eduel.com.br<\/a>.<\/p>\n\n\n\n<div style=\"height:20px\" aria-hidden=\"true\" class=\"wp-block-spacer\"><\/div>\n\n\n<div class=\"wp-block-image\">\n<figure class=\"aligncenter size-full\"><img loading=\"lazy\" decoding=\"async\" width=\"569\" height=\"271\" src=\"https:\/\/sites.uel.br\/prograd\/wp-content\/uploads\/2024\/06\/casa_cultura.jpg\" alt=\"\" class=\"wp-image-30599\" srcset=\"https:\/\/sites.uel.br\/prograd\/wp-content\/uploads\/2024\/06\/casa_cultura.jpg 569w, https:\/\/sites.uel.br\/prograd\/wp-content\/uploads\/2024\/06\/casa_cultura-300x143.jpg 300w\" sizes=\"auto, (max-width: 569px) 100vw, 569px\" \/><figcaption class=\"wp-element-caption\">Foto: Google<\/figcaption><\/figure>\n<\/div>\n\n\n<p><strong>Casa de Cultura<\/strong><br><br>A Casa de Cultura \u00e9 um dos \u00f3rg\u00e3os respons\u00e1veis pela promo\u00e7\u00e3o cultural na Universidade. Sua sede \u00e9 um Centro Cultural Integrado que fica no centro de Londrina. A Casa de Cultura possui quatro divis\u00f5es: a Divis\u00e3o de M\u00fasica, que al\u00e9m de participar da realiza\u00e7\u00e3o do Festival de M\u00fasica de Londrina, realiza atividades de musicaliza\u00e7\u00e3o infantil e adulta, administra 1 orquestra, 6 corais (Infantil, Juvenil, Adulto, de Terceira Idade, H.U. e Campus), 2 grupos de m\u00fasica antiga (o NEUMA Ensamble Universit\u00e1rio de M\u00fasica Antiga e o ARS Mensurabilis). A Orquestra Sinf\u00f4nica da UEL e os corais da UEL, realizam concertos oficias e did\u00e1ticos e j\u00e1 gravaram v\u00e1rios CD&#8217;s. No in\u00edcio de cada semestre volunt\u00e1rios da comunidade externa e interna da UEL, podem inscrever-se para processo seletivo dos corais. N\u00e3o \u00e9 necess\u00e1rio conhecimento pr\u00e9vio de m\u00fasica. A Divis\u00e3o de Artes C\u00eanicas organiza o FILO &#8211; Festival Internacional de Teatro de Londrina, e presta assessoria a grupos de teatros. A Divis\u00e3o de Artes Pl\u00e1sticas promove a Semana de Arte, desenvolve oficinas e cursos e mant\u00e9m espa\u00e7os de exposi\u00e7\u00e3o. A Divis\u00e3o de Artes Cinema e V\u00eddeo priorizando a exibi\u00e7\u00e3o de obras que est\u00e3o exclu\u00eddas do circuito comercial tradicional. A Casa de Cultura mant\u00e9m ainda o Cine Teatro Ouro Verde, o maior da cidade, com quase mil lugares que se localiza no centro de Londrina. O pr\u00e9dio faz parte do patrim\u00f4nio Hist\u00f3rico do Paran\u00e1. Neste espa\u00e7o tamb\u00e9m s\u00e3o apresentados shows musicais, pe\u00e7as de teatro e espet\u00e1culos de dan\u00e7a. Fone: 3322-1030.<\/p>\n\n\n\n<p>Outras informa\u00e7\u00f5es de interesse poder\u00e3o ser obtidas por meio do site: <a href=\"http:\/\/www.uel.br\/cc\/\" target=\"_blank\" rel=\"noreferrer noopener\">http:\/\/www.uel.br\/cc<\/a>.<\/p>\n\n\n\n<div style=\"height:20px\" aria-hidden=\"true\" class=\"wp-block-spacer\"><\/div>\n\n\n<div class=\"wp-block-image\">\n<figure class=\"aligncenter size-full\"><img loading=\"lazy\" decoding=\"async\" width=\"569\" height=\"246\" src=\"https:\/\/sites.uel.br\/prograd\/wp-content\/uploads\/2024\/06\/museu_historico.jpg\" alt=\"\" class=\"wp-image-30601\" srcset=\"https:\/\/sites.uel.br\/prograd\/wp-content\/uploads\/2024\/06\/museu_historico.jpg 569w, https:\/\/sites.uel.br\/prograd\/wp-content\/uploads\/2024\/06\/museu_historico-300x130.jpg 300w\" sizes=\"auto, (max-width: 569px) 100vw, 569px\" \/><figcaption class=\"wp-element-caption\">Foto: Facebook &#8211; Museu Hist\u00f3rico de Londrina<\/figcaption><\/figure>\n<\/div>\n\n\n<p><strong>Museu Padre Carlos Weiss<\/strong><br><br>O Museu Hist\u00f3rico de Londrina Pe. Carlos Weiss tem como finalidade dar suporte \u00e0 pesquisa e \u00e0 extens\u00e3o, dispondo para isto de um valioso acervo hist\u00f3rico constitu\u00eddo de objetos, fotografias e documentos textuais que resgatam e preservam a mem\u00f3ria da cidade de Londrina desde os prim\u00f3rdios da coloniza\u00e7\u00e3o. Parte deste acervo encontra-se em salas de exposi\u00e7\u00e3o abertas ao p\u00fablico de segunda \u00e0 sexta, das 9h00 \u00e0s 17h30, s\u00e1bados das 9h \u00e0s 17h e aos domingos das 13h \u00e0s 17h. Fone: 3371-1975 &#8211; e-mail:&nbsp;<a href=\"mailto:museu@uel.br\">museu@uel.br<\/a>.<\/p>\n\n\n\n<p>Outras informa\u00e7\u00f5es de interesse poder\u00e3o ser obtidas por meio do site: <a href=\"https:\/\/sites.uel.br\/museu\/\" target=\"_blank\" rel=\"noreferrer noopener\">https:\/\/sites.uel.br\/museu<\/a>.<\/p>\n\n\n\n<div style=\"height:20px\" aria-hidden=\"true\" class=\"wp-block-spacer\"><\/div>\n\n\n<div class=\"wp-block-image\">\n<figure class=\"aligncenter size-full\"><img loading=\"lazy\" decoding=\"async\" width=\"250\" height=\"105\" src=\"https:\/\/sites.uel.br\/prograd\/wp-content\/uploads\/2024\/06\/logo_lablinguas.jpg\" alt=\"\" class=\"wp-image-30603\"\/><figcaption class=\"wp-element-caption\">Imagem: Site Laborat\u00f3rio de L\u00ednguas<\/figcaption><\/figure>\n<\/div>\n\n\n<p><strong>Laborat\u00f3rio de L\u00ednguas<\/strong><\/p>\n\n\n\n<p>Situado no 2\u00ba piso do Instituto de Refer\u00eancia em Ci\u00eancias Humanas \u2013 IRCH do Centro de Letras e Ci\u00eancias Humanas \u2013 CLCH, o Laborat\u00f3rio de L\u00ednguas \u00e9 um setor de apoio \u00e0s atividades de Ensino, Pesquisa e Extens\u00e3o do Departamento de Letras Estrangeiras Modernas. Tamb\u00e9m oferta cursos de l\u00ednguas nos idiomas: Alem\u00e3o, Espanhol, Franc\u00eas, Ingl\u00eas, Italiano, Mandarim, Portugu\u00eas para Estrangeiros, Grego e Latim Cl\u00e1ssicos. Os cursos s\u00e3o ofertados \u00e0s comunidades interna e externa da UEL, em m\u00f3dulos semestrais. Informa\u00e7\u00f5es pelo fone (43) 3371-4296; e-mail:&nbsp;<a href=\"mailto:labling@uel.br\">labling@uel.br<\/a>.<\/p>\n\n\n\n<p>Outras informa\u00e7\u00f5es de interesse poder\u00e3o ser obtidas por meio do site: <a href=\"https:\/\/lablinguasuel.com.br\/\" target=\"_blank\" rel=\"noreferrer noopener\">https:\/\/lablinguasuel.com.br<\/a>.<\/p>\n\n\n\n<div style=\"height:20px\" aria-hidden=\"true\" class=\"wp-block-spacer\"><\/div>\n\n\n<div class=\"wp-block-image\">\n<figure class=\"aligncenter size-full is-resized\"><img loading=\"lazy\" decoding=\"async\" width=\"391\" height=\"197\" src=\"https:\/\/sites.uel.br\/prograd\/wp-content\/uploads\/2023\/06\/logo_nac.jpeg\" alt=\"\" class=\"wp-image-6900\" style=\"width:293px;height:148px\" srcset=\"https:\/\/sites.uel.br\/prograd\/wp-content\/uploads\/2023\/06\/logo_nac.jpeg 391w, https:\/\/sites.uel.br\/prograd\/wp-content\/uploads\/2023\/06\/logo_nac-300x151.jpeg 300w\" sizes=\"auto, (max-width: 391px) 100vw, 391px\" \/><\/figure>\n<\/div>\n\n\n<p><strong>N\u00facleo de Acessibilidade da UEL &#8211; NAC<\/strong><br><br>Regido pela Resolu\u00e7\u00e3o CA\/CU n\u00ba 079\/2021, o N\u00facleo de Acessibilidade da UEL (NAC) \u00e9 composto por uma equipe multidisciplinar de profissionais das \u00e1reas de Psicologia, Pedagogia, Enfermagem e Libras. Sua atua\u00e7\u00e3o organiza-se em duas frentes principais:<\/p>\n\n\n\n<p>&#8211; avalia\u00e7\u00e3o e acompanhamento para o Atendimento Educacional Especializado (AEE);<\/p>\n\n\n\n<p>&#8211; apoio educacional e cuidados especializados.<\/p>\n\n\n\n<p>Em articula\u00e7\u00e3o com os Colegiados de Curso, o NAC organiza o AEE destinado a estudantes com defici\u00eancia que, em raz\u00e3o de impedimentos de longo prazo de natureza f\u00edsica, sensorial, comunicacional, entre outras, demandam recursos de acessibilidade e estrat\u00e9gias pedag\u00f3gicas adaptadas.<\/p>\n\n\n\n<p>O N\u00facleo tamb\u00e9m oferece apoio especializado a estudantes com altas habilidades\/superdota\u00e7\u00e3o (AHSD), com orienta\u00e7\u00f5es para suplementa\u00e7\u00e3o curricular e outras viv\u00eancias acad\u00eamicas necess\u00e1rias ao seu desenvolvimento.<\/p>\n\n\n\n<p>Os estudantes ingressantes pela reserva de vagas para pessoas com defici\u00eancia s\u00e3o cadastrados automaticamente. J\u00e1 os demais estudantes com defici\u00eancia e\/ou AHSD podem informar sua condi\u00e7\u00e3o no momento da matr\u00edcula inicial, nas renova\u00e7\u00f5es de matr\u00edcula ou ao longo do curso, por meio de formul\u00e1rios pr\u00f3prios dispon\u00edveis na p\u00e1gina eletr\u00f4nica do N\u00facleo. A partir dessa solicita\u00e7\u00e3o, \u00e9 realizada a avalia\u00e7\u00e3o e, se necess\u00e1rio, a elabora\u00e7\u00e3o do plano de atendimento educacional especializado, conforme a legisla\u00e7\u00e3o vigente.&nbsp;<\/p>\n\n\n\n<p>Para mais informa\u00e7\u00f5es, consulte a <a href=\"https:\/\/sites.uel.br\/prograd\/wp-content\/uploads\/documentos\/resolucoes\/2021\/resolucao_79_21.pdf\" target=\"_blank\" rel=\"noreferrer noopener\">Resolu\u00e7\u00e3o CA\/CU n\u00ba 79\/2021<\/a>.<\/p>\n\n\n\n<p><img decoding=\"async\" alt=\"\ud83d\udce7\" src=\"https:\/\/fonts.gstatic.com\/s\/e\/notoemoji\/16.0\/1f4e7\/32.png\">&nbsp;E-mail:&nbsp;<a href=\"mailto:nac@uel.br\" target=\"_blank\" rel=\"noreferrer noopener\">nac@uel.br<\/a><\/p>\n\n\n\n<p><img decoding=\"async\" alt=\"\ud83c\udf10\" src=\"https:\/\/fonts.gstatic.com\/s\/e\/notoemoji\/16.0\/1f310\/32.png\">&nbsp;Site:&nbsp;<a href=\"http:\/\/sites.uel.br\/nac\" target=\"_blank\" rel=\"noreferrer noopener\">sites.uel.br\/nac<\/a><\/p>\n\n\n\n<div style=\"height:20px\" aria-hidden=\"true\" class=\"wp-block-spacer\"><\/div>\n\n\n<div class=\"wp-block-image\">\n<figure class=\"aligncenter size-full\"><img loading=\"lazy\" decoding=\"async\" width=\"250\" height=\"160\" src=\"https:\/\/sites.uel.br\/prograd\/wp-content\/uploads\/2024\/06\/logo_tv_uel.jpg\" alt=\"\" class=\"wp-image-30605\"\/><figcaption class=\"wp-element-caption\">Imagem: Facebook &#8211; TV UEL<\/figcaption><\/figure>\n<\/div>\n\n\n<p><strong>TV UEL<\/strong><br><br>A TV UEL \u2013 Televis\u00e3o Cultural e Educativa da Universidade Estadual de Londrina \u2013 PR, \u00e9 uma RTV que, em raz\u00e3o de conv\u00eanio, retransmite a programa\u00e7\u00e3o da \u00c9 Paran\u00e1- Televis\u00e3o Educativa do Paran\u00e1, pelo canal 40 UHF. A emissora entrou no ar em 14 de dezembro de 2009. No estrutura organizacional da universidade a TV UEL \u00e9 um \u00d3rg\u00e3o Suplementar, vinculado academicamente ao CECA \u2013 Centro de Educa\u00e7\u00e3o, Comunica\u00e7\u00e3o e Artes e administrativamente \u00e0 Vice-Reitoria. As mat\u00e9rias da TV UEL s\u00e3o tamb\u00e9m veiculadas pelo site: <a href=\"http:\/\/www.uel.br\/tv\/\" target=\"_blank\" rel=\"noreferrer noopener\">http:\/\/www.uel.br\/tv<\/a>.<\/p>\n\n\n\n<div style=\"height:20px\" aria-hidden=\"true\" class=\"wp-block-spacer\"><\/div>\n\n\n<div class=\"wp-block-image\">\n<figure class=\"aligncenter size-full\"><img loading=\"lazy\" decoding=\"async\" width=\"255\" height=\"130\" src=\"https:\/\/sites.uel.br\/prograd\/wp-content\/uploads\/2024\/06\/logo_uel_fm.png\" alt=\"\" class=\"wp-image-30607\"\/><figcaption class=\"wp-element-caption\">Imagem: Site &#8211; UEL FM<\/figcaption><\/figure>\n<\/div>\n\n\n<p><strong>R\u00e1dio Universidade FM<\/strong><br><br>Sintonize 107,9 MHZ!!! Voc\u00ea escuta a R\u00e1dio Universidade FM, emissora da Universidade Estadual de Londrina. A \u00fanica r\u00e1dio educativa-cultural do Norte do Paran\u00e1 que contribui para a educa\u00e7\u00e3o, a cultura, a arte, a ecologia, a \u00e9tica e a constru\u00e7\u00e3o da cidadania. A R\u00e1dio tem uma proposta generalista e n\u00e3o-tem\u00e1tica. Isso significa uma pluralidade de programas produzidos pela equipe da r\u00e1dio e por colaboradores volunt\u00e1rios que destacam os mais diversos g\u00eaneros da m\u00fasica. S\u00e3o mais de 30 programas com m\u00fasica do Brasil (antiga e moderna, popular e erudita), m\u00fasica \u00e9tnica, m\u00fasica europeia erudita, tango, rap, reggae, rock, blues, jazz, m\u00fasica latino americana, m\u00fasica infantil, entre outros.<br><br>Mas a Universidade FM n\u00e3o \u00e9 s\u00f3 m\u00fasica. Poesia e cr\u00f4nica t\u00eam espa\u00e7o garantindo na programa\u00e7\u00e3o. E tamb\u00e9m boletins, entrevistas, jornal, dicas culturais e programas com apoio de estudantes da UEL e colaboradores que apresentam colunas sobre ci\u00eancia e tecnologia, meio ambiente, bio\u00e9tica, empreendedorismo, leitura, m\u00fasica. A R\u00e1dio Universidade FM tamb\u00e9m pode ser ouvida no site: <a href=\"https:\/\/radio.uel.br\/\" target=\"_blank\" rel=\"noreferrer noopener\">https:\/\/radio.uel.br<\/a>. Contatos por e-mail:&nbsp;<a href=\"mailto:radio@uel.br\">radio@uel.br<\/a>&nbsp;ou&nbsp;<a href=\"mailto:radiojornalismo@uel.br\">radiojornalismo@uel.br<\/a>&nbsp;e pelo telefone: 3371-4444.<\/p>\n\n\n\n<div style=\"height:20px\" aria-hidden=\"true\" class=\"wp-block-spacer\"><\/div>\n\n\n<div class=\"wp-block-image\">\n<figure class=\"aligncenter size-full is-resized\"><img loading=\"lazy\" decoding=\"async\" width=\"310\" height=\"137\" src=\"https:\/\/sites.uel.br\/prograd\/wp-content\/uploads\/2024\/06\/logo_labted.png\" alt=\"\" class=\"wp-image-30609\" style=\"width:309px;height:136px\" srcset=\"https:\/\/sites.uel.br\/prograd\/wp-content\/uploads\/2024\/06\/logo_labted.png 310w, https:\/\/sites.uel.br\/prograd\/wp-content\/uploads\/2024\/06\/logo_labted-300x133.png 300w\" sizes=\"auto, (max-width: 310px) 100vw, 310px\" \/><figcaption class=\"wp-element-caption\">Imagem: Site &#8211; LABTED<\/figcaption><\/figure>\n<\/div>\n\n\n<p><strong>Laborat\u00f3rio de Tecnologia Educacional &#8211; LABTED<\/strong><\/p>\n\n\n\n<p>O Laborat\u00f3rio de Tecnologia Educacional (LABTED) atua h\u00e1 quase quatro d\u00e9cadas na \u00e1rea de Educa\u00e7\u00e3o, oferecendo apoio pedag\u00f3gico \u00e0 comunidade interna e externa da Universidade Estadual de Londrina, assim como servi\u00e7os ligados ao uso de tecnologia na educa\u00e7\u00e3o.<\/p>\n\n\n\n<p>A unidade proporciona aprimoramento aos professores e alunos em estrat\u00e9gias de ensino, cria\u00e7\u00e3o e uso de materiais did\u00e1ticos. Os setores educacional, produ\u00e7\u00e3o, arte, midiateca, secretaria e opera\u00e7\u00e3o se unem na oferta de cursos, palestras, orienta\u00e7\u00e3o individual ou em grupo, suporte t\u00e9cnico, fornecimento de material de apoio ou recursos pedag\u00f3gicos, tanto para alunos como para docentes e pesquisadores.<\/p>\n\n\n\n<p>Um aluno com dificuldades em apresentar um semin\u00e1rio ou um professor que queira aprimorar os m\u00e9todos de ensino, tem todo o suporte no atendimento individual e possui acesso a cursos e v\u00eddeos espec\u00edficos oferecidos no setor. Grava\u00e7\u00f5es e transmiss\u00f5es de aulas e eventos, produ\u00e7\u00f5es e edi\u00e7\u00f5es de programas institucionais e informativos s\u00e3o de responsabilidade da equipe de produ\u00e7\u00e3o e de opera\u00e7\u00e3o audiovisual. O setor de arte, por sua vez, \u00e9 o respons\u00e1vel pela programa\u00e7\u00e3o visual de projetos como: identidade visual, diagrama\u00e7\u00e3o, pe\u00e7as gr\u00e1ficas institucionais, ilustra\u00e7\u00e3o, apresenta\u00e7\u00e3o multim\u00eddia e outros.<\/p>\n\n\n\n<p>O LABTED, por meio do NEAD &#8211; UEL, atua tamb\u00e9m no ensino de Educa\u00e7\u00e3o a Dist\u00e2ncia (EAD), gerando aprimoramento dos recursos humanos e promo\u00e7\u00e3o da cultura da EAD na institui\u00e7\u00e3o.<\/p>\n\n\n\n<p>O N\u00facleo de Educa\u00e7\u00e3o \u00e0 Dist\u00e2ncia da Universidade Estadual de Londrina (NEAD-UEL) foi criado em 8 de abril de 2009, por meio da Resolu\u00e7\u00e3o CA\/CU n\u00ba 69\/2009.<\/p>\n\n\n\n<p>Tem como objetivos: oportunizar a democratiza\u00e7\u00e3o do conhecimento, por meio do acesso ao saber acad\u00eamico; estimular e apoiar a\u00e7\u00f5es de educa\u00e7\u00e3o \u00e0 dist\u00e2ncia; incentivar o uso de ferramentas e tecnologias de informa\u00e7\u00e3o e comunica\u00e7\u00e3o, visando a melhoria da qualidade do ensino, da pesquisa e da extens\u00e3o; propor pol\u00edtica de est\u00edmulo \u00e0 produ\u00e7\u00e3o cient\u00edfica em educa\u00e7\u00e3o \u00e0 dist\u00e2ncia; e, buscar parcerias e recursos para o desenvolvimento de educa\u00e7\u00e3o a dist\u00e2ncia.<\/p>\n\n\n\n<p>O NEAD da UEL oferta cursos na modalidade de educa\u00e7\u00e3o a dist\u00e2ncia, promove a capacita\u00e7\u00e3o de servidores para atuarem em educa\u00e7\u00e3o a dist\u00e2ncia, assessora as iniciativas em educa\u00e7\u00e3o a dist\u00e2ncia e desenvolve projetos e parcerias em EAD \u2013 Educa\u00e7\u00e3o a Dist\u00e2ncia com outras institui\u00e7\u00f5es. Contatos pelo telefone: (43) 3371-4518&nbsp;ou pelo site: <a href=\"https:\/\/www.labted.net\/\" target=\"_blank\" rel=\"noreferrer noopener\">https:\/\/www.labted.net<\/a>.<\/p>\n\n\n\n<p><a href=\"https:\/\/sites.uel.br\/prograd\/wp-content\/uploads\/documentos\/resolucoes\/2009\/resolucao_69_09.pdf\" target=\"_blank\" rel=\"noreferrer noopener\">Clique para para consultar a Resolu\u00e7\u00e3o CU\/CA n\u00ba 69\/2009<\/a>.<\/p>\n\n\n\n<div style=\"height:20px\" aria-hidden=\"true\" class=\"wp-block-spacer\"><\/div>\n\n\n\n<p><strong><a><\/a>Midiateca &#8211; LABTED<\/strong><\/p>\n\n\n\n<p>A Midiateca constitui um acervo bastante amplo de recursos de apoio ao ensino, com empr\u00e9stimo de v\u00eddeos de car\u00e1ter informativo, instrucional, document\u00e1rios e outros. Possui atualmente cerca de 5 mil t\u00edtulos de v\u00eddeos em DVDs, que est\u00e3o \u00e0 disposi\u00e7\u00e3o de seus usu\u00e1rios, docentes e discentes da UEL, para o desenvolvimento de suas atividades educacionais.<\/p>\n\n\n\n<p>Outras informa\u00e7\u00f5es de interesse poder\u00e3o ser obtidas por meio do site: <a href=\"https:\/\/www.labted.net\/midiateca\" target=\"_blank\" rel=\"noreferrer noopener\">https:\/\/www.labted.net\/midiateca<\/a>.<\/p>\n\n\n\n<div style=\"height:20px\" aria-hidden=\"true\" class=\"wp-block-spacer\"><\/div>\n\n\n\n<p><strong><a><\/a>Assessoria de Rela\u00e7\u00f5es Internacionais &#8211; ARI<\/strong><\/p>\n\n\n\n<p>A Assessoria de Rela\u00e7\u00f5es Internacionais (ARI) \u00e9 um \u00f3rg\u00e3o vinculado ao Gabinete da Reitoria da UEL, que desempenha papel fundamental visando a formula\u00e7\u00e3o e gerenciamento de a\u00e7\u00f5es, acordos e conv\u00eanios que viabilizam a coopera\u00e7\u00e3o acad\u00eamica internacional em suas v\u00e1rias formas. Para esse fim busca, identificar oportunidades para o fortalecimento da internacionaliza\u00e7\u00e3o da Universidade, assim como busca auxiliar estudantes e docentes em suas propostas de coopera\u00e7\u00e3o internacional, apoiar iniciativas de interc\u00e2mbio de integrantes da comunidade universit\u00e1ria e dar apoio a visitantes estrangeiros. Tamb\u00e9m visa apoiar os n\u00facleos de estudos espec\u00edficos de tem\u00e1ticas internacionais, tanto aqueles j\u00e1 existentes como os que surgirem. Em linhas gerais, suas atividades s\u00e3o direcionadas para atingir cinco objetivos principais: (1) Adotar a internacionaliza\u00e7\u00e3o como eixo transversal das a\u00e7\u00f5es de ensino, pesquisa e extens\u00e3o da Universidade; (2) Aperfei\u00e7oar mecanismos de incentivo, formaliza\u00e7\u00e3o e reconhecimento das a\u00e7\u00f5es de internacionaliza\u00e7\u00e3o; (3) Incrementar as atividades de internacionaliza\u00e7\u00e3o &#8220;em casa&#8221;; (4) Incrementar as a\u00e7\u00f5es de internacionaliza\u00e7\u00e3o no exterior; e (5) Dar suporte institucional e visibilidade a a\u00e7\u00f5es integradas de internacionaliza\u00e7\u00e3o da Universidade.<br><br>Mais informa\u00e7\u00f5es sobre a ARI da UEL: <a href=\"http:\/\/www.uel.br\/ari\/\" target=\"_blank\" rel=\"noreferrer noopener\">http:\/\/www.uel.br\/ari<\/a>.<br><\/p>\n\n\n\n<div style=\"height:20px\" aria-hidden=\"true\" class=\"wp-block-spacer\"><\/div>\n\n\n\n<p><strong>N\u00facleo de Estudos da Cultura Japonesa &#8211; NECJ<\/strong><\/p>\n\n\n\n<p>O NECJ tem por objetivo o estudo e a pesquisa sobre a l\u00edngua e a cultura japonesa; presta servi\u00e7os \u00e0 comunidade nas \u00e1reas desses conhecimentos; promove interc\u00e2mbio de estudantes, professores e pesquisadores com Universidades do Jap\u00e3o desde 1978.<br><br>Visa a realiza\u00e7\u00e3o de trabalhos de coopera\u00e7\u00e3o cient\u00edfica, tecnol\u00f3gica, econ\u00f4mica e s\u00f3cio-cultural como importante iniciativa no processo de desenvolvimento nacional e fortalecimento dos la\u00e7os de amizade entre Brasil e o Jap\u00e3o.<\/p>\n\n\n\n<p>Local &#8211; cal\u00e7ad\u00e3o em frente ao Departamento de F\u00edsica<br>Telefone &#8211; (43) 3371-4189<\/p>\n\n\n\n<p>Outras informa\u00e7\u00f5es de interesse poder\u00e3o ser obtidas por meio do site: <a href=\"https:\/\/sites.uel.br\/pdi\/nucleo-de-estudos-da-cultura-japonesa\/\" target=\"_blank\" rel=\"noreferrer noopener\">https:\/\/sites.uel.br\/pdi\/nucleo-de-estudos-da-cultura-japonesa<\/a>.<\/p>\n\n\n\n<div style=\"height:20px\" aria-hidden=\"true\" class=\"wp-block-spacer\"><\/div>\n\n\n<div class=\"wp-block-image\">\n<figure class=\"aligncenter size-full\"><img loading=\"lazy\" decoding=\"async\" width=\"250\" height=\"318\" src=\"https:\/\/sites.uel.br\/prograd\/wp-content\/uploads\/2024\/06\/logo_neab.jpg\" alt=\"\" class=\"wp-image-30611\" srcset=\"https:\/\/sites.uel.br\/prograd\/wp-content\/uploads\/2024\/06\/logo_neab.jpg 250w, https:\/\/sites.uel.br\/prograd\/wp-content\/uploads\/2024\/06\/logo_neab-236x300.jpg 236w\" sizes=\"auto, (max-width: 250px) 100vw, 250px\" \/><figcaption class=\"wp-element-caption\">Imagem: Site NEAB<\/figcaption><\/figure>\n<\/div>\n\n\n<p><strong>N\u00facleo de Estudos Afro-Brasileiro &#8211; NEAB<\/strong><\/p>\n\n\n\n<p>O N\u00facleo de Estudos Afro-Brasileiro da UEL desenvolve Projetos e atividades de Ensino, Pesquisa e Extens\u00e3o ligados aos temas das Rela\u00e7\u00f5es \u00c9tnico-Raciais, notadamente referentes \u00e0 Hist\u00f3ria e Cultura Afro-Brasileira e Africana.<br><br>Destacam-se ainda as a\u00e7\u00f5es e os estudos voltados \u00e0s pol\u00edticas de A\u00e7\u00e3o Afirmativa e aos temas referentes ao racismo e a migra\u00e7\u00e3o da popula\u00e7\u00e3o negra.<br><br>O NEAB-UEL ocupa a sede hist\u00f3rica, Casa Dona Vilma, localizada no Cal\u00e7ad\u00e3o da Universidade.<br><br>Atendimento: de segunda a sexta-feira, das 9:00 \u00e0s 12:00 e das 14:00 \u00e0s 17:00.<br><br>E-mail:&nbsp;<a rel=\"noreferrer noopener\" href=\"mailto:neab@uel.br\" target=\"_blank\">neab@uel.br<\/a><br><br>Telefone: (43) 3371-4599 ou 3371-4679<\/p>\n\n\n\n<p>Outras informa\u00e7\u00f5es de interesse poder\u00e3o ser obtidas por meio do site: <a href=\"http:\/\/www.uel.br\/ari\/pages\/quem-somos\/neab-nucleo-de-estudos-afro-brasileiros.php\" target=\"_blank\" rel=\"noreferrer noopener\">http:\/\/www.uel.br\/ari\/pages\/quem-somos\/neab-nucleo-de-estudos-afro-brasileiros.php<\/a>.<\/p>\n\n\n\n<div style=\"height:20px\" aria-hidden=\"true\" class=\"wp-block-spacer\"><\/div>\n\n\n<div class=\"wp-block-image\">\n<figure class=\"aligncenter size-full\"><img loading=\"lazy\" decoding=\"async\" width=\"569\" height=\"416\" src=\"https:\/\/sites.uel.br\/prograd\/wp-content\/uploads\/2024\/06\/eaaj.jpg\" alt=\"\" class=\"wp-image-30613\" srcset=\"https:\/\/sites.uel.br\/prograd\/wp-content\/uploads\/2024\/06\/eaaj.jpg 569w, https:\/\/sites.uel.br\/prograd\/wp-content\/uploads\/2024\/06\/eaaj-300x219.jpg 300w\" sizes=\"auto, (max-width: 569px) 100vw, 569px\" \/><figcaption class=\"wp-element-caption\">Foto: Google<\/figcaption><\/figure>\n<\/div>\n\n\n<p><strong>Escrit\u00f3rio de Aplica\u00e7\u00e3o de Assuntos Jur\u00eddicos &#8211; EAAJ<\/strong><br><br>O EAAJ \u00e9 um \u00d3rg\u00e3o Suplementar do CESA, presta assist\u00eancia jur\u00eddica \u00e0 popula\u00e7\u00e3o economicamente carente de Londrina, permitindo-lhe acesso \u00e0 justi\u00e7a e consequentemente ao exerc\u00edcio da cidadania, e ao mesmo tempo \u00e9 campo de est\u00e1gio para os estudantes do Curso de Direito, Servi\u00e7o Social e Psicologia, da UEL. Situado na Rua Brasil, 742 &#8211; Centro, os servi\u00e7os jur\u00eddicos prestados s\u00e3o realizados por 474 estudantes, e atendendo-se casos como: separa\u00e7\u00e3o, alimentos, invent\u00e1rios, despejos, criminais, trabalhistas e outros. Informa\u00e7\u00f5es pelo telefone: 3371-5188 ou pelo e-mail:&nbsp;<a href=\"mailto:eaajur@uel.br\">eaajur@uel.br<\/a>&nbsp;ou pelo site: <a href=\"https:\/\/sites.uel.br\/eaaj\/\" target=\"_blank\" rel=\"noreferrer noopener\">https:\/\/sites.uel.br\/eaaj<\/a>.<\/p>\n\n\n\n<div style=\"height:20px\" aria-hidden=\"true\" class=\"wp-block-spacer\"><\/div>\n\n\n<div class=\"wp-block-image\">\n<figure class=\"aligncenter size-full is-resized\"><img loading=\"lazy\" decoding=\"async\" width=\"192\" height=\"146\" src=\"https:\/\/sites.uel.br\/prograd\/wp-content\/uploads\/2024\/06\/logo_nafi.png\" alt=\"\" class=\"wp-image-30615\" style=\"width:192px;height:146px\"\/><figcaption class=\"wp-element-caption\">Imagem: Site NAFI<\/figcaption><\/figure>\n<\/div>\n\n\n<p><strong>N\u00facleo de Atividades F\u00edsicas &#8211; NAFI<\/strong><br><br>Voc\u00ea pode participar das atividade f\u00edsicas ofertadas pelo Centro de Educa\u00e7\u00e3o F\u00edsica e Desportos atrav\u00e9s do Programa de Atividade F\u00edsica &#8211; NAFI, mediante uma taxa. O CEFE conta com duas piscinas internas (aquecidas), quadras esportivas externas, gin\u00e1sio poliesportivo interno, aparelhos de gin\u00e1stica e muscula\u00e7\u00e3o, campos de futebol e salas de gin\u00e1stica e dan\u00e7a. Para ficar em forma, entre em contato com o pessoal do NAFI, escolha a modalidade que mais lhe agrada e usufrua sua energia! Fone: 3371-4143 ou por e-mail:&nbsp;<a href=\"mailto:nafi@uel.br\">nafi@uel.br<\/a>.<\/p>\n\n\n\n<p>Outras informa\u00e7\u00f5es de interesse poder\u00e3o ser obtidas por meio do site: <a href=\"https:\/\/www.uel.br\/cefe\/nafi\/\" target=\"_blank\" rel=\"noreferrer noopener\">https:\/\/www.uel.br\/cefe\/nafi<\/a>.<\/p>\n","protected":false},"excerpt":{"rendered":"<p>Recursos Acad\u00eamicos A UEL se preocupa, al\u00e9m da forma\u00e7\u00e3o profissional de seus estudantes, com o seu bem-estar. A seguir, apresentamos os recursos acad\u00eamicos dispon\u00edveis e a estrutura de servi\u00e7os que dar\u00e3o suporte para que sua trajet\u00f3ria aqui na UEL se torne a mais significativa poss\u00edvel. Bibliotecas O Sistema de Bibliotecas da Universidade Estadual de Londrina [&hellip;]<\/p>\n","protected":false},"author":8,"featured_media":0,"parent":0,"menu_order":0,"comment_status":"closed","ping_status":"closed","template":"","meta":{"_acf_changed":false,"_themeisle_gutenberg_block_has_review":false,"footnotes":""},"class_list":["post-1719","page","type-page","status-publish","hentry"],"acf":[],"_links":{"self":[{"href":"https:\/\/sites.uel.br\/prograd\/wp-json\/wp\/v2\/pages\/1719","targetHints":{"allow":["GET"]}}],"collection":[{"href":"https:\/\/sites.uel.br\/prograd\/wp-json\/wp\/v2\/pages"}],"about":[{"href":"https:\/\/sites.uel.br\/prograd\/wp-json\/wp\/v2\/types\/page"}],"author":[{"embeddable":true,"href":"https:\/\/sites.uel.br\/prograd\/wp-json\/wp\/v2\/users\/8"}],"replies":[{"embeddable":true,"href":"https:\/\/sites.uel.br\/prograd\/wp-json\/wp\/v2\/comments?post=1719"}],"version-history":[{"count":107,"href":"https:\/\/sites.uel.br\/prograd\/wp-json\/wp\/v2\/pages\/1719\/revisions"}],"predecessor-version":[{"id":36774,"href":"https:\/\/sites.uel.br\/prograd\/wp-json\/wp\/v2\/pages\/1719\/revisions\/36774"}],"wp:attachment":[{"href":"https:\/\/sites.uel.br\/prograd\/wp-json\/wp\/v2\/media?parent=1719"}],"curies":[{"name":"wp","href":"https:\/\/api.w.org\/{rel}","templated":true}]}}