{"id":10738,"date":"2023-06-20T15:17:22","date_gmt":"2023-06-20T18:17:22","guid":{"rendered":"https:\/\/sites.uel.br\/prograd\/?page_id=10738"},"modified":"2024-04-03T14:33:37","modified_gmt":"2024-04-03T17:33:37","slug":"catalogo-dos-cursos-de-graduacao-2014-matematica-bacharelado-e-bacharelado-em-matematica-empresarial-e-licenciatura","status":"publish","type":"page","link":"https:\/\/sites.uel.br\/prograd\/catalogo-dos-cursos-de-graduacao-2014-matematica-bacharelado-e-bacharelado-em-matematica-empresarial-e-licenciatura\/","title":{"rendered":"Cat\u00e1logo dos Cursos de Gradua\u00e7\u00e3o (2014)"},"content":{"rendered":"\n<hr class=\"wp-block-separator has-alpha-channel-opacity is-style-wide\"\/>\n\n\n\n<h2 class=\"wp-block-heading\">Matem\u00e1tica \u2013 Bacharelado e Bacharelado em Matem\u00e1tica Empresarial e Licenciatura<\/h2>\n\n\n\n<p>Informa\u00e7\u00f5es do Curso<br>(<a href=\"https:\/\/sites.uel.br\/prograd\/wp-content\/uploads\/catalogo_cursos\/2014\/informacoes_cursos\/matematica.pdf\" target=\"_blank\" rel=\"noreferrer noopener\">Bacharelado e Licenciatura<\/a>) (<a href=\"https:\/\/sites.uel.br\/prograd\/wp-content\/uploads\/catalogo_cursos\/indisponivel.pdf\" target=\"_blank\" rel=\"noreferrer noopener\">Matem\u00e1tica Empresarial<\/a>)<\/p>\n\n\n\n<p>Organiza\u00e7\u00e3o Curricular<br>(<a href=\"https:\/\/sites.uel.br\/prograd\/wp-content\/uploads\/catalogo_cursos\/2014\/organizacao_curricular\/matematica_bacharelado.pdf\" target=\"_blank\" rel=\"noreferrer noopener\">Bacharelado<\/a>) (<a href=\"https:\/\/sites.uel.br\/prograd\/wp-content\/uploads\/catalogo_cursos\/2014\/organizacao_curricular\/matematica_licenciatura.pdf\" target=\"_blank\" rel=\"noreferrer noopener\">Licenciatura<\/a>) (<a href=\"https:\/\/sites.uel.br\/prograd\/wp-content\/uploads\/catalogo_cursos\/2014\/organizacao_curricular\/matematica_bacharelado_empresarial.pdf\" target=\"_blank\" rel=\"noreferrer noopener\">Matem\u00e1tica Empresarial<\/a>)<\/p>\n\n\n\n<p>Ementas<br>(<a href=\"https:\/\/sites.uel.br\/prograd\/wp-content\/uploads\/catalogo_cursos\/2014\/ementas\/matematica_bacharelado.pdf\" target=\"_blank\" rel=\"noreferrer noopener\">Bacharelado e Matem\u00e1tica Empresarial<\/a>) (<a href=\"https:\/\/sites.uel.br\/prograd\/wp-content\/uploads\/catalogo_cursos\/2014\/ementas\/matematica_licenciatura.pdf\" target=\"_blank\" rel=\"noreferrer noopener\">Licenciatura<\/a>)<\/p>\n\n\n\n<p><a href=\"https:\/\/sites.uel.br\/prograd\/wp-content\/uploads\/catalogo_cursos\/2014\/corpo_docente\/matematica.pdf\" target=\"_blank\" rel=\"noreferrer noopener\">Corpo Docente<\/a><\/p>\n\n\n\n<p><a href=\"https:\/\/sites.uel.br\/prograd\/wp-content\/uploads\/catalogo_cursos\/2014\/estrutura_recursos\/cce.pdf\" target=\"_blank\" rel=\"noreferrer noopener\">Estrutura\/Recursos<\/a><\/p>\n","protected":false},"excerpt":{"rendered":"<p>Matem\u00e1tica \u2013 Bacharelado e Bacharelado em Matem\u00e1tica Empresarial e Licenciatura Informa\u00e7\u00f5es do Curso(Bacharelado e Licenciatura) (Matem\u00e1tica Empresarial) Organiza\u00e7\u00e3o Curricular(Bacharelado) (Licenciatura) (Matem\u00e1tica Empresarial) Ementas(Bacharelado e Matem\u00e1tica Empresarial) (Licenciatura) Corpo Docente Estrutura\/Recursos<\/p>\n","protected":false},"author":8,"featured_media":0,"parent":0,"menu_order":0,"comment_status":"closed","ping_status":"closed","template":"","meta":{"_acf_changed":false,"_themeisle_gutenberg_block_has_review":false,"footnotes":""},"class_list":["post-10738","page","type-page","status-publish","hentry"],"acf":[],"_links":{"self":[{"href":"https:\/\/sites.uel.br\/prograd\/wp-json\/wp\/v2\/pages\/10738","targetHints":{"allow":["GET"]}}],"collection":[{"href":"https:\/\/sites.uel.br\/prograd\/wp-json\/wp\/v2\/pages"}],"about":[{"href":"https:\/\/sites.uel.br\/prograd\/wp-json\/wp\/v2\/types\/page"}],"author":[{"embeddable":true,"href":"https:\/\/sites.uel.br\/prograd\/wp-json\/wp\/v2\/users\/8"}],"replies":[{"embeddable":true,"href":"https:\/\/sites.uel.br\/prograd\/wp-json\/wp\/v2\/comments?post=10738"}],"version-history":[{"count":6,"href":"https:\/\/sites.uel.br\/prograd\/wp-json\/wp\/v2\/pages\/10738\/revisions"}],"predecessor-version":[{"id":26230,"href":"https:\/\/sites.uel.br\/prograd\/wp-json\/wp\/v2\/pages\/10738\/revisions\/26230"}],"wp:attachment":[{"href":"https:\/\/sites.uel.br\/prograd\/wp-json\/wp\/v2\/media?parent=10738"}],"curies":[{"name":"wp","href":"https:\/\/api.w.org\/{rel}","templated":true}]}}