{"id":7832,"date":"2026-03-25T16:06:22","date_gmt":"2026-03-25T19:06:22","guid":{"rendered":"https:\/\/sites.uel.br\/proex\/?page_id=7832"},"modified":"2026-03-26T14:46:38","modified_gmt":"2026-03-26T17:46:38","slug":"2-forum-aex-uel","status":"publish","type":"page","link":"https:\/\/sites.uel.br\/proex\/2-forum-aex-uel\/","title":{"rendered":"2\u00b0 F\u00d3RUM AEX UEL"},"content":{"rendered":"\n<div style=\"height:10px\" aria-hidden=\"true\" class=\"wp-block-spacer\"><\/div>\n\n\n<div class=\"wp-block-image\">\n<figure class=\"aligncenter size-full is-resized\"><img loading=\"lazy\" decoding=\"async\" width=\"720\" height=\"281\" src=\"https:\/\/sites.uel.br\/proex\/wp-content\/uploads\/2026\/03\/image.png\" alt=\"\" class=\"wp-image-7856\" style=\"width:382px;height:auto\" srcset=\"https:\/\/sites.uel.br\/proex\/wp-content\/uploads\/2026\/03\/image.png 720w, https:\/\/sites.uel.br\/proex\/wp-content\/uploads\/2026\/03\/image-300x117.png 300w\" sizes=\"auto, (max-width: 720px) 100vw, 720px\" \/><\/figure>\n<\/div>\n\n\n<div style=\"height:10px\" aria-hidden=\"true\" class=\"wp-block-spacer\"><\/div>\n\n\n\n<p><strong>2\u00b0 F\u00d3RUM AEX UEL<\/strong> &#8211; <strong>F\u00f3rum de Acompanhamento, Discuss\u00e3o e Avalia\u00e7\u00e3o da Credita\u00e7\u00e3o Curricular da Extens\u00e3o<\/strong>, chega com sua 2\u00b0 edi\u00e7\u00e3o, buscando refor\u00e7ar a troca conhecimentos e experi\u00eancias entre docentes, discentes e Coordenadores de Curso e de Extens\u00e3o, e avaliar o andamento do processo de implanta\u00e7\u00e3o das AEX dos cursos.<\/p>\n\n\n\n<p>Agora, apresentando as novas <strong>Regulamenta\u00e7\u00f5es de Programas e Projetos<\/strong>, <strong>Empresas Juniores<\/strong>, <strong>Cursos e Eventos<\/strong>; as <strong>Novas Funcionalidades do Sistema de Credita\u00e7\u00e3o da Extens\u00e3o<\/strong> e os <strong>Acompanhamento da Implanta\u00e7\u00e3o da Credita\u00e7\u00e3o<\/strong> <strong>Curricular da Extens\u00e3o<\/strong>,&nbsp; al\u00e9m de refor\u00e7ar a import\u00e2ncia da <strong>Credita\u00e7\u00e3o Curricular da Extens\u00e3o<\/strong> no \u00e2mbito universit\u00e1rio e na forma\u00e7\u00e3o acad\u00eamica.<\/p>\n\n\n\n<blockquote class=\"wp-block-quote is-layout-flow wp-block-quote-is-layout-flow\">\n<p><strong>PROGRAMA\u00c7\u00c3O<\/strong><\/p>\n<\/blockquote>\n\n\n\n<div class=\"wp-block-group is-layout-grid wp-container-core-group-is-layout-9649a0d9 wp-block-group-is-layout-grid\">\n<figure class=\"wp-block-image size-large wp-container-content-e29552f7\"><img loading=\"lazy\" decoding=\"async\" width=\"959\" height=\"1024\" src=\"https:\/\/sites.uel.br\/proex\/wp-content\/uploads\/2026\/03\/Captura-de-tela-2026-03-25-155646-959x1024.png\" alt=\"\" class=\"wp-image-7861\" srcset=\"https:\/\/sites.uel.br\/proex\/wp-content\/uploads\/2026\/03\/Captura-de-tela-2026-03-25-155646-959x1024.png 959w, https:\/\/sites.uel.br\/proex\/wp-content\/uploads\/2026\/03\/Captura-de-tela-2026-03-25-155646-281x300.png 281w, https:\/\/sites.uel.br\/proex\/wp-content\/uploads\/2026\/03\/Captura-de-tela-2026-03-25-155646-768x820.png 768w, https:\/\/sites.uel.br\/proex\/wp-content\/uploads\/2026\/03\/Captura-de-tela-2026-03-25-155646.png 996w\" sizes=\"auto, (max-width: 959px) 100vw, 959px\" \/><\/figure>\n\n\n\n<figure class=\"wp-block-image size-large wp-container-content-5f80b302\"><img loading=\"lazy\" decoding=\"async\" width=\"1024\" height=\"743\" src=\"https:\/\/sites.uel.br\/proex\/wp-content\/uploads\/2026\/03\/Captura-de-tela-2026-03-25-155220-1-1024x743.png\" alt=\"\" class=\"wp-image-7862\" srcset=\"https:\/\/sites.uel.br\/proex\/wp-content\/uploads\/2026\/03\/Captura-de-tela-2026-03-25-155220-1-1024x743.png 1024w, https:\/\/sites.uel.br\/proex\/wp-content\/uploads\/2026\/03\/Captura-de-tela-2026-03-25-155220-1-300x218.png 300w, https:\/\/sites.uel.br\/proex\/wp-content\/uploads\/2026\/03\/Captura-de-tela-2026-03-25-155220-1-768x557.png 768w, https:\/\/sites.uel.br\/proex\/wp-content\/uploads\/2026\/03\/Captura-de-tela-2026-03-25-155220-1.png 1152w\" sizes=\"auto, (max-width: 1024px) 100vw, 1024px\" \/><\/figure>\n<\/div>\n\n\n\n<div style=\"height:10px\" aria-hidden=\"true\" class=\"wp-block-spacer\"><\/div>\n\n\n\n<blockquote class=\"wp-block-quote is-layout-flow wp-block-quote-is-layout-flow\">\n<p><strong><a href=\"https:\/\/sites.uel.br\/proex\/wp-content\/uploads\/2026\/03\/2-Forum-CREDITACAO-CURRICULAR-DA-EXTENSAO-21-de-agosto-de-2025.pdf\">Conte\u00fado ministrado<\/a><\/strong><\/p>\n<\/blockquote>\n\n\n\n<div style=\"height:8px\" aria-hidden=\"true\" class=\"wp-block-spacer\"><\/div>\n\n\n\n<blockquote class=\"wp-block-quote is-layout-flow wp-block-quote-is-layout-flow\">\n<p><strong>Leia mais sobre o Evento: <a href=\"https:\/\/operobal.uel.br\/extensao\/2025\/08\/26\/uel-promove-2o-forum-aex-e-apresenta-novidades-no-sistema-de-creditacao-da-extensao\/\">UEL promove 2\u00ba F\u00f3rum AEX e apresenta novidades no sistema de credita\u00e7\u00e3o da extens\u00e3o<\/a><\/strong><\/p>\n<\/blockquote>\n\n\n\n<p><\/p>\n","protected":false},"excerpt":{"rendered":"<p>2\u00b0 F\u00d3RUM AEX UEL &#8211; F\u00f3rum de Acompanhamento, Discuss\u00e3o e Avalia\u00e7\u00e3o da Credita\u00e7\u00e3o Curricular da Extens\u00e3o, chega com sua 2\u00b0 edi\u00e7\u00e3o, buscando refor\u00e7ar a troca conhecimentos e experi\u00eancias entre docentes, discentes e Coordenadores de Curso e de Extens\u00e3o, e avaliar o andamento do processo de implanta\u00e7\u00e3o das AEX dos cursos. Agora, apresentando as novas Regulamenta\u00e7\u00f5es [&hellip;]<\/p>\n","protected":false},"author":9,"featured_media":0,"parent":0,"menu_order":0,"comment_status":"closed","ping_status":"closed","template":"","meta":{"_acf_changed":false,"_themeisle_gutenberg_block_has_review":false,"footnotes":""},"class_list":["post-7832","page","type-page","status-publish","hentry"],"acf":[],"_links":{"self":[{"href":"https:\/\/sites.uel.br\/proex\/wp-json\/wp\/v2\/pages\/7832","targetHints":{"allow":["GET"]}}],"collection":[{"href":"https:\/\/sites.uel.br\/proex\/wp-json\/wp\/v2\/pages"}],"about":[{"href":"https:\/\/sites.uel.br\/proex\/wp-json\/wp\/v2\/types\/page"}],"author":[{"embeddable":true,"href":"https:\/\/sites.uel.br\/proex\/wp-json\/wp\/v2\/users\/9"}],"replies":[{"embeddable":true,"href":"https:\/\/sites.uel.br\/proex\/wp-json\/wp\/v2\/comments?post=7832"}],"version-history":[{"count":8,"href":"https:\/\/sites.uel.br\/proex\/wp-json\/wp\/v2\/pages\/7832\/revisions"}],"predecessor-version":[{"id":7900,"href":"https:\/\/sites.uel.br\/proex\/wp-json\/wp\/v2\/pages\/7832\/revisions\/7900"}],"wp:attachment":[{"href":"https:\/\/sites.uel.br\/proex\/wp-json\/wp\/v2\/media?parent=7832"}],"curies":[{"name":"wp","href":"https:\/\/api.w.org\/{rel}","templated":true}]}}