{"id":5864,"date":"2025-04-11T13:35:21","date_gmt":"2025-04-11T16:35:21","guid":{"rendered":"https:\/\/sites.uel.br\/proex\/?page_id=5864"},"modified":"2025-08-01T15:26:00","modified_gmt":"2025-08-01T18:26:00","slug":"seurs-2025","status":"publish","type":"page","link":"https:\/\/sites.uel.br\/proex\/seurs-2025\/","title":{"rendered":"SEURS 2025"},"content":{"rendered":"<div class=\"wp-block-image\">\n<figure class=\"alignleft size-large\"><img loading=\"lazy\" decoding=\"async\" width=\"1024\" height=\"90\" src=\"https:\/\/sites.uel.br\/proex\/wp-content\/uploads\/2025\/04\/image-5-1024x90.jpg\" alt=\"\" class=\"wp-image-5874\" srcset=\"https:\/\/sites.uel.br\/proex\/wp-content\/uploads\/2025\/04\/image-5-1024x90.jpg 1024w, https:\/\/sites.uel.br\/proex\/wp-content\/uploads\/2025\/04\/image-5-300x26.jpg 300w, https:\/\/sites.uel.br\/proex\/wp-content\/uploads\/2025\/04\/image-5-768x68.jpg 768w, https:\/\/sites.uel.br\/proex\/wp-content\/uploads\/2025\/04\/image-5.jpg 1240w\" sizes=\"auto, (max-width: 1024px) 100vw, 1024px\" \/><\/figure>\n<\/div>\n\n\n<p>A 43\u00aa edi\u00e7\u00e3o do Semin\u00e1rio de Extens\u00e3o Universit\u00e1ria da Regi\u00e3o Sul (SEURS) ser\u00e1 realizada na Cidade de Lages (SC), sediada pela Universidade do Estado de Santa Catarina (UDESC), por meio da Pr\u00f3-Reitoria de Extens\u00e3o, Cultura e Comunidade (PROEX) em parceria com o seu Centro de Ci\u00eancias Agroveterin\u00e1rias (CAV). O evento ocorrer\u00e1 no Centro Serra \u2013 Centro de Conven\u00e7\u00f5es de Lages (abertura e encerramento) e nos pr\u00e9dios dos cursos de Agronomia e Engenharia Florestal do CAV.<\/p>\n\n\n\n<p><\/p>\n\n\n\n<p>Com o tema \u201cExtens\u00e3o e justi\u00e7a socioambiental na transforma\u00e7\u00e3o dos territ\u00f3rios\u201d, esta edi\u00e7\u00e3o busca refletir sobre o papel das pr\u00e1ticas extensionistas frente \u00e0 sindemia global identificada no relat\u00f3rio The Lancet (2019), abordando desnutri\u00e7\u00e3o, obesidade e mudan\u00e7as clim\u00e1ticas. Destaca-se a import\u00e2ncia da justi\u00e7a socioambiental, seguran\u00e7a alimentar, sustentabilidade territorial e comunit\u00e1ria na constru\u00e7\u00e3o de futuros socialmente justos e ambientalmente sustent\u00e1veis.<\/p>\n\n\n\n<p>O evento contar\u00e1 com as modalidades de Tert\u00falias, P\u00f4steres e Oficinas, al\u00e9m da Confer\u00eancia de Abertura, Mesas Redondas e atividades culturais.<\/p>\n\n\n\n<p><\/p>\n\n\n\n<p><strong><a href=\"https:\/\/sites.uel.br\/proex\/wp-content\/uploads\/2025\/05\/Edital_Proex_223-2025_SELECAO_INTERNA_UEL_SEURS_43_RESULTADO_13_5_2025-_assinado.pdf\">EDITAL PROEX 223\/2025 &#8211; RESULTADO DA SELE\u00c7\u00c3O INTERNA UEL: 43\u00ba SEURS<\/a><\/strong><\/p>\n\n\n\n<p><strong><a href=\"https:\/\/sites.uel.br\/proex\/wp-content\/uploads\/2025\/04\/WhatsApp-Image-2025-04-30-at-16.22.59.jpeg\" data-type=\"link\" data-id=\"https:\/\/sites.uel.br\/proex\/wp-content\/uploads\/2025\/04\/WhatsApp-Image-2025-04-30-at-16.22.59.jpeg\">PRORROGA\u00c7\u00c3O DA DATA LIMITE DE ENVIO DO RESUMO PARA A SELE\u00c7\u00c3O INTERNA DA UEL. AT\u00c9: 04\/05\/2025<\/a><\/strong><\/p>\n\n\n\n<p><strong><a href=\"https:\/\/sites.uel.br\/proex\/wp-content\/uploads\/2025\/04\/Regulamento_43_SEURS_SELECAO_INTERNA_UEL_2025_assinado_assinado.pdf\" data-type=\"link\" data-id=\"https:\/\/sites.uel.br\/proex\/wp-content\/uploads\/2025\/04\/Regulamento_43_SEURS_SELECAO_INTERNA_UEL_2025_assinado_assinado.pdf\">REGULAMENTO 43\u00ba SEURS &#8211; 2025 &#8211; UEL<\/a><\/strong><\/p>\n\n\n\n<p><strong><a href=\"https:\/\/sites.uel.br\/proex\/wp-content\/uploads\/2025\/04\/Anexo_1_43-SEURS_SELECAO-INTERNA-UEL-2025-1.docx\">ANEXO I &#8211; FORMUL\u00c1RIO DE INSCRI\u00c7\u00c3O PARA SELE\u00c7\u00c3O INTERNA &#8211; UEL <\/a><\/strong><\/p>\n\n\n\n<p><strong><a href=\"https:\/\/sites.uel.br\/proex\/wp-content\/uploads\/2025\/04\/Template_43_SEURS_WORD_.docx\">TEMPLATE 43\u00ba SEURS &#8211; 2025<\/a><\/strong><\/p>\n\n\n\n<p><strong><a href=\"https:\/\/www.canva.com\/design\/DAGkpdKb86E\/8Ynj5yl0d8LVBL8SNl85rA\/edit?utm_content=DAGkpdKb86E&amp;utm_campaign=designshare&amp;utm_medium=link2&amp;utm_source=sharebutton\">TEMPLATE POSTER 43\u00b0 SEURS &#8211; 2025<\/a><\/strong><\/p>\n\n\n\n<p><a href=\"https:\/\/sites.uel.br\/proex\/wp-content\/uploads\/2025\/06\/Rodape-para-DOC.png\"><strong>TEMPLATE &#8211; RODAP\u00c9 LOGOS<\/strong><\/a><\/p>\n\n\n\n<p><strong><a href=\"https:\/\/sites.uel.br\/proex\/wp-content\/uploads\/2025\/04\/43_SEURs_Regulamento_2025.pdf\">REGULAMENTO GERAL 43\u00ba SEURS &#8211; 2025 &#8211; UDESC<\/a><\/strong><\/p>\n\n\n\n<p><\/p>\n\n\n\n<p><strong>DELEGA\u00c7\u00c3O UEL &#8211; SEURS 43\u00b0<\/strong><\/p>\n\n\n\n<figure class=\"wp-block-gallery has-nested-images columns-default is-cropped wp-block-gallery-1 is-layout-flex wp-block-gallery-is-layout-flex\">\n<figure class=\"wp-block-image size-large\"><img loading=\"lazy\" decoding=\"async\" width=\"819\" height=\"1024\" data-id=\"6619\" src=\"https:\/\/sites.uel.br\/proex\/wp-content\/uploads\/2025\/08\/SEURS-1-1-819x1024.jpg\" alt=\"\" class=\"wp-image-6619\" srcset=\"https:\/\/sites.uel.br\/proex\/wp-content\/uploads\/2025\/08\/SEURS-1-1-819x1024.jpg 819w, https:\/\/sites.uel.br\/proex\/wp-content\/uploads\/2025\/08\/SEURS-1-1-240x300.jpg 240w, https:\/\/sites.uel.br\/proex\/wp-content\/uploads\/2025\/08\/SEURS-1-1-768x960.jpg 768w, https:\/\/sites.uel.br\/proex\/wp-content\/uploads\/2025\/08\/SEURS-1-1.jpg 1073w\" sizes=\"auto, (max-width: 819px) 100vw, 819px\" \/><\/figure>\n\n\n\n<figure class=\"wp-block-image size-large\"><img loading=\"lazy\" decoding=\"async\" width=\"819\" height=\"1024\" data-id=\"6618\" src=\"https:\/\/sites.uel.br\/proex\/wp-content\/uploads\/2025\/08\/SEURS-2-1-819x1024.jpg\" alt=\"\" class=\"wp-image-6618\" srcset=\"https:\/\/sites.uel.br\/proex\/wp-content\/uploads\/2025\/08\/SEURS-2-1-819x1024.jpg 819w, https:\/\/sites.uel.br\/proex\/wp-content\/uploads\/2025\/08\/SEURS-2-1-240x300.jpg 240w, https:\/\/sites.uel.br\/proex\/wp-content\/uploads\/2025\/08\/SEURS-2-1-768x960.jpg 768w, https:\/\/sites.uel.br\/proex\/wp-content\/uploads\/2025\/08\/SEURS-2-1.jpg 1073w\" sizes=\"auto, (max-width: 819px) 100vw, 819px\" \/><\/figure>\n\n\n\n<figure class=\"wp-block-image size-large\"><img loading=\"lazy\" decoding=\"async\" width=\"819\" height=\"1024\" data-id=\"6620\" src=\"https:\/\/sites.uel.br\/proex\/wp-content\/uploads\/2025\/08\/SEURS-3-1-819x1024.jpg\" alt=\"\" class=\"wp-image-6620\" srcset=\"https:\/\/sites.uel.br\/proex\/wp-content\/uploads\/2025\/08\/SEURS-3-1-819x1024.jpg 819w, https:\/\/sites.uel.br\/proex\/wp-content\/uploads\/2025\/08\/SEURS-3-1-240x300.jpg 240w, https:\/\/sites.uel.br\/proex\/wp-content\/uploads\/2025\/08\/SEURS-3-1-768x960.jpg 768w, https:\/\/sites.uel.br\/proex\/wp-content\/uploads\/2025\/08\/SEURS-3-1.jpg 1073w\" sizes=\"auto, (max-width: 819px) 100vw, 819px\" \/><\/figure>\n\n\n\n<figure class=\"wp-block-image size-large\"><img loading=\"lazy\" decoding=\"async\" width=\"819\" height=\"1024\" data-id=\"6617\" src=\"https:\/\/sites.uel.br\/proex\/wp-content\/uploads\/2025\/08\/SEURS-4-1-819x1024.jpg\" alt=\"\" class=\"wp-image-6617\" srcset=\"https:\/\/sites.uel.br\/proex\/wp-content\/uploads\/2025\/08\/SEURS-4-1-819x1024.jpg 819w, https:\/\/sites.uel.br\/proex\/wp-content\/uploads\/2025\/08\/SEURS-4-1-240x300.jpg 240w, https:\/\/sites.uel.br\/proex\/wp-content\/uploads\/2025\/08\/SEURS-4-1-768x960.jpg 768w, https:\/\/sites.uel.br\/proex\/wp-content\/uploads\/2025\/08\/SEURS-4-1.jpg 1073w\" sizes=\"auto, (max-width: 819px) 100vw, 819px\" \/><\/figure>\n\n\n\n<figure class=\"wp-block-image size-large\"><img loading=\"lazy\" decoding=\"async\" width=\"820\" height=\"1024\" data-id=\"6621\" src=\"https:\/\/sites.uel.br\/proex\/wp-content\/uploads\/2025\/08\/SEURS-5-1-820x1024.jpg\" alt=\"\" class=\"wp-image-6621\" srcset=\"https:\/\/sites.uel.br\/proex\/wp-content\/uploads\/2025\/08\/SEURS-5-1-820x1024.jpg 820w, https:\/\/sites.uel.br\/proex\/wp-content\/uploads\/2025\/08\/SEURS-5-1-240x300.jpg 240w, https:\/\/sites.uel.br\/proex\/wp-content\/uploads\/2025\/08\/SEURS-5-1-768x959.jpg 768w, https:\/\/sites.uel.br\/proex\/wp-content\/uploads\/2025\/08\/SEURS-5-1.jpg 1074w\" sizes=\"auto, (max-width: 820px) 100vw, 820px\" \/><\/figure>\n\n\n\n<figure class=\"wp-block-image size-large\"><img loading=\"lazy\" decoding=\"async\" width=\"819\" height=\"1024\" data-id=\"6622\" src=\"https:\/\/sites.uel.br\/proex\/wp-content\/uploads\/2025\/08\/SEURS-6-1-819x1024.jpg\" alt=\"\" class=\"wp-image-6622\" srcset=\"https:\/\/sites.uel.br\/proex\/wp-content\/uploads\/2025\/08\/SEURS-6-1-819x1024.jpg 819w, https:\/\/sites.uel.br\/proex\/wp-content\/uploads\/2025\/08\/SEURS-6-1-240x300.jpg 240w, https:\/\/sites.uel.br\/proex\/wp-content\/uploads\/2025\/08\/SEURS-6-1-768x960.jpg 768w, https:\/\/sites.uel.br\/proex\/wp-content\/uploads\/2025\/08\/SEURS-6-1.jpg 1073w\" sizes=\"auto, (max-width: 819px) 100vw, 819px\" \/><\/figure>\n<\/figure>\n\n\n\n<p><\/p>\n","protected":false},"excerpt":{"rendered":"<p>A 43\u00aa edi\u00e7\u00e3o do Semin\u00e1rio de Extens\u00e3o Universit\u00e1ria da Regi\u00e3o Sul (SEURS) ser\u00e1 realizada na Cidade de Lages (SC), sediada pela Universidade do Estado de Santa Catarina (UDESC), por meio da Pr\u00f3-Reitoria de Extens\u00e3o, Cultura e Comunidade (PROEX) em parceria com o seu Centro de Ci\u00eancias Agroveterin\u00e1rias (CAV). O evento ocorrer\u00e1 no Centro Serra \u2013 [&hellip;]<\/p>\n","protected":false},"author":19,"featured_media":0,"parent":0,"menu_order":0,"comment_status":"closed","ping_status":"closed","template":"","meta":{"_acf_changed":false,"_themeisle_gutenberg_block_has_review":false,"footnotes":""},"class_list":["post-5864","page","type-page","status-publish","hentry"],"acf":[],"_links":{"self":[{"href":"https:\/\/sites.uel.br\/proex\/wp-json\/wp\/v2\/pages\/5864","targetHints":{"allow":["GET"]}}],"collection":[{"href":"https:\/\/sites.uel.br\/proex\/wp-json\/wp\/v2\/pages"}],"about":[{"href":"https:\/\/sites.uel.br\/proex\/wp-json\/wp\/v2\/types\/page"}],"author":[{"embeddable":true,"href":"https:\/\/sites.uel.br\/proex\/wp-json\/wp\/v2\/users\/19"}],"replies":[{"embeddable":true,"href":"https:\/\/sites.uel.br\/proex\/wp-json\/wp\/v2\/comments?post=5864"}],"version-history":[{"count":30,"href":"https:\/\/sites.uel.br\/proex\/wp-json\/wp\/v2\/pages\/5864\/revisions"}],"predecessor-version":[{"id":6623,"href":"https:\/\/sites.uel.br\/proex\/wp-json\/wp\/v2\/pages\/5864\/revisions\/6623"}],"wp:attachment":[{"href":"https:\/\/sites.uel.br\/proex\/wp-json\/wp\/v2\/media?parent=5864"}],"curies":[{"name":"wp","href":"https:\/\/api.w.org\/{rel}","templated":true}]}}