{"id":512,"date":"2023-03-01T11:08:31","date_gmt":"2023-03-01T14:08:31","guid":{"rendered":"https:\/\/sites.uel.br\/proex\/?page_id=512"},"modified":"2023-10-02T18:24:11","modified_gmt":"2023-10-02T21:24:11","slug":"2020-2","status":"publish","type":"page","link":"https:\/\/sites.uel.br\/proex\/camara-de-extensao\/2020-2\/","title":{"rendered":"2020"},"content":{"rendered":"\n<div style=\"height:20px\" aria-hidden=\"true\" class=\"wp-block-spacer\"><\/div>\n\n\n\n<h3 class=\"wp-block-heading\">Mar\u00e7o<\/h3>\n\n\n\n<figure class=\"wp-block-table is-style-stripes\"><table><tbody><tr><td><a rel=\"noreferrer noopener\" href=\"https:\/\/sites.uel.br\/proex\/wp-content\/uploads\/2023\/05\/oficio-014-2020-camara-extraordinaria.pdf\" data-type=\"URL\" data-id=\"https:\/\/sites.uel.br\/proex\/wp-content\/uploads\/2023\/05\/oficio-014-2020-camara-extraordinaria.pdf\" target=\"_blank\">OF. Circular SGOCS N. 014\/2020<\/a><\/td><\/tr><tr><td><a rel=\"noreferrer noopener\" href=\"https:\/\/sites.uel.br\/proex\/wp-content\/uploads\/2023\/05\/resolucao-conselho-universitario-091-2016.pdf\" data-type=\"URL\" data-id=\"https:\/\/sites.uel.br\/proex\/wp-content\/uploads\/2023\/05\/resolucao-conselho-universitario-091-2016.pdf\" target=\"_blank\">Resolu\u00e7\u00e3o Conselho Universit\u00e1rio<\/a><\/td><\/tr><tr><td><a rel=\"noreferrer noopener\" href=\"https:\/\/sites.uel.br\/proex\/wp-content\/uploads\/2023\/05\/Pauta-Camara-159-2020-Extraordinaria.pdf\" data-type=\"URL\" data-id=\"https:\/\/sites.uel.br\/proex\/wp-content\/uploads\/2023\/05\/Pauta-Camara-159-2020-Extraordinaria.pdf\" target=\"_blank\">Pauta da C\u00e2mara de Extens\u00e3o<\/a><\/td><\/tr><tr><td><a rel=\"noreferrer noopener\" href=\"https:\/\/sites.uel.br\/proex\/wp-content\/uploads\/2023\/05\/Pauta-Camara-159-2020-Extraordinaria.pdf\" data-type=\"URL\" data-id=\"https:\/\/sites.uel.br\/proex\/wp-content\/uploads\/2023\/05\/Pauta-Camara-159-2020-Extraordinaria.pdf\" target=\"_blank\">Pauta da C\u00e2mara de Extens\u00e3o<\/a><\/td><\/tr><\/tbody><\/table><\/figure>\n\n\n\n<div style=\"height:20px\" aria-hidden=\"true\" class=\"wp-block-spacer\"><\/div>\n\n\n\n<h3 class=\"wp-block-heading\">Abril<\/h3>\n\n\n\n<figure class=\"wp-block-table is-style-stripes\"><table><tbody><tr><td><a rel=\"noreferrer noopener\" href=\"https:\/\/sites.uel.br\/proex\/wp-content\/uploads\/2023\/05\/oficio-024-2020-camara-extraordinaria.pdf\" data-type=\"URL\" data-id=\"https:\/\/sites.uel.br\/proex\/wp-content\/uploads\/2023\/05\/oficio-024-2020-camara-extraordinaria.pdf\" target=\"_blank\">OF. Circular SGOCS N. 024\/2020<\/a><\/td><\/tr><tr><td><a rel=\"noreferrer noopener\" href=\"https:\/\/sites.uel.br\/proex\/wp-content\/uploads\/2023\/05\/resolucao-conselho-universitario-091-2016-1.pdf\" data-type=\"URL\" data-id=\"https:\/\/sites.uel.br\/proex\/wp-content\/uploads\/2023\/05\/resolucao-conselho-universitario-091-2016-1.pdf\" target=\"_blank\">Resolu\u00e7\u00e3o Conselho Universit\u00e1rio<\/a><\/td><\/tr><tr><td><a rel=\"noreferrer noopener\" href=\"https:\/\/sites.uel.br\/proex\/wp-content\/uploads\/2023\/05\/CAMARA-DE-EXTENSAO.pdf\" data-type=\"URL\" data-id=\"https:\/\/sites.uel.br\/proex\/wp-content\/uploads\/2023\/05\/CAMARA-DE-EXTENSAO.pdf\" target=\"_blank\">Pauta da C\u00e2mara de Extens\u00e3o<\/a><\/td><\/tr><\/tbody><\/table><\/figure>\n\n\n\n<div style=\"height:20px\" aria-hidden=\"true\" class=\"wp-block-spacer\"><\/div>\n\n\n\n<h3 class=\"wp-block-heading\">Maio<\/h3>\n\n\n\n<figure class=\"wp-block-table is-style-stripes\"><table><tbody><tr><td><a rel=\"noreferrer noopener\" href=\"https:\/\/sites.uel.br\/proex\/wp-content\/uploads\/2023\/05\/oficio-030-2020-camara.pdf\" data-type=\"URL\" data-id=\"https:\/\/sites.uel.br\/proex\/wp-content\/uploads\/2023\/05\/oficio-030-2020-camara.pdf\" target=\"_blank\">OF. Circular SGOCS N. 030\/2020<\/a><\/td><\/tr><tr><td><a rel=\"noreferrer noopener\" href=\"https:\/\/sites.uel.br\/proex\/wp-content\/uploads\/2023\/05\/resolucao-conselho-universitario-091-2016-2.pdf\" data-type=\"URL\" data-id=\"https:\/\/sites.uel.br\/proex\/wp-content\/uploads\/2023\/05\/resolucao-conselho-universitario-091-2016-2.pdf\" target=\"_blank\">Resolu\u00e7\u00e3o Conselho Universit\u00e1rio<\/a><\/td><\/tr><tr><td><a rel=\"noreferrer noopener\" href=\"https:\/\/sites.uel.br\/proex\/wp-content\/uploads\/2023\/05\/pauta-Camara-161-2020.pdf\" data-type=\"URL\" data-id=\"https:\/\/sites.uel.br\/proex\/wp-content\/uploads\/2023\/05\/pauta-Camara-161-2020.pdf\" target=\"_blank\">Pauta da C\u00e2mara de Extens\u00e3o 161\/2020 &#8211; 26\/05\/2020<\/a><\/td><\/tr><tr><td><a rel=\"noreferrer noopener\" href=\"https:\/\/sites.uel.br\/proex\/wp-content\/uploads\/2023\/05\/camara-maio-2020-anexo-I.pdf\" data-type=\"URL\" data-id=\"https:\/\/sites.uel.br\/proex\/wp-content\/uploads\/2023\/05\/camara-maio-2020-anexo-I.pdf\" target=\"_blank\">Anexo I<\/a><\/td><\/tr><tr><td><a rel=\"noreferrer noopener\" href=\"https:\/\/sites.uel.br\/proex\/wp-content\/uploads\/2023\/05\/camara-maio-2020-anexo-II.pdf\" data-type=\"URL\" data-id=\"https:\/\/sites.uel.br\/proex\/wp-content\/uploads\/2023\/05\/camara-maio-2020-anexo-II.pdf\" target=\"_blank\">Anexo II<\/a><\/td><\/tr><tr><td><a rel=\"noreferrer noopener\" href=\"https:\/\/sites.uel.br\/proex\/wp-content\/uploads\/2023\/05\/camara-maio-2020-anexo-III.pdf\" data-type=\"URL\" data-id=\"https:\/\/sites.uel.br\/proex\/wp-content\/uploads\/2023\/05\/camara-maio-2020-anexo-III.pdf\" target=\"_blank\">Anexo III<\/a><\/td><\/tr><tr><td><a rel=\"noreferrer noopener\" href=\"https:\/\/sites.uel.br\/proex\/wp-content\/uploads\/2023\/05\/camara-maio-2020-anexo-IV.pdf\" data-type=\"URL\" data-id=\"https:\/\/sites.uel.br\/proex\/wp-content\/uploads\/2023\/05\/camara-maio-2020-anexo-IV.pdf\" target=\"_blank\">Anexo IV<\/a><\/td><\/tr><tr><td><a rel=\"noreferrer noopener\" href=\"https:\/\/sites.uel.br\/proex\/wp-content\/uploads\/2023\/05\/camara-maio-2020-anexo-IV.pdf\" data-type=\"URL\" data-id=\"https:\/\/sites.uel.br\/proex\/wp-content\/uploads\/2023\/05\/camara-maio-2020-anexo-IV.pdf\" target=\"_blank\">Anexo IV &#8211; A<\/a><\/td><\/tr><tr><td><a rel=\"noreferrer noopener\" href=\"https:\/\/sites.uel.br\/proex\/wp-content\/uploads\/2023\/05\/camara-maio-2020-anexo-IV-B.pdf\" data-type=\"URL\" data-id=\"https:\/\/sites.uel.br\/proex\/wp-content\/uploads\/2023\/05\/camara-maio-2020-anexo-IV-B.pdf\" target=\"_blank\">Anexo IV &#8211; B<\/a><\/td><\/tr><tr><td><a rel=\"noreferrer noopener\" href=\"https:\/\/sites.uel.br\/proex\/wp-content\/uploads\/2023\/05\/camara-maio-2020-anexo-V.pdf\" data-type=\"URL\" data-id=\"https:\/\/sites.uel.br\/proex\/wp-content\/uploads\/2023\/05\/camara-maio-2020-anexo-V.pdf\" target=\"_blank\">Anexo V<\/a><\/td><\/tr><\/tbody><\/table><\/figure>\n\n\n\n<div style=\"height:20px\" aria-hidden=\"true\" class=\"wp-block-spacer\"><\/div>\n\n\n\n<h3 class=\"wp-block-heading\">Junho<\/h3>\n\n\n\n<figure class=\"wp-block-table is-style-stripes\"><table><tbody><tr><td><a rel=\"noreferrer noopener\" href=\"https:\/\/sites.uel.br\/proex\/wp-content\/uploads\/2023\/05\/oficio-040-2020-camara.pdf\" data-type=\"URL\" data-id=\"https:\/\/sites.uel.br\/proex\/wp-content\/uploads\/2023\/05\/oficio-040-2020-camara.pdf\" target=\"_blank\">OF. Circular SGOCS N. 040\/2020<\/a><\/td><\/tr><tr><td><a rel=\"noreferrer noopener\" href=\"https:\/\/sites.uel.br\/proex\/wp-content\/uploads\/2023\/05\/resolucao-conselho-universitario-091-2016-3.pdf\" data-type=\"URL\" data-id=\"https:\/\/sites.uel.br\/proex\/wp-content\/uploads\/2023\/05\/resolucao-conselho-universitario-091-2016-3.pdf\" target=\"_blank\">Resolu\u00e7\u00e3o Conselho Universit\u00e1rio<\/a><\/td><\/tr><tr><td><a rel=\"noreferrer noopener\" href=\"https:\/\/sites.uel.br\/proex\/wp-content\/uploads\/2023\/05\/pauta-Camara-162-2020.pdf\" data-type=\"URL\" data-id=\"https:\/\/sites.uel.br\/proex\/wp-content\/uploads\/2023\/05\/pauta-Camara-162-2020.pdf\" target=\"_blank\">Pauta da C\u00e2mara de Extens\u00e3o 162\/2020 &#8211; 30\/06\/2020<\/a><\/td><\/tr><tr><td><a rel=\"noreferrer noopener\" href=\"https:\/\/sites.uel.br\/proex\/wp-content\/uploads\/2023\/05\/camara-junho-2020-anexo-I.pdf\" data-type=\"URL\" data-id=\"https:\/\/sites.uel.br\/proex\/wp-content\/uploads\/2023\/05\/camara-junho-2020-anexo-I.pdf\" target=\"_blank\">Anexo I<\/a><\/td><\/tr><tr><td><a rel=\"noreferrer noopener\" href=\"https:\/\/sites.uel.br\/proex\/wp-content\/uploads\/2023\/05\/camara-junho-2020-anexo-II-1.pdf\" data-type=\"URL\" data-id=\"https:\/\/sites.uel.br\/proex\/wp-content\/uploads\/2023\/05\/camara-junho-2020-anexo-II-1.pdf\" target=\"_blank\">Anexo II &#8211; 1<\/a><\/td><\/tr><tr><td><a rel=\"noreferrer noopener\" href=\"https:\/\/sites.uel.br\/proex\/wp-content\/uploads\/2023\/05\/camara-junho-2020-anexo-II-2.pdf\" data-type=\"URL\" data-id=\"https:\/\/sites.uel.br\/proex\/wp-content\/uploads\/2023\/05\/camara-junho-2020-anexo-II-2.pdf\" target=\"_blank\">Anexo II &#8211; 2<\/a><\/td><\/tr><tr><td><a rel=\"noreferrer noopener\" href=\"https:\/\/sites.uel.br\/proex\/wp-content\/uploads\/2023\/05\/ata-ce-157.pdf\" data-type=\"URL\" data-id=\"https:\/\/sites.uel.br\/proex\/wp-content\/uploads\/2023\/05\/ata-ce-157.pdf\" target=\"_blank\">Ata C\u00e2mara de Extens\u00e3o 157<\/a><\/td><\/tr><tr><td><a rel=\"noreferrer noopener\" href=\"https:\/\/sites.uel.br\/proex\/wp-content\/uploads\/2023\/05\/ata-ce-158.pdf\" data-type=\"URL\" data-id=\"https:\/\/sites.uel.br\/proex\/wp-content\/uploads\/2023\/05\/ata-ce-158.pdf\" target=\"_blank\">Ata C\u00e2mara de Extens\u00e3o 158<\/a><\/td><\/tr><tr><td><a rel=\"noreferrer noopener\" href=\"https:\/\/sites.uel.br\/proex\/wp-content\/uploads\/2023\/05\/ata-ce-160.pdf\" data-type=\"URL\" data-id=\"https:\/\/sites.uel.br\/proex\/wp-content\/uploads\/2023\/05\/ata-ce-160.pdf\" target=\"_blank\">Ata C\u00e2mara de Extens\u00e3o 160<\/a><\/td><\/tr><\/tbody><\/table><\/figure>\n\n\n\n<div style=\"height:20px\" aria-hidden=\"true\" class=\"wp-block-spacer\"><\/div>\n\n\n\n<h3 class=\"wp-block-heading\">Julho<\/h3>\n\n\n\n<figure class=\"wp-block-table is-style-stripes\"><table><tbody><tr><td><a rel=\"noreferrer noopener\" href=\"https:\/\/sites.uel.br\/proex\/wp-content\/uploads\/2023\/05\/OF-045-CAMARA-JULHO-2020-1.pdf\" data-type=\"URL\" data-id=\"https:\/\/sites.uel.br\/proex\/wp-content\/uploads\/2023\/05\/OF-045-CAMARA-JULHO-2020-1.pdf\" target=\"_blank\">OF. Circular SGOCS N. 045\/2020<\/a><\/td><\/tr><tr><td><a rel=\"noreferrer noopener\" href=\"https:\/\/sites.uel.br\/proex\/wp-content\/uploads\/2023\/05\/resolucao-conselho-universitario-091-2016-18.pdf\" data-type=\"URL\" data-id=\"https:\/\/sites.uel.br\/proex\/wp-content\/uploads\/2023\/05\/resolucao-conselho-universitario-091-2016-18.pdf\" target=\"_blank\">Resolu\u00e7\u00e3o Conselho Universit\u00e1rio<\/a><\/td><\/tr><tr><td><a rel=\"noreferrer noopener\" href=\"https:\/\/sites.uel.br\/proex\/wp-content\/uploads\/2023\/05\/PAUTA-CAMARA-JULHO-2020-1.pdf\" data-type=\"URL\" data-id=\"https:\/\/sites.uel.br\/proex\/wp-content\/uploads\/2023\/05\/PAUTA-CAMARA-JULHO-2020-1.pdf\" target=\"_blank\">Pauta da C\u00e2mara de Extens\u00e3o 163\/2020 &#8211; 28\/07\/2020<\/a><\/td><\/tr><tr><td><a rel=\"noreferrer noopener\" href=\"https:\/\/sites.uel.br\/proex\/wp-content\/uploads\/2023\/05\/camara-julho-2020-anexo-I-1.pdf\" data-type=\"URL\" data-id=\"https:\/\/sites.uel.br\/proex\/wp-content\/uploads\/2023\/05\/camara-julho-2020-anexo-I-1.pdf\" target=\"_blank\">Anexo 1<\/a><\/td><\/tr><tr><td><a rel=\"noreferrer noopener\" href=\"https:\/\/sites.uel.br\/proex\/wp-content\/uploads\/2023\/05\/camara-julho-2020-anexo-II-1.pdf\" data-type=\"URL\" data-id=\"https:\/\/sites.uel.br\/proex\/wp-content\/uploads\/2023\/05\/camara-julho-2020-anexo-II-1.pdf\" target=\"_blank\">Anexo 2<\/a><\/td><\/tr><tr><td><a rel=\"noreferrer noopener\" href=\"https:\/\/sites.uel.br\/proex\/wp-content\/uploads\/2023\/05\/CAMARA-JULHO-2020-ANEXO-III-1.pdf\" data-type=\"URL\" data-id=\"https:\/\/sites.uel.br\/proex\/wp-content\/uploads\/2023\/05\/CAMARA-JULHO-2020-ANEXO-III-1.pdf\" target=\"_blank\">Anexo 3<\/a><\/td><\/tr><tr><td><a rel=\"noreferrer noopener\" href=\"https:\/\/sites.uel.br\/proex\/wp-content\/uploads\/2023\/05\/CAMARA-JULHO-2020-ANEXO-IV-1.pdf\" data-type=\"URL\" data-id=\"https:\/\/sites.uel.br\/proex\/wp-content\/uploads\/2023\/05\/CAMARA-JULHO-2020-ANEXO-IV-1.pdf\" target=\"_blank\">Anexo 4<\/a><\/td><\/tr><tr><td><a rel=\"noreferrer noopener\" href=\"https:\/\/sites.uel.br\/proex\/wp-content\/uploads\/2023\/05\/CAMARA-JULHO-2020-ANEXO-V-1.pdf\" data-type=\"URL\" data-id=\"https:\/\/sites.uel.br\/proex\/wp-content\/uploads\/2023\/05\/CAMARA-JULHO-2020-ANEXO-V-1.pdf\" target=\"_blank\">Anexo 5<\/a><\/td><\/tr><tr><td><a rel=\"noreferrer noopener\" href=\"https:\/\/sites.uel.br\/proex\/wp-content\/uploads\/2023\/05\/CAMARA-JULHO-2020-ANEXO-VI-1.pdf\" data-type=\"URL\" data-id=\"https:\/\/sites.uel.br\/proex\/wp-content\/uploads\/2023\/05\/CAMARA-JULHO-2020-ANEXO-VI-1.pdf\" target=\"_blank\">Anexo 6<\/a><\/td><\/tr><tr><td><a rel=\"noreferrer noopener\" href=\"https:\/\/sites.uel.br\/proex\/wp-content\/uploads\/2023\/05\/CAMARA-JULHO-2020-ANEXO-VII-1.pdf\" data-type=\"URL\" data-id=\"https:\/\/sites.uel.br\/proex\/wp-content\/uploads\/2023\/05\/CAMARA-JULHO-2020-ANEXO-VII-1.pdf\" target=\"_blank\">Anexo 7<\/a><\/td><\/tr><tr><td><a href=\"https:\/\/sites.uel.br\/proex\/wp-content\/uploads\/2023\/05\/modelo-edital-psv.doc\">Anexo 8<\/a><\/td><\/tr><tr><td><a rel=\"noreferrer noopener\" href=\"https:\/\/sites.uel.br\/proex\/wp-content\/uploads\/2023\/05\/camara-julho-2020-anexo-IX.pdf\" data-type=\"URL\" data-id=\"https:\/\/sites.uel.br\/proex\/wp-content\/uploads\/2023\/05\/camara-julho-2020-anexo-IX.pdf\" target=\"_blank\">Anexo 9<\/a><\/td><\/tr><tr><td><a rel=\"noreferrer noopener\" href=\"https:\/\/sites.uel.br\/proex\/wp-content\/uploads\/2023\/05\/CAMARA-JULHO-2020-ANEXO-X.pdf\" data-type=\"URL\" data-id=\"https:\/\/sites.uel.br\/proex\/wp-content\/uploads\/2023\/05\/CAMARA-JULHO-2020-ANEXO-X.pdf\" target=\"_blank\">Anexo 10<\/a><\/td><\/tr><tr><td><a rel=\"noreferrer noopener\" href=\"https:\/\/sites.uel.br\/proex\/wp-content\/uploads\/2023\/05\/CAMARA-JULHO-2020-ANEXO-XI.pdf\" data-type=\"URL\" data-id=\"https:\/\/sites.uel.br\/proex\/wp-content\/uploads\/2023\/05\/CAMARA-JULHO-2020-ANEXO-XI.pdf\" target=\"_blank\">Anexo 11<\/a><\/td><\/tr><tr><td><a rel=\"noreferrer noopener\" href=\"https:\/\/sites.uel.br\/proex\/wp-content\/uploads\/2023\/05\/CAMARA-JULHO-2020-ANEXO-XII.pdf\" data-type=\"URL\" data-id=\"https:\/\/sites.uel.br\/proex\/wp-content\/uploads\/2023\/05\/CAMARA-JULHO-2020-ANEXO-XII.pdf\" target=\"_blank\">Anexo 12<\/a><\/td><\/tr><tr><td><a rel=\"noreferrer noopener\" href=\"https:\/\/sites.uel.br\/proex\/wp-content\/uploads\/2023\/05\/CAMARA-JULHO-2020-ANEXO-XIII.pdf\" data-type=\"URL\" data-id=\"https:\/\/sites.uel.br\/proex\/wp-content\/uploads\/2023\/05\/CAMARA-JULHO-2020-ANEXO-XIII.pdf\" target=\"_blank\">Anexo 13<\/a><\/td><\/tr><tr><td><a rel=\"noreferrer noopener\" href=\"https:\/\/sites.uel.br\/proex\/wp-content\/uploads\/2023\/05\/CAMARA-JULHO-2020-ANEXO-XIV.pdf\" data-type=\"URL\" data-id=\"https:\/\/sites.uel.br\/proex\/wp-content\/uploads\/2023\/05\/CAMARA-JULHO-2020-ANEXO-XIV.pdf\" target=\"_blank\">Anexo 14<\/a><\/td><\/tr><tr><td><a rel=\"noreferrer noopener\" href=\"https:\/\/sites.uel.br\/proex\/wp-content\/uploads\/2023\/05\/camara-julho-2020-anexo-xv.pdf\" data-type=\"URL\" data-id=\"https:\/\/sites.uel.br\/proex\/wp-content\/uploads\/2023\/05\/camara-julho-2020-anexo-xv.pdf\" target=\"_blank\">Anexo 15<\/a><\/td><\/tr><tr><td><a rel=\"noreferrer noopener\" href=\"https:\/\/sites.uel.br\/proex\/wp-content\/uploads\/2023\/05\/CAMARA-JULHO-2020-ANEXO-XVI.pdf\" data-type=\"URL\" data-id=\"https:\/\/sites.uel.br\/proex\/wp-content\/uploads\/2023\/05\/CAMARA-JULHO-2020-ANEXO-XVI.pdf\" target=\"_blank\">Anexo 16<\/a><\/td><\/tr><tr><td><a rel=\"noreferrer noopener\" href=\"https:\/\/sites.uel.br\/proex\/wp-content\/uploads\/2023\/05\/camara-julho-2020-anexo-XVII.pdf\" data-type=\"URL\" data-id=\"https:\/\/sites.uel.br\/proex\/wp-content\/uploads\/2023\/05\/camara-julho-2020-anexo-XVII.pdf\" target=\"_blank\">Anexo 17<\/a><\/td><\/tr><tr><td><a rel=\"noreferrer noopener\" href=\"https:\/\/sites.uel.br\/proex\/wp-content\/uploads\/2023\/05\/CAMARA-JULHO-2020-ANEXO-XVIII.pdf\" data-type=\"URL\" data-id=\"https:\/\/sites.uel.br\/proex\/wp-content\/uploads\/2023\/05\/CAMARA-JULHO-2020-ANEXO-XVIII.pdf\" target=\"_blank\">Anexo 18<\/a><\/td><\/tr><tr><td><a rel=\"noreferrer noopener\" href=\"https:\/\/sites.uel.br\/proex\/wp-content\/uploads\/2023\/05\/CAMARA-JULHO-2020-ANEXO-19.pdf\" data-type=\"URL\" data-id=\"https:\/\/sites.uel.br\/proex\/wp-content\/uploads\/2023\/05\/CAMARA-JULHO-2020-ANEXO-19.pdf\" target=\"_blank\">Anexo 19<\/a><\/td><\/tr><tr><td><a rel=\"noreferrer noopener\" href=\"https:\/\/sites.uel.br\/proex\/wp-content\/uploads\/2023\/05\/CAMARA-JULHO-2020-ANEXO-XX.pdf\" data-type=\"URL\" data-id=\"https:\/\/sites.uel.br\/proex\/wp-content\/uploads\/2023\/05\/CAMARA-JULHO-2020-ANEXO-XX.pdf\" target=\"_blank\">Anexo 20<\/a><\/td><\/tr><tr><td><a rel=\"noreferrer noopener\" href=\"https:\/\/sites.uel.br\/proex\/wp-content\/uploads\/2023\/05\/ATA-CAMARA-JULHO-2020-162.pdf\" data-type=\"URL\" data-id=\"https:\/\/sites.uel.br\/proex\/wp-content\/uploads\/2023\/05\/ATA-CAMARA-JULHO-2020-162.pdf\" target=\"_blank\">Ata C\u00e2mara de Extens\u00e3o 162<\/a><\/td><\/tr><\/tbody><\/table><\/figure>\n\n\n\n<div style=\"height:20px\" aria-hidden=\"true\" class=\"wp-block-spacer\"><\/div>\n\n\n\n<h3 class=\"wp-block-heading\">Agosto &#8211; Reuni\u00e3o Extraordin\u00e1ria <\/h3>\n\n\n\n<figure class=\"wp-block-table is-style-stripes\"><table><tbody><tr><td><a rel=\"noreferrer noopener\" href=\"https:\/\/sites.uel.br\/proex\/wp-content\/uploads\/2023\/05\/OFICIO-CAMARA-046-2020.pdf\" data-type=\"URL\" data-id=\"https:\/\/sites.uel.br\/proex\/wp-content\/uploads\/2023\/05\/OFICIO-CAMARA-046-2020.pdf\" target=\"_blank\">OF. Circular SGOCS N. 046\/2020<\/a><\/td><\/tr><tr><td><a rel=\"noreferrer noopener\" href=\"https:\/\/sites.uel.br\/proex\/wp-content\/uploads\/2023\/05\/resolucao-conselho-universitario-091-2016-19.pdf\" data-type=\"URL\" data-id=\"https:\/\/sites.uel.br\/proex\/wp-content\/uploads\/2023\/05\/resolucao-conselho-universitario-091-2016-19.pdf\" target=\"_blank\">Resolu\u00e7\u00e3o Conselho Universit\u00e1rio<\/a><\/td><\/tr><tr><td><a rel=\"noreferrer noopener\" href=\"https:\/\/sites.uel.br\/proex\/wp-content\/uploads\/2023\/05\/PAUTA-CAMARA-EXTRA-AGOSTO-2020.pdf\" data-type=\"URL\" data-id=\"https:\/\/sites.uel.br\/proex\/wp-content\/uploads\/2023\/05\/PAUTA-CAMARA-EXTRA-AGOSTO-2020.pdf\" target=\"_blank\">Pauta da C\u00e2mara de Extens\u00e3o 164\/2020 &#8211; 04\/08\/2020<\/a><\/td><\/tr><tr><td><a rel=\"noreferrer noopener\" href=\"https:\/\/sites.uel.br\/proex\/wp-content\/uploads\/2023\/05\/camara-julho-2020-anexo-I-2.pdf\" data-type=\"URL\" data-id=\"https:\/\/sites.uel.br\/proex\/wp-content\/uploads\/2023\/05\/camara-julho-2020-anexo-I-2.pdf\" target=\"_blank\">Anexo 1<\/a><\/td><\/tr><tr><td><a rel=\"noreferrer noopener\" href=\"https:\/\/sites.uel.br\/proex\/wp-content\/uploads\/2023\/05\/camara-julho-2020-anexo-II-2.pdf\" data-type=\"URL\" data-id=\"https:\/\/sites.uel.br\/proex\/wp-content\/uploads\/2023\/05\/camara-julho-2020-anexo-II-2.pdf\" target=\"_blank\">Anexo 2<\/a><\/td><\/tr><tr><td><a rel=\"noreferrer noopener\" href=\"https:\/\/sites.uel.br\/proex\/wp-content\/uploads\/2023\/05\/CAMARA-JULHO-2020-ANEXO-III-2.pdf\" data-type=\"URL\" data-id=\"https:\/\/sites.uel.br\/proex\/wp-content\/uploads\/2023\/05\/CAMARA-JULHO-2020-ANEXO-III-2.pdf\" target=\"_blank\">Anexo 3<\/a><\/td><\/tr><tr><td><a rel=\"noreferrer noopener\" href=\"https:\/\/sites.uel.br\/proex\/wp-content\/uploads\/2023\/05\/CAMARA-JULHO-2020-ANEXO-IV-2.pdf\" data-type=\"URL\" data-id=\"https:\/\/sites.uel.br\/proex\/wp-content\/uploads\/2023\/05\/CAMARA-JULHO-2020-ANEXO-IV-2.pdf\" target=\"_blank\">Anexo 4<\/a><\/td><\/tr><tr><td><a rel=\"noreferrer noopener\" href=\"https:\/\/sites.uel.br\/proex\/wp-content\/uploads\/2023\/05\/CAMARA-JULHO-2020-ANEXO-V-2.pdf\" data-type=\"URL\" data-id=\"https:\/\/sites.uel.br\/proex\/wp-content\/uploads\/2023\/05\/CAMARA-JULHO-2020-ANEXO-V-2.pdf\" target=\"_blank\">Anexo 5<\/a><\/td><\/tr><tr><td><a rel=\"noreferrer noopener\" href=\"https:\/\/sites.uel.br\/proex\/wp-content\/uploads\/2023\/05\/CAMARA-JULHO-2020-ANEXO-VI-2.pdf\" data-type=\"URL\" data-id=\"https:\/\/sites.uel.br\/proex\/wp-content\/uploads\/2023\/05\/CAMARA-JULHO-2020-ANEXO-VI-2.pdf\" target=\"_blank\">Anexo 6<\/a><\/td><\/tr><tr><td><a rel=\"noreferrer noopener\" href=\"https:\/\/sites.uel.br\/proex\/wp-content\/uploads\/2023\/05\/CAMARA-JULHO-2020-ANEXO-VII-2.pdf\" data-type=\"URL\" data-id=\"https:\/\/sites.uel.br\/proex\/wp-content\/uploads\/2023\/05\/CAMARA-JULHO-2020-ANEXO-VII-2.pdf\" target=\"_blank\">Anexo 7<\/a><\/td><\/tr><tr><td><a rel=\"noreferrer noopener\" href=\"https:\/\/sites.uel.br\/proex\/wp-content\/uploads\/2023\/05\/CAMARA-JULHO-2020-ANEXO-VIII-1.pdf\" data-type=\"URL\" data-id=\"https:\/\/sites.uel.br\/proex\/wp-content\/uploads\/2023\/05\/CAMARA-JULHO-2020-ANEXO-VIII-1.pdf\" target=\"_blank\">Anexo 8<\/a><\/td><\/tr><tr><td><a rel=\"noreferrer noopener\" href=\"https:\/\/sites.uel.br\/proex\/wp-content\/uploads\/2023\/05\/camara-julho-2020-anexo-IX-1.pdf\" data-type=\"URL\" data-id=\"https:\/\/sites.uel.br\/proex\/wp-content\/uploads\/2023\/05\/camara-julho-2020-anexo-IX-1.pdf\" target=\"_blank\">Anexo 9<\/a><\/td><\/tr><tr><td><a rel=\"noreferrer noopener\" href=\"https:\/\/sites.uel.br\/proex\/wp-content\/uploads\/2023\/05\/CAMARA-JULHO-2020-ANEXO-X-1.pdf\" data-type=\"URL\" data-id=\"https:\/\/sites.uel.br\/proex\/wp-content\/uploads\/2023\/05\/CAMARA-JULHO-2020-ANEXO-X-1.pdf\" target=\"_blank\">Anexo 10<\/a><\/td><\/tr><tr><td><a rel=\"noreferrer noopener\" href=\"https:\/\/sites.uel.br\/proex\/wp-content\/uploads\/2023\/05\/CAMARA-JULHO-2020-ANEXO-XI-1.pdf\" data-type=\"URL\" data-id=\"https:\/\/sites.uel.br\/proex\/wp-content\/uploads\/2023\/05\/CAMARA-JULHO-2020-ANEXO-XI-1.pdf\" target=\"_blank\">Anexo 11<\/a><\/td><\/tr><tr><td><a rel=\"noreferrer noopener\" href=\"https:\/\/sites.uel.br\/proex\/wp-content\/uploads\/2023\/05\/CAMARA-JULHO-2020-ANEXO-XII-1.pdf\" data-type=\"URL\" data-id=\"https:\/\/sites.uel.br\/proex\/wp-content\/uploads\/2023\/05\/CAMARA-JULHO-2020-ANEXO-XII-1.pdf\" target=\"_blank\">Anexo 12<\/a><\/td><\/tr><tr><td><a rel=\"noreferrer noopener\" href=\"https:\/\/sites.uel.br\/proex\/wp-content\/uploads\/2023\/05\/CAMARA-JULHO-2020-ANEXO-XIII-1.pdf\" data-type=\"URL\" data-id=\"https:\/\/sites.uel.br\/proex\/wp-content\/uploads\/2023\/05\/CAMARA-JULHO-2020-ANEXO-XIII-1.pdf\" target=\"_blank\">Anexo 13<\/a><\/td><\/tr><tr><td><a rel=\"noreferrer noopener\" href=\"https:\/\/sites.uel.br\/proex\/wp-content\/uploads\/2023\/05\/CAMARA-JULHO-2020-ANEXO-XIV-1.pdf\" data-type=\"URL\" data-id=\"https:\/\/sites.uel.br\/proex\/wp-content\/uploads\/2023\/05\/CAMARA-JULHO-2020-ANEXO-XIV-1.pdf\" target=\"_blank\">Anexo 14<\/a><\/td><\/tr><tr><td><a rel=\"noreferrer noopener\" href=\"https:\/\/sites.uel.br\/proex\/wp-content\/uploads\/2023\/05\/camara-julho-2020-anexo-xv-1.pdf\" data-type=\"URL\" data-id=\"https:\/\/sites.uel.br\/proex\/wp-content\/uploads\/2023\/05\/camara-julho-2020-anexo-xv-1.pdf\" target=\"_blank\">Anexo 15<\/a><\/td><\/tr><tr><td><a rel=\"noreferrer noopener\" href=\"https:\/\/sites.uel.br\/proex\/wp-content\/uploads\/2023\/05\/CAMARA-JULHO-2020-ANEXO-XVI-1.pdf\" data-type=\"URL\" data-id=\"https:\/\/sites.uel.br\/proex\/wp-content\/uploads\/2023\/05\/CAMARA-JULHO-2020-ANEXO-XVI-1.pdf\" target=\"_blank\">Anexo 16<\/a><\/td><\/tr><tr><td><a rel=\"noreferrer noopener\" href=\"https:\/\/sites.uel.br\/proex\/wp-content\/uploads\/2023\/05\/camara-julho-2020-anexo-XVII-1.pdf\" data-type=\"URL\" data-id=\"https:\/\/sites.uel.br\/proex\/wp-content\/uploads\/2023\/05\/camara-julho-2020-anexo-XVII-1.pdf\" target=\"_blank\">Anexo 17<\/a><\/td><\/tr><tr><td><a rel=\"noreferrer noopener\" href=\"https:\/\/sites.uel.br\/proex\/wp-content\/uploads\/2023\/05\/CAMARA-JULHO-2020-ANEXO-19-1.pdf\" data-type=\"URL\" data-id=\"https:\/\/sites.uel.br\/proex\/wp-content\/uploads\/2023\/05\/CAMARA-JULHO-2020-ANEXO-19-1.pdf\" target=\"_blank\">Anexo 19<\/a><\/td><\/tr><tr><td><a rel=\"noreferrer noopener\" href=\"https:\/\/sites.uel.br\/proex\/wp-content\/uploads\/2023\/05\/CAMARA-JULHO-2020-ANEXO-XX-1.pdf\" data-type=\"URL\" data-id=\"https:\/\/sites.uel.br\/proex\/wp-content\/uploads\/2023\/05\/CAMARA-JULHO-2020-ANEXO-XX-1.pdf\" target=\"_blank\">Anexo 20<\/a><\/td><\/tr><tr><td><\/td><\/tr><\/tbody><\/table><\/figure>\n\n\n\n<div style=\"height:20px\" aria-hidden=\"true\" class=\"wp-block-spacer\"><\/div>\n\n\n\n<h3 class=\"wp-block-heading\">Agosto<\/h3>\n\n\n\n<figure class=\"wp-block-table is-style-stripes\"><table><tbody><tr><td><a rel=\"noreferrer noopener\" href=\"https:\/\/sites.uel.br\/proex\/wp-content\/uploads\/2023\/05\/OF-CAMARA-050-AGOSTO.pdf\" data-type=\"URL\" data-id=\"https:\/\/sites.uel.br\/proex\/wp-content\/uploads\/2023\/05\/OF-CAMARA-050-AGOSTO.pdf\" target=\"_blank\">OF. Circular SGOCS N. 050\/2020<\/a><\/td><\/tr><tr><td><a rel=\"noreferrer noopener\" href=\"https:\/\/sites.uel.br\/proex\/wp-content\/uploads\/2023\/05\/resolucao-conselho-universitario-091-2016-1-3.pdf\" data-type=\"URL\" data-id=\"https:\/\/sites.uel.br\/proex\/wp-content\/uploads\/2023\/05\/resolucao-conselho-universitario-091-2016-1-3.pdf\" target=\"_blank\">Resolu\u00e7\u00e3o Conselho Universit\u00e1rio<\/a><\/td><\/tr><tr><td><a rel=\"noreferrer noopener\" href=\"https:\/\/sites.uel.br\/proex\/wp-content\/uploads\/2023\/05\/PAUTA-CAMARA-AGOSTO-2020.pdf\" data-type=\"URL\" data-id=\"https:\/\/sites.uel.br\/proex\/wp-content\/uploads\/2023\/05\/PAUTA-CAMARA-AGOSTO-2020.pdf\" target=\"_blank\">Pauta da C\u00e2mara de Extens\u00e3o 165\/2020 &#8211; 25\/08\/2020<\/a><\/td><\/tr><tr><td><a rel=\"noreferrer noopener\" href=\"https:\/\/sites.uel.br\/proex\/wp-content\/uploads\/2023\/05\/processo-12809-completo.pdf\" data-type=\"URL\" data-id=\"https:\/\/sites.uel.br\/proex\/wp-content\/uploads\/2023\/05\/processo-12809-completo.pdf\" target=\"_blank\">Processos<\/a><\/td><\/tr><tr><td><a rel=\"noreferrer noopener\" href=\"https:\/\/sites.uel.br\/proex\/wp-content\/uploads\/2023\/05\/ATA-161-CAMARA-AGOSTO-2020.pdf\" data-type=\"URL\" data-id=\"https:\/\/sites.uel.br\/proex\/wp-content\/uploads\/2023\/05\/ATA-161-CAMARA-AGOSTO-2020.pdf\" target=\"_blank\">Ata C\u00e2mara de Extens\u00e3o 161<\/a><\/td><\/tr><tr><td><a rel=\"noreferrer noopener\" href=\"https:\/\/sites.uel.br\/proex\/wp-content\/uploads\/2023\/05\/ATA-163-CAMARA-AGOSTO.pdf\" data-type=\"URL\" data-id=\"https:\/\/sites.uel.br\/proex\/wp-content\/uploads\/2023\/05\/ATA-163-CAMARA-AGOSTO.pdf\" target=\"_blank\">Ata C\u00e2mara de Extens\u00e3o 163<\/a><\/td><\/tr><tr><td><a rel=\"noreferrer noopener\" href=\"https:\/\/sites.uel.br\/proex\/wp-content\/uploads\/2023\/05\/ATA-164-CAMARA-AGOSTO.pdf\" data-type=\"URL\" data-id=\"https:\/\/sites.uel.br\/proex\/wp-content\/uploads\/2023\/05\/ATA-164-CAMARA-AGOSTO.pdf\" target=\"_blank\">Ata C\u00e2mara de Extens\u00e3o 164<\/a><\/td><\/tr><\/tbody><\/table><\/figure>\n\n\n\n<div style=\"height:20px\" aria-hidden=\"true\" class=\"wp-block-spacer\"><\/div>\n\n\n\n<h3 class=\"wp-block-heading\">Setembro<\/h3>\n\n\n\n<figure class=\"wp-block-table is-style-stripes\"><table><tbody><tr><td><a rel=\"noreferrer noopener\" href=\"https:\/\/sites.uel.br\/proex\/wp-content\/uploads\/2023\/05\/OF-056-CAMARA-SETEMBRO.pdf\" data-type=\"URL\" data-id=\"https:\/\/sites.uel.br\/proex\/wp-content\/uploads\/2023\/05\/OF-056-CAMARA-SETEMBRO.pdf\" target=\"_blank\">OF. Circular SGOCS N. 056\/2020<\/a><\/td><\/tr><tr><td><a rel=\"noreferrer noopener\" href=\"https:\/\/sites.uel.br\/proex\/wp-content\/uploads\/2023\/05\/resolucao-conselho-universitario-091-2016-4.pdf\" data-type=\"URL\" data-id=\"https:\/\/sites.uel.br\/proex\/wp-content\/uploads\/2023\/05\/resolucao-conselho-universitario-091-2016-4.pdf\" target=\"_blank\">Resolu\u00e7\u00e3o Conselho Universit\u00e1rio<\/a><\/td><\/tr><tr><td><a rel=\"noreferrer noopener\" href=\"https:\/\/sites.uel.br\/proex\/wp-content\/uploads\/2023\/05\/PAUTA-CAMARA-SETEMBRO.pdf\" data-type=\"URL\" data-id=\"https:\/\/sites.uel.br\/proex\/wp-content\/uploads\/2023\/05\/PAUTA-CAMARA-SETEMBRO.pdf\" target=\"_blank\">Pauta da C\u00e2mara de Extens\u00e3o<\/a><\/td><\/tr><tr><td><a rel=\"noreferrer noopener\" href=\"https:\/\/sites.uel.br\/proex\/wp-content\/uploads\/2023\/05\/CAMARA-SETEMBRO-ANEXO-1.pdf\" data-type=\"URL\" data-id=\"https:\/\/sites.uel.br\/proex\/wp-content\/uploads\/2023\/05\/CAMARA-SETEMBRO-ANEXO-1.pdf\" target=\"_blank\">Anexo I<\/a><\/td><\/tr><tr><td><a rel=\"noreferrer noopener\" href=\"https:\/\/sites.uel.br\/proex\/wp-content\/uploads\/2023\/05\/CAMARA-SETEMBRO-ANEXO-2.pdf\" data-type=\"URL\" data-id=\"https:\/\/sites.uel.br\/proex\/wp-content\/uploads\/2023\/05\/CAMARA-SETEMBRO-ANEXO-2.pdf\" target=\"_blank\">Anexo II<\/a><\/td><\/tr><\/tbody><\/table><\/figure>\n\n\n\n<div style=\"height:20px\" aria-hidden=\"true\" class=\"wp-block-spacer\"><\/div>\n\n\n\n<h3 class=\"wp-block-heading\">Outubro<\/h3>\n\n\n\n<figure class=\"wp-block-table is-style-stripes\"><table><tbody><tr><td><a rel=\"noreferrer noopener\" href=\"https:\/\/sites.uel.br\/proex\/wp-content\/uploads\/2023\/05\/OF-CAMARA-061-2020.pdf\" data-type=\"URL\" data-id=\"https:\/\/sites.uel.br\/proex\/wp-content\/uploads\/2023\/05\/OF-CAMARA-061-2020.pdf\" target=\"_blank\">OF. Circular SGOCS N. 061\/2020<\/a><\/td><\/tr><tr><td><a rel=\"noreferrer noopener\" href=\"https:\/\/sites.uel.br\/proex\/wp-content\/uploads\/2023\/05\/resolucao-conselho-universitario-091-2016-5.pdf\" data-type=\"URL\" data-id=\"https:\/\/sites.uel.br\/proex\/wp-content\/uploads\/2023\/05\/resolucao-conselho-universitario-091-2016-5.pdf\" target=\"_blank\">Resolu\u00e7\u00e3o Conselho Universit\u00e1rio<\/a><\/td><\/tr><tr><td><a rel=\"noreferrer noopener\" href=\"https:\/\/sites.uel.br\/proex\/wp-content\/uploads\/2023\/05\/ANEXO-I-CAMARA-NOVEMBRO-2020.pdf\" data-type=\"URL\" data-id=\"https:\/\/sites.uel.br\/proex\/wp-content\/uploads\/2023\/05\/ANEXO-I-CAMARA-NOVEMBRO-2020.pdf\" target=\"_blank\">Pauta da C\u00e2mara de Extens\u00e3o<\/a><\/td><\/tr><tr><td><a rel=\"noreferrer noopener\" href=\"https:\/\/sites.uel.br\/proex\/wp-content\/uploads\/2023\/05\/PROCESSO-15083-2017-1.pdf\" data-type=\"URL\" data-id=\"https:\/\/sites.uel.br\/proex\/wp-content\/uploads\/2023\/05\/PROCESSO-15083-2017-1.pdf\" target=\"_blank\">Anexo I<\/a><\/td><\/tr><\/tbody><\/table><\/figure>\n\n\n\n<div style=\"height:20px\" aria-hidden=\"true\" class=\"wp-block-spacer\"><\/div>\n\n\n\n<h3 class=\"wp-block-heading\">Novembro<\/h3>\n\n\n\n<figure class=\"wp-block-table is-style-stripes\"><table><tbody><tr><td><a rel=\"noreferrer noopener\" href=\"https:\/\/sites.uel.br\/proex\/wp-content\/uploads\/2023\/05\/OF-CIRC-064-2020-CAMARA-NOVEMBRO.pdf\" data-type=\"URL\" data-id=\"https:\/\/sites.uel.br\/proex\/wp-content\/uploads\/2023\/05\/OF-CIRC-064-2020-CAMARA-NOVEMBRO.pdf\" target=\"_blank\">OF. Circular SGOCS N. 064\/2020<\/a><\/td><\/tr><tr><td><a rel=\"noreferrer noopener\" href=\"https:\/\/sites.uel.br\/proex\/wp-content\/uploads\/2023\/05\/resolucao-conselho-universitario-091-2016-1-2.pdf\" data-type=\"URL\" data-id=\"https:\/\/sites.uel.br\/proex\/wp-content\/uploads\/2023\/05\/resolucao-conselho-universitario-091-2016-1-2.pdf\" target=\"_blank\">Resolu\u00e7\u00e3o Conselho Universit\u00e1rio<\/a><\/td><\/tr><tr><td><a rel=\"noreferrer noopener\" href=\"https:\/\/sites.uel.br\/proex\/wp-content\/uploads\/2023\/05\/PAUTA-CAMARA-NOVEMBRO.pdf\" data-type=\"URL\" data-id=\"https:\/\/sites.uel.br\/proex\/wp-content\/uploads\/2023\/05\/PAUTA-CAMARA-NOVEMBRO.pdf\" target=\"_blank\">Pauta da C\u00e2mara de Extens\u00e3o<\/a><\/td><\/tr><tr><td><a rel=\"noreferrer noopener\" href=\"https:\/\/sites.uel.br\/proex\/wp-content\/uploads\/2023\/05\/ANEXO-I-CAMARA-NOVEMBRO-2020-1.pdf\" data-type=\"URL\" data-id=\"https:\/\/sites.uel.br\/proex\/wp-content\/uploads\/2023\/05\/ANEXO-I-CAMARA-NOVEMBRO-2020-1.pdf\" target=\"_blank\">Anexo I<\/a><\/td><\/tr><tr><td><a rel=\"noreferrer noopener\" href=\"https:\/\/sites.uel.br\/proex\/wp-content\/uploads\/2023\/05\/ANEXO-II-CAMARA-NOVEMBRO-2020-1.pdf\" data-type=\"URL\" data-id=\"https:\/\/sites.uel.br\/proex\/wp-content\/uploads\/2023\/05\/ANEXO-II-CAMARA-NOVEMBRO-2020-1.pdf\" target=\"_blank\">Anexo II<\/a><\/td><\/tr><\/tbody><\/table><\/figure>\n\n\n\n<div style=\"height:20px\" aria-hidden=\"true\" class=\"wp-block-spacer\"><\/div>\n\n\n\n<h3 class=\"wp-block-heading\">Dezembro<\/h3>\n\n\n\n<figure class=\"wp-block-table is-style-stripes\"><table><tbody><tr><td><a rel=\"noreferrer noopener\" href=\"https:\/\/sites.uel.br\/proex\/wp-content\/uploads\/2023\/05\/OF-CIRC-76-2020.pdf\" data-type=\"URL\" data-id=\"https:\/\/sites.uel.br\/proex\/wp-content\/uploads\/2023\/05\/OF-CIRC-76-2020.pdf\" target=\"_blank\">OF. Circular SGOCS N. 076\/2020<\/a><\/td><\/tr><tr><td><a rel=\"noreferrer noopener\" href=\"https:\/\/sites.uel.br\/proex\/wp-content\/uploads\/2023\/05\/resolucao-conselho-universitario-091-2016-6.pdf\" data-type=\"URL\" data-id=\"https:\/\/sites.uel.br\/proex\/wp-content\/uploads\/2023\/05\/resolucao-conselho-universitario-091-2016-6.pdf\" target=\"_blank\">Resolu\u00e7\u00e3o Conselho Universit\u00e1rio<\/a><\/td><\/tr><tr><td><a rel=\"noreferrer noopener\" href=\"https:\/\/sites.uel.br\/proex\/wp-content\/uploads\/2023\/05\/PAUTA-CAMARA-DEZEMBRO-2020.pdf\" data-type=\"URL\" data-id=\"https:\/\/sites.uel.br\/proex\/wp-content\/uploads\/2023\/05\/PAUTA-CAMARA-DEZEMBRO-2020.pdf\" target=\"_blank\">Pauta da C\u00e2mara de Extens\u00e3o<\/a><\/td><\/tr><tr><td><a rel=\"noreferrer noopener\" href=\"https:\/\/sites.uel.br\/proex\/wp-content\/uploads\/2023\/05\/ANEXO-1-PAUTA-DEZEMBRO-2020.pdf\" data-type=\"URL\" data-id=\"https:\/\/sites.uel.br\/proex\/wp-content\/uploads\/2023\/05\/ANEXO-1-PAUTA-DEZEMBRO-2020.pdf\" target=\"_blank\">Anexo I<\/a><\/td><\/tr><tr><td><a rel=\"noreferrer noopener\" href=\"https:\/\/sites.uel.br\/proex\/wp-content\/uploads\/2023\/05\/ANEXO-2-PAUTA-DEZEMBRO-2020.pdf\" data-type=\"URL\" data-id=\"https:\/\/sites.uel.br\/proex\/wp-content\/uploads\/2023\/05\/ANEXO-2-PAUTA-DEZEMBRO-2020.pdf\" target=\"_blank\">Anexo II<\/a><\/td><\/tr><tr><td><a rel=\"noreferrer noopener\" href=\"https:\/\/sites.uel.br\/proex\/wp-content\/uploads\/2023\/05\/ATA-166-CAMARA-DEZEMBRO-2020.pdf\" data-type=\"URL\" data-id=\"https:\/\/sites.uel.br\/proex\/wp-content\/uploads\/2023\/05\/ATA-166-CAMARA-DEZEMBRO-2020.pdf\" target=\"_blank\">Ata C\u00e2mara de Extens\u00e3o 166<\/a><\/td><\/tr><tr><td><a rel=\"noreferrer noopener\" href=\"https:\/\/sites.uel.br\/proex\/wp-content\/uploads\/2023\/05\/ATA-167-CAMARA-DEZEMBRO-2020.pdf\" data-type=\"URL\" data-id=\"https:\/\/sites.uel.br\/proex\/wp-content\/uploads\/2023\/05\/ATA-167-CAMARA-DEZEMBRO-2020.pdf\" target=\"_blank\">Ata C\u00e2mara de Extens\u00e3o 167<\/a><\/td><\/tr><tr><td><a rel=\"noreferrer noopener\" href=\"https:\/\/sites.uel.br\/proex\/wp-content\/uploads\/2023\/05\/ATA-168-CAMARA-DEZEMBRO-2020.pdf\" data-type=\"URL\" data-id=\"https:\/\/sites.uel.br\/proex\/wp-content\/uploads\/2023\/05\/ATA-168-CAMARA-DEZEMBRO-2020.pdf\" target=\"_blank\">Ata C\u00e2mara de EXtens\u00e3o 168<\/a><\/td><\/tr><\/tbody><\/table><\/figure>\n","protected":false},"excerpt":{"rendered":"<p>Mar\u00e7o OF. Circular SGOCS N. 014\/2020 Resolu\u00e7\u00e3o Conselho Universit\u00e1rio Pauta da C\u00e2mara de Extens\u00e3o Pauta da C\u00e2mara de Extens\u00e3o Abril OF. Circular SGOCS N. 024\/2020 Resolu\u00e7\u00e3o Conselho Universit\u00e1rio Pauta da C\u00e2mara de Extens\u00e3o Maio OF. Circular SGOCS N. 030\/2020 Resolu\u00e7\u00e3o Conselho Universit\u00e1rio Pauta da C\u00e2mara de Extens\u00e3o 161\/2020 &#8211; 26\/05\/2020 Anexo I Anexo II Anexo [&hellip;]<\/p>\n","protected":false},"author":8,"featured_media":0,"parent":375,"menu_order":0,"comment_status":"closed","ping_status":"closed","template":"","meta":{"_acf_changed":false,"_themeisle_gutenberg_block_has_review":false,"footnotes":""},"class_list":["post-512","page","type-page","status-publish","hentry"],"acf":[],"_links":{"self":[{"href":"https:\/\/sites.uel.br\/proex\/wp-json\/wp\/v2\/pages\/512","targetHints":{"allow":["GET"]}}],"collection":[{"href":"https:\/\/sites.uel.br\/proex\/wp-json\/wp\/v2\/pages"}],"about":[{"href":"https:\/\/sites.uel.br\/proex\/wp-json\/wp\/v2\/types\/page"}],"author":[{"embeddable":true,"href":"https:\/\/sites.uel.br\/proex\/wp-json\/wp\/v2\/users\/8"}],"replies":[{"embeddable":true,"href":"https:\/\/sites.uel.br\/proex\/wp-json\/wp\/v2\/comments?post=512"}],"version-history":[{"count":17,"href":"https:\/\/sites.uel.br\/proex\/wp-json\/wp\/v2\/pages\/512\/revisions"}],"predecessor-version":[{"id":3199,"href":"https:\/\/sites.uel.br\/proex\/wp-json\/wp\/v2\/pages\/512\/revisions\/3199"}],"up":[{"embeddable":true,"href":"https:\/\/sites.uel.br\/proex\/wp-json\/wp\/v2\/pages\/375"}],"wp:attachment":[{"href":"https:\/\/sites.uel.br\/proex\/wp-json\/wp\/v2\/media?parent=512"}],"curies":[{"name":"wp","href":"https:\/\/api.w.org\/{rel}","templated":true}]}}