{"id":437,"date":"2023-01-30T17:40:45","date_gmt":"2023-01-30T20:40:45","guid":{"rendered":"https:\/\/sites.uel.br\/proex\/?page_id=437"},"modified":"2025-07-17T17:37:02","modified_gmt":"2025-07-17T20:37:02","slug":"por-extenso","status":"publish","type":"page","link":"https:\/\/sites.uel.br\/proex\/por-extenso\/","title":{"rendered":"POR EXTENSO 2024"},"content":{"rendered":"\n<hr class=\"wp-block-separator has-alpha-channel-opacity is-style-wide\"\/>\n\n\n<div class=\"wp-block-image\">\n<figure class=\"aligncenter size-large is-resized\"><img loading=\"lazy\" decoding=\"async\" width=\"1024\" height=\"384\" src=\"https:\/\/sites.uel.br\/proex\/wp-content\/uploads\/2024\/08\/Prancheta-1-1024x384.png\" alt=\"\" class=\"wp-image-4527\" style=\"width:705px;height:auto\" srcset=\"https:\/\/sites.uel.br\/proex\/wp-content\/uploads\/2024\/08\/Prancheta-1-1024x384.png 1024w, https:\/\/sites.uel.br\/proex\/wp-content\/uploads\/2024\/08\/Prancheta-1-300x113.png 300w, https:\/\/sites.uel.br\/proex\/wp-content\/uploads\/2024\/08\/Prancheta-1-768x288.png 768w, https:\/\/sites.uel.br\/proex\/wp-content\/uploads\/2024\/08\/Prancheta-1-1536x576.png 1536w, https:\/\/sites.uel.br\/proex\/wp-content\/uploads\/2024\/08\/Prancheta-1.png 1920w\" sizes=\"auto, (max-width: 1024px) 100vw, 1024px\" \/><\/figure>\n<\/div>\n\n\n<p class=\"has-text-align-center\"><strong>11 a 14&nbsp; de Novembro de 2024<\/strong><\/p>\n\n\n\n<p class=\"has-text-align-center\"><strong>7\u00ba ENCONTRO ANUAL DE EXTENS\u00c3O UNIVERSIT\u00c1RIA<\/strong><\/p>\n\n\n\n<p class=\"has-text-align-center\"><strong>13\u00ba SIMP\u00d3SIO DE EXTENS\u00c3O DA UEL<\/strong><\/p>\n\n\n\n<p class=\"has-text-align-center\"><strong>A Extens\u00e3o Universit\u00e1ria e a Inova\u00e7\u00e3o Social: caminhos para a transforma\u00e7\u00e3o social<\/strong><\/p>\n\n\n\n<div style=\"height:27px\" aria-hidden=\"true\" class=\"wp-block-spacer\"><\/div>\n\n\n\n<p class=\"has-text-align-left\">O VII Encontro Anual de Extens\u00e3o Universit\u00e1ria e o XIII Simp\u00f3sio de Extens\u00e3o da UEL s\u00e3o realiza\u00e7\u00f5es da Universidade Estadual de Londrina, por meio da Pr\u00f3-Reitoria de Extens\u00e3o, Cultura e Sociedade (PROEX) e com o apoio da Funda\u00e7\u00e3o Arauc\u00e1ria do Governo do Estado do Paran\u00e1. Os eventos visam propiciar espa\u00e7os de integra\u00e7\u00e3o entre a comunidade acad\u00eamica e a sociedade, e, sobretudo, de interc\u00e2mbio de experi\u00eancias e a\u00e7\u00f5es extensionistas da UEL e de outras Institui\u00e7\u00f5es de Ensino Superior participantes. Envolve apresenta\u00e7\u00f5es de trabalhos de estudantes bolsistas, n\u00e3o bolsistas, colaboradores participantes de projetos e programas de extens\u00e3o da UEL e de outras Institui\u00e7\u00f5es de Ensino Superior (IES), al\u00e9m da confer\u00eancia de abertura, f\u00f3rum, mesa redonda e apresenta\u00e7\u00f5es culturais.<\/p>\n\n\n\n<p class=\"has-text-align-left\"><br>O POR EXTENSO ser\u00e1 realizado no per\u00edodo de 11 a 14 de novembro de 2024, na UEL, fazendo parte dos EVENTOS ACAD\u00caMICOS INTEGRADOS, juntamente com o PR\u00d3-ENSINO &#8211; Mostra de Ensino (PROGRAD) e o EAIC &#8211; Encontro de Atividades de Inicia\u00e7\u00e3o Cient\u00edfica (PROPPG).<br>O tema proposto \u00e9 \u201cA Extens\u00e3o Universit\u00e1ria e a Inova\u00e7\u00e3o Social \u2013 caminhos para a transforma\u00e7\u00e3o social\u201d. Como espa\u00e7o para discuss\u00f5es acerca de quest\u00f5es socioambientais, econ\u00f4micas e culturais, as a\u00e7\u00f5es extensionistas t\u00eam promovido a inova\u00e7\u00e3o social no contexto da intera\u00e7\u00e3o universidade-sociedade. A inova\u00e7\u00e3o social compreende novas alternativas para solucionar problemas sociais reconhecidos pelos atores de determinado local, e a partir do seu empoderamento, busca-se construir respostas para a promo\u00e7\u00e3o do seu bem-estar em um ambiente colaborativo. A intera\u00e7\u00e3o universidade-sociedade se d\u00e1 por meio da intera\u00e7\u00e3o dial\u00f3gica, compreendendo que h\u00e1 uma vasta gama de atores sociais: comunidades, sociedade civil, empresas e institui\u00e7\u00f5es p\u00fablicas e privadas.<\/p>\n\n\n\n<p class=\"has-text-align-left\"><br>Espera-se que esses eventos propiciem a dissemina\u00e7\u00e3o dos principais resultados das a\u00e7\u00f5es da extens\u00e3o universit\u00e1ria e auxiliem nas reflex\u00f5es acerca dos desafios e das pr\u00e1ticas de extens\u00e3o nas Institui\u00e7\u00f5es de Ensino Superior, contribuindo para o desenvolvimento cient\u00edfico, tecnol\u00f3gico, extensionista, de inova\u00e7\u00e3o e sociocultural do Paran\u00e1 por meio da atua\u00e7\u00e3o efetiva nas comunidades pelos projetos e programas de extens\u00e3o.<\/p>\n\n\n\n<p><strong>INFORMA\u00c7\u00d5ES:<\/strong><\/p>\n\n\n\n<p class=\"has-text-align-left\"><\/p>\n\n\n\n<div class=\"wp-block-group is-layout-grid wp-container-core-group-is-layout-9649a0d9 wp-block-group-is-layout-grid\">\n<figure class=\"wp-block-image size-full\"><a href=\"https:\/\/www.sistemasweb.uel.br\/index.php?contents=system\/insc\/index.php&amp;pagina=view\/inscricoes\/seleciona_evento.php&amp;cod_evento=9281\"><img loading=\"lazy\" decoding=\"async\" width=\"1024\" height=\"536\" src=\"https:\/\/sites.uel.br\/proex\/wp-content\/uploads\/2025\/06\/Inscricoes-1024x536-1.png\" alt=\"\" class=\"wp-image-6443\" srcset=\"https:\/\/sites.uel.br\/proex\/wp-content\/uploads\/2025\/06\/Inscricoes-1024x536-1.png 1024w, https:\/\/sites.uel.br\/proex\/wp-content\/uploads\/2025\/06\/Inscricoes-1024x536-1-300x157.png 300w, https:\/\/sites.uel.br\/proex\/wp-content\/uploads\/2025\/06\/Inscricoes-1024x536-1-768x402.png 768w\" sizes=\"auto, (max-width: 1024px) 100vw, 1024px\" \/><\/a><\/figure>\n\n\n\n<figure class=\"wp-block-image size-full\"><a href=\"https:\/\/sites.uel.br\/proex\/wp-content\/uploads\/2025\/06\/POR-EXTENSO-2024-REGULAMENTO-19-08-24-1.pdf\"><img loading=\"lazy\" decoding=\"async\" width=\"1024\" height=\"536\" src=\"https:\/\/sites.uel.br\/proex\/wp-content\/uploads\/2025\/06\/Regulamento-1024x536-1.png\" alt=\"\" class=\"wp-image-6447\" srcset=\"https:\/\/sites.uel.br\/proex\/wp-content\/uploads\/2025\/06\/Regulamento-1024x536-1.png 1024w, https:\/\/sites.uel.br\/proex\/wp-content\/uploads\/2025\/06\/Regulamento-1024x536-1-300x157.png 300w, https:\/\/sites.uel.br\/proex\/wp-content\/uploads\/2025\/06\/Regulamento-1024x536-1-768x402.png 768w\" sizes=\"auto, (max-width: 1024px) 100vw, 1024px\" \/><\/a><\/figure>\n\n\n\n<figure class=\"wp-block-image size-large\"><a href=\"https:\/\/sites.uel.br\/proex\/wp-content\/uploads\/2025\/06\/CRONOGRAMA-POR-EXTENSO-2024-SINTESE-2.pdf\"><img loading=\"lazy\" decoding=\"async\" width=\"1024\" height=\"536\" src=\"https:\/\/sites.uel.br\/proex\/wp-content\/uploads\/2025\/06\/Cronograma-1024x536.png\" alt=\"\" class=\"wp-image-6439\" srcset=\"https:\/\/sites.uel.br\/proex\/wp-content\/uploads\/2025\/06\/Cronograma-1024x536.png 1024w, https:\/\/sites.uel.br\/proex\/wp-content\/uploads\/2025\/06\/Cronograma-300x157.png 300w, https:\/\/sites.uel.br\/proex\/wp-content\/uploads\/2025\/06\/Cronograma-768x402.png 768w, https:\/\/sites.uel.br\/proex\/wp-content\/uploads\/2025\/06\/Cronograma.png 1200w\" sizes=\"auto, (max-width: 1024px) 100vw, 1024px\" \/><\/a><\/figure>\n\n\n\n<figure class=\"wp-block-image size-large\"><a href=\"https:\/\/sites.uel.br\/proex\/wp-content\/uploads\/2025\/06\/Modelo_de_ApresentaC3A7C3A3o_Por_Extenso_2024_Final-1.pptx\"><img loading=\"lazy\" decoding=\"async\" width=\"1024\" height=\"536\" src=\"https:\/\/sites.uel.br\/proex\/wp-content\/uploads\/2025\/06\/template_de_apresentacao-1024x536.png\" alt=\"\" class=\"wp-image-6448\" srcset=\"https:\/\/sites.uel.br\/proex\/wp-content\/uploads\/2025\/06\/template_de_apresentacao-1024x536.png 1024w, https:\/\/sites.uel.br\/proex\/wp-content\/uploads\/2025\/06\/template_de_apresentacao-300x157.png 300w, https:\/\/sites.uel.br\/proex\/wp-content\/uploads\/2025\/06\/template_de_apresentacao-768x402.png 768w, https:\/\/sites.uel.br\/proex\/wp-content\/uploads\/2025\/06\/template_de_apresentacao.png 1200w\" sizes=\"auto, (max-width: 1024px) 100vw, 1024px\" \/><\/a><\/figure>\n\n\n\n<figure class=\"wp-block-image size-large\"><a href=\"https:\/\/sites.uel.br\/proex\/wp-content\/uploads\/2025\/06\/comissao-organizadora-13-por-extenso.pdf\"><img loading=\"lazy\" decoding=\"async\" width=\"1024\" height=\"536\" src=\"https:\/\/sites.uel.br\/proex\/wp-content\/uploads\/2025\/06\/Comissao_Organizadora-1024x536.png\" alt=\"\" class=\"wp-image-6437\" srcset=\"https:\/\/sites.uel.br\/proex\/wp-content\/uploads\/2025\/06\/Comissao_Organizadora-1024x536.png 1024w, https:\/\/sites.uel.br\/proex\/wp-content\/uploads\/2025\/06\/Comissao_Organizadora-300x157.png 300w, https:\/\/sites.uel.br\/proex\/wp-content\/uploads\/2025\/06\/Comissao_Organizadora-768x402.png 768w, https:\/\/sites.uel.br\/proex\/wp-content\/uploads\/2025\/06\/Comissao_Organizadora.png 1200w\" sizes=\"auto, (max-width: 1024px) 100vw, 1024px\" \/><\/a><\/figure>\n<\/div>\n\n\n\n<p><\/p>\n\n\n\n<div class=\"wp-block-group is-layout-grid wp-container-core-group-is-layout-9649a0d9 wp-block-group-is-layout-grid\">\n<figure class=\"wp-block-image size-large\"><a href=\"https:\/\/sites.uel.br\/proex\/wp-content\/uploads\/2025\/06\/COMITE-AVALIADOR-DO-POR-EXTENSO-2024.pdf\"><img loading=\"lazy\" decoding=\"async\" width=\"1024\" height=\"536\" src=\"https:\/\/sites.uel.br\/proex\/wp-content\/uploads\/2025\/06\/Comite_Avaliador-1024x536.png\" alt=\"\" class=\"wp-image-6438\" srcset=\"https:\/\/sites.uel.br\/proex\/wp-content\/uploads\/2025\/06\/Comite_Avaliador-1024x536.png 1024w, https:\/\/sites.uel.br\/proex\/wp-content\/uploads\/2025\/06\/Comite_Avaliador-300x157.png 300w, https:\/\/sites.uel.br\/proex\/wp-content\/uploads\/2025\/06\/Comite_Avaliador-768x402.png 768w, https:\/\/sites.uel.br\/proex\/wp-content\/uploads\/2025\/06\/Comite_Avaliador.png 1200w\" sizes=\"auto, (max-width: 1024px) 100vw, 1024px\" \/><\/a><\/figure>\n\n\n\n<figure class=\"wp-block-image size-large\"><a href=\"https:\/\/sites.uel.br\/proex\/wp-content\/uploads\/2025\/06\/Sinalizacao03-Digital.pdf\"><img loading=\"lazy\" decoding=\"async\" width=\"1024\" height=\"536\" src=\"https:\/\/sites.uel.br\/proex\/wp-content\/uploads\/2025\/06\/Mapa_de_Salas-1024x536.webp\" alt=\"\" class=\"wp-image-6444\" srcset=\"https:\/\/sites.uel.br\/proex\/wp-content\/uploads\/2025\/06\/Mapa_de_Salas-1024x536.webp 1024w, https:\/\/sites.uel.br\/proex\/wp-content\/uploads\/2025\/06\/Mapa_de_Salas-300x157.webp 300w, https:\/\/sites.uel.br\/proex\/wp-content\/uploads\/2025\/06\/Mapa_de_Salas-768x402.webp 768w, https:\/\/sites.uel.br\/proex\/wp-content\/uploads\/2025\/06\/Mapa_de_Salas.webp 1200w\" sizes=\"auto, (max-width: 1024px) 100vw, 1024px\" \/><\/a><\/figure>\n\n\n\n<figure class=\"wp-block-image size-large\"><a href=\"https:\/\/sites.uel.br\/proex\/wp-content\/uploads\/2025\/06\/Modelo-resumo-expandido-Por-Extenso-2024.docx\"><img loading=\"lazy\" decoding=\"async\" width=\"1024\" height=\"536\" src=\"https:\/\/sites.uel.br\/proex\/wp-content\/uploads\/2025\/06\/Modelo_do_Resumo-1024x536.png\" alt=\"\" class=\"wp-image-6445\" srcset=\"https:\/\/sites.uel.br\/proex\/wp-content\/uploads\/2025\/06\/Modelo_do_Resumo-1024x536.png 1024w, https:\/\/sites.uel.br\/proex\/wp-content\/uploads\/2025\/06\/Modelo_do_Resumo-300x157.png 300w, https:\/\/sites.uel.br\/proex\/wp-content\/uploads\/2025\/06\/Modelo_do_Resumo-768x402.png 768w, https:\/\/sites.uel.br\/proex\/wp-content\/uploads\/2025\/06\/Modelo_do_Resumo.png 1200w\" sizes=\"auto, (max-width: 1024px) 100vw, 1024px\" \/><\/a><\/figure>\n\n\n\n<figure class=\"wp-block-image size-large\"><a href=\"https:\/\/sites.uel.br\/proex\/wp-content\/uploads\/2025\/06\/PERIODOS-DE-INSCRICAO-por-PERFIL-DE-PARTICIPANTE-e-VENCIMENTO-DO-BOLETO.pdf\"><img loading=\"lazy\" decoding=\"async\" width=\"1024\" height=\"536\" src=\"https:\/\/sites.uel.br\/proex\/wp-content\/uploads\/2025\/06\/INSCRICAO__PERFIL_DE_PARTICIPANTE_PRAZOS_e_VENCIMENTO_DO_BOLETO-1024x536.png\" alt=\"\" class=\"wp-image-6442\" srcset=\"https:\/\/sites.uel.br\/proex\/wp-content\/uploads\/2025\/06\/INSCRICAO__PERFIL_DE_PARTICIPANTE_PRAZOS_e_VENCIMENTO_DO_BOLETO-1024x536.png 1024w, https:\/\/sites.uel.br\/proex\/wp-content\/uploads\/2025\/06\/INSCRICAO__PERFIL_DE_PARTICIPANTE_PRAZOS_e_VENCIMENTO_DO_BOLETO-300x157.png 300w, https:\/\/sites.uel.br\/proex\/wp-content\/uploads\/2025\/06\/INSCRICAO__PERFIL_DE_PARTICIPANTE_PRAZOS_e_VENCIMENTO_DO_BOLETO-768x402.png 768w, https:\/\/sites.uel.br\/proex\/wp-content\/uploads\/2025\/06\/INSCRICAO__PERFIL_DE_PARTICIPANTE_PRAZOS_e_VENCIMENTO_DO_BOLETO.png 1200w\" sizes=\"auto, (max-width: 1024px) 100vw, 1024px\" \/><\/a><\/figure>\n\n\n\n<figure class=\"wp-block-image size-large\"><a href=\"https:\/\/sites.uel.br\/proex\/wp-content\/uploads\/2025\/06\/Programacao-Eventos-Integrados.pdf\"><img loading=\"lazy\" decoding=\"async\" width=\"1024\" height=\"536\" src=\"https:\/\/sites.uel.br\/proex\/wp-content\/uploads\/2025\/06\/Prog_Geral-1024x536.png\" alt=\"\" class=\"wp-image-6446\" srcset=\"https:\/\/sites.uel.br\/proex\/wp-content\/uploads\/2025\/06\/Prog_Geral-1024x536.png 1024w, https:\/\/sites.uel.br\/proex\/wp-content\/uploads\/2025\/06\/Prog_Geral-300x157.png 300w, https:\/\/sites.uel.br\/proex\/wp-content\/uploads\/2025\/06\/Prog_Geral-768x402.png 768w, https:\/\/sites.uel.br\/proex\/wp-content\/uploads\/2025\/06\/Prog_Geral.png 1200w\" sizes=\"auto, (max-width: 1024px) 100vw, 1024px\" \/><\/a><\/figure>\n<\/div>\n\n\n\n<p><\/p>\n\n\n\n<div class=\"wp-block-group is-layout-grid wp-container-core-group-is-layout-9649a0d9 wp-block-group-is-layout-grid\">\n<figure class=\"wp-block-image size-large\"><a href=\"https:\/\/sites.uel.br\/proex\/wp-content\/uploads\/2025\/06\/PLANILHA-TRABALHOS-INSCRITOS-ORDEM-ALFABETICA-06-11-2024.pdf\"><img loading=\"lazy\" decoding=\"async\" width=\"1024\" height=\"536\" src=\"https:\/\/sites.uel.br\/proex\/wp-content\/uploads\/2025\/06\/Ensalamento-1-1024x536.png\" alt=\"\" class=\"wp-image-6441\" srcset=\"https:\/\/sites.uel.br\/proex\/wp-content\/uploads\/2025\/06\/Ensalamento-1-1024x536.png 1024w, https:\/\/sites.uel.br\/proex\/wp-content\/uploads\/2025\/06\/Ensalamento-1-300x157.png 300w, https:\/\/sites.uel.br\/proex\/wp-content\/uploads\/2025\/06\/Ensalamento-1-768x402.png 768w, https:\/\/sites.uel.br\/proex\/wp-content\/uploads\/2025\/06\/Ensalamento-1.png 1200w\" sizes=\"auto, (max-width: 1024px) 100vw, 1024px\" \/><\/a><\/figure>\n\n\n\n<figure class=\"wp-block-image size-large\"><a href=\"https:\/\/sites.uel.br\/proex\/wp-content\/uploads\/2025\/07\/Anais_do_13_PorExtenso2024.pdf\"><img loading=\"lazy\" decoding=\"async\" width=\"1024\" height=\"536\" src=\"https:\/\/sites.uel.br\/proex\/wp-content\/uploads\/2025\/06\/ANAIS-1024x536.png\" alt=\"\" class=\"wp-image-6436\" srcset=\"https:\/\/sites.uel.br\/proex\/wp-content\/uploads\/2025\/06\/ANAIS-1024x536.png 1024w, https:\/\/sites.uel.br\/proex\/wp-content\/uploads\/2025\/06\/ANAIS-300x157.png 300w, https:\/\/sites.uel.br\/proex\/wp-content\/uploads\/2025\/06\/ANAIS-768x402.png 768w, https:\/\/sites.uel.br\/proex\/wp-content\/uploads\/2025\/06\/ANAIS.png 1200w\" sizes=\"auto, (max-width: 1024px) 100vw, 1024px\" \/><\/a><\/figure>\n\n\n\n<figure class=\"wp-block-image size-large wp-container-content-83148919\"><a href=\"https:\/\/www.uel.br\/eventos\/porextenso\/pages\/eventos-anteriores.php\"><img loading=\"lazy\" decoding=\"async\" width=\"1024\" height=\"536\" src=\"https:\/\/sites.uel.br\/proex\/wp-content\/uploads\/2025\/06\/ed._anteriores-1-1024x536.png\" alt=\"\" class=\"wp-image-6435\" srcset=\"https:\/\/sites.uel.br\/proex\/wp-content\/uploads\/2025\/06\/ed._anteriores-1-1024x536.png 1024w, https:\/\/sites.uel.br\/proex\/wp-content\/uploads\/2025\/06\/ed._anteriores-1-300x157.png 300w, https:\/\/sites.uel.br\/proex\/wp-content\/uploads\/2025\/06\/ed._anteriores-1-768x402.png 768w, https:\/\/sites.uel.br\/proex\/wp-content\/uploads\/2025\/06\/ed._anteriores-1.png 1200w\" sizes=\"auto, (max-width: 1024px) 100vw, 1024px\" \/><\/a><\/figure>\n<\/div>\n\n\n\n<p class=\"has-text-align-center\"><\/p>\n\n\n\n<p><\/p>\n\n\n\n<figure class=\"wp-block-image size-large is-resized\"><img loading=\"lazy\" decoding=\"async\" width=\"1024\" height=\"179\" src=\"https:\/\/sites.uel.br\/proex\/wp-content\/uploads\/2024\/08\/Prancheta-1rodape-2-1024x179.png\" alt=\"\" class=\"wp-image-4534\" style=\"width:1123px;height:auto\" srcset=\"https:\/\/sites.uel.br\/proex\/wp-content\/uploads\/2024\/08\/Prancheta-1rodape-2-1024x179.png 1024w, https:\/\/sites.uel.br\/proex\/wp-content\/uploads\/2024\/08\/Prancheta-1rodape-2-300x53.png 300w, https:\/\/sites.uel.br\/proex\/wp-content\/uploads\/2024\/08\/Prancheta-1rodape-2-768x134.png 768w, https:\/\/sites.uel.br\/proex\/wp-content\/uploads\/2024\/08\/Prancheta-1rodape-2-1536x269.png 1536w, https:\/\/sites.uel.br\/proex\/wp-content\/uploads\/2024\/08\/Prancheta-1rodape-2-2048x359.png 2048w\" sizes=\"auto, (max-width: 1024px) 100vw, 1024px\" \/><\/figure>\n","protected":false},"excerpt":{"rendered":"<p>11 a 14&nbsp; de Novembro de 2024 7\u00ba ENCONTRO ANUAL DE EXTENS\u00c3O UNIVERSIT\u00c1RIA 13\u00ba SIMP\u00d3SIO DE EXTENS\u00c3O DA UEL A Extens\u00e3o Universit\u00e1ria e a Inova\u00e7\u00e3o Social: caminhos para a transforma\u00e7\u00e3o social O VII Encontro Anual de Extens\u00e3o Universit\u00e1ria e o XIII Simp\u00f3sio de Extens\u00e3o da UEL s\u00e3o realiza\u00e7\u00f5es da Universidade Estadual de Londrina, por meio [&hellip;]<\/p>\n","protected":false},"author":6,"featured_media":0,"parent":0,"menu_order":0,"comment_status":"closed","ping_status":"closed","template":"","meta":{"_acf_changed":false,"_themeisle_gutenberg_block_has_review":false,"footnotes":""},"class_list":["post-437","page","type-page","status-publish","hentry"],"acf":[],"_links":{"self":[{"href":"https:\/\/sites.uel.br\/proex\/wp-json\/wp\/v2\/pages\/437","targetHints":{"allow":["GET"]}}],"collection":[{"href":"https:\/\/sites.uel.br\/proex\/wp-json\/wp\/v2\/pages"}],"about":[{"href":"https:\/\/sites.uel.br\/proex\/wp-json\/wp\/v2\/types\/page"}],"author":[{"embeddable":true,"href":"https:\/\/sites.uel.br\/proex\/wp-json\/wp\/v2\/users\/6"}],"replies":[{"embeddable":true,"href":"https:\/\/sites.uel.br\/proex\/wp-json\/wp\/v2\/comments?post=437"}],"version-history":[{"count":81,"href":"https:\/\/sites.uel.br\/proex\/wp-json\/wp\/v2\/pages\/437\/revisions"}],"predecessor-version":[{"id":6537,"href":"https:\/\/sites.uel.br\/proex\/wp-json\/wp\/v2\/pages\/437\/revisions\/6537"}],"wp:attachment":[{"href":"https:\/\/sites.uel.br\/proex\/wp-json\/wp\/v2\/media?parent=437"}],"curies":[{"name":"wp","href":"https:\/\/api.w.org\/{rel}","templated":true}]}}