{"id":4277,"date":"2024-07-01T16:35:01","date_gmt":"2024-07-01T19:35:01","guid":{"rendered":"https:\/\/sites.uel.br\/proex\/?page_id=4277"},"modified":"2025-06-10T10:52:03","modified_gmt":"2025-06-10T13:52:03","slug":"documentos-cursos-e-eventos","status":"publish","type":"page","link":"https:\/\/sites.uel.br\/proex\/documentos-cursos-e-eventos\/","title":{"rendered":"Documentos &#8211; Cursos e Eventos"},"content":{"rendered":"\n<p>__________________________________________________________________________________________________<\/p>\n\n\n\n<h3 class=\"wp-block-heading\"><\/h3>\n\n\n\n<figure class=\"wp-block-table is-style-stripes\"><table><tbody><tr><td><strong><a href=\"https:\/\/sites.uel.br\/proex\/wp-content\/uploads\/2024\/07\/Ato-Executivo-no-46.2024.pdf\">Ato Executivo n. 46\/2024<\/a><\/strong><br>Disciplina a designa\u00e7\u00e3o das figuras do Gestor dos instrumentos jur\u00eddicos celebrados entre a Universidade Estadual de Londrina e as Funda\u00e7\u00f5es de Apoio.<\/td><\/tr><tr><td><a href=\"https:\/\/sites.uel.br\/proex\/wp-content\/uploads\/2024\/07\/Modelo-Relatorio-de-Fiscal-EVENTOS-2024.docx\"><strong>Modelo de Relat\u00f3rio de Fiscais <\/strong><\/a><br><br><a href=\"https:\/\/drive.google.com\/drive\/folders\/1B_Po5HReZ0V-3VbVzk88AtAXNlUAg8f9\"><strong>Informa\u00e7\u00f5es Gerais &#8211; Eventos apoiados (Funda\u00e7\u00e3o Arauc\u00e1ria)<\/strong><\/a><\/td><\/tr><tr><td><strong><a href=\"https:\/\/sites.uel.br\/proex\/wp-content\/uploads\/2024\/07\/Instrucao-de-Servico-PROPPG-PROEX-PROPLAN-n-001-2024.pdf\" data-type=\"URL\" data-id=\"https:\/\/sites.uel.br\/proex\/wp-content\/uploads\/2023\/04\/ORIENTACAO-AUDITORIA-04-2019.pdf\" target=\"_blank\" rel=\"noreferrer noopener\">Instru\u00e7\u00e3o de Servi\u00e7o 001\/2024<\/a><\/strong><br>Disp\u00f5e sobre rotinas administrativas aplic\u00e1veis \u00e0 gest\u00e3o e \u00e0 fiscaliza\u00e7\u00e3o de instrumentos jur\u00eddicos celebrados entre a Universidade Estadual de Londrina e suas Funda\u00e7\u00f5es de Apoio Credenciadas.<\/td><\/tr><\/tbody><\/table><\/figure>\n\n\n\n<p><\/p>\n\n\n\n<p><\/p>\n\n\n\n<p><\/p>\n\n\n\n<p><\/p>\n","protected":false},"excerpt":{"rendered":"<p>__________________________________________________________________________________________________ Ato Executivo n. 46\/2024Disciplina a designa\u00e7\u00e3o das figuras do Gestor dos instrumentos jur\u00eddicos celebrados entre a Universidade Estadual de Londrina e as Funda\u00e7\u00f5es de Apoio. Modelo de Relat\u00f3rio de Fiscais Informa\u00e7\u00f5es Gerais &#8211; Eventos apoiados (Funda\u00e7\u00e3o Arauc\u00e1ria) Instru\u00e7\u00e3o de Servi\u00e7o 001\/2024Disp\u00f5e sobre rotinas administrativas aplic\u00e1veis \u00e0 gest\u00e3o e \u00e0 fiscaliza\u00e7\u00e3o de instrumentos jur\u00eddicos celebrados [&hellip;]<\/p>\n","protected":false},"author":9,"featured_media":0,"parent":0,"menu_order":0,"comment_status":"closed","ping_status":"closed","template":"","meta":{"_acf_changed":false,"_themeisle_gutenberg_block_has_review":false,"footnotes":""},"class_list":["post-4277","page","type-page","status-publish","hentry"],"acf":[],"_links":{"self":[{"href":"https:\/\/sites.uel.br\/proex\/wp-json\/wp\/v2\/pages\/4277","targetHints":{"allow":["GET"]}}],"collection":[{"href":"https:\/\/sites.uel.br\/proex\/wp-json\/wp\/v2\/pages"}],"about":[{"href":"https:\/\/sites.uel.br\/proex\/wp-json\/wp\/v2\/types\/page"}],"author":[{"embeddable":true,"href":"https:\/\/sites.uel.br\/proex\/wp-json\/wp\/v2\/users\/9"}],"replies":[{"embeddable":true,"href":"https:\/\/sites.uel.br\/proex\/wp-json\/wp\/v2\/comments?post=4277"}],"version-history":[{"count":5,"href":"https:\/\/sites.uel.br\/proex\/wp-json\/wp\/v2\/pages\/4277\/revisions"}],"predecessor-version":[{"id":6335,"href":"https:\/\/sites.uel.br\/proex\/wp-json\/wp\/v2\/pages\/4277\/revisions\/6335"}],"wp:attachment":[{"href":"https:\/\/sites.uel.br\/proex\/wp-json\/wp\/v2\/media?parent=4277"}],"curies":[{"name":"wp","href":"https:\/\/api.w.org\/{rel}","templated":true}]}}