{"id":3160,"date":"2023-10-02T15:16:42","date_gmt":"2023-10-02T18:16:42","guid":{"rendered":"https:\/\/sites.uel.br\/proex\/?page_id=3160"},"modified":"2025-04-02T17:25:07","modified_gmt":"2025-04-02T20:25:07","slug":"equipe-e-estrutura","status":"publish","type":"page","link":"https:\/\/sites.uel.br\/proex\/apresentacao\/equipe-e-estrutura\/","title":{"rendered":"Equipe e Estrutura"},"content":{"rendered":"\n<div style=\"height:20px\" aria-hidden=\"true\" class=\"wp-block-spacer\"><\/div>\n\n\n\n<h3 class=\"wp-block-heading\" style=\"font-size:25px\">Administra\u00e7\u00e3o<\/h3>\n\n\n\n<p><strong>Pr\u00f3-Reitora de Extens\u00e3o, Cultura e Sociedade<\/strong><br>Prof. Zilda Aparecida Freitas de Andrade- <a href=\"mailto:proex@uel.br\">proex@uel.br<\/a><\/p>\n\n\n\n<p><strong>Secret\u00e1rio Executivo<\/strong><br>Aparecida Guerin<\/p>\n\n\n\n<div style=\"height:20px\" aria-hidden=\"true\" class=\"wp-block-spacer\"><\/div>\n\n\n\n<h4 class=\"wp-block-heading\" style=\"font-size:25px\"><strong>Diretoria de Programas, Projetos e Inicia\u00e7\u00e3o Extensionista:<\/strong><\/h4>\n\n\n\n<p><strong>Diretor: <\/strong>Paulo Antonio Liboni Filho<\/p>\n\n\n\n<p>Respons\u00e1vel pela coordena\u00e7\u00e3o das a\u00e7\u00f5es direcionadas ao apoio na elabora\u00e7\u00e3o, tramita\u00e7\u00e3o, cadastro e acompanhamento das atividades vinculadas \u00e0 projetos, programas, bolsas, presta\u00e7\u00e3o de servi\u00e7os.<\/p>\n\n\n\n<div id=\"wp-block-themeisle-blocks-accordion-5d28e6c3\" class=\"wp-block-themeisle-blocks-accordion exclusive  is-style-default\">\n<details class=\"wp-block-themeisle-blocks-accordion-item\"><summary class=\"wp-block-themeisle-blocks-accordion-item__title\"><div><strong>DPIE &#8211; Divis\u00e3o de Projeto e Inicia\u00e7\u00e3o Extensionista<\/strong><\/div><\/summary><div class=\"wp-block-themeisle-blocks-accordion-item__content\">\n<p>Assessora na elabora\u00e7\u00e3o de projetos, programas, presta\u00e7\u00e3o de servi\u00e7os e bolsas de extens\u00e3o.<\/p>\n\n\n\n<p><strong>Chefe da Divis\u00e3o:<\/strong> Paulo Sergio Basoli<\/p>\n<\/div><\/details>\n\n\n\n<details class=\"wp-block-themeisle-blocks-accordion-item\"><summary class=\"wp-block-themeisle-blocks-accordion-item__title\"><div><strong>DGFL &#8211; Divis\u00e3o de Gerenciamento Financeiro e Log\u00edstica<\/strong><\/div><\/summary><div class=\"wp-block-themeisle-blocks-accordion-item__content\">\n<p>Executa a\u00e7\u00f5es de suporte log\u00edstico para o desenvolvimento dos projetos de extens\u00e3o.<\/p>\n\n\n\n<p><strong>Chefe da Divis\u00e3o:<\/strong><\/p>\n<\/div><\/details>\n<\/div>\n\n\n\n<div style=\"height:20px\" aria-hidden=\"true\" class=\"wp-block-spacer\"><\/div>\n\n\n\n<h4 class=\"wp-block-heading\" style=\"font-size:25px\">Diretoria de Eventos, Cultura e Rela\u00e7\u00f5es com a Sociedade:<\/h4>\n\n\n\n<p><strong>Diretora: <\/strong>Ana Luisa Boavista L. Cavalcante<\/p>\n\n\n\n<p>Respons\u00e1vel pelo gerenciamento dos recursos financeiros dos projetos, promovendo sua divulga\u00e7\u00e3o e a integra\u00e7\u00e3o comunit\u00e1ria.<\/p>\n\n\n\n<div id=\"wp-block-themeisle-blocks-accordion-4e98a598\" class=\"wp-block-themeisle-blocks-accordion exclusive  is-style-default\">\n<details class=\"wp-block-themeisle-blocks-accordion-item\"><summary class=\"wp-block-themeisle-blocks-accordion-item__title\"><div><strong>DRS &#8211; Divis\u00e3o de Rela\u00e7\u00f5es com a Sociedade<\/strong><\/div><\/summary><div class=\"wp-block-themeisle-blocks-accordion-item__content\">\n<p>Organiza a informa\u00e7\u00e3o e a divulga\u00e7\u00e3o do trabalho extensionista e promove a integra\u00e7\u00e3o com a comunidade.<\/p>\n\n\n\n<p><strong>Chefe da Divis\u00e3o: <\/strong>Samanta Vieira<\/p>\n<\/div><\/details>\n\n\n\n<details class=\"wp-block-themeisle-blocks-accordion-item\"><summary class=\"wp-block-themeisle-blocks-accordion-item__title\"><div><strong>DCE &#8211; Divis\u00e3o de Cursos e Eventos<\/strong><\/div><\/summary><div class=\"wp-block-themeisle-blocks-accordion-item__content\">\n<p>Assessora a montagem, realiza\u00e7\u00e3o e execu\u00e7\u00e3o financeira de cursos e eventos de extens\u00e3o.<\/p>\n\n\n\n<p><strong>Chefe da Divis\u00e3o:<\/strong> Vicentina Candido<\/p>\n<\/div><\/details>\n\n\n\n<details class=\"wp-block-themeisle-blocks-accordion-item\"><summary class=\"wp-block-themeisle-blocks-accordion-item__title\"><div><strong>Curso Especial Pr\u00e9-Vestibular<\/strong><\/div><\/summary><div class=\"wp-block-themeisle-blocks-accordion-item__content\">\n<p><strong>Coordenadora:<\/strong> Rita de C\u00e1ssia R. Oliveira<\/p>\n<\/div><\/details>\n<\/div>\n\n\n\n<div style=\"height:20px\" aria-hidden=\"true\" class=\"wp-block-spacer\"><\/div>\n\n\n\n<h4 class=\"wp-block-heading\">Organograma<\/h4>\n\n\n\n<figure class=\"wp-block-image size-large\"><img decoding=\"async\" src=\"https:\/\/sites.uel.br\/proex\/wp-content\/uploads\/2025\/04\/Ativo-1orgnaograma-2.png\" alt=\"\"\/><\/figure>\n","protected":false},"excerpt":{"rendered":"<p>Administra\u00e7\u00e3o Pr\u00f3-Reitora de Extens\u00e3o, Cultura e SociedadeProf. Zilda Aparecida Freitas de Andrade- proex@uel.br Secret\u00e1rio ExecutivoAparecida Guerin Diretoria de Programas, Projetos e Inicia\u00e7\u00e3o Extensionista: Diretor: Paulo Antonio Liboni Filho Respons\u00e1vel pela coordena\u00e7\u00e3o das a\u00e7\u00f5es direcionadas ao apoio na elabora\u00e7\u00e3o, tramita\u00e7\u00e3o, cadastro e acompanhamento das atividades vinculadas \u00e0 projetos, programas, bolsas, presta\u00e7\u00e3o de servi\u00e7os. Diretoria de Eventos, [&hellip;]<\/p>\n","protected":false},"author":12,"featured_media":0,"parent":25,"menu_order":0,"comment_status":"closed","ping_status":"closed","template":"","meta":{"_acf_changed":false,"_themeisle_gutenberg_block_has_review":false,"footnotes":""},"class_list":["post-3160","page","type-page","status-publish","hentry"],"acf":[],"_links":{"self":[{"href":"https:\/\/sites.uel.br\/proex\/wp-json\/wp\/v2\/pages\/3160","targetHints":{"allow":["GET"]}}],"collection":[{"href":"https:\/\/sites.uel.br\/proex\/wp-json\/wp\/v2\/pages"}],"about":[{"href":"https:\/\/sites.uel.br\/proex\/wp-json\/wp\/v2\/types\/page"}],"author":[{"embeddable":true,"href":"https:\/\/sites.uel.br\/proex\/wp-json\/wp\/v2\/users\/12"}],"replies":[{"embeddable":true,"href":"https:\/\/sites.uel.br\/proex\/wp-json\/wp\/v2\/comments?post=3160"}],"version-history":[{"count":11,"href":"https:\/\/sites.uel.br\/proex\/wp-json\/wp\/v2\/pages\/3160\/revisions"}],"predecessor-version":[{"id":5803,"href":"https:\/\/sites.uel.br\/proex\/wp-json\/wp\/v2\/pages\/3160\/revisions\/5803"}],"up":[{"embeddable":true,"href":"https:\/\/sites.uel.br\/proex\/wp-json\/wp\/v2\/pages\/25"}],"wp:attachment":[{"href":"https:\/\/sites.uel.br\/proex\/wp-json\/wp\/v2\/media?parent=3160"}],"curies":[{"name":"wp","href":"https:\/\/api.w.org\/{rel}","templated":true}]}}