{"id":71,"date":"2022-10-05T10:44:27","date_gmt":"2022-10-05T13:44:27","guid":{"rendered":"https:\/\/sites.uel.br\/proensino\/?page_id=71"},"modified":"2026-09-02T11:03:48","modified_gmt":"2026-09-02T14:03:48","slug":"apresentacao-dos-trabalhos","status":"publish","type":"page","link":"https:\/\/sites.uel.br\/proensino\/apresentacao-dos-trabalhos\/","title":{"rendered":"Apresenta\u00e7\u00e3o dos Trabalhos"},"content":{"rendered":"\n<hr class=\"wp-block-separator has-alpha-channel-opacity is-style-wide\" \/>\n\n\n\n<p class=\"wp-block-paragraph\">A Apresenta\u00e7\u00e3o dos Trabalhos ocorrer\u00e3o nos dias 18\/11\/2026 e 19\/11\/2026, no CESA\/UEL.<\/p>\n\n\n\n<p class=\"has-text-align-center has-background wp-block-paragraph\" style=\"background-color:#d1a799\"><strong><strong>ORIENTA\u00c7\u00d5ES PARA APRESENTA\u00c7\u00c3O DOS TRABALHOS \u2013 VI<strong><strong>I<\/strong><\/strong>I PR\u00d3-ENSINO<\/strong><\/strong><\/p>\n\n\n\n<p class=\"wp-block-paragraph\">\u2013 As apresenta\u00e7\u00f5es ocorrer\u00e3o nos dias <strong>18 e 19 de novembro de 2026 (quarta e quinta-feira)<\/strong>, nos per\u00edodos <strong>matutino e vespertino<\/strong>.<\/p>\n\n\n\n<p class=\"wp-block-paragraph\">\u2013 A exposi\u00e7\u00e3o poder\u00e1 ser realizada por <strong>qualquer um dos autores, coautores ou pelo orientador do trabalho<\/strong>, no m\u00e1ximo 2 apresentadores, n\u00e3o sendo permitida comunica\u00e7\u00f5es orais por pessoas (inscritos ou n\u00e3o) que n\u00e3o se enquadrem nessas categorias.<\/p>\n\n\n\n<p class=\"wp-block-paragraph\">\u2013 Recomenda-se a <strong>chegada com anteced\u00eancia m\u00ednima de 15 (quinze) minutos<\/strong> em rela\u00e7\u00e3o ao in\u00edcio das apresenta\u00e7\u00f5es do respectivo turno (<strong>8h \u00e0s 12h<\/strong> e <strong>14h \u00e0s 18h<\/strong>).<\/p>\n\n\n\n<p class=\"wp-block-paragraph\">\u2013 O <strong>tempo m\u00e1ximo destinado \u00e0 apresenta\u00e7\u00e3o ser\u00e1 de 10 (dez) minutos<\/strong>.<\/p>\n\n\n\n<p class=\"wp-block-paragraph\">\u2013 O <strong>apresentador dever\u00e1 providenciar notebook com sa\u00edda HDMI<\/strong> para a proje\u00e7\u00e3o do material, uma vez que <strong>n\u00e3o h\u00e1 equipamentos dispon\u00edveis para todos os expositores<\/strong>. Em caso de utiliza\u00e7\u00e3o de conex\u00e3o VGA, ser\u00e1 necess\u00e1rio <strong>levar o adaptador correspondente<\/strong>. <\/p>\n\n\n\n<p class=\"wp-block-paragraph\">\u2013 <strong>N\u00e3o ser\u00e1 permitida a realiza\u00e7\u00e3o da apresenta\u00e7\u00e3o em data ou hor\u00e1rio diverso<\/strong> daquele estabelecido no cronograma oficial.<\/p>\n\n\n\n<p class=\"wp-block-paragraph\">\u2013 <strong>N\u00e3o ser\u00e3o admitidas altera\u00e7\u00f5es no per\u00edodo, sequ\u00eancia ou hor\u00e1rio de apresenta\u00e7\u00e3o<\/strong>, salvo em situa\u00e7\u00f5es excepcionais, a crit\u00e9rio da Comiss\u00e3o Organizadora.<\/p>\n\n\n\n<p class=\"wp-block-paragraph\">\u2013 Est\u00e1 dispon\u00edvel um <strong>modelo de apresenta\u00e7\u00e3o no formato PowerPoint<\/strong>.<br>(<strong><a href=\"https:\/\/sites.uel.br\/proensino\/wp-content\/uploads\/documentos\/modelo_apresentacao_pro_ensino.ppt\" target=\"_blank\" rel=\"noopener\">Clique aqui para realizar o download<\/a><\/strong>)<\/p>\n\n\n\n<p class=\"wp-block-paragraph\">\u2013 A <strong>efetiva\u00e7\u00e3o da inscri\u00e7\u00e3o<\/strong>, o <strong>pagamento da taxa<\/strong> e a <strong>realiza\u00e7\u00e3o da apresenta\u00e7\u00e3o<\/strong> (quando exigida pela modalidade) s\u00e3o <strong>condi\u00e7\u00f5es obrigat\u00f3rias<\/strong> para a participa\u00e7\u00e3o no evento e para a emiss\u00e3o do respectivo certificado.<\/p>\n\n\n\n<p class=\"wp-block-paragraph\">\u2013 Caso seja identificada <strong>necessidade de corre\u00e7\u00e3o nas informa\u00e7\u00f5es do cronograma<\/strong> (exceto quanto \u00e0 troca de turnos ou sequ\u00eancia das apresenta\u00e7\u00f5es), solicita-se contato pelo e-mail: <strong><a>proensino@uel.br<\/a><\/strong>.<\/p>\n\n\n\n<p class=\"wp-block-paragraph\">\u2013 <strong>Sala da Coordena\u00e7\u00e3o:<\/strong> n\u00ba &lt;a definir&gt; (CESA\/UEL).<\/p>\n\n\n\n<p class=\"wp-block-paragraph\"><\/p>\n","protected":false},"excerpt":{"rendered":"<p>A Apresenta\u00e7\u00e3o dos Trabalhos ocorrer\u00e3o nos dias 18\/11\/2026 e 19\/11\/2026, no CESA\/UEL. ORIENTA\u00c7\u00d5ES PARA APRESENTA\u00c7\u00c3O DOS TRABALHOS \u2013 VIII PR\u00d3-ENSINO \u2013 As apresenta\u00e7\u00f5es ocorrer\u00e3o nos dias 18 e 19 de novembro de 2026 (quarta e quinta-feira), nos per\u00edodos matutino e vespertino. \u2013 A exposi\u00e7\u00e3o poder\u00e1 ser realizada por qualquer um dos autores, coautores ou pelo [&hellip;]<\/p>\n","protected":false},"author":6,"featured_media":0,"parent":0,"menu_order":0,"comment_status":"closed","ping_status":"closed","template":"","meta":{"_themeisle_gutenberg_block_has_review":false,"footnotes":""},"class_list":["post-71","page","type-page","status-publish","hentry"],"acf":[],"_links":{"self":[{"href":"https:\/\/sites.uel.br\/proensino\/wp-json\/wp\/v2\/pages\/71","targetHints":{"allow":["GET"]}}],"collection":[{"href":"https:\/\/sites.uel.br\/proensino\/wp-json\/wp\/v2\/pages"}],"about":[{"href":"https:\/\/sites.uel.br\/proensino\/wp-json\/wp\/v2\/types\/page"}],"author":[{"embeddable":true,"href":"https:\/\/sites.uel.br\/proensino\/wp-json\/wp\/v2\/users\/6"}],"replies":[{"embeddable":true,"href":"https:\/\/sites.uel.br\/proensino\/wp-json\/wp\/v2\/comments?post=71"}],"version-history":[{"count":197,"href":"https:\/\/sites.uel.br\/proensino\/wp-json\/wp\/v2\/pages\/71\/revisions"}],"predecessor-version":[{"id":2277,"href":"https:\/\/sites.uel.br\/proensino\/wp-json\/wp\/v2\/pages\/71\/revisions\/2277"}],"wp:attachment":[{"href":"https:\/\/sites.uel.br\/proensino\/wp-json\/wp\/v2\/media?parent=71"}],"curies":[{"name":"wp","href":"https:\/\/api.w.org\/{rel}","templated":true}]}}