{"id":54,"date":"2022-10-05T10:20:06","date_gmt":"2022-10-05T13:20:06","guid":{"rendered":"https:\/\/sites.uel.br\/proensino\/?page_id=54"},"modified":"2026-09-02T10:06:05","modified_gmt":"2026-09-02T13:06:05","slug":"cronograma","status":"publish","type":"page","link":"https:\/\/sites.uel.br\/proensino\/cronograma\/","title":{"rendered":"Cronograma"},"content":{"rendered":"\n<hr class=\"wp-block-separator has-alpha-channel-opacity is-style-wide\" \/>\n\n\n\n<p class=\"wp-block-paragraph\"><\/p>\n\n\n\n<figure class=\"wp-block-table is-style-stripes\"><table><thead><tr><th class=\"has-text-align-center\" data-align=\"center\"><strong>DATA<\/strong><\/th><th class=\"has-text-align-center\" data-align=\"center\"><strong>ATIVIDADE<\/strong><\/th><th class=\"has-text-align-center\" data-align=\"center\"><strong>OBSERVA\u00c7\u00d5ES<\/strong><\/th><\/tr><\/thead><tbody><tr><td class=\"has-text-align-center\" data-align=\"center\">31\/08\/2026 a 25\/09\/2026 (23h59)<\/td><td class=\"has-text-align-center\" data-align=\"center\"><strong>PER\u00cdODO DE INSCRI\u00c7\u00c3O E SUBMISS\u00c3O DO RESUMO SIMPLES<\/strong><br>(<a href=\"https:\/\/sites.uel.br\/proensino\/inscricoes\/\">sites.uel.br\/proensino\/inscricoes<\/a>)<br>(<a href=\"https:\/\/sites.uel.br\/proensino\/submissao-de-trabalhos\/\">sites.uel.br\/proensino\/submissao-de-trabalhos<\/a>)<\/td><td class=\"has-text-align-center\" data-align=\"center\"><strong>[MODALIDADE 1] APRESENTADOR(A), ESTUDANTE, ORIENTADOR(A) DE TRABALHO, DOCENTE DA UEL<\/strong><br>Valor: R$ 40,00<br>Venc.: 26\/09\/2026<\/td><\/tr><tr><td class=\"has-text-align-center\" data-align=\"center\">31\/08\/2026 a 31\/10\/2026 (23h59)<\/td><td class=\"has-text-align-center\" data-align=\"center\"><strong>PER\u00cdODO DE INSCRI\u00c7\u00c3O PARA OUVINTES<\/strong><br>(<a href=\"https:\/\/sites.uel.br\/proensino\/inscricoes\/\">sites.uel.br\/proensino\/inscricoes<\/a>)<\/td><td class=\"has-text-align-center\" data-align=\"center\"><strong>[MODALIDADE 2]&nbsp;PARTICIPANTE \u2013 SEM APRESENTA\u00c7\u00c3O DE TRABALHO<\/strong><br>Valor: R$ 40,00<br>Venc.: 01\/11\/2026<br>[Comunidade interna e externa]<\/td><\/tr><tr><td class=\"has-text-align-center\" data-align=\"center\">31\/08\/2026 a<br>31\/10\/2026<br>(23h59)<\/td><td class=\"has-text-align-center\" data-align=\"center\"><strong>INSCRI\u00c7\u00d5ES \u2013 ESTUDANTES PARA A<br>COMISS\u00c3O DE APOIO<\/strong><br>link para o formul\u00e1rio de inscri\u00e7\u00e3o:<br><a href=\"https:\/\/forms.gle\/sn5veaHWRDTZN1RC6\" target=\"_blank\" rel=\"noopener\">https:\/\/forms.gle\/sn5veaHWRDTZN1RC6<\/a><\/td><td class=\"has-text-align-center\" data-align=\"center\"><strong>Membro de Comiss\u00e3o de Apoio<\/strong><br>[Estudantes colaboradores para apoio nas Sess\u00f5es de Apresenta\u00e7\u00f5es dos trabalhos selecionados com<br>certifica\u00e7\u00e3o para AEX]<\/td><\/tr><tr><td class=\"has-text-align-center\" data-align=\"center\">31\/08\/2026 a<br>21\/09\/2026 (23h59)<\/td><td class=\"has-text-align-center\" data-align=\"center\"><strong>INSCRI\u00c7\u00d5ES \u2013 COMISS\u00c3O<br>AVALIADORA DOS RESUMOS<\/strong><br>link para o formul\u00e1rio de inscri\u00e7\u00e3o:<br><a href=\"https:\/\/forms.gle\/dpaBLHJE15jc94ET9\" target=\"_blank\" rel=\"noopener\">https:\/\/forms.gle\/dpaBLHJE15jc94ET9<\/a><\/td><td class=\"has-text-align-center\" data-align=\"center\"><strong>Avaliadores(as) dos trabalhos submetidos<\/strong><br>[Docentes da UEL e da C\u00e2mara de Gradua\u00e7\u00e3o]<\/td><\/tr><tr><td class=\"has-text-align-center\" data-align=\"center\">31\/08\/2026 a<br>31\/10\/2026 (23h59)<\/td><td class=\"has-text-align-center\" data-align=\"center\"><strong>INSCRI\u00c7\u00d5ES \u2013 COORDENA\u00c7\u00c3O DAS<br>APRESENTA\u00c7\u00d5ES \/ MODERADORES<\/strong><br>link para o formul\u00e1rio de inscri\u00e7\u00e3o:<br><a href=\"https:\/\/forms.gle\/dpaBLHJE15jc94ET9\" target=\"_blank\" rel=\"noopener\">https:\/\/forms.gle\/dpaBLHJE15jc94ET9<\/a><\/td><td class=\"has-text-align-center\" data-align=\"center\"><strong>Coordenador(a) de sess\u00e3o de comunica\u00e7\u00e3o<br>oral<\/strong> [Docentes e P\u00f3s-graduandos da UEL Stricto Sensu como Coordenadores \/ Moderadores das salas de apresenta\u00e7\u00e3o]<\/td><\/tr><tr><td class=\"has-text-align-center\" data-align=\"center\">30\/09\/2026 a<br>11\/10\/2026 (18h)<\/td><td class=\"has-text-align-center\" data-align=\"center\"><strong>AVALIA\u00c7\u00c3O DOS RESUMOS<\/strong><\/td><td class=\"has-text-align-center\" data-align=\"center\"><strong>Data limite para a Comiss\u00e3o Avaliadora<\/strong> emitir parecer dos resumos expandidos (aprovar ou solicitar <strong>corre\u00e7\u00f5es aos autores<\/strong>) e enviar ao autor<\/td><\/tr><tr><td class=\"has-text-align-center\" data-align=\"center\">11\/10\/2026 at\u00e9<br>23\/10\/2026<\/td><td class=\"has-text-align-center\" data-align=\"center\"><strong>DEVOLU\u00c7\u00c3O DO RESUMO CORRIGIDO<br>PELOS(AS) AUTORES(AS)<\/strong><\/td><td class=\"has-text-align-center\" data-align=\"center\">Autores(as) <strong>submetem pelo SIGEC o resumo corrigido<\/strong>, caso tenham sido solicitadas corre\u00e7\u00f5es pela Comiss\u00e3o Avaliadora.<\/td><\/tr><tr><td class=\"has-text-align-center\" data-align=\"center\">23\/10\/2026 a 26\/10\/2026<\/td><td class=\"has-text-align-center\" data-align=\"center\"><strong>2\u00b0 AVALIA\u00c7\u00c3O DOS RESUMOS<\/strong><\/td><td class=\"has-text-align-center\" data-align=\"center\"><strong>\u00daltimo dia caso necess\u00e1rio, para a Comiss\u00e3o Avaliadora<\/strong> solicitar demais corre\u00e7\u00f5es e para o <strong>Autor<\/strong> reenviar o resumo<\/td><\/tr><tr><td class=\"has-text-align-center\" data-align=\"center\">02\/11\/2026<\/td><td class=\"has-text-align-center\" data-align=\"center\"><strong>1\u00aa DIVULGA\u00c7\u00c3O DO ENSALAMENTO<\/strong><br>(<a href=\"https:\/\/sites.uel.br\/proensino\/apresentacao-dos-trabalhos\/\">sites.uel.br\/proensino\/apresentacao-dos-trabalhos<\/a>)<\/td><td class=\"has-text-align-center\" data-align=\"center\"><strong>Pr\u00e9via do ensalamento<\/strong><br>(sujeito a mudan\u00e7as se forem<br>solicitadas pelos apresentadores)<\/td><\/tr><tr><td class=\"has-text-align-center\" data-align=\"center\">02\/11\/2026 a<br>05\/11\/2026<\/td><td class=\"has-text-align-center\" data-align=\"center\"><strong>PEDIDOS DE ALTERA\u00c7\u00c3O NO<br>ENSALAMENTO<\/strong><\/td><td class=\"has-text-align-center\" data-align=\"center\">Altera\u00e7\u00f5es, mediante <strong>apresenta\u00e7\u00e3o de documento<br>comprobat\u00f3rio e assinatura do orientador<\/strong>. Solicita\u00e7\u00f5es podem ser enviadas para o e-mail: proensino@uel.br, dentro do prazo<\/td><\/tr><tr><td class=\"has-text-align-center\" data-align=\"center\">06\/11\/2026<\/td><td class=\"has-text-align-center\" data-align=\"center\"><strong>PUBLICA\u00c7\u00c3O FINAL DO<br>ENSALAMENTO<\/strong><\/td><td class=\"has-text-align-center\" data-align=\"center\"><strong>Divulga\u00e7\u00e3o final do ensalamento<\/strong><\/td><\/tr><tr><td class=\"has-text-align-center\" data-align=\"center\">16\/11\/2026<br>(19h)<\/td><td class=\"has-text-align-center\" data-align=\"center\"><strong>ABERTURA DOS EVENTOS<br>ACAD\u00caMICOS INTEGRADOS<\/strong><br>(Por Extenso, Pr\u00f3-Ensino, EAIC e<br>ForInter)<\/td><td class=\"has-text-align-center\" data-align=\"center\">Participa\u00e7\u00e3o com <strong>lista de presen\u00e7a<\/strong>: Cerim\u00f4nia de<br>Abertura dos Eventos Acad\u00eamicos Integrados<br><strong>Confer\u00eancia<\/strong>: &lt;a definir&gt;<br>Confraterniza\u00e7\u00e3o com coffee<\/td><\/tr><tr><td class=\"has-text-align-center\" data-align=\"center\">18\/11\/2026 e 19\/11\/2026<\/td><td class=\"has-text-align-center\" data-align=\"center\"><strong>APRESENTA\u00c7\u00d5ES DOS TRABALHOS<br>APROVADOS &#8211; VIII PR\u00d3-ENSINO<\/strong><\/td><td class=\"has-text-align-center\" data-align=\"center\"><strong>Sess\u00f5es de apresenta\u00e7\u00e3o de trabalhos (CESA)<\/strong><br>das 8h \u00e0s 12h e das 14h \u00e0s 18h<\/td><\/tr><tr><td class=\"has-text-align-center\" data-align=\"center\">19\/11\/2026<\/td><td class=\"has-text-align-center\" data-align=\"center\"><strong>ENCERRAMENTO DOS<br>EVENTOS ACAD\u00caMICOS<br>INTEGRADOS E CONFER\u00caNCIA<\/strong><\/td><td class=\"has-text-align-center\" data-align=\"center\"><strong>Palestra<\/strong>: \u201cNovas Tecnologias e I.A para o<br>Ensino e Extens\u00e3o\u201d<br>Confer\u00eancia: Prof. David<\/td><\/tr><\/tbody><\/table><\/figure>\n\n\n\n<p class=\"wp-block-paragraph\"><\/p>\n\n\n\n<p class=\"wp-block-paragraph\"><\/p>\n","protected":false},"excerpt":{"rendered":"<p>DATA ATIVIDADE OBSERVA\u00c7\u00d5ES 31\/08\/2026 a 25\/09\/2026 (23h59) PER\u00cdODO DE INSCRI\u00c7\u00c3O E SUBMISS\u00c3O DO RESUMO SIMPLES(sites.uel.br\/proensino\/inscricoes)(sites.uel.br\/proensino\/submissao-de-trabalhos) [MODALIDADE 1] APRESENTADOR(A), ESTUDANTE, ORIENTADOR(A) DE TRABALHO, DOCENTE DA UELValor: R$ 40,00Venc.: 26\/09\/2026 31\/08\/2026 a 31\/10\/2026 (23h59) PER\u00cdODO DE INSCRI\u00c7\u00c3O PARA OUVINTES(sites.uel.br\/proensino\/inscricoes) [MODALIDADE 2]&nbsp;PARTICIPANTE \u2013 SEM APRESENTA\u00c7\u00c3O DE TRABALHOValor: R$ 40,00Venc.: 01\/11\/2026[Comunidade interna e externa] 31\/08\/2026 a31\/10\/2026(23h59) INSCRI\u00c7\u00d5ES \u2013 ESTUDANTES [&hellip;]<\/p>\n","protected":false},"author":6,"featured_media":0,"parent":0,"menu_order":0,"comment_status":"closed","ping_status":"closed","template":"","meta":{"_themeisle_gutenberg_block_has_review":false,"footnotes":""},"class_list":["post-54","page","type-page","status-publish","hentry"],"acf":[],"_links":{"self":[{"href":"https:\/\/sites.uel.br\/proensino\/wp-json\/wp\/v2\/pages\/54","targetHints":{"allow":["GET"]}}],"collection":[{"href":"https:\/\/sites.uel.br\/proensino\/wp-json\/wp\/v2\/pages"}],"about":[{"href":"https:\/\/sites.uel.br\/proensino\/wp-json\/wp\/v2\/types\/page"}],"author":[{"embeddable":true,"href":"https:\/\/sites.uel.br\/proensino\/wp-json\/wp\/v2\/users\/6"}],"replies":[{"embeddable":true,"href":"https:\/\/sites.uel.br\/proensino\/wp-json\/wp\/v2\/comments?post=54"}],"version-history":[{"count":149,"href":"https:\/\/sites.uel.br\/proensino\/wp-json\/wp\/v2\/pages\/54\/revisions"}],"predecessor-version":[{"id":2276,"href":"https:\/\/sites.uel.br\/proensino\/wp-json\/wp\/v2\/pages\/54\/revisions\/2276"}],"wp:attachment":[{"href":"https:\/\/sites.uel.br\/proensino\/wp-json\/wp\/v2\/media?parent=54"}],"curies":[{"name":"wp","href":"https:\/\/api.w.org\/{rel}","templated":true}]}}