{"id":905,"date":"2022-10-03T14:59:46","date_gmt":"2022-10-03T17:59:46","guid":{"rendered":"https:\/\/sites.uel.br\/pdi\/?page_id=905"},"modified":"2024-02-06T15:06:46","modified_gmt":"2024-02-06T18:06:46","slug":"50-anos-uel-2021","status":"publish","type":"page","link":"https:\/\/sites.uel.br\/pdi\/50-anos-uel-2021\/","title":{"rendered":"50 ANOS UEL (2021)"},"content":{"rendered":"\n<p class=\"has-white-color has-text-color\">.<\/p>\n\n\n\n<p>A Universidade Estadual de Londrina comemorou, no dia 7 de outubro de 2021, seu Jubileu de reconhecimento em um momento hist\u00f3rico marcado pelo desafio primordial de manter a vida, de restaurar a sa\u00fade da popula\u00e7\u00e3o e de projetar o desenvolvimento econ\u00f4mico, pol\u00edtico, social, cultural e art\u00edstico brasileiro no p\u00f3s-pandemia. Em comemora\u00e7\u00e3o, a Coordenadoria de Comunica\u00e7\u00e3o da UEL publicou uma s\u00e9rie de reportagens que materializaram a n\u00edtida pot\u00eancia transformadora que a presen\u00e7a da universidade gera na regi\u00e3o, constata\u00e7\u00e3o consolidada pelos milhares de profissionais formados, pelos excelentes servi\u00e7os garantidos \u00e0 popula\u00e7\u00e3o, pelos produtos cient\u00edficos e pelas inova\u00e7\u00f5es em suas diversas frentes de atividades. Em sequ\u00eancia, algumas das reportagens publicadas para a celebra\u00e7\u00e3o dos 50 anos da UEL s\u00e3o apresentadas em sua completude, sendo elas:<\/p>\n\n\n\n<div class=\"wp-block-columns is-not-stacked-on-mobile is-layout-flex wp-container-core-columns-is-layout-9d6595d7 wp-block-columns-is-layout-flex\">\n<div class=\"wp-block-column is-layout-flow wp-block-column-is-layout-flow\">\n<figure class=\"wp-block-gallery has-nested-images columns-default is-cropped wp-block-gallery-1 is-layout-flex wp-block-gallery-is-layout-flex\">\n<figure class=\"wp-block-image size-large\"><a href=\"https:\/\/sites.uel.br\/pdi\/no-jubileu-de-ouro-da-uel-e-do-hu-governador-destaca-relevancia-das-instituicoes-para-oparana\"><img loading=\"lazy\" decoding=\"async\" width=\"1024\" height=\"569\" data-id=\"2505\" src=\"https:\/\/sites.uel.br\/pdi\/wp-content\/uploads\/2022\/11\/aaba-1024x569.png\" alt=\"\" class=\"wp-image-2505\" srcset=\"https:\/\/sites.uel.br\/pdi\/wp-content\/uploads\/2022\/11\/aaba-1024x569.png 1024w, https:\/\/sites.uel.br\/pdi\/wp-content\/uploads\/2022\/11\/aaba-300x167.png 300w, https:\/\/sites.uel.br\/pdi\/wp-content\/uploads\/2022\/11\/aaba-768x426.png 768w, https:\/\/sites.uel.br\/pdi\/wp-content\/uploads\/2022\/11\/aaba-1536x853.png 1536w, https:\/\/sites.uel.br\/pdi\/wp-content\/uploads\/2022\/11\/aaba.png 1999w\" sizes=\"auto, (max-width: 1024px) 100vw, 1024px\" \/><\/a><\/figure>\n<\/figure>\n<\/div>\n\n\n\n<div class=\"wp-block-column is-layout-flow wp-block-column-is-layout-flow\">\n<figure class=\"wp-block-gallery has-nested-images columns-default is-cropped wp-block-gallery-2 is-layout-flex wp-block-gallery-is-layout-flex\">\n<figure class=\"wp-block-image size-large\"><a href=\"https:\/\/sites.uel.br\/pdi\/cerimonia-de-aniversario-reune-ex-reitores-para-plantio-da-50a-arvore-simbolo-da-uel\/\"><img loading=\"lazy\" decoding=\"async\" width=\"1024\" height=\"572\" data-id=\"2506\" src=\"https:\/\/sites.uel.br\/pdi\/wp-content\/uploads\/2022\/11\/aabb-1024x572.png\" alt=\"\" class=\"wp-image-2506\" srcset=\"https:\/\/sites.uel.br\/pdi\/wp-content\/uploads\/2022\/11\/aabb-1024x572.png 1024w, https:\/\/sites.uel.br\/pdi\/wp-content\/uploads\/2022\/11\/aabb-300x168.png 300w, https:\/\/sites.uel.br\/pdi\/wp-content\/uploads\/2022\/11\/aabb-768x429.png 768w, https:\/\/sites.uel.br\/pdi\/wp-content\/uploads\/2022\/11\/aabb-1536x858.png 1536w, https:\/\/sites.uel.br\/pdi\/wp-content\/uploads\/2022\/11\/aabb.png 1987w\" sizes=\"auto, (max-width: 1024px) 100vw, 1024px\" \/><\/a><\/figure>\n<\/figure>\n<\/div>\n\n\n\n<div class=\"wp-block-column is-layout-flow wp-block-column-is-layout-flow\">\n<figure class=\"wp-block-gallery has-nested-images columns-default is-cropped wp-block-gallery-3 is-layout-flex wp-block-gallery-is-layout-flex\">\n<figure class=\"wp-block-image size-large\"><a href=\"https:\/\/sites.uel.br\/pdi\/uel-presente-de-londrina-e-do-parana-para-a-humanidade\/\"><img loading=\"lazy\" decoding=\"async\" width=\"1024\" height=\"572\" data-id=\"2507\" src=\"https:\/\/sites.uel.br\/pdi\/wp-content\/uploads\/2022\/11\/aabc-1024x572.png\" alt=\"\" class=\"wp-image-2507\" srcset=\"https:\/\/sites.uel.br\/pdi\/wp-content\/uploads\/2022\/11\/aabc-1024x572.png 1024w, https:\/\/sites.uel.br\/pdi\/wp-content\/uploads\/2022\/11\/aabc-300x168.png 300w, https:\/\/sites.uel.br\/pdi\/wp-content\/uploads\/2022\/11\/aabc-768x429.png 768w, https:\/\/sites.uel.br\/pdi\/wp-content\/uploads\/2022\/11\/aabc-1536x858.png 1536w, https:\/\/sites.uel.br\/pdi\/wp-content\/uploads\/2022\/11\/aabc.png 1987w\" sizes=\"auto, (max-width: 1024px) 100vw, 1024px\" \/><\/a><\/figure>\n<\/figure>\n<\/div>\n<\/div>\n\n\n\n<div class=\"wp-block-columns is-not-stacked-on-mobile is-layout-flex wp-container-core-columns-is-layout-9d6595d7 wp-block-columns-is-layout-flex\">\n<div class=\"wp-block-column is-layout-flow wp-block-column-is-layout-flow\">\n<figure class=\"wp-block-gallery has-nested-images columns-default is-cropped wp-block-gallery-4 is-layout-flex wp-block-gallery-is-layout-flex\">\n<figure class=\"wp-block-image size-large\"><a href=\"https:\/\/sites.uel.br\/pdi\/uma-universidade-que-cresceu-evoluiu-e-abracou-londrina\/\"><img loading=\"lazy\" decoding=\"async\" width=\"1024\" height=\"572\" data-id=\"2508\" src=\"https:\/\/sites.uel.br\/pdi\/wp-content\/uploads\/2022\/11\/aabd-1024x572.png\" alt=\"\" class=\"wp-image-2508\" srcset=\"https:\/\/sites.uel.br\/pdi\/wp-content\/uploads\/2022\/11\/aabd-1024x572.png 1024w, https:\/\/sites.uel.br\/pdi\/wp-content\/uploads\/2022\/11\/aabd-300x168.png 300w, https:\/\/sites.uel.br\/pdi\/wp-content\/uploads\/2022\/11\/aabd-768x429.png 768w, https:\/\/sites.uel.br\/pdi\/wp-content\/uploads\/2022\/11\/aabd-1536x858.png 1536w, https:\/\/sites.uel.br\/pdi\/wp-content\/uploads\/2022\/11\/aabd.png 1987w\" sizes=\"auto, (max-width: 1024px) 100vw, 1024px\" \/><\/a><\/figure>\n<\/figure>\n<\/div>\n\n\n\n<div class=\"wp-block-column is-layout-flow wp-block-column-is-layout-flow\">\n<figure class=\"wp-block-gallery has-nested-images columns-default is-cropped wp-block-gallery-5 is-layout-flex wp-block-gallery-is-layout-flex\">\n<figure class=\"wp-block-image size-large\"><a href=\"https:\/\/sites.uel.br\/pdi\/memorias-do-primeiro-reitor-da-uel-17-cursos-em-quatro-anos\/\"><img loading=\"lazy\" decoding=\"async\" width=\"1024\" height=\"572\" data-id=\"2509\" src=\"https:\/\/sites.uel.br\/pdi\/wp-content\/uploads\/2022\/11\/aabe-1024x572.png\" alt=\"\" class=\"wp-image-2509\" srcset=\"https:\/\/sites.uel.br\/pdi\/wp-content\/uploads\/2022\/11\/aabe-1024x572.png 1024w, https:\/\/sites.uel.br\/pdi\/wp-content\/uploads\/2022\/11\/aabe-300x168.png 300w, https:\/\/sites.uel.br\/pdi\/wp-content\/uploads\/2022\/11\/aabe-768x429.png 768w, https:\/\/sites.uel.br\/pdi\/wp-content\/uploads\/2022\/11\/aabe-1536x858.png 1536w, https:\/\/sites.uel.br\/pdi\/wp-content\/uploads\/2022\/11\/aabe.png 1987w\" sizes=\"auto, (max-width: 1024px) 100vw, 1024px\" \/><\/a><\/figure>\n<\/figure>\n<\/div>\n\n\n\n<div class=\"wp-block-column is-layout-flow wp-block-column-is-layout-flow\">\n<figure class=\"wp-block-gallery has-nested-images columns-default is-cropped wp-block-gallery-6 is-layout-flex wp-block-gallery-is-layout-flex\">\n<figure class=\"wp-block-image size-large\"><a href=\"https:\/\/sites.uel.br\/pdi\/a-uel-conquistou-sua-autonomia\/\"><img loading=\"lazy\" decoding=\"async\" width=\"1024\" height=\"572\" data-id=\"2510\" src=\"https:\/\/sites.uel.br\/pdi\/wp-content\/uploads\/2022\/11\/aabf-1024x572.png\" alt=\"\" class=\"wp-image-2510\" srcset=\"https:\/\/sites.uel.br\/pdi\/wp-content\/uploads\/2022\/11\/aabf-1024x572.png 1024w, https:\/\/sites.uel.br\/pdi\/wp-content\/uploads\/2022\/11\/aabf-300x168.png 300w, https:\/\/sites.uel.br\/pdi\/wp-content\/uploads\/2022\/11\/aabf-768x429.png 768w, https:\/\/sites.uel.br\/pdi\/wp-content\/uploads\/2022\/11\/aabf-1536x858.png 1536w, https:\/\/sites.uel.br\/pdi\/wp-content\/uploads\/2022\/11\/aabf.png 1987w\" sizes=\"auto, (max-width: 1024px) 100vw, 1024px\" \/><\/a><\/figure>\n<\/figure>\n<\/div>\n<\/div>\n","protected":false},"excerpt":{"rendered":"<p>. A Universidade Estadual de Londrina comemorou, no dia 7 de outubro de 2021, seu Jubileu de reconhecimento em um momento hist\u00f3rico marcado pelo desafio primordial de manter a vida, de restaurar a sa\u00fade da popula\u00e7\u00e3o e de projetar o desenvolvimento econ\u00f4mico, pol\u00edtico, social, cultural e art\u00edstico brasileiro no p\u00f3s-pandemia. Em comemora\u00e7\u00e3o, a Coordenadoria de [&hellip;]<\/p>\n","protected":false},"author":8,"featured_media":0,"parent":0,"menu_order":0,"comment_status":"closed","ping_status":"closed","template":"","meta":{"footnotes":""},"class_list":["post-905","page","type-page","status-publish","hentry"],"acf":[],"_links":{"self":[{"href":"https:\/\/sites.uel.br\/pdi\/wp-json\/wp\/v2\/pages\/905","targetHints":{"allow":["GET"]}}],"collection":[{"href":"https:\/\/sites.uel.br\/pdi\/wp-json\/wp\/v2\/pages"}],"about":[{"href":"https:\/\/sites.uel.br\/pdi\/wp-json\/wp\/v2\/types\/page"}],"author":[{"embeddable":true,"href":"https:\/\/sites.uel.br\/pdi\/wp-json\/wp\/v2\/users\/8"}],"replies":[{"embeddable":true,"href":"https:\/\/sites.uel.br\/pdi\/wp-json\/wp\/v2\/comments?post=905"}],"version-history":[{"count":15,"href":"https:\/\/sites.uel.br\/pdi\/wp-json\/wp\/v2\/pages\/905\/revisions"}],"predecessor-version":[{"id":4224,"href":"https:\/\/sites.uel.br\/pdi\/wp-json\/wp\/v2\/pages\/905\/revisions\/4224"}],"wp:attachment":[{"href":"https:\/\/sites.uel.br\/pdi\/wp-json\/wp\/v2\/media?parent=905"}],"curies":[{"name":"wp","href":"https:\/\/api.w.org\/{rel}","templated":true}]}}