{"id":4073,"date":"2023-01-09T16:33:43","date_gmt":"2023-01-09T19:33:43","guid":{"rendered":"https:\/\/sites.uel.br\/pdi\/?page_id=4073"},"modified":"2023-01-09T16:33:43","modified_gmt":"2023-01-09T19:33:43","slug":"capitulo-ii-competencias","status":"publish","type":"page","link":"https:\/\/sites.uel.br\/pdi\/capitulo-ii-competencias\/","title":{"rendered":"Cap\u00edtulo II \u2013 Compet\u00eancias"},"content":{"rendered":"\n<p class=\"has-text-color\" style=\"color:#d9d9d9\">.<\/p>\n\n\n\n<p>S\u00e3o compet\u00eancias da CPA-UEL, no que tange \u00e0 avalia\u00e7\u00e3o interna:<\/p>\n\n\n\n<p>Propor, coordenar e acompanhar o processo sistem\u00e1tico de avalia\u00e7\u00e3o interna, em suas diferentes dimens\u00f5es e atividades.<\/p>\n\n\n\n<p>Conduzir o desenvolvimento de trabalhos em conformidade com leis, normas, decretos, portarias e demais vigentes, \u00e0s diferentes unidades institucionais, de acordo com as respectivas \u00e1reas de atua\u00e7\u00e3o.<\/p>\n\n\n\n<p>Propor, coordenar e acompanhar estudos e an\u00e1lises visando o fornecimento de subs\u00eddios para a fixa\u00e7\u00e3o, aperfei\u00e7oamento e a modifica\u00e7\u00e3o de pol\u00edtica de avalia\u00e7\u00e3o institucional.<\/p>\n\n\n\n<p>Propor, coordenar e acompanhar o desenvolvimento de projetos, programas e a\u00e7\u00f5es que proporcionem a melhoria do processo avaliativo institucional.<\/p>\n\n\n\n<p>Acompanhar o desenvolvimento do processo de avalia\u00e7\u00e3o nas unidades acad\u00eamicas e administrativas da Universidade.<\/p>\n\n\n\n<p>Fomentar a reflex\u00e3o e a discuss\u00e3o sobre o processo avaliativo, compatibilizando os resultados das avalia\u00e7\u00f5es interna e externa e estimulando a proposi\u00e7\u00e3o de encaminhamentos pelos diferentes setores da Universidade.<\/p>\n\n\n\n<p>Elaborar, analisar e aprovar os relat\u00f3rios de avalia\u00e7\u00e3o interna, com sua posterior remessa \u00e0s instancias competentes da Universidade, cujo relat\u00f3rio poder\u00e1 ser acompanhado de parecer ou notas explicativas da pr\u00f3pria CPA-UEL.<\/p>\n\n\n\n<p>Promover semin\u00e1rios, debates e encontros nas \u00e1reas de sua compet\u00eancia.<\/p>\n\n\n\n<p>Responsabilizar-se pela fidedignidade das informa\u00e7\u00f5es referentes ao processo de avalia\u00e7\u00e3o e pelos relat\u00f3rios correspondentes, preservando as informa\u00e7\u00f5es em registros ou arquivos pr\u00f3prios, sob pena de responder pela omiss\u00e3o ou distor\u00e7\u00e3o de informa\u00e7\u00f5es e dados prestados, civil, penal e administrativamente.<\/p>\n\n\n\n<p>Acompanhar os processos e informa\u00e7\u00f5es institucionais solicitadas por \u00f3rg\u00e3os oficiais do Estado e da Uni\u00e3o, integrantes do processo de avalia\u00e7\u00e3o e de regula\u00e7\u00e3o institucional e de cursos.<\/p>\n\n\n\n<p>Divulgar amplamente \u00e0 comunidade acad\u00eamica e \u00e0 comunidade externa, as a\u00e7\u00f5es e atividades avaliativas em andamento, mantendo processo cont\u00ednuo de informa\u00e7\u00e3o transparente e atualizada, inclusive com ampla divulga\u00e7\u00e3o da agenda do processo avaliativo interno.<\/p>\n\n\n\n<p>Apresentar aos \u00f3rg\u00e3os colegiados superiores, relat\u00f3rio anual da autoavalia\u00e7\u00e3o, podendo recomendar a ado\u00e7\u00e3o de medidas para redefini\u00e7\u00e3o, implementa\u00e7\u00e3o e execu\u00e7\u00e3o de pol\u00edticas em favor do desenvolvimento acad\u00eamico institucional.<\/p>\n","protected":false},"excerpt":{"rendered":"<p>. S\u00e3o compet\u00eancias da CPA-UEL, no que tange \u00e0 avalia\u00e7\u00e3o interna: Propor, coordenar e acompanhar o processo sistem\u00e1tico de avalia\u00e7\u00e3o interna, em suas diferentes dimens\u00f5es e atividades. Conduzir o desenvolvimento de trabalhos em conformidade com leis, normas, decretos, portarias e demais vigentes, \u00e0s diferentes unidades institucionais, de acordo com as respectivas \u00e1reas de atua\u00e7\u00e3o. Propor, [&hellip;]<\/p>\n","protected":false},"author":8,"featured_media":0,"parent":0,"menu_order":0,"comment_status":"closed","ping_status":"closed","template":"","meta":{"footnotes":""},"class_list":["post-4073","page","type-page","status-publish","hentry"],"acf":[],"_links":{"self":[{"href":"https:\/\/sites.uel.br\/pdi\/wp-json\/wp\/v2\/pages\/4073","targetHints":{"allow":["GET"]}}],"collection":[{"href":"https:\/\/sites.uel.br\/pdi\/wp-json\/wp\/v2\/pages"}],"about":[{"href":"https:\/\/sites.uel.br\/pdi\/wp-json\/wp\/v2\/types\/page"}],"author":[{"embeddable":true,"href":"https:\/\/sites.uel.br\/pdi\/wp-json\/wp\/v2\/users\/8"}],"replies":[{"embeddable":true,"href":"https:\/\/sites.uel.br\/pdi\/wp-json\/wp\/v2\/comments?post=4073"}],"version-history":[{"count":1,"href":"https:\/\/sites.uel.br\/pdi\/wp-json\/wp\/v2\/pages\/4073\/revisions"}],"predecessor-version":[{"id":4074,"href":"https:\/\/sites.uel.br\/pdi\/wp-json\/wp\/v2\/pages\/4073\/revisions\/4074"}],"wp:attachment":[{"href":"https:\/\/sites.uel.br\/pdi\/wp-json\/wp\/v2\/media?parent=4073"}],"curies":[{"name":"wp","href":"https:\/\/api.w.org\/{rel}","templated":true}]}}