{"id":4064,"date":"2023-01-09T16:28:57","date_gmt":"2023-01-09T19:28:57","guid":{"rendered":"https:\/\/sites.uel.br\/pdi\/?page_id=4064"},"modified":"2023-01-09T16:28:57","modified_gmt":"2023-01-09T19:28:57","slug":"capitulo-v-natureza-das-reunioes-e-sua-convocacao","status":"publish","type":"page","link":"https:\/\/sites.uel.br\/pdi\/capitulo-v-natureza-das-reunioes-e-sua-convocacao\/","title":{"rendered":"Cap\u00edtulo V \u2013 Natureza das Reuni\u00f5es e sua Convoca\u00e7\u00e3o"},"content":{"rendered":"\n<p class=\"has-white-color has-text-color\">.<\/p>\n\n\n\n<p>A CPA-UEL ter\u00e1 reuni\u00f5es ordin\u00e1rias mensais e, extraordinariamente, por convoca\u00e7\u00e3o do Presidente, devendo as aus\u00eancias serem justificadas ao Presidente.<\/p>\n\n\n\n<p>\u00a7As reuni\u00f5es ser\u00e3o instaladas com qualquer n\u00famero de seus membros, desde que n\u00e3o tenham car\u00e1ter deliberativo. Nas reuni\u00f5es deliberativas \u00e9 indispens\u00e1vel a presen\u00e7a de metade dos membros para a instala\u00e7\u00e3o da reuni\u00e3o, visando \u00e0 utilidade da delibera\u00e7\u00e3o, que se deve observar a maioria simples (maioria dos membros presentes).<\/p>\n\n\n\n<p>Perder\u00e1 o mandato como membro do da CPA-UEL, o representante titular que, sem justificativas, deixar de comparecer a duas reuni\u00f5es consecutivas ou por tr\u00eas alternadas.<\/p>\n\n\n\n<p>\u00a7A vac\u00e2ncia da fun\u00e7\u00e3o de representante na CPA-UEL, decorrente da situa\u00e7\u00e3o prevista no caput deste artigo, ser\u00e1 suprida pelo representante suplente respectivo, que completar\u00e1 o mandato restante. Na aus\u00eancia de suplente ou ocorrendo nova vac\u00e2ncia na mesma representa\u00e7\u00e3o a unidade de origem dever\u00e1 indicar outro representante.<\/p>\n\n\n\n<p>Os membros da CPA-UEL poder\u00e3o convidar integrantes da comunidade universit\u00e1ria ou da sociedade civil organizada para participar das reuni\u00f5es, quando julgar necess\u00e1rio, para o esclarecimento de mat\u00e9ria que integra a pauta de reuni\u00e3o, ou para que o convidado contribua com informa\u00e7\u00f5es t\u00e9cnicas que sejam de seu dom\u00ednio.<\/p>\n\n\n\n<p>\u00a7O membro representante, previamente ao in\u00edcio da reuni\u00e3o, deve apresentar o convidado, expondo a motiva\u00e7\u00e3o do convite, cujo convidado poder\u00e1 manifestar-se sobre a mat\u00e9ria em debate, uma vez solicitado pelo Presidente da CPA-UEL.<\/p>\n\n\n\n<p>A CPA-UEL aprovar\u00e1, em reuni\u00e3o especificamente convocada para esse fim, os relat\u00f3rios de autoavalia\u00e7\u00e3o institucional, remetendo-os \u00e0 Reitoria, para dar ci\u00eancia aos Conselhos Superiores e demais encaminhamentos devidos.<\/p>\n","protected":false},"excerpt":{"rendered":"<p>. A CPA-UEL ter\u00e1 reuni\u00f5es ordin\u00e1rias mensais e, extraordinariamente, por convoca\u00e7\u00e3o do Presidente, devendo as aus\u00eancias serem justificadas ao Presidente. \u00a7As reuni\u00f5es ser\u00e3o instaladas com qualquer n\u00famero de seus membros, desde que n\u00e3o tenham car\u00e1ter deliberativo. Nas reuni\u00f5es deliberativas \u00e9 indispens\u00e1vel a presen\u00e7a de metade dos membros para a instala\u00e7\u00e3o da reuni\u00e3o, visando \u00e0 utilidade [&hellip;]<\/p>\n","protected":false},"author":8,"featured_media":0,"parent":0,"menu_order":0,"comment_status":"closed","ping_status":"closed","template":"","meta":{"footnotes":""},"class_list":["post-4064","page","type-page","status-publish","hentry"],"acf":[],"_links":{"self":[{"href":"https:\/\/sites.uel.br\/pdi\/wp-json\/wp\/v2\/pages\/4064","targetHints":{"allow":["GET"]}}],"collection":[{"href":"https:\/\/sites.uel.br\/pdi\/wp-json\/wp\/v2\/pages"}],"about":[{"href":"https:\/\/sites.uel.br\/pdi\/wp-json\/wp\/v2\/types\/page"}],"author":[{"embeddable":true,"href":"https:\/\/sites.uel.br\/pdi\/wp-json\/wp\/v2\/users\/8"}],"replies":[{"embeddable":true,"href":"https:\/\/sites.uel.br\/pdi\/wp-json\/wp\/v2\/comments?post=4064"}],"version-history":[{"count":1,"href":"https:\/\/sites.uel.br\/pdi\/wp-json\/wp\/v2\/pages\/4064\/revisions"}],"predecessor-version":[{"id":4065,"href":"https:\/\/sites.uel.br\/pdi\/wp-json\/wp\/v2\/pages\/4064\/revisions\/4065"}],"wp:attachment":[{"href":"https:\/\/sites.uel.br\/pdi\/wp-json\/wp\/v2\/media?parent=4064"}],"curies":[{"name":"wp","href":"https:\/\/api.w.org\/{rel}","templated":true}]}}