{"id":4039,"date":"2023-01-09T16:13:21","date_gmt":"2023-01-09T19:13:21","guid":{"rendered":"https:\/\/sites.uel.br\/pdi\/?page_id=4039"},"modified":"2023-01-09T16:13:21","modified_gmt":"2023-01-09T19:13:21","slug":"avaliacao-do-ensino-de-pos-graduacao","status":"publish","type":"page","link":"https:\/\/sites.uel.br\/pdi\/avaliacao-do-ensino-de-pos-graduacao\/","title":{"rendered":"Avalia\u00e7\u00e3o do Ensino de P\u00f3s-Gradua\u00e7\u00e3o"},"content":{"rendered":"\n<p class=\"has-text-color\" style=\"color:#fefefe\">.<\/p>\n\n\n\n<p>Os cursos de p\u00f3s-gradua\u00e7\u00e3o stricto sensu j\u00e1 s\u00e3o avaliados pela CAPES. Consideramos v\u00e1lida esta avalia\u00e7\u00e3o para os prop\u00f3sitos deste Programa, devendo apenas, para uma avalia\u00e7\u00e3o mais completa, acrescentar alguns indicadores com rela\u00e7\u00e3o \u00e0s disserta\u00e7\u00f5es e teses, tendo em vista relacion\u00e1-los aos objetivos institucionais. Neste caso, a avalia\u00e7\u00e3o dos projetos de pesquisa tem por finalidade correlaciona-los \u00e0 realidade nacional e regional, quanto \u00e0 pertin\u00eancia apresentada pelos programas e, neste sentido, verificarmos a articula\u00e7\u00e3o\/rela\u00e7\u00e3o entre estes e os projetos pedag\u00f3gicos dos cursos de gradua\u00e7\u00e3o correspondentes. Com rela\u00e7\u00e3o aos cursos de p\u00f3s-gradua\u00e7\u00e3o lato sensu, a avalia\u00e7\u00e3o ser\u00e1 desenvolvida a partir de projeto de pesquisa com um maior n\u00famero de categorias e indicadores a serem considerados, mas com os mesmos objetivos de pertin\u00eancia e qualidade dos cursos ofertados.<\/p>\n\n\n\n<p><\/p>\n","protected":false},"excerpt":{"rendered":"<p>. Os cursos de p\u00f3s-gradua\u00e7\u00e3o stricto sensu j\u00e1 s\u00e3o avaliados pela CAPES. Consideramos v\u00e1lida esta avalia\u00e7\u00e3o para os prop\u00f3sitos deste Programa, devendo apenas, para uma avalia\u00e7\u00e3o mais completa, acrescentar alguns indicadores com rela\u00e7\u00e3o \u00e0s disserta\u00e7\u00f5es e teses, tendo em vista relacion\u00e1-los aos objetivos institucionais. Neste caso, a avalia\u00e7\u00e3o dos projetos de pesquisa tem por finalidade [&hellip;]<\/p>\n","protected":false},"author":8,"featured_media":0,"parent":0,"menu_order":0,"comment_status":"closed","ping_status":"closed","template":"","meta":{"footnotes":""},"class_list":["post-4039","page","type-page","status-publish","hentry"],"acf":[],"_links":{"self":[{"href":"https:\/\/sites.uel.br\/pdi\/wp-json\/wp\/v2\/pages\/4039","targetHints":{"allow":["GET"]}}],"collection":[{"href":"https:\/\/sites.uel.br\/pdi\/wp-json\/wp\/v2\/pages"}],"about":[{"href":"https:\/\/sites.uel.br\/pdi\/wp-json\/wp\/v2\/types\/page"}],"author":[{"embeddable":true,"href":"https:\/\/sites.uel.br\/pdi\/wp-json\/wp\/v2\/users\/8"}],"replies":[{"embeddable":true,"href":"https:\/\/sites.uel.br\/pdi\/wp-json\/wp\/v2\/comments?post=4039"}],"version-history":[{"count":1,"href":"https:\/\/sites.uel.br\/pdi\/wp-json\/wp\/v2\/pages\/4039\/revisions"}],"predecessor-version":[{"id":4040,"href":"https:\/\/sites.uel.br\/pdi\/wp-json\/wp\/v2\/pages\/4039\/revisions\/4040"}],"wp:attachment":[{"href":"https:\/\/sites.uel.br\/pdi\/wp-json\/wp\/v2\/media?parent=4039"}],"curies":[{"name":"wp","href":"https:\/\/api.w.org\/{rel}","templated":true}]}}