{"id":3736,"date":"2022-12-06T18:23:17","date_gmt":"2022-12-06T21:23:17","guid":{"rendered":"https:\/\/sites.uel.br\/pdi\/?page_id=3736"},"modified":"2022-12-06T18:23:17","modified_gmt":"2022-12-06T21:23:17","slug":"perfil-do-egresso-relacoes-publicas-bacharelado","status":"publish","type":"page","link":"https:\/\/sites.uel.br\/pdi\/perfil-do-egresso-relacoes-publicas-bacharelado\/","title":{"rendered":"Perfil do Egresso &#8211; RELA\u00c7\u00d5ES P\u00daBLICAS (Bacharelado)"},"content":{"rendered":"\n<p class=\"has-white-color has-text-color\">.<\/p>\n\n\n\n<p>CEPE\/CA, Resolu\u00e7\u00e3o n\u00ba 005\/2016. Reformula o Projeto Pedag\u00f3gico do Curso de Rela\u00e7\u00f5es P\u00fablicas, a ser implantado a partir do ano letivo de 2016.&nbsp;<\/p>\n\n\n\n<p>Dispon\u00edvel em:&nbsp;<a href=\"http:\/\/www.uel.br\/prograd\/documentos\/resolucoes\/2016\/resolucao_05_16.pdf\">http:\/\/www.uel.br\/prograd\/documentos\/resolucoes\/2016\/resolucao_05_16.pdf<\/a>.<\/p>\n\n\n\n<p>Acesso em: 18 outubro 2022;<\/p>\n\n\n\n<p>PERFIL DO CONCLUINTE<\/p>\n\n\n\n<p>O profissional de Rela\u00e7\u00f5es P\u00fablicas formado pela UEL caracterizar-se-\u00e1 por:<\/p>\n\n\n\n<ul class=\"wp-block-list\">\n<li>Administra\u00e7\u00e3o t\u00e9cnico-cient\u00edfica da comunica\u00e7\u00e3o e de sua gest\u00e3o do relacionamento das organiza\u00e7\u00f5es com os diversos grupos de interesse, segundo uma vis\u00e3o sist\u00eamica.<\/li>\n\n\n\n<li>Elabora\u00e7\u00e3o de diagn\u00f3sticos, progn\u00f3sticos, estrat\u00e9gias e pol\u00edticas voltadas ao aperfei\u00e7oamento das rela\u00e7\u00f5es entre institui\u00e7\u00f5es, grupos organizados, setores p\u00fablico e privado e a sociedade em geral; e junto a profissionais e personalidades que requeiram a atividade profissional de rela\u00e7\u00f5es p\u00fablicas no estabelecimento de relacionamentos.<\/li>\n\n\n\n<li>Implanta\u00e7\u00e3o de programas e instrumentos que assegurem a solu\u00e7\u00e3o de problemas institucionais e socioculturais no relacionamento organiza\u00e7\u00e3o-p\u00fablico com base nos resultados de pesquisas realizadas.<\/li>\n\n\n\n<li>Compet\u00eancia para planejar&#8217; a comunica\u00e7\u00e3o junto \u00e0s organiza\u00e7\u00f5es, a\u00e7\u00f5es e seu desenvolvimento sustent\u00e1vel.<\/li>\n\n\n\n<li>Atua\u00e7\u00e3o no mundo do trabalho que contribua para a an\u00e1lise e transforma\u00e7\u00e3o das demandas socioculturais das organiza\u00e7\u00f5es e dos p\u00fablicos.<\/li>\n\n\n\n<li>\u00canfase ao esp\u00edrito para liderar, negociar e tomar decis\u00e3o, no da \u00e1rea de conhecimento e suas interfaces.<\/li>\n\n\n\n<li>Desenvolvimento de instrumentos e\/ou formas e avalia\u00e7\u00e3o das atividades de rala\u00e7\u00f5es p\u00fablicas que os resultados alcan\u00e7ados.<\/li>\n\n\n\n<li>Capacidade de integrar as estrat\u00e9gias de rela\u00e7\u00f5es p\u00fablicas com as do mercado global, participando na&nbsp;&nbsp;&nbsp;da comunica\u00e7\u00e3o por interm\u00e9dio das tecnologias da informa\u00e7\u00e3o e da comunica\u00e7\u00e3o necess\u00e1rias ao planejado.&nbsp;&nbsp;&nbsp;Desenvolver pesquisas de rela\u00e7\u00f5es p\u00fablicas e de comunica\u00e7\u00e3o organizacional<\/li>\n\n\n\n<li>Capacidade de elaborar pol\u00edticas de comunica\u00e7\u00e3o organizacional fundamentadas em indicadores formulados a partir de an\u00e1lises qualitativas e quantitativas de dados estat\u00edsticos econ\u00f4micos e sociais.<\/li>\n\n\n\n<li>Desenvolvimento da capacidade cr\u00edtica para realizar projetos de rela\u00e7\u00f5es p\u00fablicas e de comunica\u00e7\u00e3o organizacional, de acordo com as demandas sociais, pol\u00edticas, econ\u00f4micas e culturais.<\/li>\n<\/ul>\n","protected":false},"excerpt":{"rendered":"<p>. CEPE\/CA, Resolu\u00e7\u00e3o n\u00ba 005\/2016. Reformula o Projeto Pedag\u00f3gico do Curso de Rela\u00e7\u00f5es P\u00fablicas, a ser implantado a partir do ano letivo de 2016.&nbsp; Dispon\u00edvel em:&nbsp;http:\/\/www.uel.br\/prograd\/documentos\/resolucoes\/2016\/resolucao_05_16.pdf. Acesso em: 18 outubro 2022; PERFIL DO CONCLUINTE O profissional de Rela\u00e7\u00f5es P\u00fablicas formado pela UEL caracterizar-se-\u00e1 por:<\/p>\n","protected":false},"author":8,"featured_media":0,"parent":0,"menu_order":0,"comment_status":"closed","ping_status":"closed","template":"","meta":{"footnotes":""},"class_list":["post-3736","page","type-page","status-publish","hentry"],"acf":[],"_links":{"self":[{"href":"https:\/\/sites.uel.br\/pdi\/wp-json\/wp\/v2\/pages\/3736","targetHints":{"allow":["GET"]}}],"collection":[{"href":"https:\/\/sites.uel.br\/pdi\/wp-json\/wp\/v2\/pages"}],"about":[{"href":"https:\/\/sites.uel.br\/pdi\/wp-json\/wp\/v2\/types\/page"}],"author":[{"embeddable":true,"href":"https:\/\/sites.uel.br\/pdi\/wp-json\/wp\/v2\/users\/8"}],"replies":[{"embeddable":true,"href":"https:\/\/sites.uel.br\/pdi\/wp-json\/wp\/v2\/comments?post=3736"}],"version-history":[{"count":1,"href":"https:\/\/sites.uel.br\/pdi\/wp-json\/wp\/v2\/pages\/3736\/revisions"}],"predecessor-version":[{"id":3737,"href":"https:\/\/sites.uel.br\/pdi\/wp-json\/wp\/v2\/pages\/3736\/revisions\/3737"}],"wp:attachment":[{"href":"https:\/\/sites.uel.br\/pdi\/wp-json\/wp\/v2\/media?parent=3736"}],"curies":[{"name":"wp","href":"https:\/\/api.w.org\/{rel}","templated":true}]}}