{"id":3664,"date":"2022-12-06T17:08:29","date_gmt":"2022-12-06T20:08:29","guid":{"rendered":"https:\/\/sites.uel.br\/pdi\/?page_id=3664"},"modified":"2022-12-06T17:08:29","modified_gmt":"2022-12-06T20:08:29","slug":"perfil-do-egresso-design-grafico-bacharelado","status":"publish","type":"page","link":"https:\/\/sites.uel.br\/pdi\/perfil-do-egresso-design-grafico-bacharelado\/","title":{"rendered":"Perfil do Egresso &#8211; DESIGN GR\u00c1FICO (Bacharelado)"},"content":{"rendered":"\n<p class=\"has-white-color has-text-color\">.<\/p>\n\n\n\n<p>CEPE\/CA, Resolu\u00e7\u00e3o n\u00ba 073\/2015. Reformula o Projeto Pedag\u00f3gico do Curso de Design Gr\u00e1fico, a ser implantado a partir do ano letivo de 2016.&nbsp;<\/p>\n\n\n\n<p>Dispon\u00edvel em:&nbsp;<a href=\"http:\/\/www.uel.br\/prograd\/docs_prograd\/resolucoes\/2015\/resolucao_73_15.pdf\">http:\/\/www.uel.br\/prograd\/docs_prograd\/resolucoes\/2015\/resolucao_73_15.pdf<\/a>.<\/p>\n\n\n\n<p>Acesso em: 17 outubro 2022;<\/p>\n\n\n\n<p>PERFIL DO CONCLUINTE<\/p>\n\n\n\n<p>O perfil profissional do Designer gr\u00e1fico formado pela UEL possui forma\u00e7\u00e3o generalista, humanista, com vis\u00e3o cr\u00edtica e sist\u00eamica, capacidade de utiliza\u00e7\u00e3o de tecnologias e \u00e9 habilitado a desempenhar atividades de car\u00e1ter t\u00e9cnico, cient\u00edfico e criativo, visando a concep\u00e7\u00e3o, desenvolvimento e solu\u00e7\u00e3o de projetos de comunica\u00e7\u00e3o e informa\u00e7\u00e3o visual, agregando valor, diferencial e inova\u00e7\u00e3o a produtos e servi\u00e7os gr\u00e1ficos, impressos, digitais e outros suportes diversos.<\/p>\n\n\n\n<p>O processo de forma\u00e7\u00e3o ocorre segundo os seguintes aspectos:<\/p>\n\n\n\n<ul class=\"wp-block-list\">\n<li>manifesta a sensibilidade criadora e transformadora do homem em face do meio.<\/li>\n\n\n\n<li>manipula processos e modelos de desenvolvimento, representando a estrutura de cria\u00e7\u00e3o e projeto, com o objetivo de solucionar problemas da sociedade.<\/li>\n\n\n\n<li>atua de forma estrat\u00e9gica e sist\u00eamica para integrar-se e adaptar-se ao mercado, suas necessidades e tend\u00eancias.<\/li>\n\n\n\n<li>read\u00e9qua solu\u00e7\u00f5es formais consagradas pelo consumo e pelos meios de comunica\u00e7\u00e3o, aplicando a Criatividade e a constru\u00e7\u00e3o do conhecimento.<\/li>\n\n\n\n<li>estimula as intera\u00e7\u00f5es com outras \u00e1reas do conhecimento, criando &#8220;sub\u00e1reas&#8221; resultantes destas interse\u00e7\u00f5es, que n\u00e3o se encontram ainda plenamente definidas nos seis aspectos acad\u00eamicos e profissionais.&nbsp;<\/li>\n<\/ul>\n","protected":false},"excerpt":{"rendered":"<p>. CEPE\/CA, Resolu\u00e7\u00e3o n\u00ba 073\/2015. Reformula o Projeto Pedag\u00f3gico do Curso de Design Gr\u00e1fico, a ser implantado a partir do ano letivo de 2016.&nbsp; Dispon\u00edvel em:&nbsp;http:\/\/www.uel.br\/prograd\/docs_prograd\/resolucoes\/2015\/resolucao_73_15.pdf. Acesso em: 17 outubro 2022; PERFIL DO CONCLUINTE O perfil profissional do Designer gr\u00e1fico formado pela UEL possui forma\u00e7\u00e3o generalista, humanista, com vis\u00e3o cr\u00edtica e sist\u00eamica, capacidade de utiliza\u00e7\u00e3o [&hellip;]<\/p>\n","protected":false},"author":8,"featured_media":0,"parent":0,"menu_order":0,"comment_status":"closed","ping_status":"closed","template":"","meta":{"footnotes":""},"class_list":["post-3664","page","type-page","status-publish","hentry"],"acf":[],"_links":{"self":[{"href":"https:\/\/sites.uel.br\/pdi\/wp-json\/wp\/v2\/pages\/3664","targetHints":{"allow":["GET"]}}],"collection":[{"href":"https:\/\/sites.uel.br\/pdi\/wp-json\/wp\/v2\/pages"}],"about":[{"href":"https:\/\/sites.uel.br\/pdi\/wp-json\/wp\/v2\/types\/page"}],"author":[{"embeddable":true,"href":"https:\/\/sites.uel.br\/pdi\/wp-json\/wp\/v2\/users\/8"}],"replies":[{"embeddable":true,"href":"https:\/\/sites.uel.br\/pdi\/wp-json\/wp\/v2\/comments?post=3664"}],"version-history":[{"count":1,"href":"https:\/\/sites.uel.br\/pdi\/wp-json\/wp\/v2\/pages\/3664\/revisions"}],"predecessor-version":[{"id":3665,"href":"https:\/\/sites.uel.br\/pdi\/wp-json\/wp\/v2\/pages\/3664\/revisions\/3665"}],"wp:attachment":[{"href":"https:\/\/sites.uel.br\/pdi\/wp-json\/wp\/v2\/media?parent=3664"}],"curies":[{"name":"wp","href":"https:\/\/api.w.org\/{rel}","templated":true}]}}