{"id":3634,"date":"2022-12-06T16:38:58","date_gmt":"2022-12-06T19:38:58","guid":{"rendered":"https:\/\/sites.uel.br\/pdi\/?page_id=3634"},"modified":"2022-12-06T17:02:37","modified_gmt":"2022-12-06T20:02:37","slug":"perfil-do-egresso-ciencias-economicas-bacharelado","status":"publish","type":"page","link":"https:\/\/sites.uel.br\/pdi\/perfil-do-egresso-ciencias-economicas-bacharelado\/","title":{"rendered":"Perfil do Egresso &#8211; CI\u00caNCIAS ECON\u00d4MICAS (Bacharelado)"},"content":{"rendered":"\n<p class=\"has-white-color has-text-color\">.<\/p>\n\n\n\n<p>CEPE\/CA, Resolu\u00e7\u00e3o n\u00ba 036\/2021. Reformula o Projeto Pedag\u00f3gico do Curso de Ci\u00eancias Econ\u00f4micas, a ser implantado a partir do ano letivo de 2022. <\/p>\n\n\n\n<p>Dispon\u00edvel em:\u00a0<a href=\"http:\/\/www.uel.br\/prograd\/documentos\/resolucoes\/2021\/resolucao_36_21.pdf\">http:\/\/www.uel.br\/prograd\/documentos\/resolucoes\/2021\/resolucao_36_21.pdf<\/a>. <\/p>\n\n\n\n<p>Acesso em: 17 outubro 2022;<\/p>\n\n\n\n<p>PERFIL DO CONCLUINTE\u00a0\u00a0\u00a0\u00a0\u00a0\u00a0<\/p>\n\n\n\n<p>Com rela\u00e7\u00e3o ao perfil do concluinte, o Curso de Ci\u00eancias Econ\u00f4micas visa&nbsp;&nbsp;a forma\u00e7\u00e3o de um profissional liberal (economista), com perfil de executivo apto para exercer cargos de lideran\u00e7a junto a empresas p\u00fablicas e privado. No mundo, a maioria dos cargos de dire\u00e7\u00e3o de empresas s\u00e3o exercidas por economistas. Segundo a legisla\u00e7\u00e3o vigente, Economista \u00e9 uma profiss\u00e3o privativa daqueles que, al\u00e9m de possu\u00edrem curso de gradua\u00e7\u00e3o em Ci\u00eancias Econ\u00f4micas, s\u00e3o registrados no Conselho Regional de Economia do Estado onde exercerem suas atividades.<\/p>\n\n\n\n<p>O economista possui capacidade de colocar a servi\u00e7o da unidade moderna um conjunto de conhecimentos cient\u00edficos, acumulados e tematizados ao longo de toda a hist\u00f3ria pol\u00edtica, social e econ\u00f4mica. Portanto, economista n\u00e3o \u00e9 somente aquele que faz or\u00e7amentos, planejamentos, an\u00e1lise de investimentos etc., mas exerce todas essas fun\u00e7\u00f5es e \u00e9 capaz de pens\u00e1-las dentro de um quadro geral de todo o processo de distribui\u00e7\u00e3o e produ\u00e7\u00e3o da sociedade. Por isso, o economista \u00e9 uma profissional especial e distinto dos outros que utilizam t\u00e9cnicas similares. Ele reflete sobre cada problema ligado aos j\u00e1 especificados sobre distribui\u00e7\u00e3o e produ\u00e7\u00e3o, englobando um quadro mais amplo do Sistema Econ\u00f4mico (RESOLUCA\u00c7\u00c3O CEPE\/CA n\u00ba 0111\/2009).<\/p>\n\n\n\n<p>A vida econ\u00f4mica contempor\u00e2nea exige um profissional economista com caracter\u00edsticas e qualifica\u00e7\u00f5es capazes de fazer frente \u00e0s constantes mudan\u00e7as supervenientes, tais como:<\/p>\n\n\n\n<ul class=\"wp-block-list\">\n<li>S\u00f3lida forma\u00e7\u00e3o profissional pautada em conhecimento plural e consistente.<\/li>\n\n\n\n<li>Entendimento de que a forma\u00e7\u00e3o profissional \u00e9 um processo cont\u00ednuo de aperfei\u00e7oamento e atualiza\u00e7\u00e3o.<\/li>\n\n\n\n<li>Atua\u00e7\u00f5es profissionais \u00e9ticas, respons\u00e1veis, cr\u00edticas e criativas nas quest\u00f5es econ\u00f4micas, sociais e ambientais.<\/li>\n\n\n\n<li>Compet\u00eancia para atuar em equipes multidisciplinares.<\/li>\n\n\n\n<li>Capacidade de tomar decis\u00f5es e resolver problemas numa realidade diversificada e em constante transforma\u00e7\u00e3o.<\/li>\n\n\n\n<li>Habilidade de utilizar o instrumental econ\u00f4mico, te\u00f3rico, hist\u00f3rico e matem\u00e1tico, para an\u00e1lise e solu\u00e7\u00e3o dos problemas da realidade econ\u00f4mica.<\/li>\n<\/ul>\n\n\n\n<p>COMPET\u00caNCIAS E HABILIDADES<\/p>\n\n\n\n<p>A Resolu\u00e7\u00e3o CNE\/CES n\u00ba 4, de 13 de julho de 2007, Art. 4\u00ba, estabelece que os cursos de gradua\u00e7\u00e3o em Ci\u00eancias Econ\u00f4micas devem possibilitar uma forma\u00e7\u00e3o profissional que revele, pelo menos, as seguintes compet\u00eancias e habilidades.<\/p>\n\n\n\n<ul class=\"wp-block-list\">\n<li>Desenvolver racioc\u00ednio logicamente consistentes;<\/li>\n\n\n\n<li>Ler e compreender textos econ\u00f4micos;<\/li>\n\n\n\n<li>Elaborar pareceres, relat\u00f3rios, trabalhos e textos na \u00e1rea econ\u00f4mica;<\/li>\n\n\n\n<li>Utilizar adequadamente conceitos te\u00f3ricos fundamentais da Ci\u00eancia Econ\u00f4mica;<\/li>\n\n\n\n<li>Utilizar o instrumental econ\u00f4mico para analisar situa\u00e7\u00f5es hist\u00f3ricas concretas;<\/li>\n\n\n\n<li>Utilizar formula\u00e7\u00f5es matem\u00e1ticas e estat\u00edsticas na an\u00e1lise dos fen\u00f4menos socioecon\u00f4micas;<\/li>\n\n\n\n<li>Diferenciar correntes te\u00f3ricas a partir de distintas pol\u00edticas econ\u00f4micas.<\/li>\n<\/ul>\n\n\n\n<p>\u00c1REAS DE ATUA\u00c7\u00c3O<\/p>\n\n\n\n<p>Em que \u00e1reas profissionais o bacharel em Ci\u00eancias Econ\u00f4micas poder\u00e1 atuar?<\/p>\n\n\n\n<p>O bacharel em Ci\u00eancias Econ\u00f4micas poder\u00e1 exercer sua profiss\u00e3o em diversas \u00e1reas, sendo as principais: assessoria, projetos, pesquisa, planejamento e consultoria, e tem a possibilidade de fazer carreiras em diversas especialidades. Seu campo de trabalho \u00e9 amplo e variado. Destacam-se algumas \u00e1reas em que o profissional poder\u00e1 atuar.<\/p>\n\n\n\n<ul class=\"wp-block-list\">\n<li>An\u00e1lise do com\u00e9rcio exterior;<\/li>\n\n\n\n<li>An\u00e1lise de rela\u00e7\u00f5es econ\u00f4micas internacionais;<\/li>\n\n\n\n<li>An\u00e1lise e elabora\u00e7\u00e3o de cen\u00e1rios econ\u00f4micas;<\/li>\n\n\n\n<li>An\u00e1lise estat\u00edsticas em Economia e Finan\u00e7a;<\/li>\n\n\n\n<li>An\u00e1lise financeira de investimentos;<\/li>\n\n\n\n<li>Assessoria econ\u00f4mico-financeira;<\/li>\n\n\n\n<li>Auditoria e fiscaliza\u00e7\u00e3o;<\/li>\n\n\n\n<li>Avalia\u00e7\u00e3o patrimonial de empresas;<\/li>\n\n\n\n<li>Atua\u00e7\u00e3o docente;<\/li>\n\n\n\n<li>Consultoria e pesquisa;<\/li>\n\n\n\n<li>Estudos de mercado e de viabilidade econ\u00f4mica;<\/li>\n\n\n\n<li>Estudos de \u00edndices de pre\u00e7os;<\/li>\n\n\n\n<li>Formula\u00e7\u00e3o e implementa\u00e7\u00e3o de pol\u00edticas tribut\u00e1rias e financeiras;<\/li>\n\n\n\n<li>Elabora\u00e7\u00e3o de or\u00e7amentos p\u00fablicos e privados;<\/li>\n\n\n\n<li>Implementa\u00e7\u00e3o de estrat\u00e9gias empresariais;<\/li>\n\n\n\n<li>Pesquisa;<\/li>\n\n\n\n<li>Planejamento estrat\u00e9gico em Economia e Finan\u00e7as.<\/li>\n<\/ul>\n","protected":false},"excerpt":{"rendered":"<p>. CEPE\/CA, Resolu\u00e7\u00e3o n\u00ba 036\/2021. Reformula o Projeto Pedag\u00f3gico do Curso de Ci\u00eancias Econ\u00f4micas, a ser implantado a partir do ano letivo de 2022. Dispon\u00edvel em:\u00a0http:\/\/www.uel.br\/prograd\/documentos\/resolucoes\/2021\/resolucao_36_21.pdf. Acesso em: 17 outubro 2022; PERFIL DO CONCLUINTE\u00a0\u00a0\u00a0\u00a0\u00a0\u00a0 Com rela\u00e7\u00e3o ao perfil do concluinte, o Curso de Ci\u00eancias Econ\u00f4micas visa&nbsp;&nbsp;a forma\u00e7\u00e3o de um profissional liberal (economista), com perfil de [&hellip;]<\/p>\n","protected":false},"author":8,"featured_media":0,"parent":0,"menu_order":0,"comment_status":"closed","ping_status":"closed","template":"","meta":{"footnotes":""},"class_list":["post-3634","page","type-page","status-publish","hentry"],"acf":[],"_links":{"self":[{"href":"https:\/\/sites.uel.br\/pdi\/wp-json\/wp\/v2\/pages\/3634","targetHints":{"allow":["GET"]}}],"collection":[{"href":"https:\/\/sites.uel.br\/pdi\/wp-json\/wp\/v2\/pages"}],"about":[{"href":"https:\/\/sites.uel.br\/pdi\/wp-json\/wp\/v2\/types\/page"}],"author":[{"embeddable":true,"href":"https:\/\/sites.uel.br\/pdi\/wp-json\/wp\/v2\/users\/8"}],"replies":[{"embeddable":true,"href":"https:\/\/sites.uel.br\/pdi\/wp-json\/wp\/v2\/comments?post=3634"}],"version-history":[{"count":3,"href":"https:\/\/sites.uel.br\/pdi\/wp-json\/wp\/v2\/pages\/3634\/revisions"}],"predecessor-version":[{"id":3659,"href":"https:\/\/sites.uel.br\/pdi\/wp-json\/wp\/v2\/pages\/3634\/revisions\/3659"}],"wp:attachment":[{"href":"https:\/\/sites.uel.br\/pdi\/wp-json\/wp\/v2\/media?parent=3634"}],"curies":[{"name":"wp","href":"https:\/\/api.w.org\/{rel}","templated":true}]}}