{"id":3629,"date":"2022-12-06T16:36:51","date_gmt":"2022-12-06T19:36:51","guid":{"rendered":"https:\/\/sites.uel.br\/pdi\/?page_id=3629"},"modified":"2022-12-06T16:59:44","modified_gmt":"2022-12-06T19:59:44","slug":"perfil-do-egresso-ciencias-biologicas-licenciatura","status":"publish","type":"page","link":"https:\/\/sites.uel.br\/pdi\/perfil-do-egresso-ciencias-biologicas-licenciatura\/","title":{"rendered":"Perfil do Egresso &#8211; CI\u00caNCIAS BIOL\u00d3GICAS (Licenciatura)"},"content":{"rendered":"\n<p class=\"has-text-color\" style=\"color:#fefefe\">.<\/p>\n\n\n\n<p>CEPE\/CA, Resolu\u00e7\u00e3o n\u00ba 123\/2014. Reformula o Projeto Pedag\u00f3gico do curso de Ci\u00eancias Biol\u00f3gicas &#8211; Habilita\u00e7\u00e3o: Licenciatura, a vigorar a partir do ano letivo de 2015. Dispon\u00edvel em:&nbsp;<a href=\"http:\/\/www.uel.br\/prograd\/docs_prograd\/resolucoes\/2014\/resolucao_123_14.pdf\">http:\/\/www.uel.br\/prograd\/docs_prograd\/resolucoes\/2014\/resolucao_123_14.pdf<\/a>. Acesso em: 17 outubro 2022;<\/p>\n\n\n\n<p>PERFIL DO CONCLUINTE<\/p>\n\n\n\n<p>PERFIL ACAD\u00c9MICO E PROFISSIONAL ALMEJADO<\/p>\n\n\n\n<p>O Licenciado em Ci\u00eancias Biol\u00f3gicas dever\u00e1:<\/p>\n\n\n\n<ul class=\"wp-block-list\">\n<li>Estar preparado para promover o desenvolvimento dos estudantes mediante situa\u00e7\u00f5es de aprendizagem que possibilitem a compreens\u00e3o do universo f\u00edsico, social e moral, viabilizando o acesso aos saberes socialmente constru\u00eddos, o desenvolvimento do pensamento cr\u00edtico, aut\u00f4nomo e criativo, contribuindo para a forma\u00e7\u00e3o de cidad\u00e3os conscientes e ativos;<\/li>\n\n\n\n<li>Ser um educador, correspons\u00e1vel pelo aperfei\u00e7oamento do processo educativo e cr\u00edtico dos processos hist\u00f3ricos da evolu\u00e7\u00e3o da educa\u00e7\u00e3o e principalmente das pol\u00edticas educacionais ora vigentes nos \u00e2mbitos estadual e federal;<\/li>\n\n\n\n<li>Implementar a pr\u00e1tica e a reflex\u00e3o cient\u00edfica na vida escolar e social dos estudantes do Ensino Fundamental e M\u00e9dio, incentivando projetos curriculares voltados para a tem\u00e1tica cient\u00edfico-tecnol\u00f3gica da \u00e1rea de Ci\u00eancias e Biologia.\u00a0<\/li>\n<\/ul>\n\n\n\n<p>O Licenciado dever\u00e1 estar capacitado ao exerc\u00edcio do trabalho do profissional de Ci\u00eancias Biol\u00f3gicas em todas as suas dimens\u00f5es, o que se sup\u00f5e pleno dom\u00ednio da natureza do conhecimento biol\u00f3gico e dever\u00e1 ser:<\/p>\n\n\n\n<ul class=\"wp-block-list\">\n<li>Generalista, cr\u00edtico, \u00e9tico e cidad\u00e3o com esp\u00edrito de solidariedade, detentor de adequada fundamenta\u00e7\u00e3o te\u00f3rica, Como base para uma a\u00e7\u00e3o competente, que inclua o conhecimento profundo da diversidade dos seres vivos, bem como sua organiza\u00e7\u00e3o e funcionamento em diferentes n\u00edveis, suas rela\u00e7\u00f5es filogen\u00e9ticas e evolutivas, suas respectivas distribui\u00e7\u00f5es e rela\u00e7\u00f5es com o meio em que vivem;<\/li>\n\n\n\n<li>Consciente da necessidade de atuar com qualidade e responsabilidade em prol da conserva\u00e7\u00e3o e manejo da biodiversidade, pol\u00edticas de sa\u00fade, meio ambiente, biotecnologia, bioprospec\u00e7\u00e3o, biosseguran\u00e7a, na gest\u00e3o ambiental, tantos nos aspectos t\u00e9cnico-cient\u00edficos, quanto na formula\u00e7\u00e3o de pol\u00edticas, e de se tornar agente transformador da realidade presente, na busca da melhoria da qualidade de vida;<\/li>\n\n\n\n<li>Comprometido com os resultados de sua atua\u00e7\u00e3o, pautando sua conduta profissional por crit\u00e9rios human\u00edsticos, compromisso com a cidadania e rigor cient\u00edfico, bem como por referenciais \u00e9ticos e legais;<\/li>\n\n\n\n<li>Consciente de sua responsabilidade como educador, nos v\u00e1rios contextos de atua\u00e7\u00e3o profissional;<\/li>\n\n\n\n<li>Apto a atuar multi e interdisciplinarmente, adapt\u00e1vel \u00e0 din\u00e2mica do mercado de trabalho e \u00e0s situa\u00e7\u00f5es de mudan\u00e7a cont\u00ednua do mesmo;<\/li>\n\n\n\n<li>Preparado para desenvolver ideias inovadoras e a\u00e7\u00f5es estrat\u00e9gicas, capazes de ampliar e aperfei\u00e7oar sua \u00e1rea de atua\u00e7\u00e3o.<\/li>\n<\/ul>\n","protected":false},"excerpt":{"rendered":"<p>. CEPE\/CA, Resolu\u00e7\u00e3o n\u00ba 123\/2014. Reformula o Projeto Pedag\u00f3gico do curso de Ci\u00eancias Biol\u00f3gicas &#8211; Habilita\u00e7\u00e3o: Licenciatura, a vigorar a partir do ano letivo de 2015. Dispon\u00edvel em:&nbsp;http:\/\/www.uel.br\/prograd\/docs_prograd\/resolucoes\/2014\/resolucao_123_14.pdf. Acesso em: 17 outubro 2022; PERFIL DO CONCLUINTE PERFIL ACAD\u00c9MICO E PROFISSIONAL ALMEJADO O Licenciado em Ci\u00eancias Biol\u00f3gicas dever\u00e1: O Licenciado dever\u00e1 estar capacitado ao exerc\u00edcio do [&hellip;]<\/p>\n","protected":false},"author":8,"featured_media":0,"parent":0,"menu_order":0,"comment_status":"closed","ping_status":"closed","template":"","meta":{"footnotes":""},"class_list":["post-3629","page","type-page","status-publish","hentry"],"acf":[],"_links":{"self":[{"href":"https:\/\/sites.uel.br\/pdi\/wp-json\/wp\/v2\/pages\/3629","targetHints":{"allow":["GET"]}}],"collection":[{"href":"https:\/\/sites.uel.br\/pdi\/wp-json\/wp\/v2\/pages"}],"about":[{"href":"https:\/\/sites.uel.br\/pdi\/wp-json\/wp\/v2\/types\/page"}],"author":[{"embeddable":true,"href":"https:\/\/sites.uel.br\/pdi\/wp-json\/wp\/v2\/users\/8"}],"replies":[{"embeddable":true,"href":"https:\/\/sites.uel.br\/pdi\/wp-json\/wp\/v2\/comments?post=3629"}],"version-history":[{"count":2,"href":"https:\/\/sites.uel.br\/pdi\/wp-json\/wp\/v2\/pages\/3629\/revisions"}],"predecessor-version":[{"id":3656,"href":"https:\/\/sites.uel.br\/pdi\/wp-json\/wp\/v2\/pages\/3629\/revisions\/3656"}],"wp:attachment":[{"href":"https:\/\/sites.uel.br\/pdi\/wp-json\/wp\/v2\/media?parent=3629"}],"curies":[{"name":"wp","href":"https:\/\/api.w.org\/{rel}","templated":true}]}}