{"id":3618,"date":"2022-12-06T16:31:31","date_gmt":"2022-12-06T19:31:31","guid":{"rendered":"https:\/\/sites.uel.br\/pdi\/?page_id=3618"},"modified":"2022-12-06T16:55:03","modified_gmt":"2022-12-06T19:55:03","slug":"perfil-do-egresso-biomedicina-bacharelado","status":"publish","type":"page","link":"https:\/\/sites.uel.br\/pdi\/perfil-do-egresso-biomedicina-bacharelado\/","title":{"rendered":"Perfil do Egresso &#8211; BIOMEDICINA (Bacharelado)"},"content":{"rendered":"\n<p class=\"has-white-color has-text-color\">.<\/p>\n\n\n\n<p>CEPE\/CA, Resolu\u00e7\u00e3o n\u00ba 054\/2016. Reformula o Projeto Pedag\u00f3gico do Curso de Biomedicina, a ser implantado a partir do ano letivo de 2017. <\/p>\n\n\n\n<p>Dispon\u00edvel em:\u00a0<a href=\"http:\/\/www.uel.br\/prograd\/documentos\/resolucoes\/2016\/resolucao_54_16.pdf\">http:\/\/www.uel.br\/prograd\/documentos\/resolucoes\/2016\/resolucao_54_16.pdf<\/a>. <\/p>\n\n\n\n<p>Acesso em: 14 outubro 2022;<\/p>\n\n\n\n<p>PERFIL DO CONCLUINTE<\/p>\n\n\n\n<p>Perfil do Profissional Biom\u00e9dico:<\/p>\n\n\n\n<p>A Biomedicina \u00e9 a Ci\u00eancia que estuda a Biologia Humana, todos os processos e mecanismos que regulam o funcionamento do organismo humano, suas altera\u00e7\u00f5es e formas de abordagem dos diferentes ramos das Ci\u00eancias Biom\u00e9dicas. O Bacharel deve ter ampla e s\u00f3lida forma\u00e7\u00e3o b\u00e1sica generalista, com conhecimento profundo do organismo humano como um todo, da organiza\u00e7\u00e3o nos diversos n\u00edveis funcionais e das intera\u00e7\u00f5es com os demais seres vivos e com o meio ambiente e social.<\/p>\n\n\n\n<p>A profiss\u00e3o de biom\u00e9dico tem como responsabilidade b\u00e1sica buscar o conhecimento necess\u00e1rio para desempenhar o papel de gerador (pesquisador) e multiplicador (docente de n\u00edvel superior) do saber nos diferentes ramos das ci\u00eancias Biom\u00e9dicas, sendo tamb\u00e9m agente transformador da realidade onde atua na busca da melhoria da qualidade de vida da popula\u00e7\u00e3o humana.<\/p>\n\n\n\n<p>O graduado em Biomedicina deve possuir uma ampla e s\u00f3lida forma\u00e7\u00e3o b\u00e1sica, com adequada fundamenta\u00e7\u00e3o te\u00f3rico-pr\u00e1tica na \u00e1rea biom\u00e9dica, que inclua o conhecimento profundo do organismo humano, sua organiza\u00e7\u00e3o e funcionamento nos diversos n\u00edveis e as intera\u00e7\u00f5es com os demais seres vivos e com os meios ambiente e social. Para tal, deve possuir s\u00f3lida base cient\u00edfica adquirida por exaustiva atua\u00e7\u00e3o no processo de investiga\u00e7\u00e3o cient\u00edfica, a partir do primeiro ano, em est\u00e1gios com pesquisadores qualificados em laborat\u00f3rios cientificamente produtivos, realizando inicia\u00e7\u00e3o cient\u00edfica e desenvolvimento de um projeto de investiga\u00e7\u00e3o cient\u00edfica completo no est\u00e1gio curricular final. O profissional graduado em biomedicina deve saber formular e desenvolver um plano de pesquisa coerente, adequado e vi\u00e1vel, efetuando pesquisas bibliogr\u00e1ficas adequadas; utilizando as fontes de informa\u00e7\u00e3o dispon\u00edveis.<\/p>\n\n\n\n<p>Espera-se que o profissional biom\u00e9dico formado pela Universidade Estadual de Londrina seja apto a:&nbsp;<\/p>\n\n\n\n<ul class=\"wp-block-list\">\n<li>Desenvolver atividades educacionais em n\u00edveis tecnol\u00f3gicos e de educa\u00e7\u00e3o superior, por ter s\u00f3lido conhecimento global das disciplinas b\u00e1sicas da \u00e1rea biom\u00e9dica;<\/li>\n\n\n\n<li>Acompanhar a evolu\u00e7\u00e3o do pensamento e dos conhecimentos cient\u00edficos na sua \u00e1rea de atua\u00e7\u00e3o, desenvolvendo a\u00e7\u00f5es estrat\u00e9gicas para diagn\u00f3stico de problemas, encaminhamento de solu\u00e7\u00f5es e tomada de decis\u00f5es, por ter s\u00f3lido e extenso conhecimento global das bases da medicina molecular e celular;<\/li>\n\n\n\n<li>Atuar em pesquisa b\u00e1sica, aplicada e extens\u00e3o, elaborando e executando projetos nas diferentes \u00e1reas das ci\u00eancias Biom\u00e9dicas, por ter amplo conhecimento e familiaridade com o m\u00e9todo cient\u00edfico;<\/li>\n\n\n\n<li>Gerenciar e executar tarefas t\u00e9cnicas, prestar consultorias, dar pareceres e atuar no sentido de estabelecer rela\u00e7\u00f5es entre Ci\u00eancia, Tecnologia e Sociedade, por ter facilidade de estabelecer, adaptar e criar m\u00e9todos e protocolos experimentais;<\/li>\n\n\n\n<li>Organizar, coordenar e participar de equipes multiprofissionais, utilizando o conhecimento acumulado na produ\u00e7\u00e3o de novos conhecimentos;<\/li>\n\n\n\n<li>Desenvolver ideias inovadoras e a\u00e7\u00f5es estrat\u00e9gicas para adaptar-se \u00e0 din\u00e2mica do Mercado de trabalho, capazes de ampliar e aperfei\u00e7oar sua \u00e1rea de atua\u00e7\u00e3o profissional;VII- Possuir \u00e9tica, vis\u00e3o human\u00edstica, senso de responsabilidade social compromisso com a cidadania.<\/li>\n<\/ul>\n","protected":false},"excerpt":{"rendered":"<p>. CEPE\/CA, Resolu\u00e7\u00e3o n\u00ba 054\/2016. Reformula o Projeto Pedag\u00f3gico do Curso de Biomedicina, a ser implantado a partir do ano letivo de 2017. Dispon\u00edvel em:\u00a0http:\/\/www.uel.br\/prograd\/documentos\/resolucoes\/2016\/resolucao_54_16.pdf. Acesso em: 14 outubro 2022; PERFIL DO CONCLUINTE Perfil do Profissional Biom\u00e9dico: A Biomedicina \u00e9 a Ci\u00eancia que estuda a Biologia Humana, todos os processos e mecanismos que regulam o [&hellip;]<\/p>\n","protected":false},"author":8,"featured_media":0,"parent":0,"menu_order":0,"comment_status":"closed","ping_status":"closed","template":"","meta":{"footnotes":""},"class_list":["post-3618","page","type-page","status-publish","hentry"],"acf":[],"_links":{"self":[{"href":"https:\/\/sites.uel.br\/pdi\/wp-json\/wp\/v2\/pages\/3618","targetHints":{"allow":["GET"]}}],"collection":[{"href":"https:\/\/sites.uel.br\/pdi\/wp-json\/wp\/v2\/pages"}],"about":[{"href":"https:\/\/sites.uel.br\/pdi\/wp-json\/wp\/v2\/types\/page"}],"author":[{"embeddable":true,"href":"https:\/\/sites.uel.br\/pdi\/wp-json\/wp\/v2\/users\/8"}],"replies":[{"embeddable":true,"href":"https:\/\/sites.uel.br\/pdi\/wp-json\/wp\/v2\/comments?post=3618"}],"version-history":[{"count":3,"href":"https:\/\/sites.uel.br\/pdi\/wp-json\/wp\/v2\/pages\/3618\/revisions"}],"predecessor-version":[{"id":3650,"href":"https:\/\/sites.uel.br\/pdi\/wp-json\/wp\/v2\/pages\/3618\/revisions\/3650"}],"wp:attachment":[{"href":"https:\/\/sites.uel.br\/pdi\/wp-json\/wp\/v2\/media?parent=3618"}],"curies":[{"name":"wp","href":"https:\/\/api.w.org\/{rel}","templated":true}]}}