{"id":3608,"date":"2022-12-06T16:21:25","date_gmt":"2022-12-06T19:21:25","guid":{"rendered":"https:\/\/sites.uel.br\/pdi\/?page_id=3608"},"modified":"2022-12-06T16:47:51","modified_gmt":"2022-12-06T19:47:51","slug":"perfil-do-egresso-arquivologia-bacharelado","status":"publish","type":"page","link":"https:\/\/sites.uel.br\/pdi\/perfil-do-egresso-arquivologia-bacharelado\/","title":{"rendered":"Perfil do Egresso &#8211; ARQUIVOLOGIA (Bacharelado)"},"content":{"rendered":"\n<p class=\"has-white-color has-text-color\">.<\/p>\n\n\n\n<p>CEPE\/CA, Resolu\u00e7\u00e3o n\u00ba 126\/2013. Reformula o Projeto Pedag\u00f3gico do curso de Arquivologia \u2013 Habilita\u00e7\u00e3o: Geral, a vigorar a partir do ano letivo de 2014. <\/p>\n\n\n\n<p>Dispon\u00edvel em:\u00a0<a href=\"http:\/\/www.uel.br\/prograd\/docs_prograd\/resolucoes\/2013\/resolucao_126_13.pdf\">http:\/\/www.uel.br\/prograd\/docs_prograd\/resolucoes\/2013\/resolucao_126_13.pdf<\/a>. <\/p>\n\n\n\n<p>Acesso em: 14 outubro 2022;<\/p>\n\n\n\n<p>PERFIL DO CONCLUINTE<\/p>\n\n\n\n<p>O bacharel formado no cruso de gradua\u00e7\u00e3o em Arquivologia da Universidade Estadual de Londrina deve caracterizar-se por suas compet\u00eancias profissionais e cient\u00edficas.\u00a0<\/p>\n\n\n\n<p>Profissionalmente, dever\u00e1 adquirir conhecimentos atualizados e fundamentados nas teorias, que permitam sugerir solu\u00e7\u00f5es para problemas novos e tradicionais da \u00e1rea. Deve, portanto, estar preparado para enfrentar com compet\u00eancia e criatividade as diversidades de sua pr\u00e1tica profissional, primando pela \u00e9tica no fazer e na dissemina\u00e7\u00e3o de suas pr\u00e1ticas.<\/p>\n\n\n\n<p>No campo cient\u00edfico, deve ter sido estimulado para as pr\u00e1ticas na investiga\u00e7\u00e3o de novos saberes para a \u00e1rea; gerar, disseminar e propor pesquisas relacionadas \u00e0s novas tend\u00eancias, que contribuam para forma\u00e7\u00e3o de conhecimento da Arquivologia. Deve estar em constante busca por atualiza\u00e7\u00e3o acad\u00eamica, realizando uma educa\u00e7\u00e3o continuada.<\/p>\n\n\n\n<p>Deve ter habilidades para:<\/p>\n\n\n\n<ul class=\"wp-block-list\">\n<li>Gerar produtos a partir dos conhecimentos adquiridos e divulg\u00e1-los;<\/li>\n\n\n\n<li>Formular e executar pol\u00edticas institucionais;<\/li>\n\n\n\n<li>Elaborar, coordenar, executar e avaliar planos, programas e projetos;<\/li>\n\n\n\n<li>Utilizar racionalmente os recursos dispon\u00edveis;<\/li>\n\n\n\n<li>Desenvolver e utilizar novas tecnologias;<\/li>\n\n\n\n<li>Traduzir as necessidades de indiv\u00edduos, grupos e comunidades nas respectivas \u00e1reas de atua\u00e7\u00e3o;<\/li>\n\n\n\n<li>Desenvolver atividades profissionais aut\u00f4nomas, de modo a orientar, dirigir, assessorar, prestar consultoria, realizar per\u00edcias e emitir t\u00e9cnicos e pareceres;<\/li>\n\n\n\n<li>Responder a demandas sociais de informa\u00e7\u00e3o produzidas pelas transforma\u00e7\u00f5es tecnol\u00f3gicas que caracterizam o mundo contempor\u00e2neo;<\/li>\n\n\n\n<li>Criticar, investigar, propor, planejar, executar e avaliar recursos e produtos de informa\u00e7\u00e3o;<\/li>\n\n\n\n<li>Assimilar os novos conhecimentos cient\u00edficos e\/ou tecnol\u00f3gicos e refletir acerca do comportamento \u00e9tico que a sociedade espera de sua atua\u00e7\u00e3o e de suas rela\u00e7\u00f5es com o contextuo cultural, socioecon\u00f4mico e pol\u00edtico;<\/li>\n\n\n\n<li>Ter consci\u00eancia da import\u00e2ncia social da profiss\u00e3o como possibilidade de desenvolvimento social e coletivo;<\/li>\n<\/ul>\n\n\n\n<p>De uma forma mais espec\u00edfica, \u00e9 desejado:<\/p>\n\n\n\n<ul class=\"wp-block-list\">\n<li>Compreender o estatuto probat\u00f3rio dos documentos de arquivo;<\/li>\n\n\n\n<li>Identificar o contexto de produ\u00e7\u00e3o de documentos no \u00e2mbito de institui\u00e7\u00f5es p\u00fablicas e privadas;<\/li>\n\n\n\n<li>Planejar a elaborar instrumentos de gest\u00e3o de documentos de arquivo que permitam sua organiza\u00e7\u00e3o, avalia\u00e7\u00e3o e utiliza\u00e7\u00e3o;<\/li>\n\n\n\n<li>Planejar, organizar, executar, gerenciar e avaliar servi\u00e7os, unidades e sistemas de informa\u00e7\u00e3o arquiv\u00edsticos;<\/li>\n\n\n\n<li>Realizar opera\u00e7\u00e3o de arranjo, descri\u00e7\u00e3o e difus\u00e3o de acervos arquiv\u00edsticos;<\/li>\n\n\n\n<li>Interagir e agregar valores aos processos de gera\u00e7\u00e3o, transfer\u00eancia e uso da informa\u00e7\u00e3o em todo e qualquer ambiente;<\/li>\n\n\n\n<li>Trabalhar com fontes de informa\u00e7\u00e3o de qualquer natureza;<\/li>\n\n\n\n<li>Processar a informa\u00e7\u00e3o registrada em diferentes tipos de suportes, mediante a aplica\u00e7\u00e3o de conhecimentos te\u00f3ricos e pr\u00e1ticos de coleta, processamento, armazenamento e difus\u00e3o da informa\u00e7\u00e3o;<\/li>\n\n\n\n<li>Realizar pesquisas relativas a produtos, processamento, transfer\u00eancia e uso da informa\u00e7\u00e3o.<\/li>\n<\/ul>\n","protected":false},"excerpt":{"rendered":"<p>. CEPE\/CA, Resolu\u00e7\u00e3o n\u00ba 126\/2013. Reformula o Projeto Pedag\u00f3gico do curso de Arquivologia \u2013 Habilita\u00e7\u00e3o: Geral, a vigorar a partir do ano letivo de 2014. Dispon\u00edvel em:\u00a0http:\/\/www.uel.br\/prograd\/docs_prograd\/resolucoes\/2013\/resolucao_126_13.pdf. Acesso em: 14 outubro 2022; PERFIL DO CONCLUINTE O bacharel formado no cruso de gradua\u00e7\u00e3o em Arquivologia da Universidade Estadual de Londrina deve caracterizar-se por suas compet\u00eancias profissionais [&hellip;]<\/p>\n","protected":false},"author":8,"featured_media":0,"parent":0,"menu_order":0,"comment_status":"closed","ping_status":"closed","template":"","meta":{"footnotes":""},"class_list":["post-3608","page","type-page","status-publish","hentry"],"acf":[],"_links":{"self":[{"href":"https:\/\/sites.uel.br\/pdi\/wp-json\/wp\/v2\/pages\/3608","targetHints":{"allow":["GET"]}}],"collection":[{"href":"https:\/\/sites.uel.br\/pdi\/wp-json\/wp\/v2\/pages"}],"about":[{"href":"https:\/\/sites.uel.br\/pdi\/wp-json\/wp\/v2\/types\/page"}],"author":[{"embeddable":true,"href":"https:\/\/sites.uel.br\/pdi\/wp-json\/wp\/v2\/users\/8"}],"replies":[{"embeddable":true,"href":"https:\/\/sites.uel.br\/pdi\/wp-json\/wp\/v2\/comments?post=3608"}],"version-history":[{"count":2,"href":"https:\/\/sites.uel.br\/pdi\/wp-json\/wp\/v2\/pages\/3608\/revisions"}],"predecessor-version":[{"id":3645,"href":"https:\/\/sites.uel.br\/pdi\/wp-json\/wp\/v2\/pages\/3608\/revisions\/3645"}],"wp:attachment":[{"href":"https:\/\/sites.uel.br\/pdi\/wp-json\/wp\/v2\/media?parent=3608"}],"curies":[{"name":"wp","href":"https:\/\/api.w.org\/{rel}","templated":true}]}}