{"id":350,"date":"2022-09-07T18:03:00","date_gmt":"2022-09-07T21:03:00","guid":{"rendered":"https:\/\/sites.uel.br\/pdi\/?page_id=350"},"modified":"2022-09-07T18:03:00","modified_gmt":"2022-09-07T21:03:00","slug":"especializacao","status":"publish","type":"page","link":"https:\/\/sites.uel.br\/pdi\/especializacao\/","title":{"rendered":"Especializa\u00e7\u00e3o"},"content":{"rendered":"\n<p class=\"has-white-color has-text-color\">&#8211;<\/p>\n\n\n\n<ul class=\"wp-block-list\"><li>A\u00e7\u00f5es Po\u00e9ticas e Educacionais na Contemporaneidade<\/li><li>An\u00e1lise, Projeto e Ger\u00eancia de Sistemas com \u00eanfase em Intelig\u00eancia em Neg\u00f3cios<\/li><li>An\u00e1lises Cl\u00ednicas<\/li><li>Antropologia: Diferen\u00e7a, Desigualdade e Poder<\/li><li>Biologia Aplicada \u00e0 Sa\u00fade<\/li><li>Biologia Tecidual e do Desenvolvimento<\/li><li>Biotecnologia<\/li><li>Cl\u00ednica Psicanal\u00edtica<\/li><li>Comunica\u00e7\u00e3o e Cultura Pol\u00edtica<\/li><li>Comunica\u00e7\u00e3o Popular e Comunit\u00e1ria<\/li><li>Contabilidade e Controladoria Empresarial<\/li><li>Controle de Infec\u00e7\u00e3o Relacionada \u00e0 Assist\u00eancia \u00e0 Sa\u00fade<\/li><li>Design Digital<\/li><li>Dire\u00e7\u00e3o de Arte: Design e Comunica\u00e7\u00e3o<\/li><li>Direito de Fam\u00edlia e Sucess\u00f5es \u2013 Teoria e Pr\u00e1tica<\/li><li>Direito do Estado<\/li><li>Direito e Processo Civil<\/li><li>Direito e Processo Penal<\/li><li>Direito Empresarial aplicado \u00e0 Era Digital<\/li><li>Direito Previdenci\u00e1rio<\/li><li>Doc\u00eancia na Educa\u00e7\u00e3o Superior<\/li><li>Economia Empresarial<\/li><li>Educa\u00e7\u00e3o de Jovens e Adultos<\/li><li>Educa\u00e7\u00e3o F\u00edsica Inclusiva<\/li><li>Educa\u00e7\u00e3o F\u00edsica na Educa\u00e7\u00e3o B\u00e1sica<\/li><li>Educa\u00e7\u00e3o F\u00edsica na Educa\u00e7\u00e3o B\u00e1sica (EAD)<\/li><li>Engenharia de Estruturas<\/li><li>Engenharia de Seguran\u00e7a do Trabalho<\/li><li>Engenharia de Software<\/li><li>Ensino de Biologia (EAD)<\/li><li>Ensino de Ci\u00eancias \u2013 Anos Finais de Ensino Fundamental (EAD)<\/li><li>Ensino de Ci\u00eancias Biol\u00f3gicas<\/li><li>Ensino de Geografia<\/li><li>Ensino de Ingl\u00eas para Crian\u00e7as (EAD)<\/li><li>Ensino de L\u00edngua Portuguesa e Tecnologia Educacional Digital (EAD)<\/li><li>Ensino de Sociologia<\/li><li>Ergonomia<\/li><li>Estat\u00edstica com \u00eanfase em Pesquisa Quantitativa<\/li><li>Filosofia Pol\u00edtica e Jur\u00eddica<\/li><li>Finan\u00e7as Corporativas<\/li><li>Fisiologia Translacional: da Sa\u00fade \u00e0 Doen\u00e7a<\/li><li>Gen\u00e9tica Aplicada<\/li><li>Gest\u00e3o Cont\u00e1bil e Financeira para Pequenas e M\u00e9dias Empresas<\/li><li>Gest\u00e3o Industrial e Neg\u00f3cios<\/li><li>Gest\u00e3o no Esporte e Lazer<\/li><li>Gest\u00e3o P\u00fablica (EAD)<\/li><li>Gest\u00e3o Tribut\u00e1ria e Contabilidade<\/li><li>L\u00edngua Portuguesa<\/li><li>Machine Learning e Big Data<\/li><li>MBA em Gest\u00e3o de Design: Inovar e Empreender nas Organiza\u00e7\u00f5es<\/li><li>MBA em Gest\u00e3o de Marketing e M\u00eddias Sociais<\/li><li>MBA em Gest\u00e3o de Pessoas e People Experience<\/li><li>Moda: Produto e Comunica\u00e7\u00e3o<\/li><li>Neuroci\u00eancias<\/li><li>Ortodontia<\/li><li>Patrim\u00f4nio e Hist\u00f3ria<\/li><li>Per\u00edcia Cont\u00e1bil e Auditoria<\/li><li>Pol\u00edtica e Gest\u00e3o da Educa\u00e7\u00e3o<\/li><li>Projeto Arquitet\u00f4nico: Composi\u00e7\u00e3o e Tecnologia do Ambiente Constru\u00eddo<\/li><li>Psicopedagogia<\/li><li>Qu\u00edmica para a Educa\u00e7\u00e3o B\u00e1sica (EAD)<\/li><li>Redes de Computadores com enfoque em IoT<\/li><li>Religi\u00f5es e Religiosidades<\/li><li>Sa\u00fade Mental<\/li><li>Sistemas Eletr\u00f4nicos Embarcados<\/li><li>Tecnologias de Inform\u00e1tica na Educa\u00e7\u00e3o (EAD)<\/li><li>Treinamento Esportivo<\/li><\/ul>\n","protected":false},"excerpt":{"rendered":"<p>&#8211; A\u00e7\u00f5es Po\u00e9ticas e Educacionais na Contemporaneidade An\u00e1lise, Projeto e Ger\u00eancia de Sistemas com \u00eanfase em Intelig\u00eancia em Neg\u00f3cios An\u00e1lises Cl\u00ednicas Antropologia: Diferen\u00e7a, Desigualdade e Poder Biologia Aplicada \u00e0 Sa\u00fade Biologia Tecidual e do Desenvolvimento Biotecnologia Cl\u00ednica Psicanal\u00edtica Comunica\u00e7\u00e3o e Cultura Pol\u00edtica Comunica\u00e7\u00e3o Popular e Comunit\u00e1ria Contabilidade e Controladoria Empresarial Controle de Infec\u00e7\u00e3o Relacionada \u00e0 [&hellip;]<\/p>\n","protected":false},"author":8,"featured_media":0,"parent":0,"menu_order":0,"comment_status":"closed","ping_status":"closed","template":"","meta":{"footnotes":""},"class_list":["post-350","page","type-page","status-publish","hentry"],"acf":[],"_links":{"self":[{"href":"https:\/\/sites.uel.br\/pdi\/wp-json\/wp\/v2\/pages\/350","targetHints":{"allow":["GET"]}}],"collection":[{"href":"https:\/\/sites.uel.br\/pdi\/wp-json\/wp\/v2\/pages"}],"about":[{"href":"https:\/\/sites.uel.br\/pdi\/wp-json\/wp\/v2\/types\/page"}],"author":[{"embeddable":true,"href":"https:\/\/sites.uel.br\/pdi\/wp-json\/wp\/v2\/users\/8"}],"replies":[{"embeddable":true,"href":"https:\/\/sites.uel.br\/pdi\/wp-json\/wp\/v2\/comments?post=350"}],"version-history":[{"count":1,"href":"https:\/\/sites.uel.br\/pdi\/wp-json\/wp\/v2\/pages\/350\/revisions"}],"predecessor-version":[{"id":353,"href":"https:\/\/sites.uel.br\/pdi\/wp-json\/wp\/v2\/pages\/350\/revisions\/353"}],"wp:attachment":[{"href":"https:\/\/sites.uel.br\/pdi\/wp-json\/wp\/v2\/media?parent=350"}],"curies":[{"name":"wp","href":"https:\/\/api.w.org\/{rel}","templated":true}]}}