{"id":2897,"date":"2022-11-13T20:24:33","date_gmt":"2022-11-13T23:24:33","guid":{"rendered":"https:\/\/sites.uel.br\/pdi\/?page_id=2897"},"modified":"2022-11-13T20:24:33","modified_gmt":"2022-11-13T23:24:33","slug":"acoes-estruturantes","status":"publish","type":"page","link":"https:\/\/sites.uel.br\/pdi\/acoes-estruturantes\/","title":{"rendered":"A\u00e7\u00f5es Estruturantes"},"content":{"rendered":"\n<p class=\"has-text-color\" style=\"color:#fefefe\">.<\/p>\n\n\n\n<p>Constituem-se a\u00e7\u00f5es estruturantes que dever\u00e3o ser realizadas pelas inst\u00e2ncias competentes para a implanta\u00e7\u00e3o das diretrizes da Pol\u00edtica de Inova\u00e7\u00e3o da Universidade Estadual de Londrina:<\/p>\n\n\n\n<ul class=\"wp-block-list\">\n<li>Regulamentar, por meio de instrumentos espec\u00edficos pr\u00f3prios, a implementa\u00e7\u00e3o de normas referentes \u00e0 Presta\u00e7\u00e3o de Servi\u00e7os T\u00e9cnicos Especializados e Extens\u00e3o Tecnol\u00f3gica.<\/li>\n\n\n\n<li>Regulamentar, por meio de instrumentos espec\u00edficos pr\u00f3prios, o compartilhamento e permiss\u00e3o de uso, por terceiros de laborat\u00f3rios e equipamentos, recursos humanos e capital intelectual.<\/li>\n\n\n\n<li>Regulamentar, por meio de instrumentos espec\u00edficos pr\u00f3prios, a participa\u00e7\u00e3o, remunera\u00e7\u00e3o, afastamento e licen\u00e7a de servidor nas atividades de PD&amp;I.<\/li>\n\n\n\n<li>Adotar mecanismos que garantam a utiliza\u00e7\u00e3o integrada e o compartilhamento de ferramentas de tecnologia de informa\u00e7\u00e3o e comunica\u00e7\u00e3o para as atividades de gest\u00e3o e a promo\u00e7\u00e3o da inova\u00e7\u00e3o.<\/li>\n\n\n\n<li>Nos casos em que as a\u00e7\u00f5es de inova\u00e7\u00e3o envolvam atividades de ensino, pesquisa e\/ou extens\u00e3o, os regulamentos dever\u00e3o prever a forma e o momento de registro das mesmas na respectiva pr\u00f3-reitoria.<\/li>\n\n\n\n<li>Constituir o Conselho de Ci\u00eancia, Tecnologia e Inova\u00e7\u00e3o da UEL, que dever\u00e1 ser composto pelo Reitor (como presidente), por quatro representantes de Centros de Estudos diversos designados pelo Conselho de Administra\u00e7\u00e3o, por um representante de cada C\u00e2mara do Conselho de Ensino, Pesquisa e Extens\u00e3o; por um representante da PROPPG, por um representante da PROEX, por um representante da PROGRAD, por um representante da PROPLAN, por um representante da AINTEC e por um representante do Conselho Municipal de Ci\u00eancia, Tecnologia e Inova\u00e7\u00e3o. Este conselho ser\u00e1 respons\u00e1vel pela proposta de atualiza\u00e7\u00e3o da Pol\u00edtica de Inova\u00e7\u00e3o da Universidade Estadual de Londrina, quando necess\u00e1ria, e pela defini\u00e7\u00e3o peri\u00f3dica das \u00e1reas priorit\u00e1rias em CT&amp;I para a UEL, internalizando, no que couber, as defini\u00e7\u00f5es do Conselho Federal de Ci\u00eancia, Tecnologia e Inova\u00e7\u00e3o, do Conselho Paranaense de Ci\u00eancia e Tecnologia, e do Conselho Municipal de Ci\u00eancia, Tecnologia e Inova\u00e7\u00e3o.<\/li>\n<\/ul>\n\n\n\n<p>A Ag\u00eancia de Inova\u00e7\u00e3o dever\u00e1 apresentar proposta de atualiza\u00e7\u00e3o de Regimento Interno definindo normas e procedimentos necess\u00e1rios para atender os objetivos e finalidades da Pol\u00edtica de Inova\u00e7\u00e3o da Universidade Estadual de Londrina.<\/p>\n","protected":false},"excerpt":{"rendered":"<p>. Constituem-se a\u00e7\u00f5es estruturantes que dever\u00e3o ser realizadas pelas inst\u00e2ncias competentes para a implanta\u00e7\u00e3o das diretrizes da Pol\u00edtica de Inova\u00e7\u00e3o da Universidade Estadual de Londrina: A Ag\u00eancia de Inova\u00e7\u00e3o dever\u00e1 apresentar proposta de atualiza\u00e7\u00e3o de Regimento Interno definindo normas e procedimentos necess\u00e1rios para atender os objetivos e finalidades da Pol\u00edtica de Inova\u00e7\u00e3o da Universidade Estadual [&hellip;]<\/p>\n","protected":false},"author":8,"featured_media":0,"parent":0,"menu_order":0,"comment_status":"closed","ping_status":"closed","template":"","meta":{"footnotes":""},"class_list":["post-2897","page","type-page","status-publish","hentry"],"acf":[],"_links":{"self":[{"href":"https:\/\/sites.uel.br\/pdi\/wp-json\/wp\/v2\/pages\/2897","targetHints":{"allow":["GET"]}}],"collection":[{"href":"https:\/\/sites.uel.br\/pdi\/wp-json\/wp\/v2\/pages"}],"about":[{"href":"https:\/\/sites.uel.br\/pdi\/wp-json\/wp\/v2\/types\/page"}],"author":[{"embeddable":true,"href":"https:\/\/sites.uel.br\/pdi\/wp-json\/wp\/v2\/users\/8"}],"replies":[{"embeddable":true,"href":"https:\/\/sites.uel.br\/pdi\/wp-json\/wp\/v2\/comments?post=2897"}],"version-history":[{"count":1,"href":"https:\/\/sites.uel.br\/pdi\/wp-json\/wp\/v2\/pages\/2897\/revisions"}],"predecessor-version":[{"id":2898,"href":"https:\/\/sites.uel.br\/pdi\/wp-json\/wp\/v2\/pages\/2897\/revisions\/2898"}],"wp:attachment":[{"href":"https:\/\/sites.uel.br\/pdi\/wp-json\/wp\/v2\/media?parent=2897"}],"curies":[{"name":"wp","href":"https:\/\/api.w.org\/{rel}","templated":true}]}}