{"id":2858,"date":"2022-11-13T17:59:41","date_gmt":"2022-11-13T20:59:41","guid":{"rendered":"https:\/\/sites.uel.br\/pdi\/?page_id=2858"},"modified":"2022-11-13T17:59:41","modified_gmt":"2022-11-13T20:59:41","slug":"concepcao-principios-e-diretrizes","status":"publish","type":"page","link":"https:\/\/sites.uel.br\/pdi\/concepcao-principios-e-diretrizes\/","title":{"rendered":"Concep\u00e7\u00e3o, Princ\u00edpios e Diretrizes"},"content":{"rendered":"\n<p class=\"has-text-color\" style=\"color:#fefefe\">.<\/p>\n\n\n\n<p>A Extens\u00e3o se constitui de processo interdisciplinar, pol\u00edtico educacional, social, cultural, cient\u00edfico, tecnol\u00f3gico, de inova\u00e7\u00e3o, e que promove a intera\u00e7\u00e3o transformadora entre a UEL e os outros setores da sociedade, por meio do processo pedag\u00f3gico participativo da produ\u00e7\u00e3o e da aplica\u00e7\u00e3o do conhecimento.<\/p>\n\n\n\n<p>A Extens\u00e3o dever\u00e1 ser desenvolvida de maneira indissoci\u00e1vel nas a\u00e7\u00f5es acad\u00eamicas da UEL, articulando o Ensino e\/ou a Pesquisa com as demandas da sociedade, envolvendo a comunidade acad\u00eamica.<\/p>\n\n\n\n<p>A Extens\u00e3o dever\u00e1 promover os valores democr\u00e1ticos, de equidade e de desenvolvimento da sociedade, em suas dimens\u00f5es humana, \u00e9tica, ambiental, econ\u00f4mica, cultural e social.<\/p>\n\n\n\n<p>S\u00e3o consideradas atividades de Extens\u00e3o, as interven\u00e7\u00f5es que envolvam diretamente as comunidades externas \u00e0 UEL e que sejam indissoci\u00e1veis do Ensino e\/ou da Pesquisa, nos termos da Resolu\u00e7\u00e3o N\u00ba 089\/2019.<\/p>\n\n\n\n<ul class=\"wp-block-list\">\n<li>\u00c9 vedado considerar como atividade de Extens\u00e3o, as interven\u00e7\u00f5es que se limitam exclusivamente \u00e0 comunidade interna da UEL.<\/li>\n<\/ul>\n\n\n\n<p>As atividades de Extens\u00e3o, segundo sua caracteriza\u00e7\u00e3o, se classificam nas seguintes modalidades: programas, projetos (de extens\u00e3o, integrados com predomin\u00e2ncia em Extens\u00e3o e de presta\u00e7\u00e3o de servi\u00e7os), cursos e eventos.<\/p>\n\n\n\n<ul class=\"wp-block-list\">\n<li>As modalidades de atividades de Extens\u00e3o previstas incluem, al\u00e9m dos programas institucionais, as de natureza governamental que atendam \u00e0s pol\u00edticas municipais, estaduais, distrital e nacional.<\/li>\n<\/ul>\n\n\n\n<p>Estruturam a concep\u00e7\u00e3o e a pr\u00e1tica da Extens\u00e3o:<\/p>\n\n\n\n<ul class=\"wp-block-list\">\n<li>a intera\u00e7\u00e3o dial\u00f3gica da comunidade acad\u00eamica com a sociedade por meio da troca de conhecimentos, da participa\u00e7\u00e3o e do contato com as quest\u00f5es complexas contempor\u00e2neas presentes no contexto social;<\/li>\n\n\n\n<li>a forma\u00e7\u00e3o cidad\u00e3 dos estudantes, marcada e constitu\u00edda pela viv\u00eancia dos seus conhecimentos, que, de modo interprofissional e\/ou interdisciplinar, seja valorizada e integrada \u00e0 matriz curricular, estimulando sua forma\u00e7\u00e3o como cidad\u00e3o cr\u00edtico e respons\u00e1vel;<\/li>\n\n\n\n<li>a produ\u00e7\u00e3o de mudan\u00e7as na pr\u00f3pria Institui\u00e7\u00e3o superior e nos demais setores da sociedade, a partir da constru\u00e7\u00e3o e aplica\u00e7\u00e3o de conhecimentos, bem como por outras atividades acad\u00eamicas e\/ou sociais;<\/li>\n\n\n\n<li>a articula\u00e7\u00e3o entre Extens\u00e3o, Ensino e Pesquisa, ancorada em processo pedag\u00f3gico, interdisciplinar, pol\u00edtico educacional, cultural, cient\u00edfico, tecnol\u00f3gico e de inova\u00e7\u00e3o;<\/li>\n\n\n\n<li>o estabelecimento de di\u00e1logo construtivo e transformador com os demais setores da sociedade brasileira e internacional, respeitando e promovendo a interculturalidade;<\/li>\n\n\n\n<li>a promo\u00e7\u00e3o de iniciativas que expressem o compromisso social da UEL com todas as \u00e1reas, em especial, as de comunica\u00e7\u00e3o, cultura, direitos humanos e justi\u00e7a, educa\u00e7\u00e3o, meio ambiente, sa\u00fade, tecnologia e produ\u00e7\u00e3o, e trabalho, em conson\u00e2ncia com as pol\u00edticas ligadas \u00e0s diretrizes para educa\u00e7\u00e3o ambiental, educa\u00e7\u00e3o \u00e9tnico-racial, direitos humanos, g\u00eanero e educa\u00e7\u00e3o ind\u00edgena;<\/li>\n\n\n\n<li>a promo\u00e7\u00e3o e reflex\u00e3o \u00e9tica quanto \u00e0 dimens\u00e3o social do Ensino e da Pesquisa;<\/li>\n\n\n\n<li>o incentivo \u00e0 atua\u00e7\u00e3o da comunidade universit\u00e1ria na contribui\u00e7\u00e3o ao enfrentamento das quest\u00f5es da sociedade brasileira, inclusive, por meio do desenvolvimento econ\u00f4mico, ambiental, social e cultural;<\/li>\n\n\n\n<li>o apoio em princ\u00edpios \u00e9ticos que expressem o compromisso social da UEL com a realidade brasileira;<\/li>\n\n\n\n<li>a atua\u00e7\u00e3o na produ\u00e7\u00e3o e na constru\u00e7\u00e3o de conhecimentos, atualizados e coerentes, voltados para o desenvolvimento social, equitativo e sustent\u00e1vel.<\/li>\n<\/ul>\n","protected":false},"excerpt":{"rendered":"<p>. A Extens\u00e3o se constitui de processo interdisciplinar, pol\u00edtico educacional, social, cultural, cient\u00edfico, tecnol\u00f3gico, de inova\u00e7\u00e3o, e que promove a intera\u00e7\u00e3o transformadora entre a UEL e os outros setores da sociedade, por meio do processo pedag\u00f3gico participativo da produ\u00e7\u00e3o e da aplica\u00e7\u00e3o do conhecimento. A Extens\u00e3o dever\u00e1 ser desenvolvida de maneira indissoci\u00e1vel nas a\u00e7\u00f5es acad\u00eamicas [&hellip;]<\/p>\n","protected":false},"author":8,"featured_media":0,"parent":0,"menu_order":0,"comment_status":"closed","ping_status":"closed","template":"","meta":{"footnotes":""},"class_list":["post-2858","page","type-page","status-publish","hentry"],"acf":[],"_links":{"self":[{"href":"https:\/\/sites.uel.br\/pdi\/wp-json\/wp\/v2\/pages\/2858","targetHints":{"allow":["GET"]}}],"collection":[{"href":"https:\/\/sites.uel.br\/pdi\/wp-json\/wp\/v2\/pages"}],"about":[{"href":"https:\/\/sites.uel.br\/pdi\/wp-json\/wp\/v2\/types\/page"}],"author":[{"embeddable":true,"href":"https:\/\/sites.uel.br\/pdi\/wp-json\/wp\/v2\/users\/8"}],"replies":[{"embeddable":true,"href":"https:\/\/sites.uel.br\/pdi\/wp-json\/wp\/v2\/comments?post=2858"}],"version-history":[{"count":1,"href":"https:\/\/sites.uel.br\/pdi\/wp-json\/wp\/v2\/pages\/2858\/revisions"}],"predecessor-version":[{"id":2859,"href":"https:\/\/sites.uel.br\/pdi\/wp-json\/wp\/v2\/pages\/2858\/revisions\/2859"}],"wp:attachment":[{"href":"https:\/\/sites.uel.br\/pdi\/wp-json\/wp\/v2\/media?parent=2858"}],"curies":[{"name":"wp","href":"https:\/\/api.w.org\/{rel}","templated":true}]}}