{"id":2774,"date":"2022-11-13T16:24:13","date_gmt":"2022-11-13T19:24:13","guid":{"rendered":"https:\/\/sites.uel.br\/pdi\/?page_id=2774"},"modified":"2022-11-13T16:24:13","modified_gmt":"2022-11-13T19:24:13","slug":"analise-e-registro-da-creditacao-curricular-da-extensao","status":"publish","type":"page","link":"https:\/\/sites.uel.br\/pdi\/analise-e-registro-da-creditacao-curricular-da-extensao\/","title":{"rendered":"An\u00e1lise e Registro da Credita\u00e7\u00e3o Curricular da Extens\u00e3o"},"content":{"rendered":"\n<p class=\"has-white-color has-text-color\">.<\/p>\n\n\n\n<p>Antes de serem submetidos para an\u00e1lise da Credita\u00e7\u00e3o Curricular da Extens\u00e3o, compete \u00e0 PROEX recepcionar e encaminhar, pelos variados sistemas, os relat\u00f3rios das atividades extensionistas dos estudantes oriundos das modalidades previstas, respeitado o fluxo processual de cada a\u00e7\u00e3o.<\/p>\n\n\n\n<ul class=\"wp-block-list\">\n<li>Esgotada a tramita\u00e7\u00e3o no \u00e2mbito extensionista, compete \u00e0 PROEX, via sistema, dar ci\u00eancia aos estudantes envolvidos sobre sua carga hor\u00e1ria cumprida na a\u00e7\u00e3o extensionista em quest\u00e3o, independentemente do aproveitamento da Credita\u00e7\u00e3o Curricular da Extens\u00e3o.<\/li>\n<\/ul>\n\n\n\n<p>Caso a a\u00e7\u00e3o extensionista n\u00e3o se caracteriza como AEX Indicada, compete ao estudante, a partir da carga hor\u00e1ria informada pela PROEX, solicitar, via Portal do Estudante, a carga hor\u00e1ria extensionista que deseja aproveitar para AEX Livre e Atividade Acad\u00eamica Complementar (AAC).<\/p>\n\n\n\n<ul class=\"wp-block-list\">\n<li>\u00c9 facultado ao estudante fracionar o aproveitamento das horas das a\u00e7\u00f5es extensionistas entre AEX Livre e AAC, obedecido o disposto nas normativas institucionais e nos Projetos Pedag\u00f3gicos dos Cursos.<\/li>\n\n\n\n<li>Compete ao Coordenador de Colegiado de Curso, a partir da solicita\u00e7\u00e3o do estudante, deferir ou n\u00e3o, e um \u00fanico sistema integrado, a carga hor\u00e1ria aproveitada para AEX Livre e AAC.<\/li>\n\n\n\n<li>A decis\u00e3o do Coordenador de Colegiado deve ser tomada \u00e0 luz do Projeto Pedag\u00f3gico do Curso.<\/li>\n\n\n\n<li>\u00c9 facultado ao estudante consultar previamente a Coordena\u00e7\u00e3o de Colegiado, com respeito \u00e0 adequa\u00e7\u00e3o de uma determinada carga hor\u00e1ria de a\u00e7\u00e3o extensionista, para fins de seu aproveitamento como AEX Livre ou AAC.<\/li>\n\n\n\n<li>\u00c9 vedada a dupla contagem de carga hor\u00e1ria.<\/li>\n<\/ul>\n\n\n\n<p>Caso a a\u00e7\u00e3o extensionista se caracterize como AEX Indicada, sua carga hor\u00e1ria ser\u00e1 automaticamente aproveitada para fins da Credita\u00e7\u00e3o Curricular da Extens\u00e3o, at\u00e9 o limite especificado no Projeto Pedag\u00f3gico do Curso para AEX Indicada.<\/p>\n\n\n\n<ul class=\"wp-block-list\">\n<li>\u00c9 facultado, ao estudante, solicitar o aproveitamento, das horas excedentes, entre AEX Livre e AAC, obedecido o disposto nas normativas institucionais e nos Projetos Pedag\u00f3gicos do Curso.<\/li>\n\n\n\n<li>A solicita\u00e7\u00e3o de aproveitamento e sua an\u00e1lise se dar\u00e3o em sistema online integrado.<\/li>\n<\/ul>\n\n\n\n<p>A Credita\u00e7\u00e3o Curricular da Extens\u00e3o deve ser registrada na documenta\u00e7\u00e3o do estudante e em seu hist\u00f3rico escolar.<\/p>\n\n\n\n<p>Para fins da Credita\u00e7\u00e3o Curricular da Extens\u00e3o, \u00e9 vedado o aproveitamento de carga hor\u00e1ria de a\u00e7\u00e3o extensionista n\u00e3o avaliada e n\u00e3o aprovada junto \u00e0 PROEX.<\/p>\n","protected":false},"excerpt":{"rendered":"<p>. Antes de serem submetidos para an\u00e1lise da Credita\u00e7\u00e3o Curricular da Extens\u00e3o, compete \u00e0 PROEX recepcionar e encaminhar, pelos variados sistemas, os relat\u00f3rios das atividades extensionistas dos estudantes oriundos das modalidades previstas, respeitado o fluxo processual de cada a\u00e7\u00e3o. Caso a a\u00e7\u00e3o extensionista n\u00e3o se caracteriza como AEX Indicada, compete ao estudante, a partir da [&hellip;]<\/p>\n","protected":false},"author":8,"featured_media":0,"parent":0,"menu_order":0,"comment_status":"closed","ping_status":"closed","template":"","meta":{"footnotes":""},"class_list":["post-2774","page","type-page","status-publish","hentry"],"acf":[],"_links":{"self":[{"href":"https:\/\/sites.uel.br\/pdi\/wp-json\/wp\/v2\/pages\/2774","targetHints":{"allow":["GET"]}}],"collection":[{"href":"https:\/\/sites.uel.br\/pdi\/wp-json\/wp\/v2\/pages"}],"about":[{"href":"https:\/\/sites.uel.br\/pdi\/wp-json\/wp\/v2\/types\/page"}],"author":[{"embeddable":true,"href":"https:\/\/sites.uel.br\/pdi\/wp-json\/wp\/v2\/users\/8"}],"replies":[{"embeddable":true,"href":"https:\/\/sites.uel.br\/pdi\/wp-json\/wp\/v2\/comments?post=2774"}],"version-history":[{"count":1,"href":"https:\/\/sites.uel.br\/pdi\/wp-json\/wp\/v2\/pages\/2774\/revisions"}],"predecessor-version":[{"id":2775,"href":"https:\/\/sites.uel.br\/pdi\/wp-json\/wp\/v2\/pages\/2774\/revisions\/2775"}],"wp:attachment":[{"href":"https:\/\/sites.uel.br\/pdi\/wp-json\/wp\/v2\/media?parent=2774"}],"curies":[{"name":"wp","href":"https:\/\/api.w.org\/{rel}","templated":true}]}}