{"id":2646,"date":"2022-11-13T10:15:30","date_gmt":"2022-11-13T13:15:30","guid":{"rendered":"https:\/\/sites.uel.br\/pdi\/?page_id=2646"},"modified":"2022-11-13T10:15:30","modified_gmt":"2022-11-13T13:15:30","slug":"nucleo-de-educacao-a-distancia-da-universidade-estadual-de-londrina","status":"publish","type":"page","link":"https:\/\/sites.uel.br\/pdi\/nucleo-de-educacao-a-distancia-da-universidade-estadual-de-londrina\/","title":{"rendered":"N\u00facleo de Educa\u00e7\u00e3o \u00e0 Dist\u00e2ncia da Universidade Estadual de Londrina"},"content":{"rendered":"\n<p class=\"has-text-color\" style=\"color:#fefefe\">.<\/p>\n\n\n\n<p>O N\u00facleo de Educa\u00e7\u00e3o \u00e0 Dist\u00e2ncia da Universidade Estadual de Londrina (NEAD-UEL) foi criado&nbsp;em 8 de abril de 2009, por meio da Resolu\u00e7\u00e3o CA\/CU n. 69\/2009.<\/p>\n\n\n\n<p>Tem como objetivos: oportunizar a democratiza\u00e7\u00e3o do conhecimento, por meio do acesso ao saber acad\u00eamico; estimular e apoiar a\u00e7\u00f5es de educa\u00e7\u00e3o \u00e0 dist\u00e2ncia;&nbsp;incentivar o uso de ferramentas e tecnologias de informa\u00e7\u00e3o e comunica\u00e7\u00e3o, visando a melhoria da qualidade do ensino, da pesquisa e da extens\u00e3o; propor pol\u00edtica de est\u00edmulo \u00e0 produ\u00e7\u00e3o cient\u00edfica em educa\u00e7\u00e3o \u00e0 dist\u00e2ncia; e, buscar parcerias e recursos para o desenvolvimento de educa\u00e7\u00e3o a dist\u00e2ncia.<\/p>\n\n\n\n<p>O NEAD da UEL oferta cursos na modalidade de educa\u00e7\u00e3o a dist\u00e2ncia, promove a capacita\u00e7\u00e3o de servidores para atuarem em educa\u00e7\u00e3o a dist\u00e2ncia, assessora as iniciativas em educa\u00e7\u00e3o a dist\u00e2ncia e desenvolve projetos e parcerias em EAD \u2013 Educa\u00e7\u00e3o a Dist\u00e2ncia com outras institui\u00e7\u00f5es.<\/p>\n","protected":false},"excerpt":{"rendered":"<p>. O N\u00facleo de Educa\u00e7\u00e3o \u00e0 Dist\u00e2ncia da Universidade Estadual de Londrina (NEAD-UEL) foi criado&nbsp;em 8 de abril de 2009, por meio da Resolu\u00e7\u00e3o CA\/CU n. 69\/2009. Tem como objetivos: oportunizar a democratiza\u00e7\u00e3o do conhecimento, por meio do acesso ao saber acad\u00eamico; estimular e apoiar a\u00e7\u00f5es de educa\u00e7\u00e3o \u00e0 dist\u00e2ncia;&nbsp;incentivar o uso de ferramentas e [&hellip;]<\/p>\n","protected":false},"author":8,"featured_media":0,"parent":0,"menu_order":0,"comment_status":"closed","ping_status":"closed","template":"","meta":{"footnotes":""},"class_list":["post-2646","page","type-page","status-publish","hentry"],"acf":[],"_links":{"self":[{"href":"https:\/\/sites.uel.br\/pdi\/wp-json\/wp\/v2\/pages\/2646","targetHints":{"allow":["GET"]}}],"collection":[{"href":"https:\/\/sites.uel.br\/pdi\/wp-json\/wp\/v2\/pages"}],"about":[{"href":"https:\/\/sites.uel.br\/pdi\/wp-json\/wp\/v2\/types\/page"}],"author":[{"embeddable":true,"href":"https:\/\/sites.uel.br\/pdi\/wp-json\/wp\/v2\/users\/8"}],"replies":[{"embeddable":true,"href":"https:\/\/sites.uel.br\/pdi\/wp-json\/wp\/v2\/comments?post=2646"}],"version-history":[{"count":1,"href":"https:\/\/sites.uel.br\/pdi\/wp-json\/wp\/v2\/pages\/2646\/revisions"}],"predecessor-version":[{"id":2647,"href":"https:\/\/sites.uel.br\/pdi\/wp-json\/wp\/v2\/pages\/2646\/revisions\/2647"}],"wp:attachment":[{"href":"https:\/\/sites.uel.br\/pdi\/wp-json\/wp\/v2\/media?parent=2646"}],"curies":[{"name":"wp","href":"https:\/\/api.w.org\/{rel}","templated":true}]}}