{"id":2263,"date":"2022-11-10T22:10:03","date_gmt":"2022-11-11T01:10:03","guid":{"rendered":"https:\/\/sites.uel.br\/pdi\/?page_id=2263"},"modified":"2022-11-10T22:10:03","modified_gmt":"2022-11-11T01:10:03","slug":"incubadora-tecnologica-de-empreendimentos-sociais-sustentados","status":"publish","type":"page","link":"https:\/\/sites.uel.br\/pdi\/incubadora-tecnologica-de-empreendimentos-sociais-sustentados\/","title":{"rendered":"Incubadora Tecnol\u00f3gica de Empreendimentos Sociais Sustentados"},"content":{"rendered":"\n<p class=\"has-white-color has-text-color\">.<\/p>\n\n\n\n<p>A Incubadora Tecnol\u00f3gica de Empreendimentos Sociais Sustentados (INTES-UEL), nasce da inquieta\u00e7\u00e3o de professores de diversas \u00e1reas da Universidade frente \u00e0 marcante desigualdade social existente no pa\u00eds. Com base nos princ\u00edpios da Economia Solid\u00e1ria, \u00e9, ent\u00e3o, proposto um projeto que objetiva aproximar a Universidade dos trabalhadores exclu\u00eddos do mercado formal de trabalho ou em condi\u00e7\u00f5es prec\u00e1rias de trabalho, atrav\u00e9s do apoio t\u00e9cnico a cooperativas, associa\u00e7\u00f5es, grupos de trabalho coletivo etc.<\/p>\n\n\n\n<p>\u00c9 um projeto de extens\u00e3o vinculado ao Programa Nacional de Incubadoras de Cooperativas Populares (PRONINC), aprovado pela Financiadora de Projetos e Pesquisa (FINEP), e apoiado pela Funda\u00e7\u00e3o Interuniversit\u00e1ria de Estudos e Pesquisas sobre o Trabalho (UNITRABALHO). Constitui-se em um espa\u00e7o de a\u00e7\u00e3o e reflex\u00e3o de extensionistas e pesquisadores, que possibilita a interven\u00e7\u00e3o acad\u00eamica na realidade social, atrav\u00e9s do ensino, da pesquisa e da extens\u00e3o.<\/p>\n\n\n\n<p>A miss\u00e3o da INTES-UEL \u00e9 fornecer apoio profissional aos grupos de trabalho coletivo selecionados, contribuindo para suas inser\u00e7\u00f5es pol\u00edtica, social e econ\u00f4mica na sociedade. Consiste num esfor\u00e7o para disseminar uma outra modalidade de arranjo produtivo, fundamentado na Economia Solid\u00e1ria. Como projeto de extens\u00e3o, a INTES busca promover a intera\u00e7\u00e3o universidade-sociedade, atrav\u00e9s da troca de saberes disponibilizando o conhecimento gerado na Universidade aos grupos de trabalho coletivo incubados e servindo como campo de experimenta\u00e7\u00e3o aos professores e estudantes envolvidos no processo de incuba\u00e7\u00e3o. Ainda, possibilitar ao meio acad\u00eamico uma reflex\u00e3o acerca das rela\u00e7\u00f5es de trabalho impostas pelo neoliberalismo excludente.<\/p>\n\n\n\n<p>Atrav\u00e9s da Incubadora, pretende-se moldar novas formas de organiza\u00e7\u00e3o pol\u00edtico-produtiva, que beneficiem prioritariamente, os trabalhadores atingidos pela precariza\u00e7\u00e3o vigente nas rela\u00e7\u00f5es de trabalho; transferir novas tecnologias sociais, contribuindo para a inser\u00e7\u00e3o dos empreendimentos no mercado; e apoiar, pelo processo de incuba\u00e7\u00e3o, a viabiliza\u00e7\u00e3o e a autonomia destes empreendimentos. A socializa\u00e7\u00e3o do ac\u00famulo intelectual e cient\u00edfico da Universidade aos segmentos exclu\u00eddos da popula\u00e7\u00e3o, atrav\u00e9s da INTES-UEL, representa uma das pol\u00edticas institucionais mais elaboradas para a busca de um caminho alternativo de crescimento com sustentabilidade econ\u00f4mica, social e ambiental.<\/p>\n\n\n\n<p>A INTES-UEL tem car\u00e1ter interdisciplinar. Constitu\u00edda por professores e estudantes de diversos cursos de gradua\u00e7\u00e3o da UEL, bolsistas da Incubadora de Base Tecnol\u00f3gica da UEL (INTUEL) e volunt\u00e1rios, que desenvolvem suas atividades de forma integrada, tem como caracter\u00edstica apoiar os empreendimentos solid\u00e1rios localmente, sem os trazer fisicamente para a incubadora. A INTES-UEL \u00e9 movida pelos seguintes objetivos:<\/p>\n\n\n\n<ul class=\"wp-block-list\">\n<li>Proporcionar aos estagi\u00e1rios acesso \u00e0 realidade organizacional, auxiliando nas suas forma\u00e7\u00f5es e no estabelecimento da rela\u00e7\u00e3o teoria e pr\u00e1tica.<\/li>\n\n\n\n<li>Identificar as formas de organiza\u00e7\u00e3o e as rela\u00e7\u00f5es estabelecidas nos grupos incubados.<\/li>\n\n\n\n<li>Promover a integra\u00e7\u00e3o ensino-pesquisa-extens\u00e3o.<\/li>\n\n\n\n<li>Facilitar a transfer\u00eancia do conhecimento acad\u00eamico \u00e0 sociedade.<\/li>\n\n\n\n<li>Realizar parcerias com o poder p\u00fablico e o setor privado, ampliando a possibilidade de constru\u00e7\u00e3o de alternativas para a consolida\u00e7\u00e3o de rela\u00e7\u00f5es sociais e de formas de desenvolvimento sustent\u00e1vel.<\/li>\n<\/ul>\n","protected":false},"excerpt":{"rendered":"<p>. A Incubadora Tecnol\u00f3gica de Empreendimentos Sociais Sustentados (INTES-UEL), nasce da inquieta\u00e7\u00e3o de professores de diversas \u00e1reas da Universidade frente \u00e0 marcante desigualdade social existente no pa\u00eds. Com base nos princ\u00edpios da Economia Solid\u00e1ria, \u00e9, ent\u00e3o, proposto um projeto que objetiva aproximar a Universidade dos trabalhadores exclu\u00eddos do mercado formal de trabalho ou em condi\u00e7\u00f5es [&hellip;]<\/p>\n","protected":false},"author":8,"featured_media":0,"parent":0,"menu_order":0,"comment_status":"closed","ping_status":"closed","template":"","meta":{"footnotes":""},"class_list":["post-2263","page","type-page","status-publish","hentry"],"acf":[],"_links":{"self":[{"href":"https:\/\/sites.uel.br\/pdi\/wp-json\/wp\/v2\/pages\/2263","targetHints":{"allow":["GET"]}}],"collection":[{"href":"https:\/\/sites.uel.br\/pdi\/wp-json\/wp\/v2\/pages"}],"about":[{"href":"https:\/\/sites.uel.br\/pdi\/wp-json\/wp\/v2\/types\/page"}],"author":[{"embeddable":true,"href":"https:\/\/sites.uel.br\/pdi\/wp-json\/wp\/v2\/users\/8"}],"replies":[{"embeddable":true,"href":"https:\/\/sites.uel.br\/pdi\/wp-json\/wp\/v2\/comments?post=2263"}],"version-history":[{"count":1,"href":"https:\/\/sites.uel.br\/pdi\/wp-json\/wp\/v2\/pages\/2263\/revisions"}],"predecessor-version":[{"id":2265,"href":"https:\/\/sites.uel.br\/pdi\/wp-json\/wp\/v2\/pages\/2263\/revisions\/2265"}],"wp:attachment":[{"href":"https:\/\/sites.uel.br\/pdi\/wp-json\/wp\/v2\/media?parent=2263"}],"curies":[{"name":"wp","href":"https:\/\/api.w.org\/{rel}","templated":true}]}}