{"id":2201,"date":"2022-11-10T21:24:46","date_gmt":"2022-11-11T00:24:46","guid":{"rendered":"https:\/\/sites.uel.br\/pdi\/?page_id=2201"},"modified":"2022-11-10T21:24:46","modified_gmt":"2022-11-11T00:24:46","slug":"selecao-de-isencao-da-taxa-do-vestibular","status":"publish","type":"page","link":"https:\/\/sites.uel.br\/pdi\/selecao-de-isencao-da-taxa-do-vestibular\/","title":{"rendered":"Sele\u00e7\u00e3o de Isen\u00e7\u00e3o da Taxa do Vestibular"},"content":{"rendered":"\n<p class=\"has-white-color has-text-color\">.<\/p>\n\n\n\n<p>A sele\u00e7\u00e3o para isen\u00e7\u00e3o ou desconto do pagamento do pre\u00e7o p\u00fablico referente \u00e0 inscri\u00e7\u00e3o do processo seletivo vestibular da UEL \u00e9 destinada aos estudantes de baixa renda da rede p\u00fablica de ensino. Sua realiza\u00e7\u00e3o \u00e9 feita por meio de instru\u00e7\u00e3o de servi\u00e7o conjunta espec\u00edfica entre o SEBEC (Servi\u00e7o de Bem Estar \u00e0 Comunidade), COPS (Coordenadoria de Processos Seletivos) e PROAF (Pr\u00f3-Reitoria de Administra\u00e7\u00e3o e Finan\u00e7as).<\/p>\n","protected":false},"excerpt":{"rendered":"<p>. A sele\u00e7\u00e3o para isen\u00e7\u00e3o ou desconto do pagamento do pre\u00e7o p\u00fablico referente \u00e0 inscri\u00e7\u00e3o do processo seletivo vestibular da UEL \u00e9 destinada aos estudantes de baixa renda da rede p\u00fablica de ensino. Sua realiza\u00e7\u00e3o \u00e9 feita por meio de instru\u00e7\u00e3o de servi\u00e7o conjunta espec\u00edfica entre o SEBEC (Servi\u00e7o de Bem Estar \u00e0 Comunidade), COPS [&hellip;]<\/p>\n","protected":false},"author":8,"featured_media":0,"parent":0,"menu_order":0,"comment_status":"closed","ping_status":"closed","template":"","meta":{"footnotes":""},"class_list":["post-2201","page","type-page","status-publish","hentry"],"acf":[],"_links":{"self":[{"href":"https:\/\/sites.uel.br\/pdi\/wp-json\/wp\/v2\/pages\/2201","targetHints":{"allow":["GET"]}}],"collection":[{"href":"https:\/\/sites.uel.br\/pdi\/wp-json\/wp\/v2\/pages"}],"about":[{"href":"https:\/\/sites.uel.br\/pdi\/wp-json\/wp\/v2\/types\/page"}],"author":[{"embeddable":true,"href":"https:\/\/sites.uel.br\/pdi\/wp-json\/wp\/v2\/users\/8"}],"replies":[{"embeddable":true,"href":"https:\/\/sites.uel.br\/pdi\/wp-json\/wp\/v2\/comments?post=2201"}],"version-history":[{"count":1,"href":"https:\/\/sites.uel.br\/pdi\/wp-json\/wp\/v2\/pages\/2201\/revisions"}],"predecessor-version":[{"id":2202,"href":"https:\/\/sites.uel.br\/pdi\/wp-json\/wp\/v2\/pages\/2201\/revisions\/2202"}],"wp:attachment":[{"href":"https:\/\/sites.uel.br\/pdi\/wp-json\/wp\/v2\/media?parent=2201"}],"curies":[{"name":"wp","href":"https:\/\/api.w.org\/{rel}","templated":true}]}}