{"id":2082,"date":"2022-11-08T12:45:27","date_gmt":"2022-11-08T15:45:27","guid":{"rendered":"https:\/\/sites.uel.br\/pdi\/?page_id=2082"},"modified":"2022-11-08T12:45:27","modified_gmt":"2022-11-08T15:45:27","slug":"calendario-escolar","status":"publish","type":"page","link":"https:\/\/sites.uel.br\/pdi\/calendario-escolar\/","title":{"rendered":"Calend\u00e1rio Escolar"},"content":{"rendered":"\n<p class=\"has-text-color\" style=\"color:#fefefe\">.<\/p>\n\n\n\n<p>O calend\u00e1rio escolar ser\u00e1 elaborado pelos \u00f3rg\u00e3os competentes e aprovados pela C\u00e2mara de Gradua\u00e7\u00e3o e C\u00e2mara de P\u00f3s-Gradua\u00e7\u00e3o.<\/p>\n\n\n\n<ul class=\"wp-block-list\">\n<li>O calend\u00e1rio escolar poder\u00e1 ser organizado independentemente de correspond\u00eancia com o ano civil, por per\u00edodos, abrangendo o m\u00ednimo de dias letivos de trabalho escolar efetivo, conforme legisla\u00e7\u00e3o vigente, n\u00e3o incluindo o tempo reservado aos exames.<\/li>\n<\/ul>\n\n\n\n<p class=\"has-text-align-center\">O texto est\u00e1 dispon\u00edvel na(s) seguinte(s) refer\u00eancia(s):&nbsp;<\/p>\n\n\n\n<p class=\"has-text-align-center\">ESTATUTO DA UEL, REGIMENTO GERAL DA UEL, RESOLU\u00c7\u00c3O CEPE 033\/2014, RESOLU\u00c7\u00c3O CEPE 037\/2016<\/p>\n","protected":false},"excerpt":{"rendered":"<p>. O calend\u00e1rio escolar ser\u00e1 elaborado pelos \u00f3rg\u00e3os competentes e aprovados pela C\u00e2mara de Gradua\u00e7\u00e3o e C\u00e2mara de P\u00f3s-Gradua\u00e7\u00e3o. O texto est\u00e1 dispon\u00edvel na(s) seguinte(s) refer\u00eancia(s):&nbsp; ESTATUTO DA UEL, REGIMENTO GERAL DA UEL, RESOLU\u00c7\u00c3O CEPE 033\/2014, RESOLU\u00c7\u00c3O CEPE 037\/2016<\/p>\n","protected":false},"author":8,"featured_media":0,"parent":0,"menu_order":0,"comment_status":"closed","ping_status":"closed","template":"","meta":{"footnotes":""},"class_list":["post-2082","page","type-page","status-publish","hentry"],"acf":[],"_links":{"self":[{"href":"https:\/\/sites.uel.br\/pdi\/wp-json\/wp\/v2\/pages\/2082","targetHints":{"allow":["GET"]}}],"collection":[{"href":"https:\/\/sites.uel.br\/pdi\/wp-json\/wp\/v2\/pages"}],"about":[{"href":"https:\/\/sites.uel.br\/pdi\/wp-json\/wp\/v2\/types\/page"}],"author":[{"embeddable":true,"href":"https:\/\/sites.uel.br\/pdi\/wp-json\/wp\/v2\/users\/8"}],"replies":[{"embeddable":true,"href":"https:\/\/sites.uel.br\/pdi\/wp-json\/wp\/v2\/comments?post=2082"}],"version-history":[{"count":1,"href":"https:\/\/sites.uel.br\/pdi\/wp-json\/wp\/v2\/pages\/2082\/revisions"}],"predecessor-version":[{"id":2083,"href":"https:\/\/sites.uel.br\/pdi\/wp-json\/wp\/v2\/pages\/2082\/revisions\/2083"}],"wp:attachment":[{"href":"https:\/\/sites.uel.br\/pdi\/wp-json\/wp\/v2\/media?parent=2082"}],"curies":[{"name":"wp","href":"https:\/\/api.w.org\/{rel}","templated":true}]}}