{"id":2077,"date":"2022-11-08T12:43:27","date_gmt":"2022-11-08T15:43:27","guid":{"rendered":"https:\/\/sites.uel.br\/pdi\/?page_id=2077"},"modified":"2022-11-08T12:43:27","modified_gmt":"2022-11-08T15:43:27","slug":"matriculas","status":"publish","type":"page","link":"https:\/\/sites.uel.br\/pdi\/matriculas\/","title":{"rendered":"Matr\u00edculas"},"content":{"rendered":"\n<p class=\"has-white-color has-text-color\">.<\/p>\n\n\n\n<p>A matr\u00edcula ser\u00e1 feita respeitando o projeto pol\u00edtico-pedag\u00f3gico de cada curso.<\/p>\n\n\n\n<ul class=\"wp-block-list\">\n<li>A matr\u00edcula ser\u00e1 cancelada por iniciativa da Universidade ou do estudante:<\/li>\n\n\n\n<li>quando o estudante interessado solicitar por escrito;<\/li>\n\n\n\n<li>quando, em processo disciplinar, se aplicar ao estudante a pena de exclus\u00e3o;<\/li>\n\n\n\n<li>quando n\u00e3o renovada a matr\u00edcula em tempo oportuno;<\/li>\n\n\n\n<li>quando o estudante da primeira s\u00e9rie ou semestre do ano de ingresso em curso superior por meio de processo seletivo vestibular n\u00e3o confirmar sua matr\u00edcula;<\/li>\n\n\n\n<li>for constatada pela Universidade a matr\u00edcula do estudante em outro curso de gradua\u00e7\u00e3o da pr\u00f3pria Institui\u00e7\u00e3o ou de outra institui\u00e7\u00e3o p\u00fablica de ensino superior.<\/li>\n\n\n\n<li>Ser\u00e1 recusada nova matr\u00edcula ao estudante que n\u00e3o concluir o curso de gradua\u00e7\u00e3o no prazo m\u00e1ximo fixado pelo Conselho de Ensino, Pesquisa e Extens\u00e3o, atendidas \u00e0s exig\u00eancias legais emanadas de \u00f3rg\u00e3os disciplinadores da mat\u00e9ria.<\/li>\n\n\n\n<li>Os atos de matr\u00edcula e inscri\u00e7\u00e3o na Universidade importam em compromisso formal de respeito \u00e0 lei, ao Estatuto e aos Regimentos da Universidade, bem como \u00e0 autoridade que deles emana.<\/li>\n\n\n\n<li>O recebimento de transfer\u00eancias, atendidas as ressalvas da lei, depender\u00e1, sempre da exist\u00eancia de vaga e do preenchimento das exig\u00eancias espec\u00edficas em cada caso, consoante o disposto no Regimento Geral.<\/li>\n\n\n\n<li>Aos estudantes portadores de necessidades educativas especiais ser\u00e1 concedido acompanhamento acad\u00eamico, atrav\u00e9s de equipe multidisciplinar devidamente constitu\u00edda.<\/li>\n\n\n\n<li>Ser\u00e1 permitida reop\u00e7\u00e3o por curso diverso ao do ingresso na Universidade, para alunos que adquirem defici\u00eancias f\u00edsicas ou sensorial ou desenvolverem doen\u00e7as cr\u00f4nicas, no decorrer do curso inicial, na forma prevista regularmente.<\/li>\n\n\n\n<li>O estudante com necessidades educacionais especiais poder\u00e1 ter plano especial de matriz curricular e\/ou prazo diferenciado para conclus\u00e3o das atividades acad\u00eamicas.<\/li>\n<\/ul>\n\n\n\n<p>A avalia\u00e7\u00e3o do aproveitamento escolar ser\u00e1 estabelecida nos projetos pol\u00edtico-pedag\u00f3gicos de cada curso e no Regimento Geral.<\/p>\n\n\n\n<p>O \u00edndice de frequ\u00eancia ser\u00e1 definido nos projetos pol\u00edtico-pedag\u00f3gicos de cada curso e no Regimento Geral, obedecida a legisla\u00e7\u00e3o vigente.<\/p>\n\n\n\n<p class=\"has-text-align-center\">O texto est\u00e1 dispon\u00edvel na(s) seguinte(s) refer\u00eancia(s):&nbsp;<\/p>\n\n\n\n<p class=\"has-text-align-center\">ESTATUTO DA UEL, REGIMENTO GERAL DA UEL, RESOLU\u00c7\u00c3O CEPE 033\/2014, RESOLU\u00c7\u00c3O CEPE 037\/2016<\/p>\n","protected":false},"excerpt":{"rendered":"<p>. A matr\u00edcula ser\u00e1 feita respeitando o projeto pol\u00edtico-pedag\u00f3gico de cada curso. A avalia\u00e7\u00e3o do aproveitamento escolar ser\u00e1 estabelecida nos projetos pol\u00edtico-pedag\u00f3gicos de cada curso e no Regimento Geral. O \u00edndice de frequ\u00eancia ser\u00e1 definido nos projetos pol\u00edtico-pedag\u00f3gicos de cada curso e no Regimento Geral, obedecida a legisla\u00e7\u00e3o vigente. O texto est\u00e1 dispon\u00edvel na(s) seguinte(s) [&hellip;]<\/p>\n","protected":false},"author":8,"featured_media":0,"parent":0,"menu_order":0,"comment_status":"closed","ping_status":"closed","template":"","meta":{"footnotes":""},"class_list":["post-2077","page","type-page","status-publish","hentry"],"acf":[],"_links":{"self":[{"href":"https:\/\/sites.uel.br\/pdi\/wp-json\/wp\/v2\/pages\/2077","targetHints":{"allow":["GET"]}}],"collection":[{"href":"https:\/\/sites.uel.br\/pdi\/wp-json\/wp\/v2\/pages"}],"about":[{"href":"https:\/\/sites.uel.br\/pdi\/wp-json\/wp\/v2\/types\/page"}],"author":[{"embeddable":true,"href":"https:\/\/sites.uel.br\/pdi\/wp-json\/wp\/v2\/users\/8"}],"replies":[{"embeddable":true,"href":"https:\/\/sites.uel.br\/pdi\/wp-json\/wp\/v2\/comments?post=2077"}],"version-history":[{"count":1,"href":"https:\/\/sites.uel.br\/pdi\/wp-json\/wp\/v2\/pages\/2077\/revisions"}],"predecessor-version":[{"id":2079,"href":"https:\/\/sites.uel.br\/pdi\/wp-json\/wp\/v2\/pages\/2077\/revisions\/2079"}],"wp:attachment":[{"href":"https:\/\/sites.uel.br\/pdi\/wp-json\/wp\/v2\/media?parent=2077"}],"curies":[{"name":"wp","href":"https:\/\/api.w.org\/{rel}","templated":true}]}}