{"id":2048,"date":"2022-11-07T22:24:32","date_gmt":"2022-11-08T01:24:32","guid":{"rendered":"https:\/\/sites.uel.br\/pdi\/?page_id=2048"},"modified":"2022-11-07T22:24:32","modified_gmt":"2022-11-08T01:24:32","slug":"pos-graduacao-stricto-sensu-prazos","status":"publish","type":"page","link":"https:\/\/sites.uel.br\/pdi\/pos-graduacao-stricto-sensu-prazos\/","title":{"rendered":"P\u00f3s-Gradua\u00e7\u00e3o Stricto Sensu &#8211; Prazos"},"content":{"rendered":"\n<p class=\"has-white-color has-text-color\">.<\/p>\n\n\n\n<p>O Mestrado, compreendendo a defesa da Disserta\u00e7\u00e3o, n\u00e3o poder\u00e1 ser conclu\u00eddo em prazo inferior a dois ou superior a quatro per\u00edodos letivos. O Doutorado, compreendendo a defesa da Tese, n\u00e3o poder\u00e1 ser conclu\u00eddo em prazo inferior a quatro ou superior a oito per\u00edodos letivos.<\/p>\n\n\n\n<ul class=\"wp-block-list\">\n<li>Os tempos superiores aos mencionados poder\u00e3o ser prorrogados, no m\u00e1ximo, at\u00e9 doze meses, por meio de solicita\u00e7\u00f5es distintas e justificadas pelo estudante, desde que o n\u00famero de meses seja indicado e aprovado pelo orientador e Coordena\u00e7\u00e3o do Programa.<\/li>\n\n\n\n<li>O estudante que estiver em per\u00edodo de prorroga\u00e7\u00e3o n\u00e3o poder\u00e1 trancar a matr\u00edcula.<\/li>\n<\/ul>\n\n\n\n<p>Os tempos m\u00e1ximo e m\u00ednimo mencionados ser\u00e3o contados a partir do per\u00edodo letivo da primeira matr\u00edcula como estudante regular no Programa.<\/p>\n\n\n\n<p>O estudante desligado de um Programa de P\u00f3s-Gradua\u00e7\u00e3o por perda de prazo e que desejar a ele retornar dever\u00e1 submeter-se a inscri\u00e7\u00e3o e novo processo de sele\u00e7\u00e3o.<\/p>\n\n\n\n<ul class=\"wp-block-list\">\n<li>Caso aprovado, ser\u00e1 considerado estudante novo e consequentemente dever\u00e1 cumprir todas as exig\u00eancias a que est\u00e3o sujeitos os demais estudantes ingressantes.<\/li>\n<\/ul>\n\n\n\n<p class=\"has-text-align-center\">O texto est\u00e1 dispon\u00edvel na(s) seguinte(s) refer\u00eancia(s):&nbsp;<\/p>\n\n\n\n<p class=\"has-text-align-center\">REGIMENTO GERAL DA UEL, RESOLU\u00c7\u00c3O CEPE 033\/2014, RESOLU\u00c7\u00c3O CEPE 037\/2016<\/p>\n","protected":false},"excerpt":{"rendered":"<p>. O Mestrado, compreendendo a defesa da Disserta\u00e7\u00e3o, n\u00e3o poder\u00e1 ser conclu\u00eddo em prazo inferior a dois ou superior a quatro per\u00edodos letivos. O Doutorado, compreendendo a defesa da Tese, n\u00e3o poder\u00e1 ser conclu\u00eddo em prazo inferior a quatro ou superior a oito per\u00edodos letivos. Os tempos m\u00e1ximo e m\u00ednimo mencionados ser\u00e3o contados a partir [&hellip;]<\/p>\n","protected":false},"author":8,"featured_media":0,"parent":0,"menu_order":0,"comment_status":"closed","ping_status":"closed","template":"","meta":{"footnotes":""},"class_list":["post-2048","page","type-page","status-publish","hentry"],"acf":[],"_links":{"self":[{"href":"https:\/\/sites.uel.br\/pdi\/wp-json\/wp\/v2\/pages\/2048","targetHints":{"allow":["GET"]}}],"collection":[{"href":"https:\/\/sites.uel.br\/pdi\/wp-json\/wp\/v2\/pages"}],"about":[{"href":"https:\/\/sites.uel.br\/pdi\/wp-json\/wp\/v2\/types\/page"}],"author":[{"embeddable":true,"href":"https:\/\/sites.uel.br\/pdi\/wp-json\/wp\/v2\/users\/8"}],"replies":[{"embeddable":true,"href":"https:\/\/sites.uel.br\/pdi\/wp-json\/wp\/v2\/comments?post=2048"}],"version-history":[{"count":1,"href":"https:\/\/sites.uel.br\/pdi\/wp-json\/wp\/v2\/pages\/2048\/revisions"}],"predecessor-version":[{"id":2049,"href":"https:\/\/sites.uel.br\/pdi\/wp-json\/wp\/v2\/pages\/2048\/revisions\/2049"}],"wp:attachment":[{"href":"https:\/\/sites.uel.br\/pdi\/wp-json\/wp\/v2\/media?parent=2048"}],"curies":[{"name":"wp","href":"https:\/\/api.w.org\/{rel}","templated":true}]}}