{"id":2046,"date":"2022-11-07T22:23:15","date_gmt":"2022-11-08T01:23:15","guid":{"rendered":"https:\/\/sites.uel.br\/pdi\/?page_id=2046"},"modified":"2022-11-10T16:59:52","modified_gmt":"2022-11-10T19:59:52","slug":"pos-graduacao-stricto-sensu-admissao","status":"publish","type":"page","link":"https:\/\/sites.uel.br\/pdi\/pos-graduacao-stricto-sensu-admissao\/","title":{"rendered":"P\u00f3s-Gradua\u00e7\u00e3o Stricto-Sensu &#8211; Admiss\u00e3o"},"content":{"rendered":"\n<p class=\"has-text-color\" style=\"color:#fefefe\">.<\/p>\n\n\n\n<p>Conforme calend\u00e1rio de atividades de P\u00f3s-Gradua\u00e7\u00e3o, a inscri\u00e7\u00e3o aos processos seletivos dos Programas de Mestrado e Doutorado ser\u00e1 aberta a graduados e graduandos, desde que comprovem a conclus\u00e3o do curso de gradua\u00e7\u00e3o at\u00e9 a data da matr\u00edcula.<\/p>\n\n\n\n<ul class=\"wp-block-list\">\n<li>No ato da inscri\u00e7\u00e3o, o candidato dever\u00e1 apresentar os documentos exigidos pela Coordena\u00e7\u00e3o do Programa e previamente divulgados.<\/li>\n<\/ul>\n\n\n\n<p>A comiss\u00e3o de sele\u00e7\u00e3o realizar\u00e1 o exame de sele\u00e7\u00e3o, podendo ser efetuada a distribui\u00e7\u00e3o de vagas nas seguintes categorias: por orientador, por linha de pesquisa ou por \u00e1rea de concentra\u00e7\u00e3o, de acordo com os crit\u00e9rios definidos e divulgados previamente pela Comiss\u00e3o Coordenadora.<\/p>\n\n\n\n<ul class=\"wp-block-list\">\n<li>Se n\u00e3o houver o preenchimento de vagas em alguma das categorias, poder\u00e1 haver remanejamento para outra(s), a crit\u00e9rio da Coordena\u00e7\u00e3o do Programa.<\/li>\n<\/ul>\n\n\n\n<p>Ter\u00e3o direito \u00e0 matr\u00edcula nos Programas de P\u00f3s-Gradua\u00e7\u00e3o os candidatos inscritos que forem aprovados e classificados conforme o n\u00famero de vagas ofertadas no processo de sele\u00e7\u00e3o.<\/p>\n\n\n\n<p>No ato da matr\u00edcula os estudantes selecionados dever\u00e3o apresentar a documenta\u00e7\u00e3o exigida conforme edital publicado.<\/p>\n\n\n\n<p>O estudante de p\u00f3s-gradua\u00e7\u00e3o dever\u00e1 efetuar a rematr\u00edcula regularmente em cada per\u00edodo letivo, correspondente a um semestre letivo, nas \u00e9pocas e prazos fixados em calend\u00e1rio, em todas as fases de seus estudos, at\u00e9 a obten\u00e7\u00e3o do t\u00edtulo de Mestre ou Doutor.<\/p>\n\n\n\n<ul class=\"wp-block-list\">\n<li>O estudante dever\u00e1 estar matriculado em Disserta\u00e7\u00e3o ou Tese desde o seu ingresso no Programa.<\/li>\n\n\n\n<li>O estudante que n\u00e3o efetuar a rematr\u00edcula dentro do prazo estabelecido no Calend\u00e1rio de Atividades de P\u00f3s-Gradua\u00e7\u00e3o, poder\u00e1 faz\u00ea-lo, num prazo de quinze dias a contar do encerramento da rematr\u00edcula, mediante o pagamento de multa fixado pelo Conselho de Administra\u00e7\u00e3o.<\/li>\n\n\n\n<li>O n\u00e3o cumprimento dos prazos estipulados implicar\u00e1 no desligamento autom\u00e1tico do estudante do Programa.<\/li>\n<\/ul>\n\n\n\n<p>Os estudantes matriculados ser\u00e3o classificados nas seguintes categorias, de acordo com o Regimento Geral:<\/p>\n\n\n\n<ul class=\"wp-block-list\">\n<li>estudante regular: aprovado e classificado no exame de sele\u00e7\u00e3o, matriculado no Programa de Mestrado ou Doutorado, com obedi\u00eancia a todos os requisitos necess\u00e1rios para a obten\u00e7\u00e3o dos t\u00edtulos correspondentes.<\/li>\n\n\n\n<li>estudante especial: matriculado em disciplinas isoladas do Programa de Mestrado ou Doutorado, definidas pela Coordena\u00e7\u00e3o e ouvido o docente respons\u00e1vel pela disciplina antes do per\u00edodo de inscri\u00e7\u00e3o e divulgadas com anteced\u00eancia pela Pr\u00f3-Reitoria de Pesquisa e P\u00f3s-Gradua\u00e7\u00e3o.<\/li>\n<\/ul>\n\n\n\n<p>Estudantes matriculados em Programas de P\u00f3s-Gradua\u00e7\u00e3o Stricto Sensu de outras Institui\u00e7\u00f5es, devidamente reconhecidos pela CAPES, poder\u00e3o cursar disciplinas como estudante especial, ofertadas a qualquer momento no per\u00edodo letivo pelos Programas da UEL, desde que sejam autorizados pelo docente respons\u00e1vel da disciplina e pelo Coordenador do programa e atendam aos seguintes procedimentos:<\/p>\n\n\n\n<ul class=\"wp-block-list\">\n<li>preenchimento do requerimento fornecido pela PROPPG;<\/li>\n\n\n\n<li>apresenta\u00e7\u00e3o do comprovante de matr\u00edcula da Institui\u00e7\u00e3o de origem;<\/li>\n\n\n\n<li>apresenta\u00e7\u00e3o de uma carta do orientador recomendando a realiza\u00e7\u00e3o da disciplina.<\/li>\n<\/ul>\n\n\n\n<p>O estudante especial poder\u00e1 cursar at\u00e9 cinquenta porcento dos cr\u00e9ditos em disciplinas exigidos pelo Programa, mediante requerimento \u00e0 Coordena\u00e7\u00e3o do Programa, acompanhando dos documentos exigidos em cada Regimento de Programa.<\/p>\n\n\n\n<ul class=\"wp-block-list\">\n<li>O estudante matriculado nessas condi\u00e7\u00f5es e que pretenda passar a estudante regular, ter\u00e1 de submeter-se a processo de sele\u00e7\u00e3o e cumprir todas as exig\u00eancias a que est\u00e3o sujeitos os estudantes regulares, n\u00e3o sendo contado o per\u00edodo letivo cumprido como estudante especial, no computo do tempo m\u00e1ximo para conclus\u00e3o do Programa.<\/li>\n<\/ul>\n\n\n\n<p>O estudante regularmente matriculado em um Programa de P\u00f3s-Gradua\u00e7\u00e3o Stricto Sensu da UEL poder\u00e1 se matricular em disciplinas de outros Programas desta Institui\u00e7\u00e3o, mediante solicita\u00e7\u00e3o no Portal do Estudante e a aprova\u00e7\u00e3o eletr\u00f4nica do seu orientador e da Coordena\u00e7\u00e3o do programa do qual a disciplina faz parte.<\/p>\n\n\n\n<p>O estudante de P\u00f3s-Gradua\u00e7\u00e3o poder\u00e1, mediante pedido justificado e aprovado pela Comiss\u00e3o Coordenadora, solicitar trancamento de matr\u00edcula desde que esteja dentro do prazo regular e n\u00e3o se encontre matriculado no primeiro per\u00edodo do Programa e n\u00e3o o requeira ap\u00f3s ter decorrido 2\/3 (dois ter\u00e7os) do per\u00edodo letivo em andamento.<\/p>\n\n\n\n<ul class=\"wp-block-list\">\n<li>N\u00e3o ser\u00e1 permitido o trancamento de matr\u00edcula em disciplina.<\/li>\n\n\n\n<li>\u00c9 vedada a prorroga\u00e7\u00e3o do prazo para a conclus\u00e3o do Programa quando o estudante estiver com a matr\u00edcula trancada.<\/li>\n\n\n\n<li>O trancamento de matr\u00edcula s\u00f3 poder\u00e1 ser deferido, por uma \u00fanica vez, n\u00e3o sendo este tempo computado nos prazos previstos.<\/li>\n<\/ul>\n\n\n\n<p>O estudante poder\u00e1 solicitar junto \u00e0 PROPPG, a qualquer tempo, o cancelamento de matr\u00edcula no Programa, cujo pedido ser\u00e1 enviado \u00e0 Coordena\u00e7\u00e3o para conhecimento.O estudante poder\u00e1 solicitar o cancelamento de disciplina por meio do Portal do Estudante dentro do prazo fixado no Calend\u00e1rio da P\u00f3s-Gradua\u00e7\u00e3o e desde que tenha sido ministrado, no m\u00e1ximo, trinta porcento da sua carga hor\u00e1ria, mediante aprova\u00e7\u00e3o do orientador e da Coordena\u00e7\u00e3o do Programa.<\/p>\n\n\n\n<p class=\"has-text-align-center\">O texto est\u00e1 dispon\u00edvel na(s) seguinte(s) refer\u00eancia(s):&nbsp;<\/p>\n\n\n\n<p class=\"has-text-align-center\">REGIMENTO GERAL DA UEL, RESOLU\u00c7\u00c3O CEPE 033\/2014, RESOLU\u00c7\u00c3O CEPE 037\/2016<\/p>\n","protected":false},"excerpt":{"rendered":"<p>. Conforme calend\u00e1rio de atividades de P\u00f3s-Gradua\u00e7\u00e3o, a inscri\u00e7\u00e3o aos processos seletivos dos Programas de Mestrado e Doutorado ser\u00e1 aberta a graduados e graduandos, desde que comprovem a conclus\u00e3o do curso de gradua\u00e7\u00e3o at\u00e9 a data da matr\u00edcula. A comiss\u00e3o de sele\u00e7\u00e3o realizar\u00e1 o exame de sele\u00e7\u00e3o, podendo ser efetuada a distribui\u00e7\u00e3o de vagas nas [&hellip;]<\/p>\n","protected":false},"author":8,"featured_media":0,"parent":0,"menu_order":0,"comment_status":"closed","ping_status":"closed","template":"","meta":{"footnotes":""},"class_list":["post-2046","page","type-page","status-publish","hentry"],"acf":[],"_links":{"self":[{"href":"https:\/\/sites.uel.br\/pdi\/wp-json\/wp\/v2\/pages\/2046","targetHints":{"allow":["GET"]}}],"collection":[{"href":"https:\/\/sites.uel.br\/pdi\/wp-json\/wp\/v2\/pages"}],"about":[{"href":"https:\/\/sites.uel.br\/pdi\/wp-json\/wp\/v2\/types\/page"}],"author":[{"embeddable":true,"href":"https:\/\/sites.uel.br\/pdi\/wp-json\/wp\/v2\/users\/8"}],"replies":[{"embeddable":true,"href":"https:\/\/sites.uel.br\/pdi\/wp-json\/wp\/v2\/comments?post=2046"}],"version-history":[{"count":2,"href":"https:\/\/sites.uel.br\/pdi\/wp-json\/wp\/v2\/pages\/2046\/revisions"}],"predecessor-version":[{"id":2121,"href":"https:\/\/sites.uel.br\/pdi\/wp-json\/wp\/v2\/pages\/2046\/revisions\/2121"}],"wp:attachment":[{"href":"https:\/\/sites.uel.br\/pdi\/wp-json\/wp\/v2\/media?parent=2046"}],"curies":[{"name":"wp","href":"https:\/\/api.w.org\/{rel}","templated":true}]}}