{"id":2042,"date":"2022-11-07T22:07:53","date_gmt":"2022-11-08T01:07:53","guid":{"rendered":"https:\/\/sites.uel.br\/pdi\/?page_id=2042"},"modified":"2022-11-07T22:07:53","modified_gmt":"2022-11-08T01:07:53","slug":"pos-graduacao-lato-sensu-desligamento","status":"publish","type":"page","link":"https:\/\/sites.uel.br\/pdi\/pos-graduacao-lato-sensu-desligamento\/","title":{"rendered":"P\u00f3s-Gradua\u00e7\u00e3o Lato Sensu &#8211; Desligamento"},"content":{"rendered":"\n<p class=\"has-white-color has-text-color\">.<\/p>\n\n\n\n<p>O desligamento do estudante da p\u00f3s-gradua\u00e7\u00e3o ocorrer\u00e1 por:<\/p>\n\n\n\n<ul class=\"wp-block-list\">\n<li>n\u00e3o realiza\u00e7\u00e3o de matr\u00edcula no Curso de P\u00f3s-Gradua\u00e7\u00e3o, conforme estabelecido por este regulamento e Calend\u00e1rio de P\u00f3s-Gradua\u00e7\u00e3o vigente;<\/li>\n\n\n\n<li>n\u00e3o cumprimento dos prazos estabelecidos por este regulamento e Calend\u00e1rio Escolar de P\u00f3s-Gradua\u00e7\u00e3o;<\/li>\n\n\n\n<li>abandono do curso ou falta de rendimento escolar, mediante justificativa da Coordena\u00e7\u00e3o do Curso;<\/li>\n\n\n\n<li>tr\u00eas reprova\u00e7\u00f5es em uma ou diferentes disciplinas;<\/li>\n\n\n\n<li>reprova\u00e7\u00e3o na Monografia ou no TCCPG.<\/li>\n<\/ul>\n\n\n\n<p class=\"has-text-align-center\">O texto est\u00e1 dispon\u00edvel na(s) seguinte(s) refer\u00eancia(s):&nbsp;<\/p>\n\n\n\n<p class=\"has-text-align-center\">REGIMENTO GERAL DA UEL, RESOLU\u00c7\u00c3O CEPE 033\/2014, RESOLU\u00c7\u00c3O CEPE 037\/2016<\/p>\n","protected":false},"excerpt":{"rendered":"<p>. O desligamento do estudante da p\u00f3s-gradua\u00e7\u00e3o ocorrer\u00e1 por: O texto est\u00e1 dispon\u00edvel na(s) seguinte(s) refer\u00eancia(s):&nbsp; REGIMENTO GERAL DA UEL, RESOLU\u00c7\u00c3O CEPE 033\/2014, RESOLU\u00c7\u00c3O CEPE 037\/2016<\/p>\n","protected":false},"author":8,"featured_media":0,"parent":0,"menu_order":0,"comment_status":"closed","ping_status":"closed","template":"","meta":{"footnotes":""},"class_list":["post-2042","page","type-page","status-publish","hentry"],"acf":[],"_links":{"self":[{"href":"https:\/\/sites.uel.br\/pdi\/wp-json\/wp\/v2\/pages\/2042","targetHints":{"allow":["GET"]}}],"collection":[{"href":"https:\/\/sites.uel.br\/pdi\/wp-json\/wp\/v2\/pages"}],"about":[{"href":"https:\/\/sites.uel.br\/pdi\/wp-json\/wp\/v2\/types\/page"}],"author":[{"embeddable":true,"href":"https:\/\/sites.uel.br\/pdi\/wp-json\/wp\/v2\/users\/8"}],"replies":[{"embeddable":true,"href":"https:\/\/sites.uel.br\/pdi\/wp-json\/wp\/v2\/comments?post=2042"}],"version-history":[{"count":1,"href":"https:\/\/sites.uel.br\/pdi\/wp-json\/wp\/v2\/pages\/2042\/revisions"}],"predecessor-version":[{"id":2043,"href":"https:\/\/sites.uel.br\/pdi\/wp-json\/wp\/v2\/pages\/2042\/revisions\/2043"}],"wp:attachment":[{"href":"https:\/\/sites.uel.br\/pdi\/wp-json\/wp\/v2\/media?parent=2042"}],"curies":[{"name":"wp","href":"https:\/\/api.w.org\/{rel}","templated":true}]}}