{"id":2038,"date":"2022-11-07T22:05:55","date_gmt":"2022-11-08T01:05:55","guid":{"rendered":"https:\/\/sites.uel.br\/pdi\/?page_id=2038"},"modified":"2022-11-07T22:05:55","modified_gmt":"2022-11-08T01:05:55","slug":"pos-graduacao-lato-sensu-frequencia","status":"publish","type":"page","link":"https:\/\/sites.uel.br\/pdi\/pos-graduacao-lato-sensu-frequencia\/","title":{"rendered":"P\u00f3s-Gradua\u00e7\u00e3o Lato Sensu &#8211; Frequ\u00eancia"},"content":{"rendered":"\n<p class=\"has-text-color\" style=\"color:#fefefe\">.<\/p>\n\n\n\n<p>A frequ\u00eancia \u00e0s atividades did\u00e1ticas constituir\u00e1 aspecto obrigat\u00f3rio na verifica\u00e7\u00e3o do rendimento escolar.<\/p>\n\n\n\n<ul class=\"wp-block-list\">\n<li>O cr\u00e9dito s\u00f3 ser\u00e1 concedido ao estudante que, satisfeitas as demais exig\u00eancias, tiver um m\u00ednimo de setenta e cinco porcento de frequ\u00eancia \u00e0s aulas dadas em cada disciplina.<\/li>\n\n\n\n<li>A estudante gestante poder\u00e1 solicitar Licen\u00e7a Maternidade mediante apresenta\u00e7\u00e3o de atestado m\u00e9dico a partir do oitavo m\u00eas de gesta\u00e7\u00e3o ou a partir do nascimento da crian\u00e7a, comprovado pela c\u00f3pia da certid\u00e3o de nascimento. Neste caso \u00e0 estudante gestante ser\u00e1 concedido o prazo de 90 dias de licen\u00e7a no qual ter\u00e1 direito de receber regime especial de aulas ou exerc\u00edcios domiciliares.<\/li>\n\n\n\n<li>Mediante apresenta\u00e7\u00e3o de atestado m\u00e9dico, os estudantes poder\u00e3o solicitar justificativa de faltas por motivo de doen\u00e7a onde ser\u00e1 concedido ao estudante o direito de receber regime especial de aulas ou exerc\u00edcios domiciliares pelo per\u00edodo determinado no atestado.<\/li>\n\n\n\n<li>Outras modalidades de pedido de afastamento ser\u00e3o analisadas pela Coordena\u00e7\u00e3o do Curso.<\/li>\n\n\n\n<li>Em qualquer modalidade de afastamento o prazo final para conclus\u00e3o do curso n\u00e3o sofrer\u00e1 altera\u00e7\u00e3o.<\/li>\n<\/ul>\n\n\n\n<p class=\"has-text-align-center\">O texto est\u00e1 dispon\u00edvel na(s) seguinte(s) refer\u00eancia(s):&nbsp;<\/p>\n\n\n\n<p class=\"has-text-align-center\">REGIMENTO GERAL DA UEL, RESOLU\u00c7\u00c3O CEPE 033\/2014, RESOLU\u00c7\u00c3O CEPE 037\/2016<\/p>\n","protected":false},"excerpt":{"rendered":"<p>. A frequ\u00eancia \u00e0s atividades did\u00e1ticas constituir\u00e1 aspecto obrigat\u00f3rio na verifica\u00e7\u00e3o do rendimento escolar. O texto est\u00e1 dispon\u00edvel na(s) seguinte(s) refer\u00eancia(s):&nbsp; REGIMENTO GERAL DA UEL, RESOLU\u00c7\u00c3O CEPE 033\/2014, RESOLU\u00c7\u00c3O CEPE 037\/2016<\/p>\n","protected":false},"author":8,"featured_media":0,"parent":0,"menu_order":0,"comment_status":"closed","ping_status":"closed","template":"","meta":{"footnotes":""},"class_list":["post-2038","page","type-page","status-publish","hentry"],"acf":[],"_links":{"self":[{"href":"https:\/\/sites.uel.br\/pdi\/wp-json\/wp\/v2\/pages\/2038","targetHints":{"allow":["GET"]}}],"collection":[{"href":"https:\/\/sites.uel.br\/pdi\/wp-json\/wp\/v2\/pages"}],"about":[{"href":"https:\/\/sites.uel.br\/pdi\/wp-json\/wp\/v2\/types\/page"}],"author":[{"embeddable":true,"href":"https:\/\/sites.uel.br\/pdi\/wp-json\/wp\/v2\/users\/8"}],"replies":[{"embeddable":true,"href":"https:\/\/sites.uel.br\/pdi\/wp-json\/wp\/v2\/comments?post=2038"}],"version-history":[{"count":1,"href":"https:\/\/sites.uel.br\/pdi\/wp-json\/wp\/v2\/pages\/2038\/revisions"}],"predecessor-version":[{"id":2039,"href":"https:\/\/sites.uel.br\/pdi\/wp-json\/wp\/v2\/pages\/2038\/revisions\/2039"}],"wp:attachment":[{"href":"https:\/\/sites.uel.br\/pdi\/wp-json\/wp\/v2\/media?parent=2038"}],"curies":[{"name":"wp","href":"https:\/\/api.w.org\/{rel}","templated":true}]}}