{"id":2026,"date":"2022-11-07T21:56:21","date_gmt":"2022-11-08T00:56:21","guid":{"rendered":"https:\/\/sites.uel.br\/pdi\/?page_id=2026"},"modified":"2022-11-07T21:56:21","modified_gmt":"2022-11-08T00:56:21","slug":"graduacao-matriculas","status":"publish","type":"page","link":"https:\/\/sites.uel.br\/pdi\/graduacao-matriculas\/","title":{"rendered":"Gradua\u00e7\u00e3o &#8211; Matr\u00edculas"},"content":{"rendered":"\n<p class=\"has-white-color has-text-color\">.<\/p>\n\n\n\n<p>Os candidatos \u00e0 matr\u00edcula inicial, em qualquer dos cursos de gradua\u00e7\u00e3o oferecidos pela Universidade, dever\u00e3o requer\u00ea-la, dentro do prazo previsto pelo Calend\u00e1rio Escolar, \u00e0 Pr\u00f3-Reitoria de Gradua\u00e7\u00e3o, instruindo a peti\u00e7\u00e3o com os documentos exigidos.<\/p>\n\n\n\n<p>A matr\u00edcula dever\u00e1 ser renovada de acordo com o Calend\u00e1rio de Atividades de Ensino dos Cursos de Gradua\u00e7\u00e3o.<\/p>\n\n\n\n<p>\u00c9 vedado ao estudante cursar, simultaneamente, dois ou mais cursos de gradua\u00e7\u00e3o na Universidade, ou um na Institui\u00e7\u00e3o e um ou mais em outra Institui\u00e7\u00e3o p\u00fablica.<\/p>\n\n\n\n<ul class=\"wp-block-list\">\n<li>Quando houver a constata\u00e7\u00e3o de matr\u00edculas simult\u00e2neas na Universidade dever\u00e1 o estudante optar por qual curso continuar\u00e1 cursando, sendo que, na omiss\u00e3o, ser\u00e1 cancelada a matr\u00edcula mais antiga e, na hip\u00f3tese de matr\u00edculas simult\u00e2neas na Universidade e em outra Institui\u00e7\u00e3o de Ensino P\u00fablico, ser\u00e1 cancelada a matr\u00edcula nesta Universidade.<\/li>\n<\/ul>\n\n\n\n<p>O estudante, na primeira s\u00e9rie ou semestre do ano de ingresso no curso superior por meio de processo seletivo, dever\u00e1 confirmar sua matr\u00edcula durante os dez primeiros dias corridos do ano letivo, sob pena de cancelamento da matr\u00edcula.<\/p>\n\n\n\n<p>Ser\u00e1 permitida a reop\u00e7\u00e3o por curso diverso ao ingresso na Universidade, mediante reop\u00e7\u00e3o do estudante, ao adquirir defici\u00eancia f\u00edsica ou sensorial ou desenvolver doen\u00e7a cr\u00f4nica incompat\u00edvel com a natureza do curso inicial, devidamente amparada em laudo m\u00e9dico, ouvidos os Colegiados dos Cursos envolvidos, devendo ainda ser homologado pela C\u00e2mara de Gradua\u00e7\u00e3o do Conselho de Ensino, Pesquisa e Extens\u00e3o.<\/p>\n\n\n\n<ul class=\"wp-block-list\">\n<li>A data para a integraliza\u00e7\u00e3o curricular passar\u00e1 a ser contata a partir da efetiva\u00e7\u00e3o da matr\u00edcula por reop\u00e7\u00e3o.<\/li>\n\n\n\n<li>O estudante com necessidades educacionais especiais, desde que amparado em laudo m\u00e9dico, poder\u00e1 ter plano especial de matriz curricular e\/ou prazo diferenciado para conclus\u00e3o das atividades acad\u00eamicas, que ser\u00e1 elaborado pelo estudante e Coordenador do Colegiado de Curso, sendo homologado pelo Colegiado de Curso respectivo.<\/li>\n<\/ul>\n\n\n\n<p>O portador de diploma de curso superior ter\u00e1 direito \u00e0 matr\u00edcula na Universidade, independentemente de Processo Seletivo, desde que haja vaga inicial no curso pretendido.<\/p>\n\n\n\n<ul class=\"wp-block-list\">\n<li>Se o n\u00famero de candidatos diplomados for superior ao n\u00famero de vagas, dever\u00e1 haver processo seletivo, cujos exames de sele\u00e7\u00e3o e publica\u00e7\u00e3o dos resultados por edital ocorrer\u00e3o sob responsabilidade da Coordenadoria de Processos Seletivos.<\/li>\n<\/ul>\n\n\n\n<p>A matr\u00edcula ser\u00e1 cancelada ou recusada, conforme o caso, quando:<\/p>\n\n\n\n<ul class=\"wp-block-list\">\n<li>o estudante solicitar por escrito;<\/li>\n\n\n\n<li>o estudante tiver sido, em processo disciplinar, condenado \u00e0 pena de exclus\u00e3o;<\/li>\n\n\n\n<li>o estudante n\u00e3o tiver renovado a matr\u00edcula dentro dos prazos previstos, salvo motivo justificado e comprovado, a crit\u00e9rio da Pr\u00f3-Reitoria de Gradua\u00e7\u00e3o, quando houver vagas ou possibilidade de sua absor\u00e7\u00e3o no curso, ouvido o respectivo Colegiado;<\/li>\n\n\n\n<li>o estudante n\u00e3o tiver conclu\u00eddo o curso de gradua\u00e7\u00e3o no prazo m\u00e1ximo fixado para a integraliza\u00e7\u00e3o do respectivo curr\u00edculo<\/li>\n\n\n\n<li>neste caso, o cancelamento ou recusa da matr\u00edcula s\u00f3 poder\u00e1 dar-se ap\u00f3s aprecia\u00e7\u00e3o de manifesta\u00e7\u00e3o do estudante em processo administrativo pr\u00f3prio;<\/li>\n\n\n\n<li>apresentar irregularidade na documenta\u00e7\u00e3o inerente ao ensino m\u00e9dio ou equivalente ou quanto \u00e0 identifica\u00e7\u00e3o utilizada no processo seletivo de ingresso<\/li>\n\n\n\n<li>neste caso, o cancelamento ou recusa da matr\u00edcula s\u00f3 poder\u00e1 dar-se ap\u00f3s aprecia\u00e7\u00e3o de manifesta\u00e7\u00e3o do estudante em processo administrativo pr\u00f3prio;<\/li>\n\n\n\n<li>o estudante que for reprovado em todas as atividades acad\u00eamicas por nota e frequ\u00eancia durante um ano letivo ou por dois semestres consecutivos, desde que n\u00e3o esteja amparado legalmente.<\/li>\n<\/ul>\n\n\n\n<p>O estudante que tiver cursado disciplinas de n\u00edvel superior em curso reconhecido poder\u00e1 solicitar aproveitamento delas \u00e0 Pr\u00f3-Reitoria de Gradua\u00e7\u00e3o, no prazo previsto no Calend\u00e1rio Escolar.<\/p>\n\n\n\n<p>O estudante poder\u00e1 requerer \u00e0 Pr\u00f3-Reitoria de Gradua\u00e7\u00e3o o trancamento de matr\u00edcula para o ano letivo\/semestre em curso.<\/p>\n\n\n\n<ul class=\"wp-block-list\">\n<li>O trancamento de matr\u00edcula n\u00e3o poder\u00e1 ocorrer na primeira s\u00e9rie do regimento acad\u00eamico anual ou no primeiro semestre do regime acad\u00eamico semestral, salvo por problemas de sa\u00fade.<\/li>\n\n\n\n<li>O tempo relativo ao tratamento de matr\u00edcula n\u00e3o ser\u00e1 computado para efeito de integraliza\u00e7\u00e3o curricular dentro do prazo m\u00e1ximo fixado para o curso respectivo.<\/li>\n<\/ul>\n\n\n\n<p>No caso de interrup\u00e7\u00e3o de curso, a rematr\u00edcula do estudante ficar\u00e1 condicionada ao atendimento dos seguintes requisitos:<\/p>\n\n\n\n<ul class=\"wp-block-list\">\n<li>Exist\u00eancia de vagas;<\/li>\n\n\n\n<li>que o afastamento n\u00e3o tenha sido superior a dois anos letivos ou equivalente;<\/li>\n\n\n\n<li>cumprimento de adapta\u00e7\u00e3o curricular, se for o caso.<\/li>\n<\/ul>\n\n\n\n<p class=\"has-text-align-center\">O texto est\u00e1 dispon\u00edvel na(s) seguinte(s) refer\u00eancia(s):&nbsp;<\/p>\n\n\n\n<p class=\"has-text-align-center\">REGIMENTO GERAL DA UEL, RESOLU\u00c7\u00c3O CEPE 033\/2014, RESOLU\u00c7\u00c3O CEPE 037\/2016<\/p>\n","protected":false},"excerpt":{"rendered":"<p>. Os candidatos \u00e0 matr\u00edcula inicial, em qualquer dos cursos de gradua\u00e7\u00e3o oferecidos pela Universidade, dever\u00e3o requer\u00ea-la, dentro do prazo previsto pelo Calend\u00e1rio Escolar, \u00e0 Pr\u00f3-Reitoria de Gradua\u00e7\u00e3o, instruindo a peti\u00e7\u00e3o com os documentos exigidos. A matr\u00edcula dever\u00e1 ser renovada de acordo com o Calend\u00e1rio de Atividades de Ensino dos Cursos de Gradua\u00e7\u00e3o. \u00c9 vedado [&hellip;]<\/p>\n","protected":false},"author":8,"featured_media":0,"parent":0,"menu_order":0,"comment_status":"closed","ping_status":"closed","template":"","meta":{"footnotes":""},"class_list":["post-2026","page","type-page","status-publish","hentry"],"acf":[],"_links":{"self":[{"href":"https:\/\/sites.uel.br\/pdi\/wp-json\/wp\/v2\/pages\/2026","targetHints":{"allow":["GET"]}}],"collection":[{"href":"https:\/\/sites.uel.br\/pdi\/wp-json\/wp\/v2\/pages"}],"about":[{"href":"https:\/\/sites.uel.br\/pdi\/wp-json\/wp\/v2\/types\/page"}],"author":[{"embeddable":true,"href":"https:\/\/sites.uel.br\/pdi\/wp-json\/wp\/v2\/users\/8"}],"replies":[{"embeddable":true,"href":"https:\/\/sites.uel.br\/pdi\/wp-json\/wp\/v2\/comments?post=2026"}],"version-history":[{"count":1,"href":"https:\/\/sites.uel.br\/pdi\/wp-json\/wp\/v2\/pages\/2026\/revisions"}],"predecessor-version":[{"id":2027,"href":"https:\/\/sites.uel.br\/pdi\/wp-json\/wp\/v2\/pages\/2026\/revisions\/2027"}],"wp:attachment":[{"href":"https:\/\/sites.uel.br\/pdi\/wp-json\/wp\/v2\/media?parent=2026"}],"curies":[{"name":"wp","href":"https:\/\/api.w.org\/{rel}","templated":true}]}}